{"id":5451,"date":"2025-07-18T12:19:12","date_gmt":"2025-07-18T10:19:12","guid":{"rendered":"https:\/\/www.crec.cat\/esdeveniment\/construccion-circular-nuevos-modelos-de-negocio-para-los-residuos-de-construccion-y-demolicion\/"},"modified":"2025-09-03T14:20:39","modified_gmt":"2025-09-03T12:20:39","slug":"construccion-circular-nuevos-modelos-de-negocio-para-los-residuos-de-construccion-y-demolicion","status":"publish","type":"tribe_events","link":"https:\/\/www.crec.cat\/es\/esdeveniment\/construccion-circular-nuevos-modelos-de-negocio-para-los-residuos-de-construccion-y-demolicion\/","title":{"rendered":"Construcci\u00f3n circular: nuevos modelos de negocio para los Residuos de Construcci\u00f3n y Demolici\u00f3n"},"content":{"rendered":"<p data-start=\"63\" data-end=\"513\">El pr\u00f3ximo <strong data-start=\"74\" data-end=\"94\">26 de septiembre<\/strong> se celebrar\u00e1 la jornada final de presentaci\u00f3n de resultados del proyecto <em data-start=\"168\" data-end=\"340\">\u00abAn\u00e1lisis de nuevos modelos de negocio circulares en torno a los RCD (Residuos de Construcci\u00f3n y Demolici\u00f3n) y validaci\u00f3n a trav\u00e9s de una fase de experimentaci\u00f3n en obra\u00bb<\/em>, con el objetivo de compartir los aprendizajes y conclusiones obtenidos a lo largo del desarrollo del proyecto, impulsado por el <strong data-start=\"470\" data-end=\"512\">Cl\u00faster de Residuos de Catalu\u00f1a (CREC)<\/strong>.<\/p>\n<p data-start=\"515\" data-end=\"1058\">Con la participaci\u00f3n de <strong data-start=\"539\" data-end=\"553\">Grup CALAF<\/strong>, el <strong data-start=\"558\" data-end=\"598\">Centre de Gesti\u00f3 Mediambiental (CGM)<\/strong>, <strong data-start=\"600\" data-end=\"610\">IN\u00c8DIT<\/strong> y <strong data-start=\"613\" data-end=\"645\">Eco Intelligent Growth (EIG)<\/strong>, y la colaboraci\u00f3n de <strong data-start=\"668\" data-end=\"683\">Celsa Group<\/strong>, <strong data-start=\"685\" data-end=\"694\">Alier<\/strong>, <strong data-start=\"696\" data-end=\"719\">Blueroom Innovation<\/strong> y <strong data-start=\"722\" data-end=\"741\">Theker Robotics<\/strong>, el proyecto ha explorado nuevas oportunidades de negocio basadas en la econom\u00eda circular aplicada a los RCD. El estudio se ha centrado tanto en la transformaci\u00f3n de los residuos para la creaci\u00f3n de nuevos materiales reciclados, como en el impulso de canales para la reutilizaci\u00f3n de elementos constructivos viables.<\/p>\n<p data-start=\"1060\" data-end=\"1282\">Esta jornada ser\u00e1 tambi\u00e9n una oportunidad para conocer iniciativas vinculadas a <strong data-start=\"1140\" data-end=\"1193\">Barcelona Capital Mundial de la Arquitectura 2026<\/strong>, conectando la innovaci\u00f3n en sostenibilidad con el futuro del sector de la construcci\u00f3n.<\/p>\n<hr data-start=\"1284\" data-end=\"1287\" \/>\n<p data-start=\"1289\" data-end=\"1329\"><strong data-start=\"1289\" data-end=\"1302\">PROGRAMA:<\/strong><\/p>\n<p><strong><b><span data-contrast=\"auto\">10:30 &#8211; 10:35h |<\/span><\/b> Bienvenida y apertura\u00a0<\/strong><\/p>\n<p>A cargo de Carmen L\u00f3pez-Quintana Directora del CREC<\/p>\n<p><strong><b><span data-contrast=\"auto\">10:35 &#8211; 11:45h <\/span><\/b>| Presentaci\u00f3n del proyecto: An\u00e1lisis de nuevos modelos de negocio en torno a los Residuos de la Construcci\u00f3n y Demolici\u00f3n\u00a0<\/strong><\/p>\n<ul>\n<li>EcoInteligent Growth<\/li>\n<li>In\u00e8dit<\/li>\n<li>Constructora de Calaf<\/li>\n<li>CGM: Centre de Gesti\u00f3 Ambiental<\/li>\n<\/ul>\n<p><strong><b><span data-contrast=\"auto\">11:45 &#8211; 12:15h <\/span><\/b>| Pausa Caf\u00e9 y Networking\u00a0<\/strong><\/p>\n<p><strong><b><span data-contrast=\"auto\">12:15 &#8211; 12:35h <\/span><\/b>| Mineral. Arquitecturas de la miner\u00eda urbana &#8211; Barcelona 2026 Capital Mundial de la Arquitectura\u00a0<\/strong><\/p>\n<ul>\n<li>Fundaci\u00f3n BIT HABITAT<\/li>\n<\/ul>\n<p><strong><b><span data-contrast=\"auto\">12:35 &#8211; 13:15h <\/span><\/b>| Mesa redonda: Claves para emprender en la construcci\u00f3n circular: conectando la cadena de valor de los RCDs\u00a0<\/strong><\/p>\n<p><strong>13:15 | Final de la jornada<\/strong><\/p>\n<p>&nbsp;<\/p>\n<p data-start=\"1331\" data-end=\"1412\"><strong data-start=\"1331\" data-end=\"1345\">Ubicaci\u00f3n:<\/strong> <em data-start=\"1346\" data-end=\"1412\">Ca l&#8217;Alier \u2013 Carrer de Pere IV, 362, Sant Mart\u00ed, 08019 Barcelona<\/em><\/p>\n<p data-start=\"1414\" data-end=\"1462\"><strong data-start=\"1414\" data-end=\"1462\">Actividad abierta a profesionales del sector<\/strong><\/p>\n<p data-start=\"1414\" data-end=\"1462\"><a href=\"https:\/\/www.accio.gencat.cat\/ca\/inici\"><img decoding=\"async\" class=\"alignnone wp-image-5472\" src=\"https:\/\/www.crec.cat\/wp-content\/uploads\/2025\/07\/Logo-ACCIO-1-300x267.png\" alt=\"\" width=\"130\" height=\"116\" srcset=\"https:\/\/www.crec.cat\/wp-content\/uploads\/2025\/07\/Logo-ACCIO-1-300x267.png 300w, https:\/\/www.crec.cat\/wp-content\/uploads\/2025\/07\/Logo-ACCIO-1.png 670w\" sizes=\"(max-width: 130px) 100vw, 130px\" \/><\/a><\/p>\n","protected":false},"excerpt":{"rendered":"<p>Jornada de presentaci\u00f3n de resultados del proyecto \u00abAn\u00e1lisis de nuevos modelos de negocio circulares en torno a los RCD y validaci\u00f3n a trav\u00e9s de una fase de experimentaci\u00f3n en obra\u00bb y presentaci\u00f3n de iniciativas vinculadas a Barcelona Capital Mundial de la Arquitectura 2026.<\/p>\n","protected":false},"author":2,"featured_media":5448,"template":"","meta":{"_acf_changed":false,"neve_meta_sidebar":"","neve_meta_container":"","neve_meta_enable_content_width":"","neve_meta_content_width":0,"neve_meta_title_alignment":"","neve_meta_author_avatar":"","neve_post_elements_order":"","neve_meta_disable_header":"","neve_meta_disable_footer":"","neve_meta_disable_title":"","_tribe_events_status":"","_tribe_events_status_reason":"","footnotes":""},"tags":[],"tribe_events_cat":[56,28],"class_list":["post-5451","tribe_events","type-tribe_events","status-publish","has-post-thumbnail","hentry","tribe_events_cat-ended","tribe_events_cat-finalitzat","cat_ended","cat_finalitzat"],"acf":[],"yoast_head":"<!-- This site is optimized with the Yoast SEO plugin v27.2 - https:\/\/yoast.com\/product\/yoast-seo-wordpress\/ -->\n<title>Construcci\u00f3n circular: nuevos modelos de negocio para los Residuos de Construcci\u00f3n y Demolici\u00f3n | CREC<\/title>\n<meta name=\"robots\" content=\"index, follow, max-snippet:-1, max-image-preview:large, max-video-preview:-1\" \/>\n<link rel=\"canonical\" href=\"https:\/\/www.crec.cat\/es\/esdeveniment\/construccion-circular-nuevos-modelos-de-negocio-para-los-residuos-de-construccion-y-demolicion\/\" \/>\n<meta property=\"og:locale\" content=\"es_ES\" \/>\n<meta property=\"og:type\" content=\"article\" \/>\n<meta property=\"og:title\" content=\"Construcci\u00f3n circular: nuevos modelos de negocio para los Residuos de Construcci\u00f3n y Demolici\u00f3n | CREC\" \/>\n<meta property=\"og:description\" content=\"Jornada de presentaci\u00f3n de resultados del proyecto &quot;An\u00e1lisis de nuevos modelos de negocio circulares en torno a los RCD y validaci\u00f3n a trav\u00e9s de una fase de experimentaci\u00f3n en obra&quot; y presentaci\u00f3n de iniciativas vinculadas a Barcelona Capital Mundial de la Arquitectura 2026.\" \/>\n<meta property=\"og:url\" content=\"https:\/\/www.crec.cat\/es\/esdeveniment\/construccion-circular-nuevos-modelos-de-negocio-para-los-residuos-de-construccion-y-demolicion\/\" \/>\n<meta property=\"og:site_name\" content=\"CREC\" \/>\n<meta property=\"article:modified_time\" content=\"2025-09-03T12:20:39+00:00\" \/>\n<meta property=\"og:image\" content=\"https:\/\/www.crec.cat\/wp-content\/uploads\/2025\/07\/agp1331_75762.jpg\" \/>\n\t<meta property=\"og:image:width\" content=\"1500\" \/>\n\t<meta property=\"og:image:height\" content=\"1000\" \/>\n\t<meta property=\"og:image:type\" content=\"image\/jpeg\" \/>\n<meta name=\"twitter:card\" content=\"summary_large_image\" \/>\n<meta name=\"twitter:site\" content=\"@clusterresidus\" \/>\n<meta name=\"twitter:label1\" content=\"Tiempo de lectura\" \/>\n\t<meta name=\"twitter:data1\" content=\"2 minutos\" \/>\n<script type=\"application\/ld+json\" class=\"yoast-schema-graph\">{\"@context\":\"https:\/\/schema.org\",\"@graph\":[{\"@type\":\"WebPage\",\"@id\":\"https:\/\/www.crec.cat\/es\/esdeveniment\/construccion-circular-nuevos-modelos-de-negocio-para-los-residuos-de-construccion-y-demolicion\/\",\"url\":\"https:\/\/www.crec.cat\/es\/esdeveniment\/construccion-circular-nuevos-modelos-de-negocio-para-los-residuos-de-construccion-y-demolicion\/\",\"name\":\"Construcci\u00f3n circular: nuevos modelos de negocio para los Residuos de Construcci\u00f3n y Demolici\u00f3n | CREC\",\"isPartOf\":{\"@id\":\"https:\/\/www.crec.cat\/#website\"},\"primaryImageOfPage\":{\"@id\":\"https:\/\/www.crec.cat\/es\/esdeveniment\/construccion-circular-nuevos-modelos-de-negocio-para-los-residuos-de-construccion-y-demolicion\/#primaryimage\"},\"image\":{\"@id\":\"https:\/\/www.crec.cat\/es\/esdeveniment\/construccion-circular-nuevos-modelos-de-negocio-para-los-residuos-de-construccion-y-demolicion\/#primaryimage\"},\"thumbnailUrl\":\"https:\/\/www.crec.cat\/wp-content\/uploads\/2025\/07\/agp1331_75762.jpg\",\"datePublished\":\"2025-07-18T10:19:12+00:00\",\"dateModified\":\"2025-09-03T12:20:39+00:00\",\"breadcrumb\":{\"@id\":\"https:\/\/www.crec.cat\/es\/esdeveniment\/construccion-circular-nuevos-modelos-de-negocio-para-los-residuos-de-construccion-y-demolicion\/#breadcrumb\"},\"inLanguage\":\"es\",\"potentialAction\":[{\"@type\":\"ReadAction\",\"target\":[\"https:\/\/www.crec.cat\/es\/esdeveniment\/construccion-circular-nuevos-modelos-de-negocio-para-los-residuos-de-construccion-y-demolicion\/\"]}]},{\"@type\":\"ImageObject\",\"inLanguage\":\"es\",\"@id\":\"https:\/\/www.crec.cat\/es\/esdeveniment\/construccion-circular-nuevos-modelos-de-negocio-para-los-residuos-de-construccion-y-demolicion\/#primaryimage\",\"url\":\"https:\/\/www.crec.cat\/wp-content\/uploads\/2025\/07\/agp1331_75762.jpg\",\"contentUrl\":\"https:\/\/www.crec.cat\/wp-content\/uploads\/2025\/07\/agp1331_75762.jpg\",\"width\":1500,\"height\":1000},{\"@type\":\"BreadcrumbList\",\"@id\":\"https:\/\/www.crec.cat\/es\/esdeveniment\/construccion-circular-nuevos-modelos-de-negocio-para-los-residuos-de-construccion-y-demolicion\/#breadcrumb\",\"itemListElement\":[{\"@type\":\"ListItem\",\"position\":1,\"name\":\"Inici\",\"item\":\"https:\/\/www.crec.cat\/es\/\"},{\"@type\":\"ListItem\",\"position\":2,\"name\":\"Events\",\"item\":\"https:\/\/www.crec.cat\/en\/esdeveniments\/\"},{\"@type\":\"ListItem\",\"position\":3,\"name\":\"Construcci\u00f3n circular: nuevos modelos de negocio para los Residuos de Construcci\u00f3n y Demolici\u00f3n\"}]},{\"@type\":\"WebSite\",\"@id\":\"https:\/\/www.crec.cat\/#website\",\"url\":\"https:\/\/www.crec.cat\/\",\"name\":\"CREC\",\"description\":\"Impulsem la competitivitat del sector de residus i l&#039;economia circular de Catalunya\",\"publisher\":{\"@id\":\"https:\/\/www.crec.cat\/#organization\"},\"alternateName\":\"Cl\u00faster de Residus de Catalunya\",\"potentialAction\":[{\"@type\":\"SearchAction\",\"target\":{\"@type\":\"EntryPoint\",\"urlTemplate\":\"https:\/\/www.crec.cat\/?s={search_term_string}\"},\"query-input\":{\"@type\":\"PropertyValueSpecification\",\"valueRequired\":true,\"valueName\":\"search_term_string\"}}],\"inLanguage\":\"es\"},{\"@type\":\"Organization\",\"@id\":\"https:\/\/www.crec.cat\/#organization\",\"name\":\"CREC\",\"alternateName\":\"CREC\",\"url\":\"https:\/\/www.crec.cat\/\",\"logo\":{\"@type\":\"ImageObject\",\"inLanguage\":\"es\",\"@id\":\"https:\/\/www.crec.cat\/#\/schema\/logo\/image\/\",\"url\":\"https:\/\/www.crec.cat\/wp-content\/uploads\/2021\/04\/Favicon-CREC.png\",\"contentUrl\":\"https:\/\/www.crec.cat\/wp-content\/uploads\/2021\/04\/Favicon-CREC.png\",\"width\":2134,\"height\":2134,\"caption\":\"CREC\"},\"image\":{\"@id\":\"https:\/\/www.crec.cat\/#\/schema\/logo\/image\/\"},\"sameAs\":[\"https:\/\/x.com\/clusterresidus\",\"https:\/\/www.linkedin.com\/company\/cluster-de-residus-de-catalunya\/\"]}]}<\/script>\n<!-- \/ Yoast SEO plugin. -->","yoast_head_json":{"title":"Construcci\u00f3n circular: nuevos modelos de negocio para los Residuos de Construcci\u00f3n y Demolici\u00f3n | CREC","robots":{"index":"index","follow":"follow","max-snippet":"max-snippet:-1","max-image-preview":"max-image-preview:large","max-video-preview":"max-video-preview:-1"},"canonical":"https:\/\/www.crec.cat\/es\/esdeveniment\/construccion-circular-nuevos-modelos-de-negocio-para-los-residuos-de-construccion-y-demolicion\/","og_locale":"es_ES","og_type":"article","og_title":"Construcci\u00f3n circular: nuevos modelos de negocio para los Residuos de Construcci\u00f3n y Demolici\u00f3n | CREC","og_description":"Jornada de presentaci\u00f3n de resultados del proyecto \"An\u00e1lisis de nuevos modelos de negocio circulares en torno a los RCD y validaci\u00f3n a trav\u00e9s de una fase de experimentaci\u00f3n en obra\" y presentaci\u00f3n de iniciativas vinculadas a Barcelona Capital Mundial de la Arquitectura 2026.","og_url":"https:\/\/www.crec.cat\/es\/esdeveniment\/construccion-circular-nuevos-modelos-de-negocio-para-los-residuos-de-construccion-y-demolicion\/","og_site_name":"CREC","article_modified_time":"2025-09-03T12:20:39+00:00","og_image":[{"width":1500,"height":1000,"url":"https:\/\/www.crec.cat\/wp-content\/uploads\/2025\/07\/agp1331_75762.jpg","type":"image\/jpeg"}],"twitter_card":"summary_large_image","twitter_site":"@clusterresidus","twitter_misc":{"Tiempo de lectura":"2 minutos"},"schema":{"@context":"https:\/\/schema.org","@graph":[{"@type":"WebPage","@id":"https:\/\/www.crec.cat\/es\/esdeveniment\/construccion-circular-nuevos-modelos-de-negocio-para-los-residuos-de-construccion-y-demolicion\/","url":"https:\/\/www.crec.cat\/es\/esdeveniment\/construccion-circular-nuevos-modelos-de-negocio-para-los-residuos-de-construccion-y-demolicion\/","name":"Construcci\u00f3n circular: nuevos modelos de negocio para los Residuos de Construcci\u00f3n y Demolici\u00f3n | CREC","isPartOf":{"@id":"https:\/\/www.crec.cat\/#website"},"primaryImageOfPage":{"@id":"https:\/\/www.crec.cat\/es\/esdeveniment\/construccion-circular-nuevos-modelos-de-negocio-para-los-residuos-de-construccion-y-demolicion\/#primaryimage"},"image":{"@id":"https:\/\/www.crec.cat\/es\/esdeveniment\/construccion-circular-nuevos-modelos-de-negocio-para-los-residuos-de-construccion-y-demolicion\/#primaryimage"},"thumbnailUrl":"https:\/\/www.crec.cat\/wp-content\/uploads\/2025\/07\/agp1331_75762.jpg","datePublished":"2025-07-18T10:19:12+00:00","dateModified":"2025-09-03T12:20:39+00:00","breadcrumb":{"@id":"https:\/\/www.crec.cat\/es\/esdeveniment\/construccion-circular-nuevos-modelos-de-negocio-para-los-residuos-de-construccion-y-demolicion\/#breadcrumb"},"inLanguage":"es","potentialAction":[{"@type":"ReadAction","target":["https:\/\/www.crec.cat\/es\/esdeveniment\/construccion-circular-nuevos-modelos-de-negocio-para-los-residuos-de-construccion-y-demolicion\/"]}]},{"@type":"ImageObject","inLanguage":"es","@id":"https:\/\/www.crec.cat\/es\/esdeveniment\/construccion-circular-nuevos-modelos-de-negocio-para-los-residuos-de-construccion-y-demolicion\/#primaryimage","url":"https:\/\/www.crec.cat\/wp-content\/uploads\/2025\/07\/agp1331_75762.jpg","contentUrl":"https:\/\/www.crec.cat\/wp-content\/uploads\/2025\/07\/agp1331_75762.jpg","width":1500,"height":1000},{"@type":"BreadcrumbList","@id":"https:\/\/www.crec.cat\/es\/esdeveniment\/construccion-circular-nuevos-modelos-de-negocio-para-los-residuos-de-construccion-y-demolicion\/#breadcrumb","itemListElement":[{"@type":"ListItem","position":1,"name":"Inici","item":"https:\/\/www.crec.cat\/es\/"},{"@type":"ListItem","position":2,"name":"Events","item":"https:\/\/www.crec.cat\/en\/esdeveniments\/"},{"@type":"ListItem","position":3,"name":"Construcci\u00f3n circular: nuevos modelos de negocio para los Residuos de Construcci\u00f3n y Demolici\u00f3n"}]},{"@type":"WebSite","@id":"https:\/\/www.crec.cat\/#website","url":"https:\/\/www.crec.cat\/","name":"CREC","description":"Impulsem la competitivitat del sector de residus i l&#039;economia circular de Catalunya","publisher":{"@id":"https:\/\/www.crec.cat\/#organization"},"alternateName":"Cl\u00faster de Residus de Catalunya","potentialAction":[{"@type":"SearchAction","target":{"@type":"EntryPoint","urlTemplate":"https:\/\/www.crec.cat\/?s={search_term_string}"},"query-input":{"@type":"PropertyValueSpecification","valueRequired":true,"valueName":"search_term_string"}}],"inLanguage":"es"},{"@type":"Organization","@id":"https:\/\/www.crec.cat\/#organization","name":"CREC","alternateName":"CREC","url":"https:\/\/www.crec.cat\/","logo":{"@type":"ImageObject","inLanguage":"es","@id":"https:\/\/www.crec.cat\/#\/schema\/logo\/image\/","url":"https:\/\/www.crec.cat\/wp-content\/uploads\/2021\/04\/Favicon-CREC.png","contentUrl":"https:\/\/www.crec.cat\/wp-content\/uploads\/2021\/04\/Favicon-CREC.png","width":2134,"height":2134,"caption":"CREC"},"image":{"@id":"https:\/\/www.crec.cat\/#\/schema\/logo\/image\/"},"sameAs":["https:\/\/x.com\/clusterresidus","https:\/\/www.linkedin.com\/company\/cluster-de-residus-de-catalunya\/"]}]}},"_links":{"self":[{"href":"https:\/\/www.crec.cat\/es\/wp-json\/wp\/v2\/tribe_events\/5451","targetHints":{"allow":["GET"]}}],"collection":[{"href":"https:\/\/www.crec.cat\/es\/wp-json\/wp\/v2\/tribe_events"}],"about":[{"href":"https:\/\/www.crec.cat\/es\/wp-json\/wp\/v2\/types\/tribe_events"}],"author":[{"embeddable":true,"href":"https:\/\/www.crec.cat\/es\/wp-json\/wp\/v2\/users\/2"}],"version-history":[{"count":5,"href":"https:\/\/www.crec.cat\/es\/wp-json\/wp\/v2\/tribe_events\/5451\/revisions"}],"predecessor-version":[{"id":5716,"href":"https:\/\/www.crec.cat\/es\/wp-json\/wp\/v2\/tribe_events\/5451\/revisions\/5716"}],"wp:featuredmedia":[{"embeddable":true,"href":"https:\/\/www.crec.cat\/es\/wp-json\/wp\/v2\/media\/5448"}],"wp:attachment":[{"href":"https:\/\/www.crec.cat\/es\/wp-json\/wp\/v2\/media?parent=5451"}],"wp:term":[{"taxonomy":"post_tag","embeddable":true,"href":"https:\/\/www.crec.cat\/es\/wp-json\/wp\/v2\/tags?post=5451"},{"taxonomy":"tribe_events_cat","embeddable":true,"href":"https:\/\/www.crec.cat\/es\/wp-json\/wp\/v2\/tribe_events_cat?post=5451"}],"curies":[{"name":"wp","href":"https:\/\/api.w.org\/{rel}","templated":true}]}}