{"id":5432,"date":"2025-07-17T16:58:21","date_gmt":"2025-07-17T14:58:21","guid":{"rendered":"https:\/\/www.crec.cat\/esdeveniment\/visitamos-al-socio-picvisa\/"},"modified":"2025-09-03T10:59:54","modified_gmt":"2025-09-03T08:59:54","slug":"visitamos-al-socio-picvisa","status":"publish","type":"tribe_events","link":"https:\/\/www.crec.cat\/es\/esdeveniment\/visitamos-al-socio-picvisa\/","title":{"rendered":"Visitamos al socio: PICVISA &#8211; PLAZAS AGOTADAS"},"content":{"rendered":"<p data-start=\"47\" data-end=\"86\"><strong data-start=\"47\" data-end=\"86\">| ACTIVIDAD EXCLUSIVA PARA SOCIOS |<\/strong><\/p>\n<p data-start=\"88\" data-end=\"177\">El pr\u00f3ximo 23 de septiembre visitaremos a nuestro socio <strong data-start=\"144\" data-end=\"155\">PICVISA<\/strong> en sus instalaciones.<\/p>\n<p data-start=\"179\" data-end=\"560\"><strong data-start=\"179\" data-end=\"190\">PICVISA<\/strong> es una empresa innovadora de base tecnol\u00f3gica que ofrece soluciones basadas en rob\u00f3tica, inteligencia y visi\u00f3n artificial orientadas al mercado nacional e internacional. Es un proveedor con software propio, especializado en el dise\u00f1o, fabricaci\u00f3n y suministro de equipos de separaci\u00f3n \u00f3ptica para la clasificaci\u00f3n de materiales, recuperaci\u00f3n y valorizaci\u00f3n de residuos.<\/p>\n<p data-start=\"562\" data-end=\"572\"><strong data-start=\"562\" data-end=\"572\">AGENDA<\/strong><\/p>\n<p data-start=\"574\" data-end=\"624\">10:45h &#8211; 11:00h Recepci\u00f3n<br data-start=\"599\" data-end=\"602\" \/>11:00h &#8211; 13:00h Visita<\/p>\n<p data-start=\"626\" data-end=\"652\"><strong>PLAZAS AGOTADAS<\/strong><\/p>\n<p data-start=\"626\" data-end=\"652\"><img decoding=\"async\" class=\"alignnone wp-image-5472\" src=\"https:\/\/www.crec.cat\/wp-content\/uploads\/2025\/07\/Logo-ACCIO-1-300x267.png\" alt=\"\" width=\"108\" height=\"96\" srcset=\"https:\/\/www.crec.cat\/wp-content\/uploads\/2025\/07\/Logo-ACCIO-1-300x267.png 300w, https:\/\/www.crec.cat\/wp-content\/uploads\/2025\/07\/Logo-ACCIO-1.png 670w\" sizes=\"(max-width: 108px) 100vw, 108px\" \/><\/p>\n","protected":false},"excerpt":{"rendered":"<p>| ACTIVIDAD EXCLUSIVA PARA SOCIOS |<\/p>\n<p>El pr\u00f3ximo 23 de septiembre visitaremos a nuestro socio PICVISA en sus instalaciones.<\/p>\n","protected":false},"author":2,"featured_media":5428,"template":"","meta":{"_acf_changed":false,"neve_meta_sidebar":"","neve_meta_container":"","neve_meta_enable_content_width":"","neve_meta_content_width":0,"neve_meta_title_alignment":"","neve_meta_author_avatar":"","neve_post_elements_order":"","neve_meta_disable_header":"","neve_meta_disable_footer":"","neve_meta_disable_title":"","_tribe_events_status":"","_tribe_events_status_reason":"","footnotes":""},"tags":[],"tribe_events_cat":[56,28],"class_list":["post-5432","tribe_events","type-tribe_events","status-publish","has-post-thumbnail","hentry","tribe_events_cat-ended","tribe_events_cat-finalitzat","cat_ended","cat_finalitzat"],"acf":[],"yoast_head":"<!-- This site is optimized with the Yoast SEO plugin v27.2 - https:\/\/yoast.com\/product\/yoast-seo-wordpress\/ -->\n<title>Visitamos al socio: PICVISA - PLAZAS AGOTADAS | CREC<\/title>\n<meta name=\"robots\" content=\"index, follow, max-snippet:-1, max-image-preview:large, max-video-preview:-1\" \/>\n<link rel=\"canonical\" href=\"https:\/\/www.crec.cat\/es\/esdeveniment\/visitamos-al-socio-picvisa\/\" \/>\n<meta property=\"og:locale\" content=\"es_ES\" \/>\n<meta property=\"og:type\" content=\"article\" \/>\n<meta property=\"og:title\" content=\"Visitamos al socio: PICVISA - PLAZAS AGOTADAS | CREC\" \/>\n<meta property=\"og:description\" content=\"| ACTIVIDAD EXCLUSIVA PARA SOCIOS |  El pr\u00f3ximo 23 de septiembre visitaremos a nuestro socio PICVISA en sus instalaciones.\" \/>\n<meta property=\"og:url\" content=\"https:\/\/www.crec.cat\/es\/esdeveniment\/visitamos-al-socio-picvisa\/\" \/>\n<meta property=\"og:site_name\" content=\"CREC\" \/>\n<meta property=\"article:modified_time\" content=\"2025-09-03T08:59:54+00:00\" \/>\n<meta property=\"og:image\" content=\"https:\/\/www.crec.cat\/wp-content\/uploads\/2025\/07\/94edb706-ac9a-4802-bd89-94fbb918d59f_16-9-discover-aspect-ratio_default_0.webp\" \/>\n\t<meta property=\"og:image:width\" content=\"1200\" \/>\n\t<meta property=\"og:image:height\" content=\"675\" \/>\n\t<meta property=\"og:image:type\" content=\"image\/webp\" \/>\n<meta name=\"twitter:card\" content=\"summary_large_image\" \/>\n<meta name=\"twitter:site\" content=\"@clusterresidus\" \/>\n<script type=\"application\/ld+json\" class=\"yoast-schema-graph\">{\"@context\":\"https:\/\/schema.org\",\"@graph\":[{\"@type\":\"WebPage\",\"@id\":\"https:\/\/www.crec.cat\/es\/esdeveniment\/visitamos-al-socio-picvisa\/\",\"url\":\"https:\/\/www.crec.cat\/es\/esdeveniment\/visitamos-al-socio-picvisa\/\",\"name\":\"Visitamos al socio: PICVISA - PLAZAS AGOTADAS | CREC\",\"isPartOf\":{\"@id\":\"https:\/\/www.crec.cat\/#website\"},\"primaryImageOfPage\":{\"@id\":\"https:\/\/www.crec.cat\/es\/esdeveniment\/visitamos-al-socio-picvisa\/#primaryimage\"},\"image\":{\"@id\":\"https:\/\/www.crec.cat\/es\/esdeveniment\/visitamos-al-socio-picvisa\/#primaryimage\"},\"thumbnailUrl\":\"https:\/\/www.crec.cat\/wp-content\/uploads\/2025\/07\/94edb706-ac9a-4802-bd89-94fbb918d59f_16-9-discover-aspect-ratio_default_0.webp\",\"datePublished\":\"2025-07-17T14:58:21+00:00\",\"dateModified\":\"2025-09-03T08:59:54+00:00\",\"breadcrumb\":{\"@id\":\"https:\/\/www.crec.cat\/es\/esdeveniment\/visitamos-al-socio-picvisa\/#breadcrumb\"},\"inLanguage\":\"es\",\"potentialAction\":[{\"@type\":\"ReadAction\",\"target\":[\"https:\/\/www.crec.cat\/es\/esdeveniment\/visitamos-al-socio-picvisa\/\"]}]},{\"@type\":\"ImageObject\",\"inLanguage\":\"es\",\"@id\":\"https:\/\/www.crec.cat\/es\/esdeveniment\/visitamos-al-socio-picvisa\/#primaryimage\",\"url\":\"https:\/\/www.crec.cat\/wp-content\/uploads\/2025\/07\/94edb706-ac9a-4802-bd89-94fbb918d59f_16-9-discover-aspect-ratio_default_0.webp\",\"contentUrl\":\"https:\/\/www.crec.cat\/wp-content\/uploads\/2025\/07\/94edb706-ac9a-4802-bd89-94fbb918d59f_16-9-discover-aspect-ratio_default_0.webp\",\"width\":1200,\"height\":675},{\"@type\":\"BreadcrumbList\",\"@id\":\"https:\/\/www.crec.cat\/es\/esdeveniment\/visitamos-al-socio-picvisa\/#breadcrumb\",\"itemListElement\":[{\"@type\":\"ListItem\",\"position\":1,\"name\":\"Inici\",\"item\":\"https:\/\/www.crec.cat\/es\/\"},{\"@type\":\"ListItem\",\"position\":2,\"name\":\"Events\",\"item\":\"https:\/\/www.crec.cat\/en\/esdeveniments\/\"},{\"@type\":\"ListItem\",\"position\":3,\"name\":\"Visitamos al socio: PICVISA &#8211; PLAZAS AGOTADAS\"}]},{\"@type\":\"WebSite\",\"@id\":\"https:\/\/www.crec.cat\/#website\",\"url\":\"https:\/\/www.crec.cat\/\",\"name\":\"CREC\",\"description\":\"Impulsem la competitivitat del sector de residus i l&#039;economia circular de Catalunya\",\"publisher\":{\"@id\":\"https:\/\/www.crec.cat\/#organization\"},\"alternateName\":\"Cl\u00faster de Residus de Catalunya\",\"potentialAction\":[{\"@type\":\"SearchAction\",\"target\":{\"@type\":\"EntryPoint\",\"urlTemplate\":\"https:\/\/www.crec.cat\/?s={search_term_string}\"},\"query-input\":{\"@type\":\"PropertyValueSpecification\",\"valueRequired\":true,\"valueName\":\"search_term_string\"}}],\"inLanguage\":\"es\"},{\"@type\":\"Organization\",\"@id\":\"https:\/\/www.crec.cat\/#organization\",\"name\":\"CREC\",\"alternateName\":\"CREC\",\"url\":\"https:\/\/www.crec.cat\/\",\"logo\":{\"@type\":\"ImageObject\",\"inLanguage\":\"es\",\"@id\":\"https:\/\/www.crec.cat\/#\/schema\/logo\/image\/\",\"url\":\"https:\/\/www.crec.cat\/wp-content\/uploads\/2021\/04\/Favicon-CREC.png\",\"contentUrl\":\"https:\/\/www.crec.cat\/wp-content\/uploads\/2021\/04\/Favicon-CREC.png\",\"width\":2134,\"height\":2134,\"caption\":\"CREC\"},\"image\":{\"@id\":\"https:\/\/www.crec.cat\/#\/schema\/logo\/image\/\"},\"sameAs\":[\"https:\/\/x.com\/clusterresidus\",\"https:\/\/www.linkedin.com\/company\/cluster-de-residus-de-catalunya\/\"]}]}<\/script>\n<!-- \/ Yoast SEO plugin. -->","yoast_head_json":{"title":"Visitamos al socio: PICVISA - PLAZAS AGOTADAS | CREC","robots":{"index":"index","follow":"follow","max-snippet":"max-snippet:-1","max-image-preview":"max-image-preview:large","max-video-preview":"max-video-preview:-1"},"canonical":"https:\/\/www.crec.cat\/es\/esdeveniment\/visitamos-al-socio-picvisa\/","og_locale":"es_ES","og_type":"article","og_title":"Visitamos al socio: PICVISA - PLAZAS AGOTADAS | CREC","og_description":"| ACTIVIDAD EXCLUSIVA PARA SOCIOS |  El pr\u00f3ximo 23 de septiembre visitaremos a nuestro socio PICVISA en sus instalaciones.","og_url":"https:\/\/www.crec.cat\/es\/esdeveniment\/visitamos-al-socio-picvisa\/","og_site_name":"CREC","article_modified_time":"2025-09-03T08:59:54+00:00","og_image":[{"width":1200,"height":675,"url":"https:\/\/www.crec.cat\/wp-content\/uploads\/2025\/07\/94edb706-ac9a-4802-bd89-94fbb918d59f_16-9-discover-aspect-ratio_default_0.webp","type":"image\/webp"}],"twitter_card":"summary_large_image","twitter_site":"@clusterresidus","schema":{"@context":"https:\/\/schema.org","@graph":[{"@type":"WebPage","@id":"https:\/\/www.crec.cat\/es\/esdeveniment\/visitamos-al-socio-picvisa\/","url":"https:\/\/www.crec.cat\/es\/esdeveniment\/visitamos-al-socio-picvisa\/","name":"Visitamos al socio: PICVISA - PLAZAS AGOTADAS | CREC","isPartOf":{"@id":"https:\/\/www.crec.cat\/#website"},"primaryImageOfPage":{"@id":"https:\/\/www.crec.cat\/es\/esdeveniment\/visitamos-al-socio-picvisa\/#primaryimage"},"image":{"@id":"https:\/\/www.crec.cat\/es\/esdeveniment\/visitamos-al-socio-picvisa\/#primaryimage"},"thumbnailUrl":"https:\/\/www.crec.cat\/wp-content\/uploads\/2025\/07\/94edb706-ac9a-4802-bd89-94fbb918d59f_16-9-discover-aspect-ratio_default_0.webp","datePublished":"2025-07-17T14:58:21+00:00","dateModified":"2025-09-03T08:59:54+00:00","breadcrumb":{"@id":"https:\/\/www.crec.cat\/es\/esdeveniment\/visitamos-al-socio-picvisa\/#breadcrumb"},"inLanguage":"es","potentialAction":[{"@type":"ReadAction","target":["https:\/\/www.crec.cat\/es\/esdeveniment\/visitamos-al-socio-picvisa\/"]}]},{"@type":"ImageObject","inLanguage":"es","@id":"https:\/\/www.crec.cat\/es\/esdeveniment\/visitamos-al-socio-picvisa\/#primaryimage","url":"https:\/\/www.crec.cat\/wp-content\/uploads\/2025\/07\/94edb706-ac9a-4802-bd89-94fbb918d59f_16-9-discover-aspect-ratio_default_0.webp","contentUrl":"https:\/\/www.crec.cat\/wp-content\/uploads\/2025\/07\/94edb706-ac9a-4802-bd89-94fbb918d59f_16-9-discover-aspect-ratio_default_0.webp","width":1200,"height":675},{"@type":"BreadcrumbList","@id":"https:\/\/www.crec.cat\/es\/esdeveniment\/visitamos-al-socio-picvisa\/#breadcrumb","itemListElement":[{"@type":"ListItem","position":1,"name":"Inici","item":"https:\/\/www.crec.cat\/es\/"},{"@type":"ListItem","position":2,"name":"Events","item":"https:\/\/www.crec.cat\/en\/esdeveniments\/"},{"@type":"ListItem","position":3,"name":"Visitamos al socio: PICVISA &#8211; PLAZAS AGOTADAS"}]},{"@type":"WebSite","@id":"https:\/\/www.crec.cat\/#website","url":"https:\/\/www.crec.cat\/","name":"CREC","description":"Impulsem la competitivitat del sector de residus i l&#039;economia circular de Catalunya","publisher":{"@id":"https:\/\/www.crec.cat\/#organization"},"alternateName":"Cl\u00faster de Residus de Catalunya","potentialAction":[{"@type":"SearchAction","target":{"@type":"EntryPoint","urlTemplate":"https:\/\/www.crec.cat\/?s={search_term_string}"},"query-input":{"@type":"PropertyValueSpecification","valueRequired":true,"valueName":"search_term_string"}}],"inLanguage":"es"},{"@type":"Organization","@id":"https:\/\/www.crec.cat\/#organization","name":"CREC","alternateName":"CREC","url":"https:\/\/www.crec.cat\/","logo":{"@type":"ImageObject","inLanguage":"es","@id":"https:\/\/www.crec.cat\/#\/schema\/logo\/image\/","url":"https:\/\/www.crec.cat\/wp-content\/uploads\/2021\/04\/Favicon-CREC.png","contentUrl":"https:\/\/www.crec.cat\/wp-content\/uploads\/2021\/04\/Favicon-CREC.png","width":2134,"height":2134,"caption":"CREC"},"image":{"@id":"https:\/\/www.crec.cat\/#\/schema\/logo\/image\/"},"sameAs":["https:\/\/x.com\/clusterresidus","https:\/\/www.linkedin.com\/company\/cluster-de-residus-de-catalunya\/"]}]}},"_links":{"self":[{"href":"https:\/\/www.crec.cat\/es\/wp-json\/wp\/v2\/tribe_events\/5432","targetHints":{"allow":["GET"]}}],"collection":[{"href":"https:\/\/www.crec.cat\/es\/wp-json\/wp\/v2\/tribe_events"}],"about":[{"href":"https:\/\/www.crec.cat\/es\/wp-json\/wp\/v2\/types\/tribe_events"}],"author":[{"embeddable":true,"href":"https:\/\/www.crec.cat\/es\/wp-json\/wp\/v2\/users\/2"}],"version-history":[{"count":4,"href":"https:\/\/www.crec.cat\/es\/wp-json\/wp\/v2\/tribe_events\/5432\/revisions"}],"predecessor-version":[{"id":5711,"href":"https:\/\/www.crec.cat\/es\/wp-json\/wp\/v2\/tribe_events\/5432\/revisions\/5711"}],"wp:featuredmedia":[{"embeddable":true,"href":"https:\/\/www.crec.cat\/es\/wp-json\/wp\/v2\/media\/5428"}],"wp:attachment":[{"href":"https:\/\/www.crec.cat\/es\/wp-json\/wp\/v2\/media?parent=5432"}],"wp:term":[{"taxonomy":"post_tag","embeddable":true,"href":"https:\/\/www.crec.cat\/es\/wp-json\/wp\/v2\/tags?post=5432"},{"taxonomy":"tribe_events_cat","embeddable":true,"href":"https:\/\/www.crec.cat\/es\/wp-json\/wp\/v2\/tribe_events_cat?post=5432"}],"curies":[{"name":"wp","href":"https:\/\/api.w.org\/{rel}","templated":true}]}}