{"id":6789,"date":"2026-01-15T12:13:46","date_gmt":"2026-01-15T11:13:46","guid":{"rendered":"https:\/\/www.crec.cat\/projecte\/proyecto-de-gestion-de-la-licencia-social\/"},"modified":"2026-01-15T12:13:46","modified_gmt":"2026-01-15T11:13:46","slug":"proyecto-de-gestion-de-la-licencia-social","status":"publish","type":"projecte","link":"https:\/\/www.crec.cat\/es\/projecte\/proyecto-de-gestion-de-la-licencia-social\/","title":{"rendered":"Proyecto de gesti\u00f3n de la Licencia Social"},"content":{"rendered":"<p data-start=\"0\" data-end=\"113\">Gesti\u00f3n de la licencia social y la integraci\u00f3n territorial de los proyectos en transici\u00f3n ecol\u00f3gica de Catalu\u00f1a<\/p>\n<p data-start=\"115\" data-end=\"666\">El proyecto \u201cGesti\u00f3n de la Licencia Social y la Integraci\u00f3n Territorial de los Proyectos de Transici\u00f3n Ecol\u00f3gica en Catalu\u00f1a\u201d da respuesta a uno de los principales retos actuales de la transici\u00f3n verde: la oposici\u00f3n social ante plantas de bioenerg\u00eda, instalaciones de tratamiento de residuos y proyectos de energ\u00edas renovables. El rechazo local, motivado a menudo por la falta de transparencia, d\u00e9ficits en la participaci\u00f3n y la circulaci\u00f3n de desinformaci\u00f3n, provoca retrasos, sobrecostes e incluso la paralizaci\u00f3n de infraestructuras estrat\u00e9gicas.<\/p>\n<p data-start=\"668\" data-end=\"1070\" data-is-last-node=\"\" data-is-only-node=\"\">La aceptaci\u00f3n social es hoy un reto clave y compartido por los tres cl\u00fasteres participantes: el Cl\u00faster de la Bioenerg\u00eda de Catalu\u00f1a (CBC), el Cl\u00faster de la Energ\u00eda Eficiente de Catalu\u00f1a (CEEC) y el Cl\u00faster de Residuos de Catalu\u00f1a (CREC). Su uni\u00f3n en este proyecto aporta complementariedad sectorial y multiplica el impacto, permitiendo transferir soluciones a empresas, administraciones y territorios.<\/p>\n","protected":false},"excerpt":{"rendered":"<p>Gesti\u00f3n de la licencia social y la integraci\u00f3n territorial de los proyectos en transici\u00f3n ecol\u00f3gica de Catalu\u00f1a<\/p>\n","protected":false},"featured_media":0,"parent":0,"template":"","meta":{"_acf_changed":false,"neve_meta_sidebar":"","neve_meta_container":"","neve_meta_enable_content_width":"","neve_meta_content_width":0,"neve_meta_title_alignment":"","neve_meta_author_avatar":"","neve_post_elements_order":"","neve_meta_disable_header":"","neve_meta_disable_footer":"","neve_meta_disable_title":""},"estat-de-projecte":[57],"class_list":["post-6789","projecte","type-projecte","status-publish","hentry","estat-de-projecte-en-curso"],"acf":[],"yoast_head":"<!-- This site is optimized with the Yoast SEO plugin v27.2 - https:\/\/yoast.com\/product\/yoast-seo-wordpress\/ -->\n<title>Proyecto de gesti\u00f3n de la Licencia Social | CREC<\/title>\n<meta name=\"robots\" content=\"index, follow, max-snippet:-1, max-image-preview:large, max-video-preview:-1\" \/>\n<link rel=\"canonical\" href=\"https:\/\/www.crec.cat\/projecte\/proyecto-de-gestion-de-la-licencia-social\/\" \/>\n<meta property=\"og:locale\" content=\"es_ES\" \/>\n<meta property=\"og:type\" content=\"article\" \/>\n<meta property=\"og:title\" content=\"Proyecto de gesti\u00f3n de la Licencia Social | CREC\" \/>\n<meta property=\"og:description\" content=\"Gesti\u00f3n de la licencia social y la integraci\u00f3n territorial de los proyectos en transici\u00f3n ecol\u00f3gica de Catalu\u00f1a\" \/>\n<meta property=\"og:url\" content=\"https:\/\/www.crec.cat\/projecte\/proyecto-de-gestion-de-la-licencia-social\/\" \/>\n<meta property=\"og:site_name\" content=\"CREC\" \/>\n<meta property=\"og:image\" content=\"https:\/\/www.crec.cat\/wp-content\/uploads\/2024\/11\/CREC.jpg\" \/>\n\t<meta property=\"og:image:width\" content=\"1280\" \/>\n\t<meta property=\"og:image:height\" content=\"720\" \/>\n\t<meta property=\"og:image:type\" content=\"image\/jpeg\" \/>\n<meta name=\"twitter:card\" content=\"summary_large_image\" \/>\n<meta name=\"twitter:site\" content=\"@clusterresidus\" \/>\n<meta name=\"twitter:label1\" content=\"Tiempo de lectura\" \/>\n\t<meta name=\"twitter:data1\" content=\"1 minuto\" \/>\n<script type=\"application\/ld+json\" class=\"yoast-schema-graph\">{\"@context\":\"https:\/\/schema.org\",\"@graph\":[{\"@type\":\"WebPage\",\"@id\":\"https:\/\/www.crec.cat\/projecte\/proyecto-de-gestion-de-la-licencia-social\/\",\"url\":\"https:\/\/www.crec.cat\/projecte\/proyecto-de-gestion-de-la-licencia-social\/\",\"name\":\"Proyecto de gesti\u00f3n de la Licencia Social | CREC\",\"isPartOf\":{\"@id\":\"https:\/\/www.crec.cat\/#website\"},\"datePublished\":\"2026-01-15T11:13:46+00:00\",\"breadcrumb\":{\"@id\":\"https:\/\/www.crec.cat\/projecte\/proyecto-de-gestion-de-la-licencia-social\/#breadcrumb\"},\"inLanguage\":\"es\",\"potentialAction\":[{\"@type\":\"ReadAction\",\"target\":[\"https:\/\/www.crec.cat\/projecte\/proyecto-de-gestion-de-la-licencia-social\/\"]}]},{\"@type\":\"BreadcrumbList\",\"@id\":\"https:\/\/www.crec.cat\/projecte\/proyecto-de-gestion-de-la-licencia-social\/#breadcrumb\",\"itemListElement\":[{\"@type\":\"ListItem\",\"position\":1,\"name\":\"Inici\",\"item\":\"https:\/\/www.crec.cat\/es\/\"},{\"@type\":\"ListItem\",\"position\":2,\"name\":\"Proyecto de gesti\u00f3n de la Licencia Social\"}]},{\"@type\":\"WebSite\",\"@id\":\"https:\/\/www.crec.cat\/#website\",\"url\":\"https:\/\/www.crec.cat\/\",\"name\":\"CREC\",\"description\":\"Impulsem la competitivitat del sector de residus i l&#039;economia circular de Catalunya\",\"publisher\":{\"@id\":\"https:\/\/www.crec.cat\/#organization\"},\"alternateName\":\"Cl\u00faster de Residus de Catalunya\",\"potentialAction\":[{\"@type\":\"SearchAction\",\"target\":{\"@type\":\"EntryPoint\",\"urlTemplate\":\"https:\/\/www.crec.cat\/?s={search_term_string}\"},\"query-input\":{\"@type\":\"PropertyValueSpecification\",\"valueRequired\":true,\"valueName\":\"search_term_string\"}}],\"inLanguage\":\"es\"},{\"@type\":\"Organization\",\"@id\":\"https:\/\/www.crec.cat\/#organization\",\"name\":\"CREC\",\"alternateName\":\"CREC\",\"url\":\"https:\/\/www.crec.cat\/\",\"logo\":{\"@type\":\"ImageObject\",\"inLanguage\":\"es\",\"@id\":\"https:\/\/www.crec.cat\/#\/schema\/logo\/image\/\",\"url\":\"https:\/\/www.crec.cat\/wp-content\/uploads\/2021\/04\/Favicon-CREC.png\",\"contentUrl\":\"https:\/\/www.crec.cat\/wp-content\/uploads\/2021\/04\/Favicon-CREC.png\",\"width\":2134,\"height\":2134,\"caption\":\"CREC\"},\"image\":{\"@id\":\"https:\/\/www.crec.cat\/#\/schema\/logo\/image\/\"},\"sameAs\":[\"https:\/\/x.com\/clusterresidus\",\"https:\/\/www.linkedin.com\/company\/cluster-de-residus-de-catalunya\/\"]}]}<\/script>\n<!-- \/ Yoast SEO plugin. -->","yoast_head_json":{"title":"Proyecto de gesti\u00f3n de la Licencia Social | CREC","robots":{"index":"index","follow":"follow","max-snippet":"max-snippet:-1","max-image-preview":"max-image-preview:large","max-video-preview":"max-video-preview:-1"},"canonical":"https:\/\/www.crec.cat\/projecte\/proyecto-de-gestion-de-la-licencia-social\/","og_locale":"es_ES","og_type":"article","og_title":"Proyecto de gesti\u00f3n de la Licencia Social | CREC","og_description":"Gesti\u00f3n de la licencia social y la integraci\u00f3n territorial de los proyectos en transici\u00f3n ecol\u00f3gica de Catalu\u00f1a","og_url":"https:\/\/www.crec.cat\/projecte\/proyecto-de-gestion-de-la-licencia-social\/","og_site_name":"CREC","og_image":[{"width":1280,"height":720,"url":"https:\/\/www.crec.cat\/wp-content\/uploads\/2024\/11\/CREC.jpg","type":"image\/jpeg"}],"twitter_card":"summary_large_image","twitter_site":"@clusterresidus","twitter_misc":{"Tiempo de lectura":"1 minuto"},"schema":{"@context":"https:\/\/schema.org","@graph":[{"@type":"WebPage","@id":"https:\/\/www.crec.cat\/projecte\/proyecto-de-gestion-de-la-licencia-social\/","url":"https:\/\/www.crec.cat\/projecte\/proyecto-de-gestion-de-la-licencia-social\/","name":"Proyecto de gesti\u00f3n de la Licencia Social | CREC","isPartOf":{"@id":"https:\/\/www.crec.cat\/#website"},"datePublished":"2026-01-15T11:13:46+00:00","breadcrumb":{"@id":"https:\/\/www.crec.cat\/projecte\/proyecto-de-gestion-de-la-licencia-social\/#breadcrumb"},"inLanguage":"es","potentialAction":[{"@type":"ReadAction","target":["https:\/\/www.crec.cat\/projecte\/proyecto-de-gestion-de-la-licencia-social\/"]}]},{"@type":"BreadcrumbList","@id":"https:\/\/www.crec.cat\/projecte\/proyecto-de-gestion-de-la-licencia-social\/#breadcrumb","itemListElement":[{"@type":"ListItem","position":1,"name":"Inici","item":"https:\/\/www.crec.cat\/es\/"},{"@type":"ListItem","position":2,"name":"Proyecto de gesti\u00f3n de la Licencia Social"}]},{"@type":"WebSite","@id":"https:\/\/www.crec.cat\/#website","url":"https:\/\/www.crec.cat\/","name":"CREC","description":"Impulsem la competitivitat del sector de residus i l&#039;economia circular de Catalunya","publisher":{"@id":"https:\/\/www.crec.cat\/#organization"},"alternateName":"Cl\u00faster de Residus de Catalunya","potentialAction":[{"@type":"SearchAction","target":{"@type":"EntryPoint","urlTemplate":"https:\/\/www.crec.cat\/?s={search_term_string}"},"query-input":{"@type":"PropertyValueSpecification","valueRequired":true,"valueName":"search_term_string"}}],"inLanguage":"es"},{"@type":"Organization","@id":"https:\/\/www.crec.cat\/#organization","name":"CREC","alternateName":"CREC","url":"https:\/\/www.crec.cat\/","logo":{"@type":"ImageObject","inLanguage":"es","@id":"https:\/\/www.crec.cat\/#\/schema\/logo\/image\/","url":"https:\/\/www.crec.cat\/wp-content\/uploads\/2021\/04\/Favicon-CREC.png","contentUrl":"https:\/\/www.crec.cat\/wp-content\/uploads\/2021\/04\/Favicon-CREC.png","width":2134,"height":2134,"caption":"CREC"},"image":{"@id":"https:\/\/www.crec.cat\/#\/schema\/logo\/image\/"},"sameAs":["https:\/\/x.com\/clusterresidus","https:\/\/www.linkedin.com\/company\/cluster-de-residus-de-catalunya\/"]}]}},"_links":{"self":[{"href":"https:\/\/www.crec.cat\/es\/wp-json\/wp\/v2\/projecte\/6789","targetHints":{"allow":["GET"]}}],"collection":[{"href":"https:\/\/www.crec.cat\/es\/wp-json\/wp\/v2\/projecte"}],"about":[{"href":"https:\/\/www.crec.cat\/es\/wp-json\/wp\/v2\/types\/projecte"}],"wp:attachment":[{"href":"https:\/\/www.crec.cat\/es\/wp-json\/wp\/v2\/media?parent=6789"}],"wp:term":[{"taxonomy":"estat-de-projecte","embeddable":true,"href":"https:\/\/www.crec.cat\/es\/wp-json\/wp\/v2\/estat-de-projecte?post=6789"}],"curies":[{"name":"wp","href":"https:\/\/api.w.org\/{rel}","templated":true}]}}