{"id":4688,"date":"2024-07-19T13:00:04","date_gmt":"2024-07-19T11:00:04","guid":{"rendered":"https:\/\/www.crec.cat\/agenda\/"},"modified":"2025-09-01T12:31:29","modified_gmt":"2025-09-01T10:31:29","slug":"agenda","status":"publish","type":"page","link":"https:\/\/www.crec.cat\/es\/agenda\/","title":{"rendered":"Agenda"},"content":{"rendered":"\t\t<div data-elementor-type=\"wp-page\" data-elementor-id=\"4688\" class=\"elementor elementor-4688 elementor-2146\" data-elementor-post-type=\"page\">\n\t\t\t\t<div data-particle_enable=\"false\" data-particle-mobile-disabled=\"false\" class=\"elementor-element elementor-element-f2274f3 e-con-full e-flex e-con e-parent\" data-id=\"f2274f3\" data-element_type=\"container\" data-e-type=\"container\" data-settings=\"{&quot;background_background&quot;:&quot;classic&quot;}\">\n\t\t\t\t<div class=\"elementor-element elementor-element-f0cabda elementor-widget elementor-widget-heading\" data-id=\"f0cabda\" data-element_type=\"widget\" data-e-type=\"widget\" data-widget_type=\"heading.default\">\n\t\t\t\t<div class=\"elementor-widget-container\">\n\t\t\t\t\t<h1 class=\"elementor-heading-title elementor-size-default\">AGENDA<\/h1>\t\t\t\t<\/div>\n\t\t\t\t<\/div>\n\t\t\t\t<div class=\"elementor-element elementor-element-c5c4543 elementor-align-right elementor-fixed e-transform elementor-invisible elementor-widget elementor-widget-button\" data-id=\"c5c4543\" data-element_type=\"widget\" data-e-type=\"widget\" data-settings=\"{&quot;_position&quot;:&quot;fixed&quot;,&quot;_animation&quot;:&quot;fadeInRight&quot;,&quot;_animation_delay&quot;:100,&quot;_transform_rotateZ_effect&quot;:{&quot;unit&quot;:&quot;px&quot;,&quot;size&quot;:-90,&quot;sizes&quot;:[]},&quot;_transform_rotateZ_effect_laptop&quot;:{&quot;unit&quot;:&quot;deg&quot;,&quot;size&quot;:&quot;&quot;,&quot;sizes&quot;:[]},&quot;_transform_rotateZ_effect_tablet&quot;:{&quot;unit&quot;:&quot;deg&quot;,&quot;size&quot;:&quot;&quot;,&quot;sizes&quot;:[]},&quot;_transform_rotateZ_effect_mobile&quot;:{&quot;unit&quot;:&quot;deg&quot;,&quot;size&quot;:&quot;&quot;,&quot;sizes&quot;:[]}}\" data-widget_type=\"button.default\">\n\t\t\t\t<div class=\"elementor-widget-container\">\n\t\t\t\t\t\t\t\t\t<div class=\"elementor-button-wrapper\">\n\t\t\t\t\t<a class=\"elementor-button elementor-button-link elementor-size-sm\" href=\"#elementor-action%3Aaction%3Dpopup%3Aopen%26settings%3DeyJpZCI6NDc1MiwidG9nZ2xlIjpmYWxzZX0%3D\">\n\t\t\t\t\t\t<span class=\"elementor-button-content-wrapper\">\n\t\t\t\t\t\t\t\t\t<span class=\"elementor-button-text\">CALENDARIO<\/span>\n\t\t\t\t\t<\/span>\n\t\t\t\t\t<\/a>\n\t\t\t\t<\/div>\n\t\t\t\t\t\t\t\t<\/div>\n\t\t\t\t<\/div>\n\t\t\t\t<\/div>\n\t\t<div data-particle_enable=\"false\" data-particle-mobile-disabled=\"false\" class=\"elementor-element elementor-element-935178c e-con-full e-flex e-con e-parent\" data-id=\"935178c\" data-element_type=\"container\" data-e-type=\"container\" data-settings=\"{&quot;background_background&quot;:&quot;classic&quot;}\">\n\t\t\t\t<div class=\"elementor-element elementor-element-4266121 elementor-widget elementor-widget-shortcode\" data-id=\"4266121\" data-element_type=\"widget\" data-e-type=\"widget\" data-widget_type=\"shortcode.default\">\n\t\t\t\t<div class=\"elementor-widget-container\">\n\t\t\t\t\t\t\t<div class=\"elementor-shortcode\"><\/div>\n\t\t\t\t\t\t<\/div>\n\t\t\t\t<\/div>\n\t\t\t\t<div class=\"elementor-element elementor-element-e10eac0 e-n-tabs-none elementor-widget elementor-widget-n-tabs\" data-id=\"e10eac0\" data-element_type=\"widget\" data-e-type=\"widget\" data-settings=\"{&quot;horizontal_scroll_mobile&quot;:&quot;enable&quot;,&quot;horizontal_scroll&quot;:&quot;disable&quot;}\" data-widget_type=\"nested-tabs.default\">\n\t\t\t\t<div class=\"elementor-widget-container\">\n\t\t\t\t\t\t\t<div class=\"e-n-tabs\" data-widget-number=\"235989696\" aria-label=\"Pesta\u00f1as. Abre elementos con Intro o Espacio, ci\u00e9rralos con Escape y navega con las fechas.\">\n\t\t\t<div class=\"e-n-tabs-heading\" role=\"tablist\">\n\t\t\t\t\t<button id=\"e-n-tab-title-2359896961\" data-tab-title-id=\"e-n-tab-title-2359896961\" class=\"e-n-tab-title\" aria-selected=\"true\" data-tab-index=\"1\" role=\"tab\" tabindex=\"0\" aria-controls=\"e-n-tab-content-2359896961\" style=\"--n-tabs-title-order: 1;\">\n\t\t\t\t\t\t<span class=\"e-n-tab-title-text\">\n\t\t\t\tTodas las actividades\t\t\t<\/span>\n\t\t<\/button>\n\t\t\t\t<button id=\"e-n-tab-title-2359896962\" data-tab-title-id=\"e-n-tab-title-2359896962\" class=\"e-n-tab-title\" aria-selected=\"false\" data-tab-index=\"2\" role=\"tab\" tabindex=\"-1\" aria-controls=\"e-n-tab-content-2359896962\" style=\"--n-tabs-title-order: 2;\">\n\t\t\t\t\t\t<span class=\"e-n-tab-title-text\">\n\t\t\t\tPr\u00f3ximas actividades\t\t\t<\/span>\n\t\t<\/button>\n\t\t\t\t<button id=\"e-n-tab-title-2359896963\" data-tab-title-id=\"e-n-tab-title-2359896963\" class=\"e-n-tab-title\" aria-selected=\"false\" data-tab-index=\"3\" role=\"tab\" tabindex=\"-1\" aria-controls=\"e-n-tab-content-2359896963\" style=\"--n-tabs-title-order: 3;\">\n\t\t\t\t\t\t<span class=\"e-n-tab-title-text\">\n\t\t\t\tActividades finalizadas\t\t\t<\/span>\n\t\t<\/button>\n\t\t\t\t<button id=\"e-n-tab-title-2359896964\" data-tab-title-id=\"e-n-tab-title-2359896964\" class=\"e-n-tab-title\" aria-selected=\"false\" data-tab-index=\"4\" role=\"tab\" tabindex=\"-1\" aria-controls=\"e-n-tab-content-2359896964\" style=\"--n-tabs-title-order: 4;\">\n\t\t\t\t\t\t<span class=\"e-n-tab-title-text\">\n\t\t\t\tCalendario\t\t\t<\/span>\n\t\t<\/button>\n\t\t\t\t\t<\/div>\n\t\t\t<div class=\"e-n-tabs-content\">\n\t\t\t\t<div data-particle_enable=\"false\" data-particle-mobile-disabled=\"false\" id=\"e-n-tab-content-2359896961\" role=\"tabpanel\" aria-labelledby=\"e-n-tab-title-2359896961\" data-tab-index=\"1\" style=\"--n-tabs-title-order: 1;\" class=\"e-active elementor-element elementor-element-1cfe10d e-con-full e-flex e-con e-child\" data-id=\"1cfe10d\" data-element_type=\"container\" data-e-type=\"container\">\n\t\t\t\t<div class=\"elementor-element elementor-element-1aa109c elementor-widget elementor-widget-heading\" data-id=\"1aa109c\" data-element_type=\"widget\" data-e-type=\"widget\" data-widget_type=\"heading.default\">\n\t\t\t\t<div class=\"elementor-widget-container\">\n\t\t\t\t\t<h2 class=\"elementor-heading-title elementor-size-default\">Pr\u00f3ximas actividades<\/h2>\t\t\t\t<\/div>\n\t\t\t\t<\/div>\n\t\t\t\t<div class=\"elementor-element elementor-element-6c770e0 elementor-widget elementor-widget-shortcode\" data-id=\"6c770e0\" data-element_type=\"widget\" data-e-type=\"widget\" data-widget_type=\"shortcode.default\">\n\t\t\t\t<div class=\"elementor-widget-container\">\n\t\t\t\t\t\t\t<div class=\"elementor-shortcode\"><div class=\"events-custom_llistat\"><div class=\"evento-item\"><div><p class=\"evento-fecha\">28\/04\/2026<\/p><a href=\"https:\/\/www.crec.cat\/es\/esdeveniment\/jornada-de-cierre-intercluster-tejiendo-sinergias-para-fomentar-la-economia-circular\/\"><h2 class=\"event-titol\">Jornada de cierre &#8211; Intercl\u00faster: Tejiendo sinergias para fomentar la econom\u00eda circular<\/h2><\/a><p class=\"evento-excerpt\">Inscr\u00edbete en la Jornada de cierre del proyecto SINTEC para crear sinergias y fomentar la econom\u00eda circular. \u00a1No te lo puedes perder!<\/p><\/div><div><a href=\"https:\/\/www.crec.cat\/es\/esdeveniment\/jornada-de-cierre-intercluster-tejiendo-sinergias-para-fomentar-la-economia-circular\/\" class=\"evento-boton\"><button>Saber-ne m\u00e9s<\/button><\/a><\/div><\/div><div class=\"evento-item\"><div><p class=\"evento-fecha\">13\/05\/2026<\/p><a href=\"https:\/\/www.crec.cat\/es\/esdeveniment\/grupo-de-trabajo-construccion-circular-2\/\"><h2 class=\"event-titol\">Grupo de Trabajo: Construcci\u00f3n Circular<\/h2><\/a><p class=\"evento-excerpt\">\u00bfTe interesa formar parte del Grupo de Trabajo de Construcci\u00f3n Circular del CREC? \u00a1Es un buen momento!\r\n<\/p><\/div><div><a href=\"https:\/\/www.crec.cat\/es\/esdeveniment\/grupo-de-trabajo-construccion-circular-2\/\" class=\"evento-boton\"><button>Saber-ne m\u00e9s<\/button><\/a><\/div><\/div><div class=\"evento-item\"><div><p class=\"evento-fecha\">19\/05\/2026<\/p><a href=\"https:\/\/www.crec.cat\/es\/esdeveniment\/asamblea-ordinaria-del-crec-2026\/\"><h2 class=\"event-titol\">Asamblea Ordinaria del CREC 2026<\/h2><\/a><p class=\"evento-excerpt\">El pr\u00f3ximo 19 de mayo de 2026 est\u00e1 convocada la Asamblea General Ordinaria del CREC, Cl\u00faster de Residuos de Catalu\u00f1a. \u00a1INSCRIPCIONES PR\u00d3XIMAMENTE!\r\n<\/p><\/div><div><a href=\"https:\/\/www.crec.cat\/es\/esdeveniment\/asamblea-ordinaria-del-crec-2026\/\" class=\"evento-boton\"><button>Saber-ne m\u00e9s<\/button><\/a><\/div><\/div><div class=\"evento-item\"><div><p class=\"evento-fecha\">20\/05\/2026<\/p><a href=\"https:\/\/www.crec.cat\/es\/esdeveniment\/workshop-comunicacion-estrategia-de-comunicacion-para-gestores-de-residuos-sesion-2\/\"><h2 class=\"event-titol\">Workshop Comunicaci\u00f3n | Estrategia de comunicaci\u00f3n para gestores de residuos. Sesi\u00f3n 2<\/h2><\/a><p class=\"evento-excerpt\">Recuerda, nos encontramos el 27 de mayo para desarrollar la 2\u00aa sesi\u00f3n del Workshop de comunicaci\u00f3n para empresas gestoras de residuos. | Plazas agotadas\r\n<\/p><\/div><div><a href=\"https:\/\/www.crec.cat\/es\/esdeveniment\/workshop-comunicacion-estrategia-de-comunicacion-para-gestores-de-residuos-sesion-2\/\" class=\"evento-boton\"><button>Saber-ne m\u00e9s<\/button><\/a><\/div><\/div><div class=\"evento-item\"><div><p class=\"evento-fecha\">17\/06\/2026<\/p><a href=\"https:\/\/www.crec.cat\/es\/esdeveniment\/workshop-comunicacio-estrategia-de-comunicacio-per-a-gestors-de-residus-presentacion-final\/\"><h2 class=\"event-titol\">Workshop Comunicaci\u00f3 | Estrat\u00e8gia de comunicaci\u00f3 per a gestors de residus. Presentaci\u00f3n final<\/h2><\/a><p class=\"evento-excerpt\">Recuerda, nos encontramos el 17 de junio para desarrollar la presentaci\u00f3n final del Workshop de comunicaci\u00f3n para empresas gestoras de residuos. | Plazas agotadas\r\n<\/p><\/div><div><a href=\"https:\/\/www.crec.cat\/es\/esdeveniment\/workshop-comunicacio-estrategia-de-comunicacio-per-a-gestors-de-residus-presentacion-final\/\" class=\"evento-boton\"><button>Saber-ne m\u00e9s<\/button><\/a><\/div><\/div><div class=\"evento-item\"><div><p class=\"evento-fecha\">28\/09\/2026<\/p><a href=\"https:\/\/www.crec.cat\/es\/esdeveniment\/viaje-de-benchmark-a-francia-2\/\"><h2 class=\"event-titol\">Viaje de Benchmark a Francia<\/h2><\/a><p class=\"evento-excerpt\">Viaje de benchmark a Francia del Cl\u00faster de Residuos para conocer iniciativas e innovaciones del pa\u00eds y establecer conexiones estrat\u00e9gicas.\r\n<\/p><\/div><div><a href=\"https:\/\/www.crec.cat\/es\/esdeveniment\/viaje-de-benchmark-a-francia-2\/\" class=\"evento-boton\"><button>Saber-ne m\u00e9s<\/button><\/a><\/div><\/div><\/div><\/div>\n\t\t\t\t\t\t<\/div>\n\t\t\t\t<\/div>\n\t\t\t\t<div class=\"elementor-element elementor-element-afe5435 elementor-grid-5 elementor-grid-laptop-3 elementor-hidden-desktop elementor-hidden-laptop elementor-hidden-tablet elementor-hidden-mobile elementor-grid-tablet-2 elementor-grid-mobile-1 elementor-widget elementor-widget-loop-grid\" data-id=\"afe5435\" data-element_type=\"widget\" data-e-type=\"widget\" data-settings=\"{&quot;template_id&quot;:4770,&quot;columns&quot;:5,&quot;row_gap&quot;:{&quot;unit&quot;:&quot;px&quot;,&quot;size&quot;:10,&quot;sizes&quot;:[]},&quot;columns_laptop&quot;:3,&quot;row_gap_laptop&quot;:{&quot;unit&quot;:&quot;px&quot;,&quot;size&quot;:15,&quot;sizes&quot;:[]},&quot;row_gap_tablet&quot;:{&quot;unit&quot;:&quot;px&quot;,&quot;size&quot;:20,&quot;sizes&quot;:[]},&quot;_skin&quot;:&quot;post&quot;,&quot;columns_tablet&quot;:&quot;2&quot;,&quot;columns_mobile&quot;:&quot;1&quot;,&quot;edit_handle_selector&quot;:&quot;[data-elementor-type=\\&quot;loop-item\\&quot;]&quot;,&quot;row_gap_mobile&quot;:{&quot;unit&quot;:&quot;px&quot;,&quot;size&quot;:&quot;&quot;,&quot;sizes&quot;:[]}}\" data-widget_type=\"loop-grid.post\">\n\t\t\t\t<div class=\"elementor-widget-container\">\n\t\t\t\t\t\t\t<div class=\"elementor-loop-container elementor-grid\" role=\"list\">\n\t\t<style id=\"loop-4770\">.elementor-widget-container .eael-protected-content-message{font-family:var( --e-global-typography-secondary-font-family ), Sans-serif;font-weight:var( --e-global-typography-secondary-font-weight );}.elementor-widget-container .protected-content-error-msg{font-family:var( --e-global-typography-secondary-font-family ), Sans-serif;font-weight:var( --e-global-typography-secondary-font-weight );}.elementor-4770 .elementor-element.elementor-element-76925ce{--display:flex;--flex-direction:column;--container-widget-width:100%;--container-widget-height:initial;--container-widget-flex-grow:0;--container-widget-align-self:initial;--flex-wrap-mobile:wrap;--justify-content:space-between;border-style:none;--border-style:none;--border-radius:15px 15px 15px 15px;--padding-top:30px;--padding-bottom:30px;--padding-left:30px;--padding-right:30px;}.elementor-4770 .elementor-element.elementor-element-76925ce:not(.elementor-motion-effects-element-type-background), .elementor-4770 .elementor-element.elementor-element-76925ce > .elementor-motion-effects-container > .elementor-motion-effects-layer{background-color:#4660561F;}.elementor-4770 .elementor-element.elementor-element-4838439{--display:flex;--padding-top:0px;--padding-bottom:0px;--padding-left:0px;--padding-right:0px;}.elementor-4770 .elementor-element.elementor-element-71f56a0{--display:flex;--flex-direction:row;--container-widget-width:initial;--container-widget-height:100%;--container-widget-flex-grow:1;--container-widget-align-self:stretch;--flex-wrap-mobile:wrap;--gap:7px 7px;--row-gap:7px;--column-gap:7px;--padding-top:0px;--padding-bottom:0px;--padding-left:0px;--padding-right:0px;}.elementor-widget-tec_events_elementor_widget_event_datetime .eael-protected-content-message{font-family:var( --e-global-typography-secondary-font-family ), Sans-serif;font-weight:var( --e-global-typography-secondary-font-weight );}.elementor-widget-tec_events_elementor_widget_event_datetime .protected-content-error-msg{font-family:var( --e-global-typography-secondary-font-family ), Sans-serif;font-weight:var( --e-global-typography-secondary-font-weight );}.elementor-4770 .elementor-element.elementor-element-046ef12 .tec-events-elementor-event-widget__datetime{color:var( --e-global-color-primary );font-family:\"Ciutadella\", Sans-serif;font-size:18px;}.elementor-4770 .elementor-element.elementor-element-a668f6e{--display:flex;--padding-top:0px;--padding-bottom:0px;--padding-left:0px;--padding-right:0px;}.elementor-widget-heading .elementor-heading-title{font-family:var( --e-global-typography-primary-font-family ), Sans-serif;font-weight:var( --e-global-typography-primary-font-weight );color:var( --e-global-color-primary );}.elementor-widget-heading .eael-protected-content-message{font-family:var( --e-global-typography-secondary-font-family ), Sans-serif;font-weight:var( --e-global-typography-secondary-font-weight );}.elementor-widget-heading .protected-content-error-msg{font-family:var( --e-global-typography-secondary-font-family ), Sans-serif;font-weight:var( --e-global-typography-secondary-font-weight );}.elementor-4770 .elementor-element.elementor-element-c2a2ad6 .elementor-heading-title{font-family:\"Ciutadella\", Sans-serif;font-size:30px;font-weight:400;}.elementor-widget-theme-post-excerpt .elementor-widget-container{font-family:var( --e-global-typography-text-font-family ), Sans-serif;font-weight:var( --e-global-typography-text-font-weight );color:var( --e-global-color-text );}.elementor-widget-theme-post-excerpt .eael-protected-content-message{font-family:var( --e-global-typography-secondary-font-family ), Sans-serif;font-weight:var( --e-global-typography-secondary-font-weight );}.elementor-widget-theme-post-excerpt .protected-content-error-msg{font-family:var( --e-global-typography-secondary-font-family ), Sans-serif;font-weight:var( --e-global-typography-secondary-font-weight );}.elementor-4770 .elementor-element.elementor-element-bf96c84 .elementor-widget-container{font-family:\"Ciutadella\", Sans-serif;font-size:18px;font-weight:300;line-height:1.3em;}.elementor-4770 .elementor-element.elementor-element-f06bd1c{--display:flex;--padding-top:0px;--padding-bottom:0px;--padding-left:0px;--padding-right:0px;}.elementor-widget-button .elementor-button{font-family:var( --e-global-typography-accent-font-family ), Sans-serif;font-weight:var( --e-global-typography-accent-font-weight );background-color:var( --e-global-color-accent );}.elementor-widget-button .eael-protected-content-message{font-family:var( --e-global-typography-secondary-font-family ), Sans-serif;font-weight:var( --e-global-typography-secondary-font-weight );}.elementor-widget-button .protected-content-error-msg{font-family:var( --e-global-typography-secondary-font-family ), Sans-serif;font-weight:var( --e-global-typography-secondary-font-weight );}.elementor-4770 .elementor-element.elementor-element-442f100 .elementor-button{fill:var( --e-global-color-accent );color:var( --e-global-color-accent );background-color:var( --e-global-color-primary );border-style:solid;border-width:1px 1px 1px 1px;border-color:var( --e-global-color-primary );border-radius:100px 100px 100px 100px;}.elementor-4770 .elementor-element.elementor-element-442f100 .elementor-button:hover, .elementor-4770 .elementor-element.elementor-element-442f100 .elementor-button:focus{color:var( --e-global-color-primary );background-color:var( --e-global-color-8ad1d92 );border-color:var( --e-global-color-631694b );}.elementor-4770 .elementor-element.elementor-element-442f100 .elementor-button:hover svg, .elementor-4770 .elementor-element.elementor-element-442f100 .elementor-button:focus svg{fill:var( --e-global-color-primary );}@media(min-width:768px){.elementor-4770 .elementor-element.elementor-element-71f56a0{--width:100%;}.elementor-4770 .elementor-element.elementor-element-a668f6e{--width:100%;}.elementor-4770 .elementor-element.elementor-element-f06bd1c{--width:100%;}}@media(max-width:1366px) and (min-width:768px){.elementor-4770 .elementor-element.elementor-element-71f56a0{--width:100%;}.elementor-4770 .elementor-element.elementor-element-a668f6e{--width:100%;}.elementor-4770 .elementor-element.elementor-element-f06bd1c{--width:100%;}}@media(max-width:1366px){.elementor-4770 .elementor-element.elementor-element-76925ce{--justify-content:space-between;--padding-top:25px;--padding-bottom:25px;--padding-left:25px;--padding-right:25px;}.elementor-4770 .elementor-element.elementor-element-a668f6e{--justify-content:flex-start;}.elementor-4770 .elementor-element.elementor-element-c2a2ad6 .elementor-heading-title{font-size:27px;}.elementor-4770 .elementor-element.elementor-element-bf96c84 .elementor-widget-container{font-size:17px;}.elementor-4770 .elementor-element.elementor-element-f06bd1c{--justify-content:flex-start;}}@media(max-width:1024px){.elementor-4770 .elementor-element.elementor-element-71f56a0{--gap:10px 10px;--row-gap:10px;--column-gap:10px;}.elementor-4770 .elementor-element.elementor-element-c2a2ad6 .elementor-heading-title{font-size:27px;}.elementor-4770 .elementor-element.elementor-element-bf96c84 .elementor-widget-container{font-size:17px;}}@media(max-width:767px){.elementor-4770 .elementor-element.elementor-element-76925ce{--padding-top:20px;--padding-bottom:40px;--padding-left:20px;--padding-right:20px;}.elementor-4770 .elementor-element.elementor-element-71f56a0{--justify-content:flex-start;--gap:10px 10px;--row-gap:10px;--column-gap:10px;--padding-top:0px;--padding-bottom:0px;--padding-left:0px;--padding-right:0px;}.elementor-4770 .elementor-element.elementor-element-71f56a0.e-con{--order:-99999 \/* order start hack *\/;}.elementor-4770 .elementor-element.elementor-element-a668f6e{--padding-top:0px;--padding-bottom:0px;--padding-left:0px;--padding-right:0px;}.elementor-4770 .elementor-element.elementor-element-c2a2ad6 .elementor-heading-title{font-size:25px;}.elementor-4770 .elementor-element.elementor-element-bf96c84 .elementor-widget-container{font-size:16px;}.elementor-4770 .elementor-element.elementor-element-f06bd1c{--padding-top:0px;--padding-bottom:0px;--padding-left:0px;--padding-right:0px;}}<\/style>\t\t<div data-elementor-type=\"loop-item\" data-elementor-id=\"4770\" class=\"elementor elementor-4770 elementor-778 elementor-778 e-loop-item e-loop-item-6662 post-6662 tribe_events type-tribe_events status-publish has-post-thumbnail hentry\" data-elementor-post-type=\"elementor_library\" data-custom-edit-handle=\"1\">\n\t\t\t<div data-particle_enable=\"false\" data-particle-mobile-disabled=\"false\" class=\"elementor-element elementor-element-76925ce e-con-full e-flex e-con e-parent\" data-id=\"76925ce\" data-element_type=\"container\" data-e-type=\"container\" data-settings=\"{&quot;background_background&quot;:&quot;classic&quot;}\">\n\t\t<div data-particle_enable=\"false\" data-particle-mobile-disabled=\"false\" class=\"elementor-element elementor-element-4838439 e-flex e-con-boxed e-con e-child\" data-id=\"4838439\" data-element_type=\"container\" data-e-type=\"container\">\n\t\t\t\t\t<div class=\"e-con-inner\">\n\t\t<div data-particle_enable=\"false\" data-particle-mobile-disabled=\"false\" class=\"elementor-element elementor-element-71f56a0 e-con-full e-flex e-con e-child\" data-id=\"71f56a0\" data-element_type=\"container\" data-e-type=\"container\">\n\t\t\t\t<div class=\"elementor-element elementor-element-046ef12 elementor-widget elementor-widget-tec_events_elementor_widget_event_datetime\" data-id=\"046ef12\" data-element_type=\"widget\" data-e-type=\"widget\" data-widget_type=\"tec_events_elementor_widget_event_datetime.default\">\n\t\t\t\t<div class=\"elementor-widget-container\">\n\t\t\t\t\t<div  class=\"tec-events-elementor-event-widget__datetime-wrapper\" >\n\t\t<div  class=\"tec-events-elementor-event-widget__datetime\" >\n\t\t\t<span  class=\"tec-events-elementor-event-widget__datetime-date tec-events-elementor-event-widget__datetime-date--start\" >20\/05\/26<\/span>\n\n\t\t\n\n\n\t<\/div><\/div>\n\t\t\t\t<\/div>\n\t\t\t\t<\/div>\n\t\t\t\t<\/div>\n\t\t<div data-particle_enable=\"false\" data-particle-mobile-disabled=\"false\" class=\"elementor-element elementor-element-a668f6e e-con-full e-flex e-con e-child\" data-id=\"a668f6e\" data-element_type=\"container\" data-e-type=\"container\">\n\t\t\t\t<div class=\"elementor-element elementor-element-c2a2ad6 elementor-widget elementor-widget-heading\" data-id=\"c2a2ad6\" data-element_type=\"widget\" data-e-type=\"widget\" data-widget_type=\"heading.default\">\n\t\t\t\t<div class=\"elementor-widget-container\">\n\t\t\t\t\t<h2 class=\"elementor-heading-title elementor-size-default\"><a href=\"https:\/\/www.crec.cat\/es\/esdeveniment\/workshop-comunicacion-estrategia-de-comunicacion-para-gestores-de-residuos-sesion-2\/\">Workshop Comunicaci\u00f3n | Estrategia de comunicaci\u00f3n para gestores de residuos. Sesi\u00f3n 2<\/a><\/h2>\t\t\t\t<\/div>\n\t\t\t\t<\/div>\n\t\t\t\t<div class=\"elementor-element elementor-element-bf96c84 elementor-widget elementor-widget-theme-post-excerpt\" data-id=\"bf96c84\" data-element_type=\"widget\" data-e-type=\"widget\" data-widget_type=\"theme-post-excerpt.default\">\n\t\t\t\t<div class=\"elementor-widget-container\">\n\t\t\t\t\tRecuerda, nos encontramos el 27 de mayo para desarrollar la 2\u00aa sesi\u00f3n del Workshop de comunicaci\u00f3n para empresas gestoras de residuos. | Plazas agotadas\r\n\t\t\t\t<\/div>\n\t\t\t\t<\/div>\n\t\t\t\t<\/div>\n\t\t\t\t\t<\/div>\n\t\t\t\t<\/div>\n\t\t<div data-particle_enable=\"false\" data-particle-mobile-disabled=\"false\" class=\"elementor-element elementor-element-f06bd1c e-con-full e-flex e-con e-child\" data-id=\"f06bd1c\" data-element_type=\"container\" data-e-type=\"container\">\n\t\t\t\t<div class=\"elementor-element elementor-element-442f100 elementor-widget elementor-widget-button\" data-id=\"442f100\" data-element_type=\"widget\" data-e-type=\"widget\" data-widget_type=\"button.default\">\n\t\t\t\t<div class=\"elementor-widget-container\">\n\t\t\t\t\t\t\t\t\t<div class=\"elementor-button-wrapper\">\n\t\t\t\t\t<a class=\"elementor-button elementor-button-link elementor-size-sm\" href=\"https:\/\/www.crec.cat\/es\/esdeveniment\/workshop-comunicacion-estrategia-de-comunicacion-para-gestores-de-residuos-sesion-2\/\">\n\t\t\t\t\t\t<span class=\"elementor-button-content-wrapper\">\n\t\t\t\t\t\t\t\t\t<span class=\"elementor-button-text\">Saber m\u00e1s<\/span>\n\t\t\t\t\t<\/span>\n\t\t\t\t\t<\/a>\n\t\t\t\t<\/div>\n\t\t\t\t\t\t\t\t<\/div>\n\t\t\t\t<\/div>\n\t\t\t\t<\/div>\n\t\t\t\t<\/div>\n\t\t\t\t<\/div>\n\t\t\t\t<div data-elementor-type=\"loop-item\" data-elementor-id=\"4770\" class=\"elementor elementor-4770 elementor-778 elementor-778 e-loop-item e-loop-item-6672 post-6672 tribe_events type-tribe_events status-publish has-post-thumbnail hentry\" data-elementor-post-type=\"elementor_library\" data-custom-edit-handle=\"1\">\n\t\t\t<div data-particle_enable=\"false\" data-particle-mobile-disabled=\"false\" class=\"elementor-element elementor-element-76925ce e-con-full e-flex e-con e-parent\" data-id=\"76925ce\" data-element_type=\"container\" data-e-type=\"container\" data-settings=\"{&quot;background_background&quot;:&quot;classic&quot;}\">\n\t\t<div data-particle_enable=\"false\" data-particle-mobile-disabled=\"false\" class=\"elementor-element elementor-element-4838439 e-flex e-con-boxed e-con e-child\" data-id=\"4838439\" data-element_type=\"container\" data-e-type=\"container\">\n\t\t\t\t\t<div class=\"e-con-inner\">\n\t\t<div data-particle_enable=\"false\" data-particle-mobile-disabled=\"false\" class=\"elementor-element elementor-element-71f56a0 e-con-full e-flex e-con e-child\" data-id=\"71f56a0\" data-element_type=\"container\" data-e-type=\"container\">\n\t\t\t\t<div class=\"elementor-element elementor-element-046ef12 elementor-widget elementor-widget-tec_events_elementor_widget_event_datetime\" data-id=\"046ef12\" data-element_type=\"widget\" data-e-type=\"widget\" data-widget_type=\"tec_events_elementor_widget_event_datetime.default\">\n\t\t\t\t<div class=\"elementor-widget-container\">\n\t\t\t\t\t<div  class=\"tec-events-elementor-event-widget__datetime-wrapper\" >\n\t\t<div  class=\"tec-events-elementor-event-widget__datetime\" >\n\t\t\t<span  class=\"tec-events-elementor-event-widget__datetime-date tec-events-elementor-event-widget__datetime-date--start\" >19\/05\/26<\/span>\n\n\t\t\n\n\n\t<\/div><\/div>\n\t\t\t\t<\/div>\n\t\t\t\t<\/div>\n\t\t\t\t<\/div>\n\t\t<div data-particle_enable=\"false\" data-particle-mobile-disabled=\"false\" class=\"elementor-element elementor-element-a668f6e e-con-full e-flex e-con e-child\" data-id=\"a668f6e\" data-element_type=\"container\" data-e-type=\"container\">\n\t\t\t\t<div class=\"elementor-element elementor-element-c2a2ad6 elementor-widget elementor-widget-heading\" data-id=\"c2a2ad6\" data-element_type=\"widget\" data-e-type=\"widget\" data-widget_type=\"heading.default\">\n\t\t\t\t<div class=\"elementor-widget-container\">\n\t\t\t\t\t<h2 class=\"elementor-heading-title elementor-size-default\"><a href=\"https:\/\/www.crec.cat\/es\/esdeveniment\/asamblea-ordinaria-del-crec-2026\/\">Asamblea Ordinaria del CREC 2026<\/a><\/h2>\t\t\t\t<\/div>\n\t\t\t\t<\/div>\n\t\t\t\t<div class=\"elementor-element elementor-element-bf96c84 elementor-widget elementor-widget-theme-post-excerpt\" data-id=\"bf96c84\" data-element_type=\"widget\" data-e-type=\"widget\" data-widget_type=\"theme-post-excerpt.default\">\n\t\t\t\t<div class=\"elementor-widget-container\">\n\t\t\t\t\tEl pr\u00f3ximo 19 de mayo de 2026 est\u00e1 convocada la Asamblea General Ordinaria del CREC, Cl\u00faster de Residuos de Catalu\u00f1a. \u00a1INSCRIPCIONES PR\u00d3XIMAMENTE!\r\n\t\t\t\t<\/div>\n\t\t\t\t<\/div>\n\t\t\t\t<\/div>\n\t\t\t\t\t<\/div>\n\t\t\t\t<\/div>\n\t\t<div data-particle_enable=\"false\" data-particle-mobile-disabled=\"false\" class=\"elementor-element elementor-element-f06bd1c e-con-full e-flex e-con e-child\" data-id=\"f06bd1c\" data-element_type=\"container\" data-e-type=\"container\">\n\t\t\t\t<div class=\"elementor-element elementor-element-442f100 elementor-widget elementor-widget-button\" data-id=\"442f100\" data-element_type=\"widget\" data-e-type=\"widget\" data-widget_type=\"button.default\">\n\t\t\t\t<div class=\"elementor-widget-container\">\n\t\t\t\t\t\t\t\t\t<div class=\"elementor-button-wrapper\">\n\t\t\t\t\t<a class=\"elementor-button elementor-button-link elementor-size-sm\" href=\"https:\/\/www.crec.cat\/es\/esdeveniment\/asamblea-ordinaria-del-crec-2026\/\">\n\t\t\t\t\t\t<span class=\"elementor-button-content-wrapper\">\n\t\t\t\t\t\t\t\t\t<span class=\"elementor-button-text\">Saber m\u00e1s<\/span>\n\t\t\t\t\t<\/span>\n\t\t\t\t\t<\/a>\n\t\t\t\t<\/div>\n\t\t\t\t\t\t\t\t<\/div>\n\t\t\t\t<\/div>\n\t\t\t\t<\/div>\n\t\t\t\t<\/div>\n\t\t\t\t<\/div>\n\t\t\t\t<div data-elementor-type=\"loop-item\" data-elementor-id=\"4770\" class=\"elementor elementor-4770 elementor-778 elementor-778 e-loop-item e-loop-item-6674 post-6674 tribe_events type-tribe_events status-publish has-post-thumbnail hentry\" data-elementor-post-type=\"elementor_library\" data-custom-edit-handle=\"1\">\n\t\t\t<div data-particle_enable=\"false\" data-particle-mobile-disabled=\"false\" class=\"elementor-element elementor-element-76925ce e-con-full e-flex e-con e-parent\" data-id=\"76925ce\" data-element_type=\"container\" data-e-type=\"container\" data-settings=\"{&quot;background_background&quot;:&quot;classic&quot;}\">\n\t\t<div data-particle_enable=\"false\" data-particle-mobile-disabled=\"false\" class=\"elementor-element elementor-element-4838439 e-flex e-con-boxed e-con e-child\" data-id=\"4838439\" data-element_type=\"container\" data-e-type=\"container\">\n\t\t\t\t\t<div class=\"e-con-inner\">\n\t\t<div data-particle_enable=\"false\" data-particle-mobile-disabled=\"false\" class=\"elementor-element elementor-element-71f56a0 e-con-full e-flex e-con e-child\" data-id=\"71f56a0\" data-element_type=\"container\" data-e-type=\"container\">\n\t\t\t\t<div class=\"elementor-element elementor-element-046ef12 elementor-widget elementor-widget-tec_events_elementor_widget_event_datetime\" data-id=\"046ef12\" data-element_type=\"widget\" data-e-type=\"widget\" data-widget_type=\"tec_events_elementor_widget_event_datetime.default\">\n\t\t\t\t<div class=\"elementor-widget-container\">\n\t\t\t\t\t<div  class=\"tec-events-elementor-event-widget__datetime-wrapper\" >\n\t\t<div  class=\"tec-events-elementor-event-widget__datetime\" >\n\t\t\t<span  class=\"tec-events-elementor-event-widget__datetime-date tec-events-elementor-event-widget__datetime-date--start\" >17\/06\/26<\/span>\n\n\t\t\n\n\n\t<\/div><\/div>\n\t\t\t\t<\/div>\n\t\t\t\t<\/div>\n\t\t\t\t<\/div>\n\t\t<div data-particle_enable=\"false\" data-particle-mobile-disabled=\"false\" class=\"elementor-element elementor-element-a668f6e e-con-full e-flex e-con e-child\" data-id=\"a668f6e\" data-element_type=\"container\" data-e-type=\"container\">\n\t\t\t\t<div class=\"elementor-element elementor-element-c2a2ad6 elementor-widget elementor-widget-heading\" data-id=\"c2a2ad6\" data-element_type=\"widget\" data-e-type=\"widget\" data-widget_type=\"heading.default\">\n\t\t\t\t<div class=\"elementor-widget-container\">\n\t\t\t\t\t<h2 class=\"elementor-heading-title elementor-size-default\"><a href=\"https:\/\/www.crec.cat\/es\/esdeveniment\/workshop-comunicacio-estrategia-de-comunicacio-per-a-gestors-de-residus-presentacion-final\/\">Workshop Comunicaci\u00f3 | Estrat\u00e8gia de comunicaci\u00f3 per a gestors de residus. Presentaci\u00f3n final<\/a><\/h2>\t\t\t\t<\/div>\n\t\t\t\t<\/div>\n\t\t\t\t<div class=\"elementor-element elementor-element-bf96c84 elementor-widget elementor-widget-theme-post-excerpt\" data-id=\"bf96c84\" data-element_type=\"widget\" data-e-type=\"widget\" data-widget_type=\"theme-post-excerpt.default\">\n\t\t\t\t<div class=\"elementor-widget-container\">\n\t\t\t\t\tRecuerda, nos encontramos el 17 de junio para desarrollar la presentaci\u00f3n final del Workshop de comunicaci\u00f3n para empresas gestoras de residuos. | Plazas agotadas\r\n\t\t\t\t<\/div>\n\t\t\t\t<\/div>\n\t\t\t\t<\/div>\n\t\t\t\t\t<\/div>\n\t\t\t\t<\/div>\n\t\t<div data-particle_enable=\"false\" data-particle-mobile-disabled=\"false\" class=\"elementor-element elementor-element-f06bd1c e-con-full e-flex e-con e-child\" data-id=\"f06bd1c\" data-element_type=\"container\" data-e-type=\"container\">\n\t\t\t\t<div class=\"elementor-element elementor-element-442f100 elementor-widget elementor-widget-button\" data-id=\"442f100\" data-element_type=\"widget\" data-e-type=\"widget\" data-widget_type=\"button.default\">\n\t\t\t\t<div class=\"elementor-widget-container\">\n\t\t\t\t\t\t\t\t\t<div class=\"elementor-button-wrapper\">\n\t\t\t\t\t<a class=\"elementor-button elementor-button-link elementor-size-sm\" href=\"https:\/\/www.crec.cat\/es\/esdeveniment\/workshop-comunicacio-estrategia-de-comunicacio-per-a-gestors-de-residus-presentacion-final\/\">\n\t\t\t\t\t\t<span class=\"elementor-button-content-wrapper\">\n\t\t\t\t\t\t\t\t\t<span class=\"elementor-button-text\">Saber m\u00e1s<\/span>\n\t\t\t\t\t<\/span>\n\t\t\t\t\t<\/a>\n\t\t\t\t<\/div>\n\t\t\t\t\t\t\t\t<\/div>\n\t\t\t\t<\/div>\n\t\t\t\t<\/div>\n\t\t\t\t<\/div>\n\t\t\t\t<\/div>\n\t\t\t\t<div data-elementor-type=\"loop-item\" data-elementor-id=\"4770\" class=\"elementor elementor-4770 elementor-778 elementor-778 e-loop-item e-loop-item-6707 post-6707 tribe_events type-tribe_events status-publish has-post-thumbnail hentry tribe_events_cat-finalitzat cat_finalitzat\" data-elementor-post-type=\"elementor_library\" data-custom-edit-handle=\"1\">\n\t\t\t<div data-particle_enable=\"false\" data-particle-mobile-disabled=\"false\" class=\"elementor-element elementor-element-76925ce e-con-full e-flex e-con e-parent\" data-id=\"76925ce\" data-element_type=\"container\" data-e-type=\"container\" data-settings=\"{&quot;background_background&quot;:&quot;classic&quot;}\">\n\t\t<div data-particle_enable=\"false\" data-particle-mobile-disabled=\"false\" class=\"elementor-element elementor-element-4838439 e-flex e-con-boxed e-con e-child\" data-id=\"4838439\" data-element_type=\"container\" data-e-type=\"container\">\n\t\t\t\t\t<div class=\"e-con-inner\">\n\t\t<div data-particle_enable=\"false\" data-particle-mobile-disabled=\"false\" class=\"elementor-element elementor-element-71f56a0 e-con-full e-flex e-con e-child\" data-id=\"71f56a0\" data-element_type=\"container\" data-e-type=\"container\">\n\t\t\t\t<div class=\"elementor-element elementor-element-046ef12 elementor-widget elementor-widget-tec_events_elementor_widget_event_datetime\" data-id=\"046ef12\" data-element_type=\"widget\" data-e-type=\"widget\" data-widget_type=\"tec_events_elementor_widget_event_datetime.default\">\n\t\t\t\t<div class=\"elementor-widget-container\">\n\t\t\t\t\t<div  class=\"tec-events-elementor-event-widget__datetime-wrapper\" >\n\t\t<div  class=\"tec-events-elementor-event-widget__datetime\" >\n\t\t\t<span  class=\"tec-events-elementor-event-widget__datetime-date tec-events-elementor-event-widget__datetime-date--start\" >28\/04\/26<\/span>\n\n\t\t\n\n\n\t<\/div><\/div>\n\t\t\t\t<\/div>\n\t\t\t\t<\/div>\n\t\t\t\t<\/div>\n\t\t<div data-particle_enable=\"false\" data-particle-mobile-disabled=\"false\" class=\"elementor-element elementor-element-a668f6e e-con-full e-flex e-con e-child\" data-id=\"a668f6e\" data-element_type=\"container\" data-e-type=\"container\">\n\t\t\t\t<div class=\"elementor-element elementor-element-c2a2ad6 elementor-widget elementor-widget-heading\" data-id=\"c2a2ad6\" data-element_type=\"widget\" data-e-type=\"widget\" data-widget_type=\"heading.default\">\n\t\t\t\t<div class=\"elementor-widget-container\">\n\t\t\t\t\t<h2 class=\"elementor-heading-title elementor-size-default\"><a href=\"https:\/\/www.crec.cat\/es\/esdeveniment\/jornada-de-cierre-intercluster-tejiendo-sinergias-para-fomentar-la-economia-circular\/\">Jornada de cierre &#8211; Intercl\u00faster: Tejiendo sinergias para fomentar la econom\u00eda circular<\/a><\/h2>\t\t\t\t<\/div>\n\t\t\t\t<\/div>\n\t\t\t\t<div class=\"elementor-element elementor-element-bf96c84 elementor-widget elementor-widget-theme-post-excerpt\" data-id=\"bf96c84\" data-element_type=\"widget\" data-e-type=\"widget\" data-widget_type=\"theme-post-excerpt.default\">\n\t\t\t\t<div class=\"elementor-widget-container\">\n\t\t\t\t\tInscr\u00edbete en la Jornada de cierre del proyecto SINTEC para crear sinergias y fomentar la econom\u00eda circular. \u00a1No te lo puedes perder!\t\t\t\t<\/div>\n\t\t\t\t<\/div>\n\t\t\t\t<\/div>\n\t\t\t\t\t<\/div>\n\t\t\t\t<\/div>\n\t\t<div data-particle_enable=\"false\" data-particle-mobile-disabled=\"false\" class=\"elementor-element elementor-element-f06bd1c e-con-full e-flex e-con e-child\" data-id=\"f06bd1c\" data-element_type=\"container\" data-e-type=\"container\">\n\t\t\t\t<div class=\"elementor-element elementor-element-442f100 elementor-widget elementor-widget-button\" data-id=\"442f100\" data-element_type=\"widget\" data-e-type=\"widget\" data-widget_type=\"button.default\">\n\t\t\t\t<div class=\"elementor-widget-container\">\n\t\t\t\t\t\t\t\t\t<div class=\"elementor-button-wrapper\">\n\t\t\t\t\t<a class=\"elementor-button elementor-button-link elementor-size-sm\" href=\"https:\/\/www.crec.cat\/es\/esdeveniment\/jornada-de-cierre-intercluster-tejiendo-sinergias-para-fomentar-la-economia-circular\/\">\n\t\t\t\t\t\t<span class=\"elementor-button-content-wrapper\">\n\t\t\t\t\t\t\t\t\t<span class=\"elementor-button-text\">Saber m\u00e1s<\/span>\n\t\t\t\t\t<\/span>\n\t\t\t\t\t<\/a>\n\t\t\t\t<\/div>\n\t\t\t\t\t\t\t\t<\/div>\n\t\t\t\t<\/div>\n\t\t\t\t<\/div>\n\t\t\t\t<\/div>\n\t\t\t\t<\/div>\n\t\t\t\t<div data-elementor-type=\"loop-item\" data-elementor-id=\"4770\" class=\"elementor elementor-4770 elementor-778 elementor-778 e-loop-item e-loop-item-6831 post-6831 tribe_events type-tribe_events status-publish has-post-thumbnail hentry\" data-elementor-post-type=\"elementor_library\" data-custom-edit-handle=\"1\">\n\t\t\t<div data-particle_enable=\"false\" data-particle-mobile-disabled=\"false\" class=\"elementor-element elementor-element-76925ce e-con-full e-flex e-con e-parent\" data-id=\"76925ce\" data-element_type=\"container\" data-e-type=\"container\" data-settings=\"{&quot;background_background&quot;:&quot;classic&quot;}\">\n\t\t<div data-particle_enable=\"false\" data-particle-mobile-disabled=\"false\" class=\"elementor-element elementor-element-4838439 e-flex e-con-boxed e-con e-child\" data-id=\"4838439\" data-element_type=\"container\" data-e-type=\"container\">\n\t\t\t\t\t<div class=\"e-con-inner\">\n\t\t<div data-particle_enable=\"false\" data-particle-mobile-disabled=\"false\" class=\"elementor-element elementor-element-71f56a0 e-con-full e-flex e-con e-child\" data-id=\"71f56a0\" data-element_type=\"container\" data-e-type=\"container\">\n\t\t\t\t<div class=\"elementor-element elementor-element-046ef12 elementor-widget elementor-widget-tec_events_elementor_widget_event_datetime\" data-id=\"046ef12\" data-element_type=\"widget\" data-e-type=\"widget\" data-widget_type=\"tec_events_elementor_widget_event_datetime.default\">\n\t\t\t\t<div class=\"elementor-widget-container\">\n\t\t\t\t\t<div  class=\"tec-events-elementor-event-widget__datetime-wrapper\" >\n\t\t<div  class=\"tec-events-elementor-event-widget__datetime\" >\n\t\t\t<span  class=\"tec-events-elementor-event-widget__datetime-date tec-events-elementor-event-widget__datetime-date--start\" >13\/05\/26<\/span>\n\n\t\t\n\n\n\t<\/div><\/div>\n\t\t\t\t<\/div>\n\t\t\t\t<\/div>\n\t\t\t\t<\/div>\n\t\t<div data-particle_enable=\"false\" data-particle-mobile-disabled=\"false\" class=\"elementor-element elementor-element-a668f6e e-con-full e-flex e-con e-child\" data-id=\"a668f6e\" data-element_type=\"container\" data-e-type=\"container\">\n\t\t\t\t<div class=\"elementor-element elementor-element-c2a2ad6 elementor-widget elementor-widget-heading\" data-id=\"c2a2ad6\" data-element_type=\"widget\" data-e-type=\"widget\" data-widget_type=\"heading.default\">\n\t\t\t\t<div class=\"elementor-widget-container\">\n\t\t\t\t\t<h2 class=\"elementor-heading-title elementor-size-default\"><a href=\"https:\/\/www.crec.cat\/es\/esdeveniment\/grupo-de-trabajo-construccion-circular-2\/\">Grupo de Trabajo: Construcci\u00f3n Circular<\/a><\/h2>\t\t\t\t<\/div>\n\t\t\t\t<\/div>\n\t\t\t\t<div class=\"elementor-element elementor-element-bf96c84 elementor-widget elementor-widget-theme-post-excerpt\" data-id=\"bf96c84\" data-element_type=\"widget\" data-e-type=\"widget\" data-widget_type=\"theme-post-excerpt.default\">\n\t\t\t\t<div class=\"elementor-widget-container\">\n\t\t\t\t\t\u00bfTe interesa formar parte del Grupo de Trabajo de Construcci\u00f3n Circular del CREC? \u00a1Es un buen momento!\r\n\t\t\t\t<\/div>\n\t\t\t\t<\/div>\n\t\t\t\t<\/div>\n\t\t\t\t\t<\/div>\n\t\t\t\t<\/div>\n\t\t<div data-particle_enable=\"false\" data-particle-mobile-disabled=\"false\" class=\"elementor-element elementor-element-f06bd1c e-con-full e-flex e-con e-child\" data-id=\"f06bd1c\" data-element_type=\"container\" data-e-type=\"container\">\n\t\t\t\t<div class=\"elementor-element elementor-element-442f100 elementor-widget elementor-widget-button\" data-id=\"442f100\" data-element_type=\"widget\" data-e-type=\"widget\" data-widget_type=\"button.default\">\n\t\t\t\t<div class=\"elementor-widget-container\">\n\t\t\t\t\t\t\t\t\t<div class=\"elementor-button-wrapper\">\n\t\t\t\t\t<a class=\"elementor-button elementor-button-link elementor-size-sm\" href=\"https:\/\/www.crec.cat\/es\/esdeveniment\/grupo-de-trabajo-construccion-circular-2\/\">\n\t\t\t\t\t\t<span class=\"elementor-button-content-wrapper\">\n\t\t\t\t\t\t\t\t\t<span class=\"elementor-button-text\">Saber m\u00e1s<\/span>\n\t\t\t\t\t<\/span>\n\t\t\t\t\t<\/a>\n\t\t\t\t<\/div>\n\t\t\t\t\t\t\t\t<\/div>\n\t\t\t\t<\/div>\n\t\t\t\t<\/div>\n\t\t\t\t<\/div>\n\t\t\t\t<\/div>\n\t\t\t\t<div data-elementor-type=\"loop-item\" data-elementor-id=\"4770\" class=\"elementor elementor-4770 elementor-778 elementor-778 e-loop-item e-loop-item-6875 post-6875 tribe_events type-tribe_events status-publish has-post-thumbnail hentry\" data-elementor-post-type=\"elementor_library\" data-custom-edit-handle=\"1\">\n\t\t\t<div data-particle_enable=\"false\" data-particle-mobile-disabled=\"false\" class=\"elementor-element elementor-element-76925ce e-con-full e-flex e-con e-parent\" data-id=\"76925ce\" data-element_type=\"container\" data-e-type=\"container\" data-settings=\"{&quot;background_background&quot;:&quot;classic&quot;}\">\n\t\t<div data-particle_enable=\"false\" data-particle-mobile-disabled=\"false\" class=\"elementor-element elementor-element-4838439 e-flex e-con-boxed e-con e-child\" data-id=\"4838439\" data-element_type=\"container\" data-e-type=\"container\">\n\t\t\t\t\t<div class=\"e-con-inner\">\n\t\t<div data-particle_enable=\"false\" data-particle-mobile-disabled=\"false\" class=\"elementor-element elementor-element-71f56a0 e-con-full e-flex e-con e-child\" data-id=\"71f56a0\" data-element_type=\"container\" data-e-type=\"container\">\n\t\t\t\t<div class=\"elementor-element elementor-element-046ef12 elementor-widget elementor-widget-tec_events_elementor_widget_event_datetime\" data-id=\"046ef12\" data-element_type=\"widget\" data-e-type=\"widget\" data-widget_type=\"tec_events_elementor_widget_event_datetime.default\">\n\t\t\t\t<div class=\"elementor-widget-container\">\n\t\t\t\t\t<div  class=\"tec-events-elementor-event-widget__datetime-wrapper\" >\n\t\t<div  class=\"tec-events-elementor-event-widget__datetime\" >\n\t\t\t<span  class=\"tec-events-elementor-event-widget__datetime-date tec-events-elementor-event-widget__datetime-date--start\" >28\/09\/26<\/span>\n\n\t\t\n\t<span  class=\"tec-events-elementor-event-widget__datetime-separator\" >\n\t  -  <\/span>\n\n\t<span  class=\"tec-events-elementor-event-widget__datetime-date tec-events-elementor-event-widget__datetime-date--end\" >30\/09\/26<\/span>\n\n\t<\/div><\/div>\n\t\t\t\t<\/div>\n\t\t\t\t<\/div>\n\t\t\t\t<\/div>\n\t\t<div data-particle_enable=\"false\" data-particle-mobile-disabled=\"false\" class=\"elementor-element elementor-element-a668f6e e-con-full e-flex e-con e-child\" data-id=\"a668f6e\" data-element_type=\"container\" data-e-type=\"container\">\n\t\t\t\t<div class=\"elementor-element elementor-element-c2a2ad6 elementor-widget elementor-widget-heading\" data-id=\"c2a2ad6\" data-element_type=\"widget\" data-e-type=\"widget\" data-widget_type=\"heading.default\">\n\t\t\t\t<div class=\"elementor-widget-container\">\n\t\t\t\t\t<h2 class=\"elementor-heading-title elementor-size-default\"><a href=\"https:\/\/www.crec.cat\/es\/esdeveniment\/viaje-de-benchmark-a-francia-2\/\">Viaje de Benchmark a Francia<\/a><\/h2>\t\t\t\t<\/div>\n\t\t\t\t<\/div>\n\t\t\t\t<div class=\"elementor-element elementor-element-bf96c84 elementor-widget elementor-widget-theme-post-excerpt\" data-id=\"bf96c84\" data-element_type=\"widget\" data-e-type=\"widget\" data-widget_type=\"theme-post-excerpt.default\">\n\t\t\t\t<div class=\"elementor-widget-container\">\n\t\t\t\t\tViaje de benchmark a Francia del Cl\u00faster de Residuos para conocer iniciativas e innovaciones del pa\u00eds y establecer conexiones estrat\u00e9gicas.\r\n\t\t\t\t<\/div>\n\t\t\t\t<\/div>\n\t\t\t\t<\/div>\n\t\t\t\t\t<\/div>\n\t\t\t\t<\/div>\n\t\t<div data-particle_enable=\"false\" data-particle-mobile-disabled=\"false\" class=\"elementor-element elementor-element-f06bd1c e-con-full e-flex e-con e-child\" data-id=\"f06bd1c\" data-element_type=\"container\" data-e-type=\"container\">\n\t\t\t\t<div class=\"elementor-element elementor-element-442f100 elementor-widget elementor-widget-button\" data-id=\"442f100\" data-element_type=\"widget\" data-e-type=\"widget\" data-widget_type=\"button.default\">\n\t\t\t\t<div class=\"elementor-widget-container\">\n\t\t\t\t\t\t\t\t\t<div class=\"elementor-button-wrapper\">\n\t\t\t\t\t<a class=\"elementor-button elementor-button-link elementor-size-sm\" href=\"https:\/\/www.crec.cat\/es\/esdeveniment\/viaje-de-benchmark-a-francia-2\/\">\n\t\t\t\t\t\t<span class=\"elementor-button-content-wrapper\">\n\t\t\t\t\t\t\t\t\t<span class=\"elementor-button-text\">Saber m\u00e1s<\/span>\n\t\t\t\t\t<\/span>\n\t\t\t\t\t<\/a>\n\t\t\t\t<\/div>\n\t\t\t\t\t\t\t\t<\/div>\n\t\t\t\t<\/div>\n\t\t\t\t<\/div>\n\t\t\t\t<\/div>\n\t\t\t\t<\/div>\n\t\t\t\t<\/div>\n\t\t\n\t\t\t\t\t\t<\/div>\n\t\t\t\t<\/div>\n\t\t\t\t<div class=\"elementor-element elementor-element-4b77eff elementor-widget-divider--view-line elementor-widget elementor-widget-divider\" data-id=\"4b77eff\" data-element_type=\"widget\" data-e-type=\"widget\" data-widget_type=\"divider.default\">\n\t\t\t\t<div class=\"elementor-widget-container\">\n\t\t\t\t\t\t\t<div class=\"elementor-divider\">\n\t\t\t<span class=\"elementor-divider-separator\">\n\t\t\t\t\t\t<\/span>\n\t\t<\/div>\n\t\t\t\t\t\t<\/div>\n\t\t\t\t<\/div>\n\t\t\t\t<div class=\"elementor-element elementor-element-b5c5f8a elementor-widget elementor-widget-heading\" data-id=\"b5c5f8a\" data-element_type=\"widget\" data-e-type=\"widget\" data-widget_type=\"heading.default\">\n\t\t\t\t<div class=\"elementor-widget-container\">\n\t\t\t\t\t<h2 class=\"elementor-heading-title elementor-size-default\">Actividades finalizadas<\/h2>\t\t\t\t<\/div>\n\t\t\t\t<\/div>\n\t\t\t\t<div class=\"elementor-element elementor-element-ea7f4bb elementor-widget elementor-widget-shortcode\" data-id=\"ea7f4bb\" data-element_type=\"widget\" data-e-type=\"widget\" data-widget_type=\"shortcode.default\">\n\t\t\t\t<div class=\"elementor-widget-container\">\n\t\t\t\t\t\t\t<div class=\"elementor-shortcode\"><div class=\"events-custom_llistat\"><div class=\"evento-item-finalitzat\"><div><p class=\"evento-fecha\">21\/04\/2026<\/p><a href=\"https:\/\/www.crec.cat\/es\/esdeveniment\/visitamos-al-socio-hausmann-aromatic\/\"><h2 class=\"event-titol\">Visitamos al socio: HAUSMANN AROMATIC<\/h2><\/a><p class=\"evento-excerpt\">Reserva el pr\u00f3ximo 21 de abril para asistir a la pr\u00f3xima \u201cVisita al socio\u201d del cl\u00faster. Visitaremos a HAUSMANN AROMATIC en sus instalaciones.<\/p><\/div><div><a href=\"https:\/\/www.crec.cat\/es\/esdeveniment\/visitamos-al-socio-hausmann-aromatic\/\" class=\"evento-boton\"><button>Saber-ne m\u00e9s<\/button><\/a><\/div><\/div><div class=\"evento-item-finalitzat\"><div><p class=\"evento-fecha\">20\/04\/2026<\/p><a href=\"https:\/\/www.crec.cat\/es\/esdeveniment\/webinar-viaje-de-benchmark-a-francia\/\"><h2 class=\"event-titol\">Webinar | Viaje de Benchmark a Francia<\/h2><\/a><p class=\"evento-excerpt\">Sesi\u00f3n online que tiene como objetivo informar sobre el viaje de benchmark que realizar\u00e1 el Cl\u00faster de Residuos a Francia del 28 al 30 de septiembre de 2026, abierto a todos los socios del CREC.<\/p><\/div><div><a href=\"https:\/\/www.crec.cat\/es\/esdeveniment\/webinar-viaje-de-benchmark-a-francia\/\" class=\"evento-boton\"><button>Saber-ne m\u00e9s<\/button><\/a><\/div><\/div><div class=\"evento-item-finalitzat\"><div><p class=\"evento-fecha\">25\/03\/2026<\/p><a href=\"https:\/\/www.crec.cat\/es\/esdeveniment\/taller-de-comunicacion-estrategia-de-comunicacion-para-gestores-de-residuos\/\"><h2 class=\"event-titol\">Taller de Comunicaci\u00f3n | Estrategia de comunicaci\u00f3n para gestores de residuos<\/h2><\/a><p class=\"evento-excerpt\">\u00bfTe interesa trabajar la estrategia de comunicaci\u00f3n de tu empresa? \u00a1Este workshop es para ti!\r\n\r\nTenemos un reto: el reposicionamiento del sector. Es necesario explicar mejor lo que hacemos, mostrar la innovaci\u00f3n que impulsamos y convertir el residuo en s\u00edmbolo de oportunidad, no de rechazo.<\/p><\/div><div><a href=\"https:\/\/www.crec.cat\/es\/esdeveniment\/taller-de-comunicacion-estrategia-de-comunicacion-para-gestores-de-residuos\/\" class=\"evento-boton\"><button>Saber-ne m\u00e9s<\/button><\/a><\/div><\/div><div class=\"evento-item-finalitzat\"><div><p class=\"evento-fecha\">19\/03\/2026<\/p><a href=\"https:\/\/www.crec.cat\/es\/esdeveniment\/cambio-de-fecha-presentacion-del-proyecto-dcas-r-datos-circulares-como-servicio-para-los-residuos-de-la-construccion\/\"><h2 class=\"event-titol\">[CAMBIO DE FECHA] Presentaci\u00f3n del Proyecto | DCaS-R: Datos Circulares como Servicio para los Residuos de la Construcci\u00f3n<\/h2><\/a><p class=\"evento-excerpt\">Inscr\u00edbete en la Jornada de presentaci\u00f3n del proyecto: DCaS-R: Datos Circulares como Servicio para los Residuos de la Construcci\u00f3n.<\/p><\/div><div><a href=\"https:\/\/www.crec.cat\/es\/esdeveniment\/cambio-de-fecha-presentacion-del-proyecto-dcas-r-datos-circulares-como-servicio-para-los-residuos-de-la-construccion\/\" class=\"evento-boton\"><button>Saber-ne m\u00e9s<\/button><\/a><\/div><\/div><div class=\"evento-item-finalitzat\"><div><p class=\"evento-fecha\">16\/03\/2026<\/p><a href=\"https:\/\/www.crec.cat\/es\/esdeveniment\/jornada-la-seguridad-de-las-baterias-en-las-plantas-de-gestion\/\"><h2 class=\"event-titol\">JORNADA: La seguridad de las bater\u00edas en las plantas de gesti\u00f3n.<\/h2><\/a><p class=\"evento-excerpt\">\u00a1Ap\u00fantate a la pr\u00f3xima sesi\u00f3n del Grupo de Trabajo de CRM y Bater\u00edas! Te esperamos el 16\/03 para visitar Eurecat.\r\n<\/p><\/div><div><a href=\"https:\/\/www.crec.cat\/es\/esdeveniment\/jornada-la-seguridad-de-las-baterias-en-las-plantas-de-gestion\/\" class=\"evento-boton\"><button>Saber-ne m\u00e9s<\/button><\/a><\/div><\/div><div class=\"evento-item-finalitzat\"><div><p class=\"evento-fecha\">05\/03\/2026<\/p><a href=\"https:\/\/www.crec.cat\/es\/esdeveniment\/jornada-intercluster-tejiendo-sinergias-para-fomentar-la-economia-circular-2\/\"><h2 class=\"event-titol\">Jornada Intercl\u00faster: Tejiendo sinergias para fomentar la econom\u00eda circular<\/h2><\/a><p class=\"evento-excerpt\">Inscr\u00edbete en la 3\u00aa Jornada Intercl\u00faster para crear sinergias que fomenten la econom\u00eda circular. \u00a1No te lo puedes perder!\r\n<\/p><\/div><div><a href=\"https:\/\/www.crec.cat\/es\/esdeveniment\/jornada-intercluster-tejiendo-sinergias-para-fomentar-la-economia-circular-2\/\" class=\"evento-boton\"><button>Saber-ne m\u00e9s<\/button><\/a><\/div><\/div><div class=\"evento-item-finalitzat\"><div><p class=\"evento-fecha\">03\/03\/2026<\/p><a href=\"https:\/\/www.crec.cat\/es\/esdeveniment\/grupo-de-trabajo-construccion-circular\/\"><h2 class=\"event-titol\">Grupo de Trabajo: Construcci\u00f3n Circular<\/h2><\/a><p class=\"evento-excerpt\">\u00a1Ap\u00fantate a la primera sesi\u00f3n del Grupo de Trabajo de Construcci\u00f3n Circular! Ser\u00e1 el 3\/03\/2026.\r\n<\/p><\/div><div><a href=\"https:\/\/www.crec.cat\/es\/esdeveniment\/grupo-de-trabajo-construccion-circular\/\" class=\"evento-boton\"><button>Saber-ne m\u00e9s<\/button><\/a><\/div><\/div><div class=\"evento-item-finalitzat\"><div><p class=\"evento-fecha\">24\/02\/2026<\/p><a href=\"https:\/\/www.crec.cat\/es\/esdeveniment\/grupo-de-trabajo-sistemas-de-recogida-eficientes\/\"><h2 class=\"event-titol\">Grupo de Trabajo: Sistemas de Recogida Eficientes<\/h2><\/a><p class=\"evento-excerpt\">\u00a1Ap\u00fantate a la pr\u00f3xima sesi\u00f3n del Grupo de Trabajo de Sistemas de Recogida Eficientes! Ser\u00e1 el 24\/02\/2026.\r\n<\/p><\/div><div><a href=\"https:\/\/www.crec.cat\/es\/esdeveniment\/grupo-de-trabajo-sistemas-de-recogida-eficientes\/\" class=\"evento-boton\"><button>Saber-ne m\u00e9s<\/button><\/a><\/div><\/div><div class=\"evento-item-finalitzat\"><div><p class=\"evento-fecha\">19\/02\/2026<\/p><a href=\"https:\/\/www.crec.cat\/es\/esdeveniment\/webinar-convocatorias-de-ayudas-europeas\/\"><h2 class=\"event-titol\">WEBINAR | Convocatorias de ayudas europeas<\/h2><\/a><p class=\"evento-excerpt\">\u00bfEres socio del CREC y quieres conocer m\u00e1s sobre los Programas Europeos y las convocatorias en residuos y econom\u00eda circular? \u00a1Reserva la fecha y no te pierdas esta sesi\u00f3n informativa!<\/p><\/div><div><a href=\"https:\/\/www.crec.cat\/es\/esdeveniment\/webinar-convocatorias-de-ayudas-europeas\/\" class=\"evento-boton\"><button>Saber-ne m\u00e9s<\/button><\/a><\/div><\/div><div class=\"evento-item-finalitzat\"><div><p class=\"evento-fecha\">18\/02\/2026<\/p><a href=\"https:\/\/www.crec.cat\/es\/esdeveniment\/grupo-de-trabajo-nuevos-modelos-de-negocio-circulares-2\/\"><h2 class=\"event-titol\">Grupo de Trabajo: Nuevos modelos de negocio circulares<\/h2><\/a><p class=\"evento-excerpt\">\u00a1Ap\u00fantate a la pr\u00f3xima sesi\u00f3n del Grupo de Trabajo de Nuevos Modelos de Negocio Circulares! Ser\u00e1 el 18\/02\/2026.\r\n<\/p><\/div><div><a href=\"https:\/\/www.crec.cat\/es\/esdeveniment\/grupo-de-trabajo-nuevos-modelos-de-negocio-circulares-2\/\" class=\"evento-boton\"><button>Saber-ne m\u00e9s<\/button><\/a><\/div><\/div><div class=\"evento-item-finalitzat\"><div><p class=\"evento-fecha\">04\/02\/2026<\/p><a href=\"https:\/\/www.crec.cat\/es\/esdeveniment\/lubricantes-sostenibles-innovacion-circularidad-y-futuro\/\"><h2 class=\"event-titol\">Lubricantes Sostenibles: Innovaci\u00f3n, circularidad y futuro<\/h2><\/a><p class=\"evento-excerpt\">\u00bfQuieres conocer herramientas para mejorar la sostenibilidad en el sector de los aceites lubricantes?\r\n<\/p><\/div><div><a href=\"https:\/\/www.crec.cat\/es\/esdeveniment\/lubricantes-sostenibles-innovacion-circularidad-y-futuro\/\" class=\"evento-boton\"><button>Saber-ne m\u00e9s<\/button><\/a><\/div><\/div><div class=\"evento-item-finalitzat\"><div><p class=\"evento-fecha\">29\/01\/2026<\/p><a href=\"https:\/\/www.crec.cat\/es\/esdeveniment\/plazas-agotadas-3o-aniversario-del-crec-celebremoslo-juntos\/\"><h2 class=\"event-titol\">PLAZAS AGOTADAS &#8211; 3\u00ba aniversario del CREC. \u00a1Celebr\u00e9moslo juntos!<\/h2><\/a><p class=\"evento-excerpt\">\ud83c\udf89 \u00a1Estamos de aniversario! Llega el tercer a\u00f1o de vida del CREC y queremos celebrarlo con todos\/as vosotros\/as.\r\n<\/p><\/div><div><a href=\"https:\/\/www.crec.cat\/es\/esdeveniment\/plazas-agotadas-3o-aniversario-del-crec-celebremoslo-juntos\/\" class=\"evento-boton\"><button>Saber-ne m\u00e9s<\/button><\/a><\/div><\/div><div class=\"evento-item-finalitzat\"><div><p class=\"evento-fecha\">29\/01\/2026<\/p><a href=\"https:\/\/www.crec.cat\/es\/esdeveniment\/webinar-grupos-de-trabajo-presentacion-balance-y-proximos-pasos\/\"><h2 class=\"event-titol\">WEBINAR | Grupos de trabajo: Presentaci\u00f3n, balance y pr\u00f3ximos pasos<\/h2><\/a><p class=\"evento-excerpt\">Jornada online de Grupos de Trabajo del CREC - Cl\u00faster de Residuos de Catalu\u00f1a.\r\n\r\nEn esta sesi\u00f3n reuniremos a los coordinadores de los grupos de trabajo del CREC para que realicen una presentaci\u00f3n de cada grupo, un balance del trabajo realizado hasta ahora y definan los pr\u00f3ximos pasos para este 2026.\r\n<\/p><\/div><div><a href=\"https:\/\/www.crec.cat\/es\/esdeveniment\/webinar-grupos-de-trabajo-presentacion-balance-y-proximos-pasos\/\" class=\"evento-boton\"><button>Saber-ne m\u00e9s<\/button><\/a><\/div><\/div><div class=\"evento-item-finalitzat\"><div><p class=\"evento-fecha\">19\/01\/2026<\/p><a href=\"https:\/\/www.crec.cat\/es\/esdeveniment\/grupo-de-trabajo-textil\/\"><h2 class=\"event-titol\">Grupo de Trabajo: Textil<\/h2><\/a><p class=\"evento-excerpt\">Ya tenemos nueva fecha para la pr\u00f3xima sesi\u00f3n del Grupo de Trabajo de Textil, en la que, en primer lugar, visitaremos la planta de Formaci\u00f3 i Treball\u00a0ubicada en Sabadell. Seguidamente, llevaremos a cabo la sesi\u00f3n del grupo de trabajo.<\/p><\/div><div><a href=\"https:\/\/www.crec.cat\/es\/esdeveniment\/grupo-de-trabajo-textil\/\" class=\"evento-boton\"><button>Saber-ne m\u00e9s<\/button><\/a><\/div><\/div><div class=\"evento-item-finalitzat\"><div><p class=\"evento-fecha\">15\/01\/2026<\/p><a href=\"https:\/\/www.crec.cat\/es\/esdeveniment\/grupo-de-trabajo-biorresiduos\/\"><h2 class=\"event-titol\">Grupo de Trabajo: Biorresiduos<\/h2><\/a><p class=\"evento-excerpt\">\u00a1Empieza el a\u00f1o y ap\u00fantate a la pr\u00f3xima sesi\u00f3n del Grupo de Trabajo de Biorresiduos! Ser\u00e1 el 15\/01\/2026.\r\n<\/p><\/div><div><a href=\"https:\/\/www.crec.cat\/es\/esdeveniment\/grupo-de-trabajo-biorresiduos\/\" class=\"evento-boton\"><button>Saber-ne m\u00e9s<\/button><\/a><\/div><\/div><div class=\"evento-item-finalitzat\"><div><p class=\"evento-fecha\">11\/12\/2025<\/p><a href=\"https:\/\/www.crec.cat\/es\/esdeveniment\/jornada-intercluster-tejiendo-sinergias-para-fomentar-la-economia-circular\/\"><h2 class=\"event-titol\">Jornada Intercl\u00faster: Tejiendo sinergias para fomentar la econom\u00eda circular<\/h2><\/a><p class=\"evento-excerpt\">\u00bfEres socio del CREC? Inscr\u00edbete en la pr\u00f3xima Jornada Intercl\u00faster: Tejiendo sinergias para fomentar la econom\u00eda circular. \u00a1No te lo pierdas!<\/p><\/div><div><a href=\"https:\/\/www.crec.cat\/es\/esdeveniment\/jornada-intercluster-tejiendo-sinergias-para-fomentar-la-economia-circular\/\" class=\"evento-boton\"><button>Saber-ne m\u00e9s<\/button><\/a><\/div><\/div><div class=\"evento-item-finalitzat\"><div><p class=\"evento-fecha\">26\/11\/2025<\/p><a href=\"https:\/\/www.crec.cat\/es\/esdeveniment\/grupo-de-trabajo-nuevos-modelos-de-negocio-circulares\/\"><h2 class=\"event-titol\">Grupo de Trabajo: Nuevos modelos de negocio circulares<\/h2><\/a><p class=\"evento-excerpt\">El pr\u00f3ximo 26 de noviembre tendr\u00e1 lugar la nueva sesi\u00f3n del grupo de trabajo de nuevos modelos de negocio circulares. \u00a1Inscr\u00edbete y reserva plaza para asistir!<\/p><\/div><div><a href=\"https:\/\/www.crec.cat\/es\/esdeveniment\/grupo-de-trabajo-nuevos-modelos-de-negocio-circulares\/\" class=\"evento-boton\"><button>Saber-ne m\u00e9s<\/button><\/a><\/div><\/div><div class=\"evento-item-finalitzat\"><div><p class=\"evento-fecha\">04\/11\/2025<\/p><a href=\"https:\/\/www.crec.cat\/es\/esdeveniment\/ven-con-nosotros-a-ecomondo\/\"><h2 class=\"event-titol\">\u00a1Ven con nosotros a ECOMONDO!<\/h2><\/a><p class=\"evento-excerpt\">Del 4 al 7 de noviembre, montamos una delegaci\u00f3n profesional para asistir a ECOMONDO, la feria de referencia en econom\u00eda verde y circular que se celebra en Rimini (Italia).<\/p><\/div><div><a href=\"https:\/\/www.crec.cat\/es\/esdeveniment\/ven-con-nosotros-a-ecomondo\/\" class=\"evento-boton\"><button>Saber-ne m\u00e9s<\/button><\/a><\/div><\/div><div class=\"evento-item-finalitzat\"><div><p class=\"evento-fecha\">29\/10\/2025<\/p><a href=\"https:\/\/www.crec.cat\/es\/esdeveniment\/ii-inmersion-estrategica-de-residuo-a-recurso\/\"><h2 class=\"event-titol\">nowWaste | INMERSI\u00d3N ESTRAT\u00c9GICA<\/h2><\/a><p class=\"evento-excerpt\">Participa en la Inmersi\u00f3n Estrat\u00e9gica del CREC - Cl\u00faster de Residuos de Catalunya que\u00a0celebramos los d\u00edas\u00a0 29 y 30 de octubre de 2025.\r\n\r\nEste a\u00f1o damos un paso adelante, nos renovamos con fuerza. Este a\u00f1o os presentamos la primera edici\u00f3n de nowWaste: un espacio vivo, participativo y lleno de ideas para sumar esfuerzos e impulsar la competitividad del sector.\r\n\r\nUn nuevo nombre, pero con la misma ambici\u00f3n de siempre: conectar, inspirar y transformar nuestro sector.\r\n\r\n\r\n<\/p><\/div><div><a href=\"https:\/\/www.crec.cat\/es\/esdeveniment\/ii-inmersion-estrategica-de-residuo-a-recurso\/\" class=\"evento-boton\"><button>Saber-ne m\u00e9s<\/button><\/a><\/div><\/div><div class=\"evento-item-finalitzat\"><div><p class=\"evento-fecha\">26\/09\/2025<\/p><a href=\"https:\/\/www.crec.cat\/es\/esdeveniment\/construccion-circular-nuevos-modelos-de-negocio-para-los-residuos-de-construccion-y-demolicion\/\"><h2 class=\"event-titol\">Construcci\u00f3n circular: nuevos modelos de negocio para los Residuos de Construcci\u00f3n y Demolici\u00f3n<\/h2><\/a><p class=\"evento-excerpt\">Jornada de presentaci\u00f3n de resultados del proyecto &quot;An\u00e1lisis de nuevos modelos de negocio circulares en torno a los RCD y validaci\u00f3n a trav\u00e9s de una fase de experimentaci\u00f3n en obra&quot; y presentaci\u00f3n de iniciativas vinculadas a Barcelona Capital Mundial de la Arquitectura 2026.<\/p><\/div><div><a href=\"https:\/\/www.crec.cat\/es\/esdeveniment\/construccion-circular-nuevos-modelos-de-negocio-para-los-residuos-de-construccion-y-demolicion\/\" class=\"evento-boton\"><button>Saber-ne m\u00e9s<\/button><\/a><\/div><\/div><div class=\"evento-item-finalitzat\"><div><p class=\"evento-fecha\">23\/09\/2025<\/p><a href=\"https:\/\/www.crec.cat\/es\/esdeveniment\/visitamos-al-socio-picvisa\/\"><h2 class=\"event-titol\">Visitamos al socio: PICVISA &#8211; PLAZAS AGOTADAS<\/h2><\/a><p class=\"evento-excerpt\">| ACTIVIDAD EXCLUSIVA PARA SOCIOS |\r\n\r\nEl pr\u00f3ximo 23 de septiembre visitaremos a nuestro socio PICVISA en sus instalaciones.<\/p><\/div><div><a href=\"https:\/\/www.crec.cat\/es\/esdeveniment\/visitamos-al-socio-picvisa\/\" class=\"evento-boton\"><button>Saber-ne m\u00e9s<\/button><\/a><\/div><\/div><div class=\"evento-item-finalitzat\"><div><p class=\"evento-fecha\">20\/06\/2025<\/p><a href=\"https:\/\/www.crec.cat\/es\/esdeveniment\/visitamos-al-socio-hercal-nueva-fecha\/\"><h2 class=\"event-titol\">Visitamos al socio: HERCAL (\u00a1Nueva fecha!)<\/h2><\/a><p class=\"evento-excerpt\">El pr\u00f3ximo 20 de junio visitaremos a nuestro socio, la empresa Hercal, en sus instalaciones ubicadas en Terrassa. Acomp\u00e1\u00f1anos a visitar su planta de valorizaci\u00f3n de residuos de la construcci\u00f3n Hercal Zero, la primera del pa\u00eds dedicada a la valorizaci\u00f3n y lavado de residuos procedentes de la construcci\u00f3n, excavaci\u00f3n y demolici\u00f3n.<\/p><\/div><div><a href=\"https:\/\/www.crec.cat\/es\/esdeveniment\/visitamos-al-socio-hercal-nueva-fecha\/\" class=\"evento-boton\"><button>Saber-ne m\u00e9s<\/button><\/a><\/div><\/div><div class=\"evento-item-finalitzat\"><div><p class=\"evento-fecha\">19\/06\/2025<\/p><a href=\"https:\/\/www.crec.cat\/es\/esdeveniment\/crec-cafe-conoce-a-los-nuevos-socios\/\"><h2 class=\"event-titol\">CREC Caf\u00e9: \u00a1conoce a los nuevos socios!<\/h2><\/a><p class=\"evento-excerpt\">\u00bfQuieres conocer las \u00faltimas adhesiones al CREC? Ven al pr\u00f3ximo CREC Caf\u00e9 donde se presentar\u00e1n los \u00faltimos socios que se han unido a nuestro Cl\u00faster.<\/p><\/div><div><a href=\"https:\/\/www.crec.cat\/es\/esdeveniment\/crec-cafe-conoce-a-los-nuevos-socios\/\" class=\"evento-boton\"><button>Saber-ne m\u00e9s<\/button><\/a><\/div><\/div><div class=\"evento-item-finalitzat\"><div><p class=\"evento-fecha\">28\/05\/2025<\/p><a href=\"https:\/\/www.crec.cat\/es\/esdeveniment\/webinar-soluciones-para-la-gestion-de-residuos-de-las-baterias-en-la-transicion-energetica\/\"><h2 class=\"event-titol\">Webinar: Soluciones para la gesti\u00f3n de residuos de las bater\u00edas en la transici\u00f3n energ\u00e9tica<\/h2><\/a><p class=\"evento-excerpt\">Inscr\u00edbete ya en esta sesi\u00f3n online donde trataremos la gesti\u00f3n de residuos emergentes de la transici\u00f3n energ\u00e9tica, con especial foco en las bater\u00edas.\r\n<\/p><\/div><div><a href=\"https:\/\/www.crec.cat\/es\/esdeveniment\/webinar-soluciones-para-la-gestion-de-residuos-de-las-baterias-en-la-transicion-energetica\/\" class=\"evento-boton\"><button>Saber-ne m\u00e9s<\/button><\/a><\/div><\/div><div class=\"evento-item-finalitzat\"><div><p class=\"evento-fecha\">19\/05\/2025<\/p><a href=\"https:\/\/www.crec.cat\/es\/esdeveniment\/subgrupo-de-trabajo-de-bioresiduos\/\"><h2 class=\"event-titol\">Subgrupo de Trabajo de Bioresiduos<\/h2><\/a><p class=\"evento-excerpt\">Participa en esta sesi\u00f3n online del Subgrupo de Trabajo de Bioresiduos que organizamos el pr\u00f3ximo 19 de mayo, y donde continuaremos con la l\u00ednea de trabajo que hemos estado desarrollando en el \u00e1mbito de los fangos.<\/p><\/div><div><a href=\"https:\/\/www.crec.cat\/es\/esdeveniment\/subgrupo-de-trabajo-de-bioresiduos\/\" class=\"evento-boton\"><button>Saber-ne m\u00e9s<\/button><\/a><\/div><\/div><div class=\"evento-item-finalitzat\"><div><p class=\"evento-fecha\">13\/05\/2025<\/p><a href=\"https:\/\/www.crec.cat\/es\/esdeveniment\/convocada-la-asamblea-ordinaria-y-extraordinaria-del-crec\/\"><h2 class=\"event-titol\">Convocada la Asamblea Ordinaria y Extraordinaria del CREC<\/h2><\/a><p class=\"evento-excerpt\">El pr\u00f3ximo 13 de mayo de 2025 est\u00e1 convocada la Asamblea General Ordinaria y Extraordinaria del CREC, Cl\u00faster de Residuos de Catalu\u00f1a.\r\nConfirma tu asistencia a trav\u00e9s del formulario, \u00a1te esperamos!<\/p><\/div><div><a href=\"https:\/\/www.crec.cat\/es\/esdeveniment\/convocada-la-asamblea-ordinaria-y-extraordinaria-del-crec\/\" class=\"evento-boton\"><button>Saber-ne m\u00e9s<\/button><\/a><\/div><\/div><div class=\"evento-item-finalitzat\"><div><p class=\"evento-fecha\">06\/05\/2025<\/p><a href=\"https:\/\/www.crec.cat\/es\/esdeveniment\/grupo-de-trabajo-de-trazabilidad\/\"><h2 class=\"event-titol\">Grupo de Trabajo de Trazabilidad<\/h2><\/a><p class=\"evento-excerpt\">El pr\u00f3ximo 6 de mayo tendr\u00e1 lugar una nueva sesi\u00f3n del grupo de trabajo de trazabilidad. Aqu\u00ed puedes ver la agenda detallada de la jornada.\r\n<\/p><\/div><div><a href=\"https:\/\/www.crec.cat\/es\/esdeveniment\/grupo-de-trabajo-de-trazabilidad\/\" class=\"evento-boton\"><button>Saber-ne m\u00e9s<\/button><\/a><\/div><\/div><div class=\"evento-item-finalitzat\"><div><p class=\"evento-fecha\">22\/03\/2025<\/p><a href=\"https:\/\/www.crec.cat\/es\/esdeveniment\/ultra-clean-marathon-2025-crec-team\/\"><h2 class=\"event-titol\">Ultra Clean Marathon 2025 &#8211; CREC Team<\/h2><\/a><p class=\"evento-excerpt\">We are organizing a team of CREC runners to participate in the Ultra Clean Marathon 2025!<\/p><\/div><div><a href=\"https:\/\/www.crec.cat\/es\/esdeveniment\/ultra-clean-marathon-2025-crec-team\/\" class=\"evento-boton\"><button>Saber-ne m\u00e9s<\/button><\/a><\/div><\/div><\/div><\/div>\n\t\t\t\t\t\t<\/div>\n\t\t\t\t<\/div>\n\t\t\t\t<div class=\"elementor-element elementor-element-ef62c42 elementor-grid-5 elementor-grid-laptop-3 elementor-hidden-desktop elementor-hidden-laptop elementor-hidden-tablet elementor-hidden-mobile elementor-grid-tablet-2 elementor-grid-mobile-1 elementor-widget elementor-widget-loop-grid\" data-id=\"ef62c42\" data-element_type=\"widget\" data-e-type=\"widget\" data-settings=\"{&quot;template_id&quot;:4772,&quot;columns&quot;:5,&quot;row_gap&quot;:{&quot;unit&quot;:&quot;px&quot;,&quot;size&quot;:10,&quot;sizes&quot;:[]},&quot;columns_laptop&quot;:3,&quot;row_gap_laptop&quot;:{&quot;unit&quot;:&quot;px&quot;,&quot;size&quot;:15,&quot;sizes&quot;:[]},&quot;row_gap_tablet&quot;:{&quot;unit&quot;:&quot;px&quot;,&quot;size&quot;:20,&quot;sizes&quot;:[]},&quot;_skin&quot;:&quot;post&quot;,&quot;columns_tablet&quot;:&quot;2&quot;,&quot;columns_mobile&quot;:&quot;1&quot;,&quot;edit_handle_selector&quot;:&quot;[data-elementor-type=\\&quot;loop-item\\&quot;]&quot;,&quot;row_gap_mobile&quot;:{&quot;unit&quot;:&quot;px&quot;,&quot;size&quot;:&quot;&quot;,&quot;sizes&quot;:[]}}\" data-widget_type=\"loop-grid.post\">\n\t\t\t\t<div class=\"elementor-widget-container\">\n\t\t\t\t\t\t\t<div class=\"elementor-loop-container elementor-grid\" role=\"list\">\n\t\t<style id=\"loop-4772\">.elementor-widget-container .eael-protected-content-message{font-family:var( --e-global-typography-secondary-font-family ), Sans-serif;font-weight:var( --e-global-typography-secondary-font-weight );}.elementor-widget-container .protected-content-error-msg{font-family:var( --e-global-typography-secondary-font-family ), Sans-serif;font-weight:var( --e-global-typography-secondary-font-weight );}.elementor-4772 .elementor-element.elementor-element-76925ce{--display:flex;--flex-direction:column;--container-widget-width:100%;--container-widget-height:initial;--container-widget-flex-grow:0;--container-widget-align-self:initial;--flex-wrap-mobile:wrap;--justify-content:space-between;--border-radius:15px 15px 15px 15px;--padding-top:30px;--padding-bottom:30px;--padding-left:30px;--padding-right:30px;}.elementor-4772 .elementor-element.elementor-element-76925ce:not(.elementor-motion-effects-element-type-background), .elementor-4772 .elementor-element.elementor-element-76925ce > .elementor-motion-effects-container > .elementor-motion-effects-layer{background-color:var( --e-global-color-secondary );}.elementor-4772 .elementor-element.elementor-element-d7878f8{--display:flex;--padding-top:0px;--padding-bottom:0px;--padding-left:0px;--padding-right:0px;}.elementor-4772 .elementor-element.elementor-element-71f56a0{--display:flex;--flex-direction:row;--container-widget-width:initial;--container-widget-height:100%;--container-widget-flex-grow:1;--container-widget-align-self:stretch;--flex-wrap-mobile:wrap;--gap:7px 7px;--row-gap:7px;--column-gap:7px;--padding-top:0px;--padding-bottom:0px;--padding-left:0px;--padding-right:0px;}.elementor-widget-tec_events_elementor_widget_event_datetime .eael-protected-content-message{font-family:var( --e-global-typography-secondary-font-family ), Sans-serif;font-weight:var( --e-global-typography-secondary-font-weight );}.elementor-widget-tec_events_elementor_widget_event_datetime .protected-content-error-msg{font-family:var( --e-global-typography-secondary-font-family ), Sans-serif;font-weight:var( --e-global-typography-secondary-font-weight );}.elementor-4772 .elementor-element.elementor-element-3f076d5 .tec-events-elementor-event-widget__datetime{color:var( --e-global-color-accent );font-family:\"Ciutadella\", Sans-serif;font-size:18px;}.elementor-4772 .elementor-element.elementor-element-a668f6e{--display:flex;--padding-top:0px;--padding-bottom:0px;--padding-left:0px;--padding-right:0px;}.elementor-widget-heading .elementor-heading-title{font-family:var( --e-global-typography-primary-font-family ), Sans-serif;font-weight:var( --e-global-typography-primary-font-weight );color:var( --e-global-color-primary );}.elementor-widget-heading .eael-protected-content-message{font-family:var( --e-global-typography-secondary-font-family ), Sans-serif;font-weight:var( --e-global-typography-secondary-font-weight );}.elementor-widget-heading .protected-content-error-msg{font-family:var( --e-global-typography-secondary-font-family ), Sans-serif;font-weight:var( --e-global-typography-secondary-font-weight );}.elementor-4772 .elementor-element.elementor-element-c2a2ad6 .elementor-heading-title{font-family:\"Ciutadella\", Sans-serif;font-size:30px;font-weight:400;color:var( --e-global-color-accent );}.elementor-widget-theme-post-excerpt .elementor-widget-container{font-family:var( --e-global-typography-text-font-family ), Sans-serif;font-weight:var( --e-global-typography-text-font-weight );color:var( --e-global-color-text );}.elementor-widget-theme-post-excerpt .eael-protected-content-message{font-family:var( --e-global-typography-secondary-font-family ), Sans-serif;font-weight:var( --e-global-typography-secondary-font-weight );}.elementor-widget-theme-post-excerpt .protected-content-error-msg{font-family:var( --e-global-typography-secondary-font-family ), Sans-serif;font-weight:var( --e-global-typography-secondary-font-weight );}.elementor-4772 .elementor-element.elementor-element-bf96c84 .elementor-widget-container{font-family:\"Ciutadella\", Sans-serif;font-size:18px;font-weight:300;line-height:1.3em;color:var( --e-global-color-accent );}.elementor-4772 .elementor-element.elementor-element-493f6d7{--display:flex;--padding-top:0px;--padding-bottom:0px;--padding-left:0px;--padding-right:0px;}.elementor-widget-button .elementor-button{font-family:var( --e-global-typography-accent-font-family ), Sans-serif;font-weight:var( --e-global-typography-accent-font-weight );background-color:var( --e-global-color-accent );}.elementor-widget-button .eael-protected-content-message{font-family:var( --e-global-typography-secondary-font-family ), Sans-serif;font-weight:var( --e-global-typography-secondary-font-weight );}.elementor-widget-button .protected-content-error-msg{font-family:var( --e-global-typography-secondary-font-family ), Sans-serif;font-weight:var( --e-global-typography-secondary-font-weight );}.elementor-4772 .elementor-element.elementor-element-e430ed7 .elementor-button{fill:var( --e-global-color-secondary );color:var( --e-global-color-secondary );background-color:var( --e-global-color-accent );border-style:solid;border-width:1.5px 1.5px 1.5px 1.5px;border-color:var( --e-global-color-accent );border-radius:100px 100px 100px 100px;}.elementor-4772 .elementor-element.elementor-element-e430ed7 .elementor-button:hover, .elementor-4772 .elementor-element.elementor-element-e430ed7 .elementor-button:focus{color:var( --e-global-color-secondary );background-color:var( --e-global-color-8ad1d92 );border-color:var( --e-global-color-8ad1d92 );}.elementor-4772 .elementor-element.elementor-element-e430ed7 .elementor-button:hover svg, .elementor-4772 .elementor-element.elementor-element-e430ed7 .elementor-button:focus svg{fill:var( --e-global-color-secondary );}@media(min-width:768px){.elementor-4772 .elementor-element.elementor-element-71f56a0{--width:100%;}.elementor-4772 .elementor-element.elementor-element-a668f6e{--width:100%;}.elementor-4772 .elementor-element.elementor-element-493f6d7{--width:100%;}}@media(max-width:1366px) and (min-width:768px){.elementor-4772 .elementor-element.elementor-element-71f56a0{--width:100%;}.elementor-4772 .elementor-element.elementor-element-a668f6e{--width:100%;}.elementor-4772 .elementor-element.elementor-element-493f6d7{--width:100%;}}@media(max-width:1366px){.elementor-4772 .elementor-element.elementor-element-76925ce{--justify-content:space-between;--padding-top:25px;--padding-bottom:25px;--padding-left:25px;--padding-right:25px;}.elementor-4772 .elementor-element.elementor-element-a668f6e{--justify-content:flex-start;}.elementor-4772 .elementor-element.elementor-element-c2a2ad6 .elementor-heading-title{font-size:27px;}.elementor-4772 .elementor-element.elementor-element-bf96c84 .elementor-widget-container{font-size:17px;}.elementor-4772 .elementor-element.elementor-element-493f6d7{--justify-content:flex-start;}}@media(max-width:1024px){.elementor-4772 .elementor-element.elementor-element-c2a2ad6 .elementor-heading-title{font-size:30px;}.elementor-4772 .elementor-element.elementor-element-bf96c84 .elementor-widget-container{font-size:17px;}}@media(max-width:767px){.elementor-4772 .elementor-element.elementor-element-76925ce{--padding-top:20px;--padding-bottom:40px;--padding-left:20px;--padding-right:20px;}.elementor-4772 .elementor-element.elementor-element-71f56a0{--justify-content:flex-start;--gap:10px 10px;--row-gap:10px;--column-gap:10px;--padding-top:0px;--padding-bottom:0px;--padding-left:0px;--padding-right:0px;}.elementor-4772 .elementor-element.elementor-element-71f56a0.e-con{--order:-99999 \/* order start hack *\/;}.elementor-4772 .elementor-element.elementor-element-a668f6e{--padding-top:0px;--padding-bottom:0px;--padding-left:0px;--padding-right:0px;}.elementor-4772 .elementor-element.elementor-element-c2a2ad6 .elementor-heading-title{font-size:25px;}.elementor-4772 .elementor-element.elementor-element-bf96c84 .elementor-widget-container{font-size:16px;}.elementor-4772 .elementor-element.elementor-element-493f6d7{--padding-top:0px;--padding-bottom:0px;--padding-left:0px;--padding-right:0px;}}<\/style>\t\t<div data-elementor-type=\"loop-item\" data-elementor-id=\"4772\" class=\"elementor elementor-4772 elementor-770 elementor-770 e-loop-item e-loop-item-6690 post-6690 tribe_events type-tribe_events status-publish has-post-thumbnail hentry tribe_events_cat-ended tribe_events_cat-finalitzat cat_ended cat_finalitzat\" data-elementor-post-type=\"elementor_library\" data-custom-edit-handle=\"1\">\n\t\t\t<div data-particle_enable=\"false\" data-particle-mobile-disabled=\"false\" class=\"elementor-element elementor-element-76925ce e-con-full e-flex e-con e-parent\" data-id=\"76925ce\" data-element_type=\"container\" data-e-type=\"container\" data-settings=\"{&quot;background_background&quot;:&quot;classic&quot;}\">\n\t\t<div data-particle_enable=\"false\" data-particle-mobile-disabled=\"false\" class=\"elementor-element elementor-element-d7878f8 e-con-full e-flex e-con e-child\" data-id=\"d7878f8\" data-element_type=\"container\" data-e-type=\"container\">\n\t\t<div data-particle_enable=\"false\" data-particle-mobile-disabled=\"false\" class=\"elementor-element elementor-element-71f56a0 e-con-full e-flex e-con e-child\" data-id=\"71f56a0\" data-element_type=\"container\" data-e-type=\"container\">\n\t\t\t\t<div class=\"elementor-element elementor-element-3f076d5 elementor-widget elementor-widget-tec_events_elementor_widget_event_datetime\" data-id=\"3f076d5\" data-element_type=\"widget\" data-e-type=\"widget\" data-widget_type=\"tec_events_elementor_widget_event_datetime.default\">\n\t\t\t\t<div class=\"elementor-widget-container\">\n\t\t\t\t\t<div  class=\"tec-events-elementor-event-widget__datetime-wrapper\" >\n\t\t<div  class=\"tec-events-elementor-event-widget__datetime\" >\n\t\t\t<span  class=\"tec-events-elementor-event-widget__datetime-date tec-events-elementor-event-widget__datetime-date--start\" >20\/04\/26<\/span>\n\n\t\t\t<\/div><\/div>\n\t\t\t\t<\/div>\n\t\t\t\t<\/div>\n\t\t\t\t<\/div>\n\t\t<div data-particle_enable=\"false\" data-particle-mobile-disabled=\"false\" class=\"elementor-element elementor-element-a668f6e e-con-full e-flex e-con e-child\" data-id=\"a668f6e\" data-element_type=\"container\" data-e-type=\"container\">\n\t\t\t\t<div class=\"elementor-element elementor-element-c2a2ad6 elementor-widget elementor-widget-heading\" data-id=\"c2a2ad6\" data-element_type=\"widget\" data-e-type=\"widget\" data-widget_type=\"heading.default\">\n\t\t\t\t<div class=\"elementor-widget-container\">\n\t\t\t\t\t<h2 class=\"elementor-heading-title elementor-size-default\"><a href=\"https:\/\/www.crec.cat\/es\/esdeveniment\/webinar-viaje-de-benchmark-a-francia\/\">Webinar | Viaje de Benchmark a Francia<\/a><\/h2>\t\t\t\t<\/div>\n\t\t\t\t<\/div>\n\t\t\t\t<div class=\"elementor-element elementor-element-bf96c84 elementor-widget elementor-widget-theme-post-excerpt\" data-id=\"bf96c84\" data-element_type=\"widget\" data-e-type=\"widget\" data-widget_type=\"theme-post-excerpt.default\">\n\t\t\t\t<div class=\"elementor-widget-container\">\n\t\t\t\t\tSesi\u00f3n online que tiene como objetivo informar sobre el viaje de benchmark que realizar\u00e1 el Cl\u00faster de Residuos a Francia del 28 al 30 de septiembre de 2026, abierto a todos los socios del CREC.\t\t\t\t<\/div>\n\t\t\t\t<\/div>\n\t\t\t\t<\/div>\n\t\t\t\t<\/div>\n\t\t<div data-particle_enable=\"false\" data-particle-mobile-disabled=\"false\" class=\"elementor-element elementor-element-493f6d7 e-con-full e-flex e-con e-child\" data-id=\"493f6d7\" data-element_type=\"container\" data-e-type=\"container\">\n\t\t\t\t<div class=\"elementor-element elementor-element-e430ed7 elementor-widget elementor-widget-button\" data-id=\"e430ed7\" data-element_type=\"widget\" data-e-type=\"widget\" data-widget_type=\"button.default\">\n\t\t\t\t<div class=\"elementor-widget-container\">\n\t\t\t\t\t\t\t\t\t<div class=\"elementor-button-wrapper\">\n\t\t\t\t\t<a class=\"elementor-button elementor-button-link elementor-size-sm\" href=\"https:\/\/www.crec.cat\/es\/esdeveniment\/webinar-viaje-de-benchmark-a-francia\/\">\n\t\t\t\t\t\t<span class=\"elementor-button-content-wrapper\">\n\t\t\t\t\t\t\t\t\t<span class=\"elementor-button-text\">Saber m\u00e1s<\/span>\n\t\t\t\t\t<\/span>\n\t\t\t\t\t<\/a>\n\t\t\t\t<\/div>\n\t\t\t\t\t\t\t\t<\/div>\n\t\t\t\t<\/div>\n\t\t\t\t<\/div>\n\t\t\t\t<\/div>\n\t\t\t\t<\/div>\n\t\t\t\t<\/div>\n\t\t\n\t\t\t\t\t\t<\/div>\n\t\t\t\t<\/div>\n\t\t\t\t<\/div>\n\t\t<div data-particle_enable=\"false\" data-particle-mobile-disabled=\"false\" id=\"e-n-tab-content-2359896962\" role=\"tabpanel\" aria-labelledby=\"e-n-tab-title-2359896962\" data-tab-index=\"2\" style=\"--n-tabs-title-order: 2;\" class=\" elementor-element elementor-element-e849b96 e-con-full e-flex e-con e-child\" data-id=\"e849b96\" data-element_type=\"container\" data-e-type=\"container\">\n\t\t\t\t<div class=\"elementor-element elementor-element-9d6bb73 elementor-grid-5 elementor-grid-laptop-3 elementor-grid-tablet-2 elementor-grid-mobile-1 elementor-widget elementor-widget-loop-grid\" data-id=\"9d6bb73\" data-element_type=\"widget\" data-e-type=\"widget\" data-settings=\"{&quot;template_id&quot;:4770,&quot;columns&quot;:5,&quot;row_gap&quot;:{&quot;unit&quot;:&quot;px&quot;,&quot;size&quot;:10,&quot;sizes&quot;:[]},&quot;columns_laptop&quot;:3,&quot;row_gap_laptop&quot;:{&quot;unit&quot;:&quot;px&quot;,&quot;size&quot;:15,&quot;sizes&quot;:[]},&quot;row_gap_tablet&quot;:{&quot;unit&quot;:&quot;px&quot;,&quot;size&quot;:20,&quot;sizes&quot;:[]},&quot;_skin&quot;:&quot;post&quot;,&quot;columns_tablet&quot;:&quot;2&quot;,&quot;columns_mobile&quot;:&quot;1&quot;,&quot;edit_handle_selector&quot;:&quot;[data-elementor-type=\\&quot;loop-item\\&quot;]&quot;,&quot;row_gap_mobile&quot;:{&quot;unit&quot;:&quot;px&quot;,&quot;size&quot;:&quot;&quot;,&quot;sizes&quot;:[]}}\" data-widget_type=\"loop-grid.post\">\n\t\t\t\t<div class=\"elementor-widget-container\">\n\t\t\t\t\t\t\t<div class=\"elementor-loop-container elementor-grid\" role=\"list\">\n\t\t\t\t<div data-elementor-type=\"loop-item\" data-elementor-id=\"4770\" class=\"elementor elementor-4770 elementor-778 elementor-778 e-loop-item e-loop-item-6662 post-6662 tribe_events type-tribe_events status-publish has-post-thumbnail hentry\" data-elementor-post-type=\"elementor_library\" data-custom-edit-handle=\"1\">\n\t\t\t<div data-particle_enable=\"false\" data-particle-mobile-disabled=\"false\" class=\"elementor-element elementor-element-76925ce e-con-full e-flex e-con e-parent\" data-id=\"76925ce\" data-element_type=\"container\" data-e-type=\"container\" data-settings=\"{&quot;background_background&quot;:&quot;classic&quot;}\">\n\t\t<div data-particle_enable=\"false\" data-particle-mobile-disabled=\"false\" class=\"elementor-element elementor-element-4838439 e-flex e-con-boxed e-con e-child\" data-id=\"4838439\" data-element_type=\"container\" data-e-type=\"container\">\n\t\t\t\t\t<div class=\"e-con-inner\">\n\t\t<div data-particle_enable=\"false\" data-particle-mobile-disabled=\"false\" class=\"elementor-element elementor-element-71f56a0 e-con-full e-flex e-con e-child\" data-id=\"71f56a0\" data-element_type=\"container\" data-e-type=\"container\">\n\t\t\t\t<div class=\"elementor-element elementor-element-046ef12 elementor-widget elementor-widget-tec_events_elementor_widget_event_datetime\" data-id=\"046ef12\" data-element_type=\"widget\" data-e-type=\"widget\" data-widget_type=\"tec_events_elementor_widget_event_datetime.default\">\n\t\t\t\t<div class=\"elementor-widget-container\">\n\t\t\t\t\t<div  class=\"tec-events-elementor-event-widget__datetime-wrapper\" >\n\t\t<div  class=\"tec-events-elementor-event-widget__datetime\" >\n\t\t\t<span  class=\"tec-events-elementor-event-widget__datetime-date tec-events-elementor-event-widget__datetime-date--start\" >20\/05\/26<\/span>\n\n\t\t\n\n\n\t<\/div><\/div>\n\t\t\t\t<\/div>\n\t\t\t\t<\/div>\n\t\t\t\t<\/div>\n\t\t<div data-particle_enable=\"false\" data-particle-mobile-disabled=\"false\" class=\"elementor-element elementor-element-a668f6e e-con-full e-flex e-con e-child\" data-id=\"a668f6e\" data-element_type=\"container\" data-e-type=\"container\">\n\t\t\t\t<div class=\"elementor-element elementor-element-c2a2ad6 elementor-widget elementor-widget-heading\" data-id=\"c2a2ad6\" data-element_type=\"widget\" data-e-type=\"widget\" data-widget_type=\"heading.default\">\n\t\t\t\t<div class=\"elementor-widget-container\">\n\t\t\t\t\t<h2 class=\"elementor-heading-title elementor-size-default\"><a href=\"https:\/\/www.crec.cat\/es\/esdeveniment\/workshop-comunicacion-estrategia-de-comunicacion-para-gestores-de-residuos-sesion-2\/\">Workshop Comunicaci\u00f3n | Estrategia de comunicaci\u00f3n para gestores de residuos. Sesi\u00f3n 2<\/a><\/h2>\t\t\t\t<\/div>\n\t\t\t\t<\/div>\n\t\t\t\t<div class=\"elementor-element elementor-element-bf96c84 elementor-widget elementor-widget-theme-post-excerpt\" data-id=\"bf96c84\" data-element_type=\"widget\" data-e-type=\"widget\" data-widget_type=\"theme-post-excerpt.default\">\n\t\t\t\t<div class=\"elementor-widget-container\">\n\t\t\t\t\tRecuerda, nos encontramos el 27 de mayo para desarrollar la 2\u00aa sesi\u00f3n del Workshop de comunicaci\u00f3n para empresas gestoras de residuos. | Plazas agotadas\r\n\t\t\t\t<\/div>\n\t\t\t\t<\/div>\n\t\t\t\t<\/div>\n\t\t\t\t\t<\/div>\n\t\t\t\t<\/div>\n\t\t<div data-particle_enable=\"false\" data-particle-mobile-disabled=\"false\" class=\"elementor-element elementor-element-f06bd1c e-con-full e-flex e-con e-child\" data-id=\"f06bd1c\" data-element_type=\"container\" data-e-type=\"container\">\n\t\t\t\t<div class=\"elementor-element elementor-element-442f100 elementor-widget elementor-widget-button\" data-id=\"442f100\" data-element_type=\"widget\" data-e-type=\"widget\" data-widget_type=\"button.default\">\n\t\t\t\t<div class=\"elementor-widget-container\">\n\t\t\t\t\t\t\t\t\t<div class=\"elementor-button-wrapper\">\n\t\t\t\t\t<a class=\"elementor-button elementor-button-link elementor-size-sm\" href=\"https:\/\/www.crec.cat\/es\/esdeveniment\/workshop-comunicacion-estrategia-de-comunicacion-para-gestores-de-residuos-sesion-2\/\">\n\t\t\t\t\t\t<span class=\"elementor-button-content-wrapper\">\n\t\t\t\t\t\t\t\t\t<span class=\"elementor-button-text\">Saber m\u00e1s<\/span>\n\t\t\t\t\t<\/span>\n\t\t\t\t\t<\/a>\n\t\t\t\t<\/div>\n\t\t\t\t\t\t\t\t<\/div>\n\t\t\t\t<\/div>\n\t\t\t\t<\/div>\n\t\t\t\t<\/div>\n\t\t\t\t<\/div>\n\t\t\t\t<div data-elementor-type=\"loop-item\" data-elementor-id=\"4770\" class=\"elementor elementor-4770 elementor-778 elementor-778 e-loop-item e-loop-item-6672 post-6672 tribe_events type-tribe_events status-publish has-post-thumbnail hentry\" data-elementor-post-type=\"elementor_library\" data-custom-edit-handle=\"1\">\n\t\t\t<div data-particle_enable=\"false\" data-particle-mobile-disabled=\"false\" class=\"elementor-element elementor-element-76925ce e-con-full e-flex e-con e-parent\" data-id=\"76925ce\" data-element_type=\"container\" data-e-type=\"container\" data-settings=\"{&quot;background_background&quot;:&quot;classic&quot;}\">\n\t\t<div data-particle_enable=\"false\" data-particle-mobile-disabled=\"false\" class=\"elementor-element elementor-element-4838439 e-flex e-con-boxed e-con e-child\" data-id=\"4838439\" data-element_type=\"container\" data-e-type=\"container\">\n\t\t\t\t\t<div class=\"e-con-inner\">\n\t\t<div data-particle_enable=\"false\" data-particle-mobile-disabled=\"false\" class=\"elementor-element elementor-element-71f56a0 e-con-full e-flex e-con e-child\" data-id=\"71f56a0\" data-element_type=\"container\" data-e-type=\"container\">\n\t\t\t\t<div class=\"elementor-element elementor-element-046ef12 elementor-widget elementor-widget-tec_events_elementor_widget_event_datetime\" data-id=\"046ef12\" data-element_type=\"widget\" data-e-type=\"widget\" data-widget_type=\"tec_events_elementor_widget_event_datetime.default\">\n\t\t\t\t<div class=\"elementor-widget-container\">\n\t\t\t\t\t<div  class=\"tec-events-elementor-event-widget__datetime-wrapper\" >\n\t\t<div  class=\"tec-events-elementor-event-widget__datetime\" >\n\t\t\t<span  class=\"tec-events-elementor-event-widget__datetime-date tec-events-elementor-event-widget__datetime-date--start\" >19\/05\/26<\/span>\n\n\t\t\n\n\n\t<\/div><\/div>\n\t\t\t\t<\/div>\n\t\t\t\t<\/div>\n\t\t\t\t<\/div>\n\t\t<div data-particle_enable=\"false\" data-particle-mobile-disabled=\"false\" class=\"elementor-element elementor-element-a668f6e e-con-full e-flex e-con e-child\" data-id=\"a668f6e\" data-element_type=\"container\" data-e-type=\"container\">\n\t\t\t\t<div class=\"elementor-element elementor-element-c2a2ad6 elementor-widget elementor-widget-heading\" data-id=\"c2a2ad6\" data-element_type=\"widget\" data-e-type=\"widget\" data-widget_type=\"heading.default\">\n\t\t\t\t<div class=\"elementor-widget-container\">\n\t\t\t\t\t<h2 class=\"elementor-heading-title elementor-size-default\"><a href=\"https:\/\/www.crec.cat\/es\/esdeveniment\/asamblea-ordinaria-del-crec-2026\/\">Asamblea Ordinaria del CREC 2026<\/a><\/h2>\t\t\t\t<\/div>\n\t\t\t\t<\/div>\n\t\t\t\t<div class=\"elementor-element elementor-element-bf96c84 elementor-widget elementor-widget-theme-post-excerpt\" data-id=\"bf96c84\" data-element_type=\"widget\" data-e-type=\"widget\" data-widget_type=\"theme-post-excerpt.default\">\n\t\t\t\t<div class=\"elementor-widget-container\">\n\t\t\t\t\tEl pr\u00f3ximo 19 de mayo de 2026 est\u00e1 convocada la Asamblea General Ordinaria del CREC, Cl\u00faster de Residuos de Catalu\u00f1a. \u00a1INSCRIPCIONES PR\u00d3XIMAMENTE!\r\n\t\t\t\t<\/div>\n\t\t\t\t<\/div>\n\t\t\t\t<\/div>\n\t\t\t\t\t<\/div>\n\t\t\t\t<\/div>\n\t\t<div data-particle_enable=\"false\" data-particle-mobile-disabled=\"false\" class=\"elementor-element elementor-element-f06bd1c e-con-full e-flex e-con e-child\" data-id=\"f06bd1c\" data-element_type=\"container\" data-e-type=\"container\">\n\t\t\t\t<div class=\"elementor-element elementor-element-442f100 elementor-widget elementor-widget-button\" data-id=\"442f100\" data-element_type=\"widget\" data-e-type=\"widget\" data-widget_type=\"button.default\">\n\t\t\t\t<div class=\"elementor-widget-container\">\n\t\t\t\t\t\t\t\t\t<div class=\"elementor-button-wrapper\">\n\t\t\t\t\t<a class=\"elementor-button elementor-button-link elementor-size-sm\" href=\"https:\/\/www.crec.cat\/es\/esdeveniment\/asamblea-ordinaria-del-crec-2026\/\">\n\t\t\t\t\t\t<span class=\"elementor-button-content-wrapper\">\n\t\t\t\t\t\t\t\t\t<span class=\"elementor-button-text\">Saber m\u00e1s<\/span>\n\t\t\t\t\t<\/span>\n\t\t\t\t\t<\/a>\n\t\t\t\t<\/div>\n\t\t\t\t\t\t\t\t<\/div>\n\t\t\t\t<\/div>\n\t\t\t\t<\/div>\n\t\t\t\t<\/div>\n\t\t\t\t<\/div>\n\t\t\t\t<div data-elementor-type=\"loop-item\" data-elementor-id=\"4770\" class=\"elementor elementor-4770 elementor-778 elementor-778 e-loop-item e-loop-item-6674 post-6674 tribe_events type-tribe_events status-publish has-post-thumbnail hentry\" data-elementor-post-type=\"elementor_library\" data-custom-edit-handle=\"1\">\n\t\t\t<div data-particle_enable=\"false\" data-particle-mobile-disabled=\"false\" class=\"elementor-element elementor-element-76925ce e-con-full e-flex e-con e-parent\" data-id=\"76925ce\" data-element_type=\"container\" data-e-type=\"container\" data-settings=\"{&quot;background_background&quot;:&quot;classic&quot;}\">\n\t\t<div data-particle_enable=\"false\" data-particle-mobile-disabled=\"false\" class=\"elementor-element elementor-element-4838439 e-flex e-con-boxed e-con e-child\" data-id=\"4838439\" data-element_type=\"container\" data-e-type=\"container\">\n\t\t\t\t\t<div class=\"e-con-inner\">\n\t\t<div data-particle_enable=\"false\" data-particle-mobile-disabled=\"false\" class=\"elementor-element elementor-element-71f56a0 e-con-full e-flex e-con e-child\" data-id=\"71f56a0\" data-element_type=\"container\" data-e-type=\"container\">\n\t\t\t\t<div class=\"elementor-element elementor-element-046ef12 elementor-widget elementor-widget-tec_events_elementor_widget_event_datetime\" data-id=\"046ef12\" data-element_type=\"widget\" data-e-type=\"widget\" data-widget_type=\"tec_events_elementor_widget_event_datetime.default\">\n\t\t\t\t<div class=\"elementor-widget-container\">\n\t\t\t\t\t<div  class=\"tec-events-elementor-event-widget__datetime-wrapper\" >\n\t\t<div  class=\"tec-events-elementor-event-widget__datetime\" >\n\t\t\t<span  class=\"tec-events-elementor-event-widget__datetime-date tec-events-elementor-event-widget__datetime-date--start\" >17\/06\/26<\/span>\n\n\t\t\n\n\n\t<\/div><\/div>\n\t\t\t\t<\/div>\n\t\t\t\t<\/div>\n\t\t\t\t<\/div>\n\t\t<div data-particle_enable=\"false\" data-particle-mobile-disabled=\"false\" class=\"elementor-element elementor-element-a668f6e e-con-full e-flex e-con e-child\" data-id=\"a668f6e\" data-element_type=\"container\" data-e-type=\"container\">\n\t\t\t\t<div class=\"elementor-element elementor-element-c2a2ad6 elementor-widget elementor-widget-heading\" data-id=\"c2a2ad6\" data-element_type=\"widget\" data-e-type=\"widget\" data-widget_type=\"heading.default\">\n\t\t\t\t<div class=\"elementor-widget-container\">\n\t\t\t\t\t<h2 class=\"elementor-heading-title elementor-size-default\"><a href=\"https:\/\/www.crec.cat\/es\/esdeveniment\/workshop-comunicacio-estrategia-de-comunicacio-per-a-gestors-de-residus-presentacion-final\/\">Workshop Comunicaci\u00f3 | Estrat\u00e8gia de comunicaci\u00f3 per a gestors de residus. Presentaci\u00f3n final<\/a><\/h2>\t\t\t\t<\/div>\n\t\t\t\t<\/div>\n\t\t\t\t<div class=\"elementor-element elementor-element-bf96c84 elementor-widget elementor-widget-theme-post-excerpt\" data-id=\"bf96c84\" data-element_type=\"widget\" data-e-type=\"widget\" data-widget_type=\"theme-post-excerpt.default\">\n\t\t\t\t<div class=\"elementor-widget-container\">\n\t\t\t\t\tRecuerda, nos encontramos el 17 de junio para desarrollar la presentaci\u00f3n final del Workshop de comunicaci\u00f3n para empresas gestoras de residuos. | Plazas agotadas\r\n\t\t\t\t<\/div>\n\t\t\t\t<\/div>\n\t\t\t\t<\/div>\n\t\t\t\t\t<\/div>\n\t\t\t\t<\/div>\n\t\t<div data-particle_enable=\"false\" data-particle-mobile-disabled=\"false\" class=\"elementor-element elementor-element-f06bd1c e-con-full e-flex e-con e-child\" data-id=\"f06bd1c\" data-element_type=\"container\" data-e-type=\"container\">\n\t\t\t\t<div class=\"elementor-element elementor-element-442f100 elementor-widget elementor-widget-button\" data-id=\"442f100\" data-element_type=\"widget\" data-e-type=\"widget\" data-widget_type=\"button.default\">\n\t\t\t\t<div class=\"elementor-widget-container\">\n\t\t\t\t\t\t\t\t\t<div class=\"elementor-button-wrapper\">\n\t\t\t\t\t<a class=\"elementor-button elementor-button-link elementor-size-sm\" href=\"https:\/\/www.crec.cat\/es\/esdeveniment\/workshop-comunicacio-estrategia-de-comunicacio-per-a-gestors-de-residus-presentacion-final\/\">\n\t\t\t\t\t\t<span class=\"elementor-button-content-wrapper\">\n\t\t\t\t\t\t\t\t\t<span class=\"elementor-button-text\">Saber m\u00e1s<\/span>\n\t\t\t\t\t<\/span>\n\t\t\t\t\t<\/a>\n\t\t\t\t<\/div>\n\t\t\t\t\t\t\t\t<\/div>\n\t\t\t\t<\/div>\n\t\t\t\t<\/div>\n\t\t\t\t<\/div>\n\t\t\t\t<\/div>\n\t\t\t\t<div data-elementor-type=\"loop-item\" data-elementor-id=\"4770\" class=\"elementor elementor-4770 elementor-778 elementor-778 e-loop-item e-loop-item-6707 post-6707 tribe_events type-tribe_events status-publish has-post-thumbnail hentry tribe_events_cat-finalitzat cat_finalitzat\" data-elementor-post-type=\"elementor_library\" data-custom-edit-handle=\"1\">\n\t\t\t<div data-particle_enable=\"false\" data-particle-mobile-disabled=\"false\" class=\"elementor-element elementor-element-76925ce e-con-full e-flex e-con e-parent\" data-id=\"76925ce\" data-element_type=\"container\" data-e-type=\"container\" data-settings=\"{&quot;background_background&quot;:&quot;classic&quot;}\">\n\t\t<div data-particle_enable=\"false\" data-particle-mobile-disabled=\"false\" class=\"elementor-element elementor-element-4838439 e-flex e-con-boxed e-con e-child\" data-id=\"4838439\" data-element_type=\"container\" data-e-type=\"container\">\n\t\t\t\t\t<div class=\"e-con-inner\">\n\t\t<div data-particle_enable=\"false\" data-particle-mobile-disabled=\"false\" class=\"elementor-element elementor-element-71f56a0 e-con-full e-flex e-con e-child\" data-id=\"71f56a0\" data-element_type=\"container\" data-e-type=\"container\">\n\t\t\t\t<div class=\"elementor-element elementor-element-046ef12 elementor-widget elementor-widget-tec_events_elementor_widget_event_datetime\" data-id=\"046ef12\" data-element_type=\"widget\" data-e-type=\"widget\" data-widget_type=\"tec_events_elementor_widget_event_datetime.default\">\n\t\t\t\t<div class=\"elementor-widget-container\">\n\t\t\t\t\t<div  class=\"tec-events-elementor-event-widget__datetime-wrapper\" >\n\t\t<div  class=\"tec-events-elementor-event-widget__datetime\" >\n\t\t\t<span  class=\"tec-events-elementor-event-widget__datetime-date tec-events-elementor-event-widget__datetime-date--start\" >28\/04\/26<\/span>\n\n\t\t\n\n\n\t<\/div><\/div>\n\t\t\t\t<\/div>\n\t\t\t\t<\/div>\n\t\t\t\t<\/div>\n\t\t<div data-particle_enable=\"false\" data-particle-mobile-disabled=\"false\" class=\"elementor-element elementor-element-a668f6e e-con-full e-flex e-con e-child\" data-id=\"a668f6e\" data-element_type=\"container\" data-e-type=\"container\">\n\t\t\t\t<div class=\"elementor-element elementor-element-c2a2ad6 elementor-widget elementor-widget-heading\" data-id=\"c2a2ad6\" data-element_type=\"widget\" data-e-type=\"widget\" data-widget_type=\"heading.default\">\n\t\t\t\t<div class=\"elementor-widget-container\">\n\t\t\t\t\t<h2 class=\"elementor-heading-title elementor-size-default\"><a href=\"https:\/\/www.crec.cat\/es\/esdeveniment\/jornada-de-cierre-intercluster-tejiendo-sinergias-para-fomentar-la-economia-circular\/\">Jornada de cierre &#8211; Intercl\u00faster: Tejiendo sinergias para fomentar la econom\u00eda circular<\/a><\/h2>\t\t\t\t<\/div>\n\t\t\t\t<\/div>\n\t\t\t\t<div class=\"elementor-element elementor-element-bf96c84 elementor-widget elementor-widget-theme-post-excerpt\" data-id=\"bf96c84\" data-element_type=\"widget\" data-e-type=\"widget\" data-widget_type=\"theme-post-excerpt.default\">\n\t\t\t\t<div class=\"elementor-widget-container\">\n\t\t\t\t\tInscr\u00edbete en la Jornada de cierre del proyecto SINTEC para crear sinergias y fomentar la econom\u00eda circular. \u00a1No te lo puedes perder!\t\t\t\t<\/div>\n\t\t\t\t<\/div>\n\t\t\t\t<\/div>\n\t\t\t\t\t<\/div>\n\t\t\t\t<\/div>\n\t\t<div data-particle_enable=\"false\" data-particle-mobile-disabled=\"false\" class=\"elementor-element elementor-element-f06bd1c e-con-full e-flex e-con e-child\" data-id=\"f06bd1c\" data-element_type=\"container\" data-e-type=\"container\">\n\t\t\t\t<div class=\"elementor-element elementor-element-442f100 elementor-widget elementor-widget-button\" data-id=\"442f100\" data-element_type=\"widget\" data-e-type=\"widget\" data-widget_type=\"button.default\">\n\t\t\t\t<div class=\"elementor-widget-container\">\n\t\t\t\t\t\t\t\t\t<div class=\"elementor-button-wrapper\">\n\t\t\t\t\t<a class=\"elementor-button elementor-button-link elementor-size-sm\" href=\"https:\/\/www.crec.cat\/es\/esdeveniment\/jornada-de-cierre-intercluster-tejiendo-sinergias-para-fomentar-la-economia-circular\/\">\n\t\t\t\t\t\t<span class=\"elementor-button-content-wrapper\">\n\t\t\t\t\t\t\t\t\t<span class=\"elementor-button-text\">Saber m\u00e1s<\/span>\n\t\t\t\t\t<\/span>\n\t\t\t\t\t<\/a>\n\t\t\t\t<\/div>\n\t\t\t\t\t\t\t\t<\/div>\n\t\t\t\t<\/div>\n\t\t\t\t<\/div>\n\t\t\t\t<\/div>\n\t\t\t\t<\/div>\n\t\t\t\t<div data-elementor-type=\"loop-item\" data-elementor-id=\"4770\" class=\"elementor elementor-4770 elementor-778 elementor-778 e-loop-item e-loop-item-6831 post-6831 tribe_events type-tribe_events status-publish has-post-thumbnail hentry\" data-elementor-post-type=\"elementor_library\" data-custom-edit-handle=\"1\">\n\t\t\t<div data-particle_enable=\"false\" data-particle-mobile-disabled=\"false\" class=\"elementor-element elementor-element-76925ce e-con-full e-flex e-con e-parent\" data-id=\"76925ce\" data-element_type=\"container\" data-e-type=\"container\" data-settings=\"{&quot;background_background&quot;:&quot;classic&quot;}\">\n\t\t<div data-particle_enable=\"false\" data-particle-mobile-disabled=\"false\" class=\"elementor-element elementor-element-4838439 e-flex e-con-boxed e-con e-child\" data-id=\"4838439\" data-element_type=\"container\" data-e-type=\"container\">\n\t\t\t\t\t<div class=\"e-con-inner\">\n\t\t<div data-particle_enable=\"false\" data-particle-mobile-disabled=\"false\" class=\"elementor-element elementor-element-71f56a0 e-con-full e-flex e-con e-child\" data-id=\"71f56a0\" data-element_type=\"container\" data-e-type=\"container\">\n\t\t\t\t<div class=\"elementor-element elementor-element-046ef12 elementor-widget elementor-widget-tec_events_elementor_widget_event_datetime\" data-id=\"046ef12\" data-element_type=\"widget\" data-e-type=\"widget\" data-widget_type=\"tec_events_elementor_widget_event_datetime.default\">\n\t\t\t\t<div class=\"elementor-widget-container\">\n\t\t\t\t\t<div  class=\"tec-events-elementor-event-widget__datetime-wrapper\" >\n\t\t<div  class=\"tec-events-elementor-event-widget__datetime\" >\n\t\t\t<span  class=\"tec-events-elementor-event-widget__datetime-date tec-events-elementor-event-widget__datetime-date--start\" >13\/05\/26<\/span>\n\n\t\t\n\n\n\t<\/div><\/div>\n\t\t\t\t<\/div>\n\t\t\t\t<\/div>\n\t\t\t\t<\/div>\n\t\t<div data-particle_enable=\"false\" data-particle-mobile-disabled=\"false\" class=\"elementor-element elementor-element-a668f6e e-con-full e-flex e-con e-child\" data-id=\"a668f6e\" data-element_type=\"container\" data-e-type=\"container\">\n\t\t\t\t<div class=\"elementor-element elementor-element-c2a2ad6 elementor-widget elementor-widget-heading\" data-id=\"c2a2ad6\" data-element_type=\"widget\" data-e-type=\"widget\" data-widget_type=\"heading.default\">\n\t\t\t\t<div class=\"elementor-widget-container\">\n\t\t\t\t\t<h2 class=\"elementor-heading-title elementor-size-default\"><a href=\"https:\/\/www.crec.cat\/es\/esdeveniment\/grupo-de-trabajo-construccion-circular-2\/\">Grupo de Trabajo: Construcci\u00f3n Circular<\/a><\/h2>\t\t\t\t<\/div>\n\t\t\t\t<\/div>\n\t\t\t\t<div class=\"elementor-element elementor-element-bf96c84 elementor-widget elementor-widget-theme-post-excerpt\" data-id=\"bf96c84\" data-element_type=\"widget\" data-e-type=\"widget\" data-widget_type=\"theme-post-excerpt.default\">\n\t\t\t\t<div class=\"elementor-widget-container\">\n\t\t\t\t\t\u00bfTe interesa formar parte del Grupo de Trabajo de Construcci\u00f3n Circular del CREC? \u00a1Es un buen momento!\r\n\t\t\t\t<\/div>\n\t\t\t\t<\/div>\n\t\t\t\t<\/div>\n\t\t\t\t\t<\/div>\n\t\t\t\t<\/div>\n\t\t<div data-particle_enable=\"false\" data-particle-mobile-disabled=\"false\" class=\"elementor-element elementor-element-f06bd1c e-con-full e-flex e-con e-child\" data-id=\"f06bd1c\" data-element_type=\"container\" data-e-type=\"container\">\n\t\t\t\t<div class=\"elementor-element elementor-element-442f100 elementor-widget elementor-widget-button\" data-id=\"442f100\" data-element_type=\"widget\" data-e-type=\"widget\" data-widget_type=\"button.default\">\n\t\t\t\t<div class=\"elementor-widget-container\">\n\t\t\t\t\t\t\t\t\t<div class=\"elementor-button-wrapper\">\n\t\t\t\t\t<a class=\"elementor-button elementor-button-link elementor-size-sm\" href=\"https:\/\/www.crec.cat\/es\/esdeveniment\/grupo-de-trabajo-construccion-circular-2\/\">\n\t\t\t\t\t\t<span class=\"elementor-button-content-wrapper\">\n\t\t\t\t\t\t\t\t\t<span class=\"elementor-button-text\">Saber m\u00e1s<\/span>\n\t\t\t\t\t<\/span>\n\t\t\t\t\t<\/a>\n\t\t\t\t<\/div>\n\t\t\t\t\t\t\t\t<\/div>\n\t\t\t\t<\/div>\n\t\t\t\t<\/div>\n\t\t\t\t<\/div>\n\t\t\t\t<\/div>\n\t\t\t\t<div data-elementor-type=\"loop-item\" data-elementor-id=\"4770\" class=\"elementor elementor-4770 elementor-778 elementor-778 e-loop-item e-loop-item-6875 post-6875 tribe_events type-tribe_events status-publish has-post-thumbnail hentry\" data-elementor-post-type=\"elementor_library\" data-custom-edit-handle=\"1\">\n\t\t\t<div data-particle_enable=\"false\" data-particle-mobile-disabled=\"false\" class=\"elementor-element elementor-element-76925ce e-con-full e-flex e-con e-parent\" data-id=\"76925ce\" data-element_type=\"container\" data-e-type=\"container\" data-settings=\"{&quot;background_background&quot;:&quot;classic&quot;}\">\n\t\t<div data-particle_enable=\"false\" data-particle-mobile-disabled=\"false\" class=\"elementor-element elementor-element-4838439 e-flex e-con-boxed e-con e-child\" data-id=\"4838439\" data-element_type=\"container\" data-e-type=\"container\">\n\t\t\t\t\t<div class=\"e-con-inner\">\n\t\t<div data-particle_enable=\"false\" data-particle-mobile-disabled=\"false\" class=\"elementor-element elementor-element-71f56a0 e-con-full e-flex e-con e-child\" data-id=\"71f56a0\" data-element_type=\"container\" data-e-type=\"container\">\n\t\t\t\t<div class=\"elementor-element elementor-element-046ef12 elementor-widget elementor-widget-tec_events_elementor_widget_event_datetime\" data-id=\"046ef12\" data-element_type=\"widget\" data-e-type=\"widget\" data-widget_type=\"tec_events_elementor_widget_event_datetime.default\">\n\t\t\t\t<div class=\"elementor-widget-container\">\n\t\t\t\t\t<div  class=\"tec-events-elementor-event-widget__datetime-wrapper\" >\n\t\t<div  class=\"tec-events-elementor-event-widget__datetime\" >\n\t\t\t<span  class=\"tec-events-elementor-event-widget__datetime-date tec-events-elementor-event-widget__datetime-date--start\" >28\/09\/26<\/span>\n\n\t\t\n\t<span  class=\"tec-events-elementor-event-widget__datetime-separator\" >\n\t  -  <\/span>\n\n\t<span  class=\"tec-events-elementor-event-widget__datetime-date tec-events-elementor-event-widget__datetime-date--end\" >30\/09\/26<\/span>\n\n\t<\/div><\/div>\n\t\t\t\t<\/div>\n\t\t\t\t<\/div>\n\t\t\t\t<\/div>\n\t\t<div data-particle_enable=\"false\" data-particle-mobile-disabled=\"false\" class=\"elementor-element elementor-element-a668f6e e-con-full e-flex e-con e-child\" data-id=\"a668f6e\" data-element_type=\"container\" data-e-type=\"container\">\n\t\t\t\t<div class=\"elementor-element elementor-element-c2a2ad6 elementor-widget elementor-widget-heading\" data-id=\"c2a2ad6\" data-element_type=\"widget\" data-e-type=\"widget\" data-widget_type=\"heading.default\">\n\t\t\t\t<div class=\"elementor-widget-container\">\n\t\t\t\t\t<h2 class=\"elementor-heading-title elementor-size-default\"><a href=\"https:\/\/www.crec.cat\/es\/esdeveniment\/viaje-de-benchmark-a-francia-2\/\">Viaje de Benchmark a Francia<\/a><\/h2>\t\t\t\t<\/div>\n\t\t\t\t<\/div>\n\t\t\t\t<div class=\"elementor-element elementor-element-bf96c84 elementor-widget elementor-widget-theme-post-excerpt\" data-id=\"bf96c84\" data-element_type=\"widget\" data-e-type=\"widget\" data-widget_type=\"theme-post-excerpt.default\">\n\t\t\t\t<div class=\"elementor-widget-container\">\n\t\t\t\t\tViaje de benchmark a Francia del Cl\u00faster de Residuos para conocer iniciativas e innovaciones del pa\u00eds y establecer conexiones estrat\u00e9gicas.\r\n\t\t\t\t<\/div>\n\t\t\t\t<\/div>\n\t\t\t\t<\/div>\n\t\t\t\t\t<\/div>\n\t\t\t\t<\/div>\n\t\t<div data-particle_enable=\"false\" data-particle-mobile-disabled=\"false\" class=\"elementor-element elementor-element-f06bd1c e-con-full e-flex e-con e-child\" data-id=\"f06bd1c\" data-element_type=\"container\" data-e-type=\"container\">\n\t\t\t\t<div class=\"elementor-element elementor-element-442f100 elementor-widget elementor-widget-button\" data-id=\"442f100\" data-element_type=\"widget\" data-e-type=\"widget\" data-widget_type=\"button.default\">\n\t\t\t\t<div class=\"elementor-widget-container\">\n\t\t\t\t\t\t\t\t\t<div class=\"elementor-button-wrapper\">\n\t\t\t\t\t<a class=\"elementor-button elementor-button-link elementor-size-sm\" href=\"https:\/\/www.crec.cat\/es\/esdeveniment\/viaje-de-benchmark-a-francia-2\/\">\n\t\t\t\t\t\t<span class=\"elementor-button-content-wrapper\">\n\t\t\t\t\t\t\t\t\t<span class=\"elementor-button-text\">Saber m\u00e1s<\/span>\n\t\t\t\t\t<\/span>\n\t\t\t\t\t<\/a>\n\t\t\t\t<\/div>\n\t\t\t\t\t\t\t\t<\/div>\n\t\t\t\t<\/div>\n\t\t\t\t<\/div>\n\t\t\t\t<\/div>\n\t\t\t\t<\/div>\n\t\t\t\t<\/div>\n\t\t\n\t\t\t\t\t\t<\/div>\n\t\t\t\t<\/div>\n\t\t\t\t<\/div>\n\t\t<div data-particle_enable=\"false\" data-particle-mobile-disabled=\"false\" id=\"e-n-tab-content-2359896963\" role=\"tabpanel\" aria-labelledby=\"e-n-tab-title-2359896963\" data-tab-index=\"3\" style=\"--n-tabs-title-order: 3;\" class=\" elementor-element elementor-element-3e86da9 e-con-full e-flex e-con e-child\" data-id=\"3e86da9\" data-element_type=\"container\" data-e-type=\"container\">\n\t\t\t\t<div class=\"elementor-element elementor-element-1054c86 elementor-widget elementor-widget-shortcode\" data-id=\"1054c86\" data-element_type=\"widget\" data-e-type=\"widget\" data-widget_type=\"shortcode.default\">\n\t\t\t\t<div class=\"elementor-widget-container\">\n\t\t\t\t\t\t\t<div class=\"elementor-shortcode\"><div class=\"events-custom_llistat\"><div class=\"evento-item-finalitzat\"><div><p class=\"evento-fecha\">21\/04\/2026<\/p><a href=\"https:\/\/www.crec.cat\/es\/esdeveniment\/visitamos-al-socio-hausmann-aromatic\/\"><h2 class=\"event-titol\">Visitamos al socio: HAUSMANN AROMATIC<\/h2><\/a><p class=\"evento-excerpt\">Reserva el pr\u00f3ximo 21 de abril para asistir a la pr\u00f3xima \u201cVisita al socio\u201d del cl\u00faster. Visitaremos a HAUSMANN AROMATIC en sus instalaciones.<\/p><\/div><div><a href=\"https:\/\/www.crec.cat\/es\/esdeveniment\/visitamos-al-socio-hausmann-aromatic\/\" class=\"evento-boton\"><button>Saber-ne m\u00e9s<\/button><\/a><\/div><\/div><div class=\"evento-item-finalitzat\"><div><p class=\"evento-fecha\">20\/04\/2026<\/p><a href=\"https:\/\/www.crec.cat\/es\/esdeveniment\/webinar-viaje-de-benchmark-a-francia\/\"><h2 class=\"event-titol\">Webinar | Viaje de Benchmark a Francia<\/h2><\/a><p class=\"evento-excerpt\">Sesi\u00f3n online que tiene como objetivo informar sobre el viaje de benchmark que realizar\u00e1 el Cl\u00faster de Residuos a Francia del 28 al 30 de septiembre de 2026, abierto a todos los socios del CREC.<\/p><\/div><div><a href=\"https:\/\/www.crec.cat\/es\/esdeveniment\/webinar-viaje-de-benchmark-a-francia\/\" class=\"evento-boton\"><button>Saber-ne m\u00e9s<\/button><\/a><\/div><\/div><div class=\"evento-item-finalitzat\"><div><p class=\"evento-fecha\">25\/03\/2026<\/p><a href=\"https:\/\/www.crec.cat\/es\/esdeveniment\/taller-de-comunicacion-estrategia-de-comunicacion-para-gestores-de-residuos\/\"><h2 class=\"event-titol\">Taller de Comunicaci\u00f3n | Estrategia de comunicaci\u00f3n para gestores de residuos<\/h2><\/a><p class=\"evento-excerpt\">\u00bfTe interesa trabajar la estrategia de comunicaci\u00f3n de tu empresa? \u00a1Este workshop es para ti!\r\n\r\nTenemos un reto: el reposicionamiento del sector. Es necesario explicar mejor lo que hacemos, mostrar la innovaci\u00f3n que impulsamos y convertir el residuo en s\u00edmbolo de oportunidad, no de rechazo.<\/p><\/div><div><a href=\"https:\/\/www.crec.cat\/es\/esdeveniment\/taller-de-comunicacion-estrategia-de-comunicacion-para-gestores-de-residuos\/\" class=\"evento-boton\"><button>Saber-ne m\u00e9s<\/button><\/a><\/div><\/div><div class=\"evento-item-finalitzat\"><div><p class=\"evento-fecha\">19\/03\/2026<\/p><a href=\"https:\/\/www.crec.cat\/es\/esdeveniment\/cambio-de-fecha-presentacion-del-proyecto-dcas-r-datos-circulares-como-servicio-para-los-residuos-de-la-construccion\/\"><h2 class=\"event-titol\">[CAMBIO DE FECHA] Presentaci\u00f3n del Proyecto | DCaS-R: Datos Circulares como Servicio para los Residuos de la Construcci\u00f3n<\/h2><\/a><p class=\"evento-excerpt\">Inscr\u00edbete en la Jornada de presentaci\u00f3n del proyecto: DCaS-R: Datos Circulares como Servicio para los Residuos de la Construcci\u00f3n.<\/p><\/div><div><a href=\"https:\/\/www.crec.cat\/es\/esdeveniment\/cambio-de-fecha-presentacion-del-proyecto-dcas-r-datos-circulares-como-servicio-para-los-residuos-de-la-construccion\/\" class=\"evento-boton\"><button>Saber-ne m\u00e9s<\/button><\/a><\/div><\/div><div class=\"evento-item-finalitzat\"><div><p class=\"evento-fecha\">16\/03\/2026<\/p><a href=\"https:\/\/www.crec.cat\/es\/esdeveniment\/jornada-la-seguridad-de-las-baterias-en-las-plantas-de-gestion\/\"><h2 class=\"event-titol\">JORNADA: La seguridad de las bater\u00edas en las plantas de gesti\u00f3n.<\/h2><\/a><p class=\"evento-excerpt\">\u00a1Ap\u00fantate a la pr\u00f3xima sesi\u00f3n del Grupo de Trabajo de CRM y Bater\u00edas! Te esperamos el 16\/03 para visitar Eurecat.\r\n<\/p><\/div><div><a href=\"https:\/\/www.crec.cat\/es\/esdeveniment\/jornada-la-seguridad-de-las-baterias-en-las-plantas-de-gestion\/\" class=\"evento-boton\"><button>Saber-ne m\u00e9s<\/button><\/a><\/div><\/div><div class=\"evento-item-finalitzat\"><div><p class=\"evento-fecha\">05\/03\/2026<\/p><a href=\"https:\/\/www.crec.cat\/es\/esdeveniment\/jornada-intercluster-tejiendo-sinergias-para-fomentar-la-economia-circular-2\/\"><h2 class=\"event-titol\">Jornada Intercl\u00faster: Tejiendo sinergias para fomentar la econom\u00eda circular<\/h2><\/a><p class=\"evento-excerpt\">Inscr\u00edbete en la 3\u00aa Jornada Intercl\u00faster para crear sinergias que fomenten la econom\u00eda circular. \u00a1No te lo puedes perder!\r\n<\/p><\/div><div><a href=\"https:\/\/www.crec.cat\/es\/esdeveniment\/jornada-intercluster-tejiendo-sinergias-para-fomentar-la-economia-circular-2\/\" class=\"evento-boton\"><button>Saber-ne m\u00e9s<\/button><\/a><\/div><\/div><div class=\"evento-item-finalitzat\"><div><p class=\"evento-fecha\">03\/03\/2026<\/p><a href=\"https:\/\/www.crec.cat\/es\/esdeveniment\/grupo-de-trabajo-construccion-circular\/\"><h2 class=\"event-titol\">Grupo de Trabajo: Construcci\u00f3n Circular<\/h2><\/a><p class=\"evento-excerpt\">\u00a1Ap\u00fantate a la primera sesi\u00f3n del Grupo de Trabajo de Construcci\u00f3n Circular! Ser\u00e1 el 3\/03\/2026.\r\n<\/p><\/div><div><a href=\"https:\/\/www.crec.cat\/es\/esdeveniment\/grupo-de-trabajo-construccion-circular\/\" class=\"evento-boton\"><button>Saber-ne m\u00e9s<\/button><\/a><\/div><\/div><div class=\"evento-item-finalitzat\"><div><p class=\"evento-fecha\">24\/02\/2026<\/p><a href=\"https:\/\/www.crec.cat\/es\/esdeveniment\/grupo-de-trabajo-sistemas-de-recogida-eficientes\/\"><h2 class=\"event-titol\">Grupo de Trabajo: Sistemas de Recogida Eficientes<\/h2><\/a><p class=\"evento-excerpt\">\u00a1Ap\u00fantate a la pr\u00f3xima sesi\u00f3n del Grupo de Trabajo de Sistemas de Recogida Eficientes! Ser\u00e1 el 24\/02\/2026.\r\n<\/p><\/div><div><a href=\"https:\/\/www.crec.cat\/es\/esdeveniment\/grupo-de-trabajo-sistemas-de-recogida-eficientes\/\" class=\"evento-boton\"><button>Saber-ne m\u00e9s<\/button><\/a><\/div><\/div><div class=\"evento-item-finalitzat\"><div><p class=\"evento-fecha\">19\/02\/2026<\/p><a href=\"https:\/\/www.crec.cat\/es\/esdeveniment\/webinar-convocatorias-de-ayudas-europeas\/\"><h2 class=\"event-titol\">WEBINAR | Convocatorias de ayudas europeas<\/h2><\/a><p class=\"evento-excerpt\">\u00bfEres socio del CREC y quieres conocer m\u00e1s sobre los Programas Europeos y las convocatorias en residuos y econom\u00eda circular? \u00a1Reserva la fecha y no te pierdas esta sesi\u00f3n informativa!<\/p><\/div><div><a href=\"https:\/\/www.crec.cat\/es\/esdeveniment\/webinar-convocatorias-de-ayudas-europeas\/\" class=\"evento-boton\"><button>Saber-ne m\u00e9s<\/button><\/a><\/div><\/div><div class=\"evento-item-finalitzat\"><div><p class=\"evento-fecha\">18\/02\/2026<\/p><a href=\"https:\/\/www.crec.cat\/es\/esdeveniment\/grupo-de-trabajo-nuevos-modelos-de-negocio-circulares-2\/\"><h2 class=\"event-titol\">Grupo de Trabajo: Nuevos modelos de negocio circulares<\/h2><\/a><p class=\"evento-excerpt\">\u00a1Ap\u00fantate a la pr\u00f3xima sesi\u00f3n del Grupo de Trabajo de Nuevos Modelos de Negocio Circulares! Ser\u00e1 el 18\/02\/2026.\r\n<\/p><\/div><div><a href=\"https:\/\/www.crec.cat\/es\/esdeveniment\/grupo-de-trabajo-nuevos-modelos-de-negocio-circulares-2\/\" class=\"evento-boton\"><button>Saber-ne m\u00e9s<\/button><\/a><\/div><\/div><div class=\"evento-item-finalitzat\"><div><p class=\"evento-fecha\">04\/02\/2026<\/p><a href=\"https:\/\/www.crec.cat\/es\/esdeveniment\/lubricantes-sostenibles-innovacion-circularidad-y-futuro\/\"><h2 class=\"event-titol\">Lubricantes Sostenibles: Innovaci\u00f3n, circularidad y futuro<\/h2><\/a><p class=\"evento-excerpt\">\u00bfQuieres conocer herramientas para mejorar la sostenibilidad en el sector de los aceites lubricantes?\r\n<\/p><\/div><div><a href=\"https:\/\/www.crec.cat\/es\/esdeveniment\/lubricantes-sostenibles-innovacion-circularidad-y-futuro\/\" class=\"evento-boton\"><button>Saber-ne m\u00e9s<\/button><\/a><\/div><\/div><div class=\"evento-item-finalitzat\"><div><p class=\"evento-fecha\">29\/01\/2026<\/p><a href=\"https:\/\/www.crec.cat\/es\/esdeveniment\/plazas-agotadas-3o-aniversario-del-crec-celebremoslo-juntos\/\"><h2 class=\"event-titol\">PLAZAS AGOTADAS &#8211; 3\u00ba aniversario del CREC. \u00a1Celebr\u00e9moslo juntos!<\/h2><\/a><p class=\"evento-excerpt\">\ud83c\udf89 \u00a1Estamos de aniversario! Llega el tercer a\u00f1o de vida del CREC y queremos celebrarlo con todos\/as vosotros\/as.\r\n<\/p><\/div><div><a href=\"https:\/\/www.crec.cat\/es\/esdeveniment\/plazas-agotadas-3o-aniversario-del-crec-celebremoslo-juntos\/\" class=\"evento-boton\"><button>Saber-ne m\u00e9s<\/button><\/a><\/div><\/div><div class=\"evento-item-finalitzat\"><div><p class=\"evento-fecha\">29\/01\/2026<\/p><a href=\"https:\/\/www.crec.cat\/es\/esdeveniment\/webinar-grupos-de-trabajo-presentacion-balance-y-proximos-pasos\/\"><h2 class=\"event-titol\">WEBINAR | Grupos de trabajo: Presentaci\u00f3n, balance y pr\u00f3ximos pasos<\/h2><\/a><p class=\"evento-excerpt\">Jornada online de Grupos de Trabajo del CREC - Cl\u00faster de Residuos de Catalu\u00f1a.\r\n\r\nEn esta sesi\u00f3n reuniremos a los coordinadores de los grupos de trabajo del CREC para que realicen una presentaci\u00f3n de cada grupo, un balance del trabajo realizado hasta ahora y definan los pr\u00f3ximos pasos para este 2026.\r\n<\/p><\/div><div><a href=\"https:\/\/www.crec.cat\/es\/esdeveniment\/webinar-grupos-de-trabajo-presentacion-balance-y-proximos-pasos\/\" class=\"evento-boton\"><button>Saber-ne m\u00e9s<\/button><\/a><\/div><\/div><div class=\"evento-item-finalitzat\"><div><p class=\"evento-fecha\">19\/01\/2026<\/p><a href=\"https:\/\/www.crec.cat\/es\/esdeveniment\/grupo-de-trabajo-textil\/\"><h2 class=\"event-titol\">Grupo de Trabajo: Textil<\/h2><\/a><p class=\"evento-excerpt\">Ya tenemos nueva fecha para la pr\u00f3xima sesi\u00f3n del Grupo de Trabajo de Textil, en la que, en primer lugar, visitaremos la planta de Formaci\u00f3 i Treball\u00a0ubicada en Sabadell. Seguidamente, llevaremos a cabo la sesi\u00f3n del grupo de trabajo.<\/p><\/div><div><a href=\"https:\/\/www.crec.cat\/es\/esdeveniment\/grupo-de-trabajo-textil\/\" class=\"evento-boton\"><button>Saber-ne m\u00e9s<\/button><\/a><\/div><\/div><div class=\"evento-item-finalitzat\"><div><p class=\"evento-fecha\">15\/01\/2026<\/p><a href=\"https:\/\/www.crec.cat\/es\/esdeveniment\/grupo-de-trabajo-biorresiduos\/\"><h2 class=\"event-titol\">Grupo de Trabajo: Biorresiduos<\/h2><\/a><p class=\"evento-excerpt\">\u00a1Empieza el a\u00f1o y ap\u00fantate a la pr\u00f3xima sesi\u00f3n del Grupo de Trabajo de Biorresiduos! Ser\u00e1 el 15\/01\/2026.\r\n<\/p><\/div><div><a href=\"https:\/\/www.crec.cat\/es\/esdeveniment\/grupo-de-trabajo-biorresiduos\/\" class=\"evento-boton\"><button>Saber-ne m\u00e9s<\/button><\/a><\/div><\/div><div class=\"evento-item-finalitzat\"><div><p class=\"evento-fecha\">11\/12\/2025<\/p><a href=\"https:\/\/www.crec.cat\/es\/esdeveniment\/jornada-intercluster-tejiendo-sinergias-para-fomentar-la-economia-circular\/\"><h2 class=\"event-titol\">Jornada Intercl\u00faster: Tejiendo sinergias para fomentar la econom\u00eda circular<\/h2><\/a><p class=\"evento-excerpt\">\u00bfEres socio del CREC? Inscr\u00edbete en la pr\u00f3xima Jornada Intercl\u00faster: Tejiendo sinergias para fomentar la econom\u00eda circular. \u00a1No te lo pierdas!<\/p><\/div><div><a href=\"https:\/\/www.crec.cat\/es\/esdeveniment\/jornada-intercluster-tejiendo-sinergias-para-fomentar-la-economia-circular\/\" class=\"evento-boton\"><button>Saber-ne m\u00e9s<\/button><\/a><\/div><\/div><div class=\"evento-item-finalitzat\"><div><p class=\"evento-fecha\">26\/11\/2025<\/p><a href=\"https:\/\/www.crec.cat\/es\/esdeveniment\/grupo-de-trabajo-nuevos-modelos-de-negocio-circulares\/\"><h2 class=\"event-titol\">Grupo de Trabajo: Nuevos modelos de negocio circulares<\/h2><\/a><p class=\"evento-excerpt\">El pr\u00f3ximo 26 de noviembre tendr\u00e1 lugar la nueva sesi\u00f3n del grupo de trabajo de nuevos modelos de negocio circulares. \u00a1Inscr\u00edbete y reserva plaza para asistir!<\/p><\/div><div><a href=\"https:\/\/www.crec.cat\/es\/esdeveniment\/grupo-de-trabajo-nuevos-modelos-de-negocio-circulares\/\" class=\"evento-boton\"><button>Saber-ne m\u00e9s<\/button><\/a><\/div><\/div><div class=\"evento-item-finalitzat\"><div><p class=\"evento-fecha\">04\/11\/2025<\/p><a href=\"https:\/\/www.crec.cat\/es\/esdeveniment\/ven-con-nosotros-a-ecomondo\/\"><h2 class=\"event-titol\">\u00a1Ven con nosotros a ECOMONDO!<\/h2><\/a><p class=\"evento-excerpt\">Del 4 al 7 de noviembre, montamos una delegaci\u00f3n profesional para asistir a ECOMONDO, la feria de referencia en econom\u00eda verde y circular que se celebra en Rimini (Italia).<\/p><\/div><div><a href=\"https:\/\/www.crec.cat\/es\/esdeveniment\/ven-con-nosotros-a-ecomondo\/\" class=\"evento-boton\"><button>Saber-ne m\u00e9s<\/button><\/a><\/div><\/div><div class=\"evento-item-finalitzat\"><div><p class=\"evento-fecha\">29\/10\/2025<\/p><a href=\"https:\/\/www.crec.cat\/es\/esdeveniment\/ii-inmersion-estrategica-de-residuo-a-recurso\/\"><h2 class=\"event-titol\">nowWaste | INMERSI\u00d3N ESTRAT\u00c9GICA<\/h2><\/a><p class=\"evento-excerpt\">Participa en la Inmersi\u00f3n Estrat\u00e9gica del CREC - Cl\u00faster de Residuos de Catalunya que\u00a0celebramos los d\u00edas\u00a0 29 y 30 de octubre de 2025.\r\n\r\nEste a\u00f1o damos un paso adelante, nos renovamos con fuerza. Este a\u00f1o os presentamos la primera edici\u00f3n de nowWaste: un espacio vivo, participativo y lleno de ideas para sumar esfuerzos e impulsar la competitividad del sector.\r\n\r\nUn nuevo nombre, pero con la misma ambici\u00f3n de siempre: conectar, inspirar y transformar nuestro sector.\r\n\r\n\r\n<\/p><\/div><div><a href=\"https:\/\/www.crec.cat\/es\/esdeveniment\/ii-inmersion-estrategica-de-residuo-a-recurso\/\" class=\"evento-boton\"><button>Saber-ne m\u00e9s<\/button><\/a><\/div><\/div><div class=\"evento-item-finalitzat\"><div><p class=\"evento-fecha\">26\/09\/2025<\/p><a href=\"https:\/\/www.crec.cat\/es\/esdeveniment\/construccion-circular-nuevos-modelos-de-negocio-para-los-residuos-de-construccion-y-demolicion\/\"><h2 class=\"event-titol\">Construcci\u00f3n circular: nuevos modelos de negocio para los Residuos de Construcci\u00f3n y Demolici\u00f3n<\/h2><\/a><p class=\"evento-excerpt\">Jornada de presentaci\u00f3n de resultados del proyecto &quot;An\u00e1lisis de nuevos modelos de negocio circulares en torno a los RCD y validaci\u00f3n a trav\u00e9s de una fase de experimentaci\u00f3n en obra&quot; y presentaci\u00f3n de iniciativas vinculadas a Barcelona Capital Mundial de la Arquitectura 2026.<\/p><\/div><div><a href=\"https:\/\/www.crec.cat\/es\/esdeveniment\/construccion-circular-nuevos-modelos-de-negocio-para-los-residuos-de-construccion-y-demolicion\/\" class=\"evento-boton\"><button>Saber-ne m\u00e9s<\/button><\/a><\/div><\/div><div class=\"evento-item-finalitzat\"><div><p class=\"evento-fecha\">23\/09\/2025<\/p><a href=\"https:\/\/www.crec.cat\/es\/esdeveniment\/visitamos-al-socio-picvisa\/\"><h2 class=\"event-titol\">Visitamos al socio: PICVISA &#8211; PLAZAS AGOTADAS<\/h2><\/a><p class=\"evento-excerpt\">| ACTIVIDAD EXCLUSIVA PARA SOCIOS |\r\n\r\nEl pr\u00f3ximo 23 de septiembre visitaremos a nuestro socio PICVISA en sus instalaciones.<\/p><\/div><div><a href=\"https:\/\/www.crec.cat\/es\/esdeveniment\/visitamos-al-socio-picvisa\/\" class=\"evento-boton\"><button>Saber-ne m\u00e9s<\/button><\/a><\/div><\/div><div class=\"evento-item-finalitzat\"><div><p class=\"evento-fecha\">20\/06\/2025<\/p><a href=\"https:\/\/www.crec.cat\/es\/esdeveniment\/visitamos-al-socio-hercal-nueva-fecha\/\"><h2 class=\"event-titol\">Visitamos al socio: HERCAL (\u00a1Nueva fecha!)<\/h2><\/a><p class=\"evento-excerpt\">El pr\u00f3ximo 20 de junio visitaremos a nuestro socio, la empresa Hercal, en sus instalaciones ubicadas en Terrassa. Acomp\u00e1\u00f1anos a visitar su planta de valorizaci\u00f3n de residuos de la construcci\u00f3n Hercal Zero, la primera del pa\u00eds dedicada a la valorizaci\u00f3n y lavado de residuos procedentes de la construcci\u00f3n, excavaci\u00f3n y demolici\u00f3n.<\/p><\/div><div><a href=\"https:\/\/www.crec.cat\/es\/esdeveniment\/visitamos-al-socio-hercal-nueva-fecha\/\" class=\"evento-boton\"><button>Saber-ne m\u00e9s<\/button><\/a><\/div><\/div><div class=\"evento-item-finalitzat\"><div><p class=\"evento-fecha\">19\/06\/2025<\/p><a href=\"https:\/\/www.crec.cat\/es\/esdeveniment\/crec-cafe-conoce-a-los-nuevos-socios\/\"><h2 class=\"event-titol\">CREC Caf\u00e9: \u00a1conoce a los nuevos socios!<\/h2><\/a><p class=\"evento-excerpt\">\u00bfQuieres conocer las \u00faltimas adhesiones al CREC? Ven al pr\u00f3ximo CREC Caf\u00e9 donde se presentar\u00e1n los \u00faltimos socios que se han unido a nuestro Cl\u00faster.<\/p><\/div><div><a href=\"https:\/\/www.crec.cat\/es\/esdeveniment\/crec-cafe-conoce-a-los-nuevos-socios\/\" class=\"evento-boton\"><button>Saber-ne m\u00e9s<\/button><\/a><\/div><\/div><div class=\"evento-item-finalitzat\"><div><p class=\"evento-fecha\">28\/05\/2025<\/p><a href=\"https:\/\/www.crec.cat\/es\/esdeveniment\/webinar-soluciones-para-la-gestion-de-residuos-de-las-baterias-en-la-transicion-energetica\/\"><h2 class=\"event-titol\">Webinar: Soluciones para la gesti\u00f3n de residuos de las bater\u00edas en la transici\u00f3n energ\u00e9tica<\/h2><\/a><p class=\"evento-excerpt\">Inscr\u00edbete ya en esta sesi\u00f3n online donde trataremos la gesti\u00f3n de residuos emergentes de la transici\u00f3n energ\u00e9tica, con especial foco en las bater\u00edas.\r\n<\/p><\/div><div><a href=\"https:\/\/www.crec.cat\/es\/esdeveniment\/webinar-soluciones-para-la-gestion-de-residuos-de-las-baterias-en-la-transicion-energetica\/\" class=\"evento-boton\"><button>Saber-ne m\u00e9s<\/button><\/a><\/div><\/div><div class=\"evento-item-finalitzat\"><div><p class=\"evento-fecha\">19\/05\/2025<\/p><a href=\"https:\/\/www.crec.cat\/es\/esdeveniment\/subgrupo-de-trabajo-de-bioresiduos\/\"><h2 class=\"event-titol\">Subgrupo de Trabajo de Bioresiduos<\/h2><\/a><p class=\"evento-excerpt\">Participa en esta sesi\u00f3n online del Subgrupo de Trabajo de Bioresiduos que organizamos el pr\u00f3ximo 19 de mayo, y donde continuaremos con la l\u00ednea de trabajo que hemos estado desarrollando en el \u00e1mbito de los fangos.<\/p><\/div><div><a href=\"https:\/\/www.crec.cat\/es\/esdeveniment\/subgrupo-de-trabajo-de-bioresiduos\/\" class=\"evento-boton\"><button>Saber-ne m\u00e9s<\/button><\/a><\/div><\/div><div class=\"evento-item-finalitzat\"><div><p class=\"evento-fecha\">13\/05\/2025<\/p><a href=\"https:\/\/www.crec.cat\/es\/esdeveniment\/convocada-la-asamblea-ordinaria-y-extraordinaria-del-crec\/\"><h2 class=\"event-titol\">Convocada la Asamblea Ordinaria y Extraordinaria del CREC<\/h2><\/a><p class=\"evento-excerpt\">El pr\u00f3ximo 13 de mayo de 2025 est\u00e1 convocada la Asamblea General Ordinaria y Extraordinaria del CREC, Cl\u00faster de Residuos de Catalu\u00f1a.\r\nConfirma tu asistencia a trav\u00e9s del formulario, \u00a1te esperamos!<\/p><\/div><div><a href=\"https:\/\/www.crec.cat\/es\/esdeveniment\/convocada-la-asamblea-ordinaria-y-extraordinaria-del-crec\/\" class=\"evento-boton\"><button>Saber-ne m\u00e9s<\/button><\/a><\/div><\/div><div class=\"evento-item-finalitzat\"><div><p class=\"evento-fecha\">06\/05\/2025<\/p><a href=\"https:\/\/www.crec.cat\/es\/esdeveniment\/grupo-de-trabajo-de-trazabilidad\/\"><h2 class=\"event-titol\">Grupo de Trabajo de Trazabilidad<\/h2><\/a><p class=\"evento-excerpt\">El pr\u00f3ximo 6 de mayo tendr\u00e1 lugar una nueva sesi\u00f3n del grupo de trabajo de trazabilidad. Aqu\u00ed puedes ver la agenda detallada de la jornada.\r\n<\/p><\/div><div><a href=\"https:\/\/www.crec.cat\/es\/esdeveniment\/grupo-de-trabajo-de-trazabilidad\/\" class=\"evento-boton\"><button>Saber-ne m\u00e9s<\/button><\/a><\/div><\/div><div class=\"evento-item-finalitzat\"><div><p class=\"evento-fecha\">22\/03\/2025<\/p><a href=\"https:\/\/www.crec.cat\/es\/esdeveniment\/ultra-clean-marathon-2025-crec-team\/\"><h2 class=\"event-titol\">Ultra Clean Marathon 2025 &#8211; CREC Team<\/h2><\/a><p class=\"evento-excerpt\">We are organizing a team of CREC runners to participate in the Ultra Clean Marathon 2025!<\/p><\/div><div><a href=\"https:\/\/www.crec.cat\/es\/esdeveniment\/ultra-clean-marathon-2025-crec-team\/\" class=\"evento-boton\"><button>Saber-ne m\u00e9s<\/button><\/a><\/div><\/div><\/div><\/div>\n\t\t\t\t\t\t<\/div>\n\t\t\t\t<\/div>\n\t\t\t\t<div class=\"elementor-element elementor-element-af9a561 elementor-grid-5 elementor-grid-laptop-3 elementor-hidden-desktop elementor-hidden-laptop elementor-hidden-tablet elementor-hidden-mobile elementor-grid-tablet-2 elementor-grid-mobile-1 elementor-widget elementor-widget-loop-grid\" data-id=\"af9a561\" data-element_type=\"widget\" data-e-type=\"widget\" data-settings=\"{&quot;template_id&quot;:4772,&quot;columns&quot;:5,&quot;row_gap&quot;:{&quot;unit&quot;:&quot;px&quot;,&quot;size&quot;:10,&quot;sizes&quot;:[]},&quot;columns_laptop&quot;:3,&quot;row_gap_laptop&quot;:{&quot;unit&quot;:&quot;px&quot;,&quot;size&quot;:15,&quot;sizes&quot;:[]},&quot;row_gap_tablet&quot;:{&quot;unit&quot;:&quot;px&quot;,&quot;size&quot;:20,&quot;sizes&quot;:[]},&quot;_skin&quot;:&quot;post&quot;,&quot;columns_tablet&quot;:&quot;2&quot;,&quot;columns_mobile&quot;:&quot;1&quot;,&quot;edit_handle_selector&quot;:&quot;[data-elementor-type=\\&quot;loop-item\\&quot;]&quot;,&quot;row_gap_mobile&quot;:{&quot;unit&quot;:&quot;px&quot;,&quot;size&quot;:&quot;&quot;,&quot;sizes&quot;:[]}}\" data-widget_type=\"loop-grid.post\">\n\t\t\t\t<div class=\"elementor-widget-container\">\n\t\t\t\t\t\t\t<div class=\"elementor-loop-container elementor-grid\" role=\"list\">\n\t\t\t\t<div data-elementor-type=\"loop-item\" data-elementor-id=\"4772\" class=\"elementor elementor-4772 elementor-770 elementor-770 e-loop-item e-loop-item-4508 post-4508 tribe_events type-tribe_events status-publish has-post-thumbnail hentry tribe_events_cat-ended tribe_events_cat-finalitzat cat_ended cat_finalitzat\" data-elementor-post-type=\"elementor_library\" data-custom-edit-handle=\"1\">\n\t\t\t<div data-particle_enable=\"false\" data-particle-mobile-disabled=\"false\" class=\"elementor-element elementor-element-76925ce e-con-full e-flex e-con e-parent\" data-id=\"76925ce\" data-element_type=\"container\" data-e-type=\"container\" data-settings=\"{&quot;background_background&quot;:&quot;classic&quot;}\">\n\t\t<div data-particle_enable=\"false\" data-particle-mobile-disabled=\"false\" class=\"elementor-element elementor-element-d7878f8 e-con-full e-flex e-con e-child\" data-id=\"d7878f8\" data-element_type=\"container\" data-e-type=\"container\">\n\t\t<div data-particle_enable=\"false\" data-particle-mobile-disabled=\"false\" class=\"elementor-element elementor-element-71f56a0 e-con-full e-flex e-con e-child\" data-id=\"71f56a0\" data-element_type=\"container\" data-e-type=\"container\">\n\t\t\t\t<div class=\"elementor-element elementor-element-3f076d5 elementor-widget elementor-widget-tec_events_elementor_widget_event_datetime\" data-id=\"3f076d5\" data-element_type=\"widget\" data-e-type=\"widget\" data-widget_type=\"tec_events_elementor_widget_event_datetime.default\">\n\t\t\t\t<div class=\"elementor-widget-container\">\n\t\t\t\t\t<div  class=\"tec-events-elementor-event-widget__datetime-wrapper\" >\n\t\t<div  class=\"tec-events-elementor-event-widget__datetime\" >\n\t\t\t<span  class=\"tec-events-elementor-event-widget__datetime-date tec-events-elementor-event-widget__datetime-date--start\" >22\/03\/25<\/span>\n\n\t\t\n\n\n\t<\/div><\/div>\n\t\t\t\t<\/div>\n\t\t\t\t<\/div>\n\t\t\t\t<\/div>\n\t\t<div data-particle_enable=\"false\" data-particle-mobile-disabled=\"false\" class=\"elementor-element elementor-element-a668f6e e-con-full e-flex e-con e-child\" data-id=\"a668f6e\" data-element_type=\"container\" data-e-type=\"container\">\n\t\t\t\t<div class=\"elementor-element elementor-element-c2a2ad6 elementor-widget elementor-widget-heading\" data-id=\"c2a2ad6\" data-element_type=\"widget\" data-e-type=\"widget\" data-widget_type=\"heading.default\">\n\t\t\t\t<div class=\"elementor-widget-container\">\n\t\t\t\t\t<h2 class=\"elementor-heading-title elementor-size-default\"><a href=\"https:\/\/www.crec.cat\/es\/esdeveniment\/ultra-clean-marathon-2025-crec-team\/\">Ultra Clean Marathon 2025 &#8211; CREC Team<\/a><\/h2>\t\t\t\t<\/div>\n\t\t\t\t<\/div>\n\t\t\t\t<div class=\"elementor-element elementor-element-bf96c84 elementor-widget elementor-widget-theme-post-excerpt\" data-id=\"bf96c84\" data-element_type=\"widget\" data-e-type=\"widget\" data-widget_type=\"theme-post-excerpt.default\">\n\t\t\t\t<div class=\"elementor-widget-container\">\n\t\t\t\t\tWe are organizing a team of CREC runners to participate in the Ultra Clean Marathon 2025!\t\t\t\t<\/div>\n\t\t\t\t<\/div>\n\t\t\t\t<\/div>\n\t\t\t\t<\/div>\n\t\t<div data-particle_enable=\"false\" data-particle-mobile-disabled=\"false\" class=\"elementor-element elementor-element-493f6d7 e-con-full e-flex e-con e-child\" data-id=\"493f6d7\" data-element_type=\"container\" data-e-type=\"container\">\n\t\t\t\t<div class=\"elementor-element elementor-element-e430ed7 elementor-widget elementor-widget-button\" data-id=\"e430ed7\" data-element_type=\"widget\" data-e-type=\"widget\" data-widget_type=\"button.default\">\n\t\t\t\t<div class=\"elementor-widget-container\">\n\t\t\t\t\t\t\t\t\t<div class=\"elementor-button-wrapper\">\n\t\t\t\t\t<a class=\"elementor-button elementor-button-link elementor-size-sm\" href=\"https:\/\/www.crec.cat\/es\/esdeveniment\/ultra-clean-marathon-2025-crec-team\/\">\n\t\t\t\t\t\t<span class=\"elementor-button-content-wrapper\">\n\t\t\t\t\t\t\t\t\t<span class=\"elementor-button-text\">Saber m\u00e1s<\/span>\n\t\t\t\t\t<\/span>\n\t\t\t\t\t<\/a>\n\t\t\t\t<\/div>\n\t\t\t\t\t\t\t\t<\/div>\n\t\t\t\t<\/div>\n\t\t\t\t<\/div>\n\t\t\t\t<\/div>\n\t\t\t\t<\/div>\n\t\t\t\t<div data-elementor-type=\"loop-item\" data-elementor-id=\"4772\" class=\"elementor elementor-4772 elementor-770 elementor-770 e-loop-item e-loop-item-5261 post-5261 tribe_events type-tribe_events status-publish has-post-thumbnail hentry tribe_events_cat-ended tribe_events_cat-finalitzat cat_ended cat_finalitzat\" data-elementor-post-type=\"elementor_library\" data-custom-edit-handle=\"1\">\n\t\t\t<div data-particle_enable=\"false\" data-particle-mobile-disabled=\"false\" class=\"elementor-element elementor-element-76925ce e-con-full e-flex e-con e-parent\" data-id=\"76925ce\" data-element_type=\"container\" data-e-type=\"container\" data-settings=\"{&quot;background_background&quot;:&quot;classic&quot;}\">\n\t\t<div data-particle_enable=\"false\" data-particle-mobile-disabled=\"false\" class=\"elementor-element elementor-element-d7878f8 e-con-full e-flex e-con e-child\" data-id=\"d7878f8\" data-element_type=\"container\" data-e-type=\"container\">\n\t\t<div data-particle_enable=\"false\" data-particle-mobile-disabled=\"false\" class=\"elementor-element elementor-element-71f56a0 e-con-full e-flex e-con e-child\" data-id=\"71f56a0\" data-element_type=\"container\" data-e-type=\"container\">\n\t\t\t\t<div class=\"elementor-element elementor-element-3f076d5 elementor-widget elementor-widget-tec_events_elementor_widget_event_datetime\" data-id=\"3f076d5\" data-element_type=\"widget\" data-e-type=\"widget\" data-widget_type=\"tec_events_elementor_widget_event_datetime.default\">\n\t\t\t\t<div class=\"elementor-widget-container\">\n\t\t\t\t\t<div  class=\"tec-events-elementor-event-widget__datetime-wrapper\" >\n\t\t<div  class=\"tec-events-elementor-event-widget__datetime\" >\n\t\t\t<span  class=\"tec-events-elementor-event-widget__datetime-date tec-events-elementor-event-widget__datetime-date--start\" >06\/05\/25<\/span>\n\n\t\t\n\n\n\t<\/div><\/div>\n\t\t\t\t<\/div>\n\t\t\t\t<\/div>\n\t\t\t\t<\/div>\n\t\t<div data-particle_enable=\"false\" data-particle-mobile-disabled=\"false\" class=\"elementor-element elementor-element-a668f6e e-con-full e-flex e-con e-child\" data-id=\"a668f6e\" data-element_type=\"container\" data-e-type=\"container\">\n\t\t\t\t<div class=\"elementor-element elementor-element-c2a2ad6 elementor-widget elementor-widget-heading\" data-id=\"c2a2ad6\" data-element_type=\"widget\" data-e-type=\"widget\" data-widget_type=\"heading.default\">\n\t\t\t\t<div class=\"elementor-widget-container\">\n\t\t\t\t\t<h2 class=\"elementor-heading-title elementor-size-default\"><a href=\"https:\/\/www.crec.cat\/es\/esdeveniment\/grupo-de-trabajo-de-trazabilidad\/\">Grupo de Trabajo de Trazabilidad<\/a><\/h2>\t\t\t\t<\/div>\n\t\t\t\t<\/div>\n\t\t\t\t<div class=\"elementor-element elementor-element-bf96c84 elementor-widget elementor-widget-theme-post-excerpt\" data-id=\"bf96c84\" data-element_type=\"widget\" data-e-type=\"widget\" data-widget_type=\"theme-post-excerpt.default\">\n\t\t\t\t<div class=\"elementor-widget-container\">\n\t\t\t\t\tEl pr\u00f3ximo 6 de mayo tendr\u00e1 lugar una nueva sesi\u00f3n del grupo de trabajo de trazabilidad. Aqu\u00ed puedes ver la agenda detallada de la jornada.\r\n\t\t\t\t<\/div>\n\t\t\t\t<\/div>\n\t\t\t\t<\/div>\n\t\t\t\t<\/div>\n\t\t<div data-particle_enable=\"false\" data-particle-mobile-disabled=\"false\" class=\"elementor-element elementor-element-493f6d7 e-con-full e-flex e-con e-child\" data-id=\"493f6d7\" data-element_type=\"container\" data-e-type=\"container\">\n\t\t\t\t<div class=\"elementor-element elementor-element-e430ed7 elementor-widget elementor-widget-button\" data-id=\"e430ed7\" data-element_type=\"widget\" data-e-type=\"widget\" data-widget_type=\"button.default\">\n\t\t\t\t<div class=\"elementor-widget-container\">\n\t\t\t\t\t\t\t\t\t<div class=\"elementor-button-wrapper\">\n\t\t\t\t\t<a class=\"elementor-button elementor-button-link elementor-size-sm\" href=\"https:\/\/www.crec.cat\/es\/esdeveniment\/grupo-de-trabajo-de-trazabilidad\/\">\n\t\t\t\t\t\t<span class=\"elementor-button-content-wrapper\">\n\t\t\t\t\t\t\t\t\t<span class=\"elementor-button-text\">Saber m\u00e1s<\/span>\n\t\t\t\t\t<\/span>\n\t\t\t\t\t<\/a>\n\t\t\t\t<\/div>\n\t\t\t\t\t\t\t\t<\/div>\n\t\t\t\t<\/div>\n\t\t\t\t<\/div>\n\t\t\t\t<\/div>\n\t\t\t\t<\/div>\n\t\t\t\t<div data-elementor-type=\"loop-item\" data-elementor-id=\"4772\" class=\"elementor elementor-4772 elementor-770 elementor-770 e-loop-item e-loop-item-5263 post-5263 tribe_events type-tribe_events status-publish has-post-thumbnail hentry tribe_events_cat-ended tribe_events_cat-finalitzat cat_ended cat_finalitzat\" data-elementor-post-type=\"elementor_library\" data-custom-edit-handle=\"1\">\n\t\t\t<div data-particle_enable=\"false\" data-particle-mobile-disabled=\"false\" class=\"elementor-element elementor-element-76925ce e-con-full e-flex e-con e-parent\" data-id=\"76925ce\" data-element_type=\"container\" data-e-type=\"container\" data-settings=\"{&quot;background_background&quot;:&quot;classic&quot;}\">\n\t\t<div data-particle_enable=\"false\" data-particle-mobile-disabled=\"false\" class=\"elementor-element elementor-element-d7878f8 e-con-full e-flex e-con e-child\" data-id=\"d7878f8\" data-element_type=\"container\" data-e-type=\"container\">\n\t\t<div data-particle_enable=\"false\" data-particle-mobile-disabled=\"false\" class=\"elementor-element elementor-element-71f56a0 e-con-full e-flex e-con e-child\" data-id=\"71f56a0\" data-element_type=\"container\" data-e-type=\"container\">\n\t\t\t\t<div class=\"elementor-element elementor-element-3f076d5 elementor-widget elementor-widget-tec_events_elementor_widget_event_datetime\" data-id=\"3f076d5\" data-element_type=\"widget\" data-e-type=\"widget\" data-widget_type=\"tec_events_elementor_widget_event_datetime.default\">\n\t\t\t\t<div class=\"elementor-widget-container\">\n\t\t\t\t\t<div  class=\"tec-events-elementor-event-widget__datetime-wrapper\" >\n\t\t<div  class=\"tec-events-elementor-event-widget__datetime\" >\n\t\t\t<span  class=\"tec-events-elementor-event-widget__datetime-date tec-events-elementor-event-widget__datetime-date--start\" >19\/05\/25<\/span>\n\n\t\t\n\n\n\t<\/div><\/div>\n\t\t\t\t<\/div>\n\t\t\t\t<\/div>\n\t\t\t\t<\/div>\n\t\t<div data-particle_enable=\"false\" data-particle-mobile-disabled=\"false\" class=\"elementor-element elementor-element-a668f6e e-con-full e-flex e-con e-child\" data-id=\"a668f6e\" data-element_type=\"container\" data-e-type=\"container\">\n\t\t\t\t<div class=\"elementor-element elementor-element-c2a2ad6 elementor-widget elementor-widget-heading\" data-id=\"c2a2ad6\" data-element_type=\"widget\" data-e-type=\"widget\" data-widget_type=\"heading.default\">\n\t\t\t\t<div class=\"elementor-widget-container\">\n\t\t\t\t\t<h2 class=\"elementor-heading-title elementor-size-default\"><a href=\"https:\/\/www.crec.cat\/es\/esdeveniment\/subgrupo-de-trabajo-de-bioresiduos\/\">Subgrupo de Trabajo de Bioresiduos<\/a><\/h2>\t\t\t\t<\/div>\n\t\t\t\t<\/div>\n\t\t\t\t<div class=\"elementor-element elementor-element-bf96c84 elementor-widget elementor-widget-theme-post-excerpt\" data-id=\"bf96c84\" data-element_type=\"widget\" data-e-type=\"widget\" data-widget_type=\"theme-post-excerpt.default\">\n\t\t\t\t<div class=\"elementor-widget-container\">\n\t\t\t\t\tParticipa en esta sesi\u00f3n online del Subgrupo de Trabajo de Bioresiduos que organizamos el pr\u00f3ximo 19 de mayo, y donde continuaremos con la l\u00ednea de trabajo que hemos estado desarrollando en el \u00e1mbito de los fangos.\t\t\t\t<\/div>\n\t\t\t\t<\/div>\n\t\t\t\t<\/div>\n\t\t\t\t<\/div>\n\t\t<div data-particle_enable=\"false\" data-particle-mobile-disabled=\"false\" class=\"elementor-element elementor-element-493f6d7 e-con-full e-flex e-con e-child\" data-id=\"493f6d7\" data-element_type=\"container\" data-e-type=\"container\">\n\t\t\t\t<div class=\"elementor-element elementor-element-e430ed7 elementor-widget elementor-widget-button\" data-id=\"e430ed7\" data-element_type=\"widget\" data-e-type=\"widget\" data-widget_type=\"button.default\">\n\t\t\t\t<div class=\"elementor-widget-container\">\n\t\t\t\t\t\t\t\t\t<div class=\"elementor-button-wrapper\">\n\t\t\t\t\t<a class=\"elementor-button elementor-button-link elementor-size-sm\" href=\"https:\/\/www.crec.cat\/es\/esdeveniment\/subgrupo-de-trabajo-de-bioresiduos\/\">\n\t\t\t\t\t\t<span class=\"elementor-button-content-wrapper\">\n\t\t\t\t\t\t\t\t\t<span class=\"elementor-button-text\">Saber m\u00e1s<\/span>\n\t\t\t\t\t<\/span>\n\t\t\t\t\t<\/a>\n\t\t\t\t<\/div>\n\t\t\t\t\t\t\t\t<\/div>\n\t\t\t\t<\/div>\n\t\t\t\t<\/div>\n\t\t\t\t<\/div>\n\t\t\t\t<\/div>\n\t\t\t\t<div data-elementor-type=\"loop-item\" data-elementor-id=\"4772\" class=\"elementor elementor-4772 elementor-770 elementor-770 e-loop-item e-loop-item-5262 post-5262 tribe_events type-tribe_events status-publish has-post-thumbnail hentry tribe_events_cat-ended tribe_events_cat-finalitzat cat_ended cat_finalitzat\" data-elementor-post-type=\"elementor_library\" data-custom-edit-handle=\"1\">\n\t\t\t<div data-particle_enable=\"false\" data-particle-mobile-disabled=\"false\" class=\"elementor-element elementor-element-76925ce e-con-full e-flex e-con e-parent\" data-id=\"76925ce\" data-element_type=\"container\" data-e-type=\"container\" data-settings=\"{&quot;background_background&quot;:&quot;classic&quot;}\">\n\t\t<div data-particle_enable=\"false\" data-particle-mobile-disabled=\"false\" class=\"elementor-element elementor-element-d7878f8 e-con-full e-flex e-con e-child\" data-id=\"d7878f8\" data-element_type=\"container\" data-e-type=\"container\">\n\t\t<div data-particle_enable=\"false\" data-particle-mobile-disabled=\"false\" class=\"elementor-element elementor-element-71f56a0 e-con-full e-flex e-con e-child\" data-id=\"71f56a0\" data-element_type=\"container\" data-e-type=\"container\">\n\t\t\t\t<div class=\"elementor-element elementor-element-3f076d5 elementor-widget elementor-widget-tec_events_elementor_widget_event_datetime\" data-id=\"3f076d5\" data-element_type=\"widget\" data-e-type=\"widget\" data-widget_type=\"tec_events_elementor_widget_event_datetime.default\">\n\t\t\t\t<div class=\"elementor-widget-container\">\n\t\t\t\t\t<div  class=\"tec-events-elementor-event-widget__datetime-wrapper\" >\n\t\t<div  class=\"tec-events-elementor-event-widget__datetime\" >\n\t\t\t<span  class=\"tec-events-elementor-event-widget__datetime-date tec-events-elementor-event-widget__datetime-date--start\" >13\/05\/25<\/span>\n\n\t\t\n\n\n\t<\/div><\/div>\n\t\t\t\t<\/div>\n\t\t\t\t<\/div>\n\t\t\t\t<\/div>\n\t\t<div data-particle_enable=\"false\" data-particle-mobile-disabled=\"false\" class=\"elementor-element elementor-element-a668f6e e-con-full e-flex e-con e-child\" data-id=\"a668f6e\" data-element_type=\"container\" data-e-type=\"container\">\n\t\t\t\t<div class=\"elementor-element elementor-element-c2a2ad6 elementor-widget elementor-widget-heading\" data-id=\"c2a2ad6\" data-element_type=\"widget\" data-e-type=\"widget\" data-widget_type=\"heading.default\">\n\t\t\t\t<div class=\"elementor-widget-container\">\n\t\t\t\t\t<h2 class=\"elementor-heading-title elementor-size-default\"><a href=\"https:\/\/www.crec.cat\/es\/esdeveniment\/convocada-la-asamblea-ordinaria-y-extraordinaria-del-crec\/\">Convocada la Asamblea Ordinaria y Extraordinaria del CREC<\/a><\/h2>\t\t\t\t<\/div>\n\t\t\t\t<\/div>\n\t\t\t\t<div class=\"elementor-element elementor-element-bf96c84 elementor-widget elementor-widget-theme-post-excerpt\" data-id=\"bf96c84\" data-element_type=\"widget\" data-e-type=\"widget\" data-widget_type=\"theme-post-excerpt.default\">\n\t\t\t\t<div class=\"elementor-widget-container\">\n\t\t\t\t\tEl pr\u00f3ximo 13 de mayo de 2025 est\u00e1 convocada la Asamblea General Ordinaria y Extraordinaria del CREC, Cl\u00faster de Residuos de Catalu\u00f1a.\r\nConfirma tu asistencia a trav\u00e9s del formulario, \u00a1te esperamos!\t\t\t\t<\/div>\n\t\t\t\t<\/div>\n\t\t\t\t<\/div>\n\t\t\t\t<\/div>\n\t\t<div data-particle_enable=\"false\" data-particle-mobile-disabled=\"false\" class=\"elementor-element elementor-element-493f6d7 e-con-full e-flex e-con e-child\" data-id=\"493f6d7\" data-element_type=\"container\" data-e-type=\"container\">\n\t\t\t\t<div class=\"elementor-element elementor-element-e430ed7 elementor-widget elementor-widget-button\" data-id=\"e430ed7\" data-element_type=\"widget\" data-e-type=\"widget\" data-widget_type=\"button.default\">\n\t\t\t\t<div class=\"elementor-widget-container\">\n\t\t\t\t\t\t\t\t\t<div class=\"elementor-button-wrapper\">\n\t\t\t\t\t<a class=\"elementor-button elementor-button-link elementor-size-sm\" href=\"https:\/\/www.crec.cat\/es\/esdeveniment\/convocada-la-asamblea-ordinaria-y-extraordinaria-del-crec\/\">\n\t\t\t\t\t\t<span class=\"elementor-button-content-wrapper\">\n\t\t\t\t\t\t\t\t\t<span class=\"elementor-button-text\">Saber m\u00e1s<\/span>\n\t\t\t\t\t<\/span>\n\t\t\t\t\t<\/a>\n\t\t\t\t<\/div>\n\t\t\t\t\t\t\t\t<\/div>\n\t\t\t\t<\/div>\n\t\t\t\t<\/div>\n\t\t\t\t<\/div>\n\t\t\t\t<\/div>\n\t\t\t\t<div data-elementor-type=\"loop-item\" data-elementor-id=\"4772\" class=\"elementor elementor-4772 elementor-770 elementor-770 e-loop-item e-loop-item-5264 post-5264 tribe_events type-tribe_events status-publish has-post-thumbnail hentry tribe_events_cat-ended tribe_events_cat-finalitzat cat_ended cat_finalitzat\" data-elementor-post-type=\"elementor_library\" data-custom-edit-handle=\"1\">\n\t\t\t<div data-particle_enable=\"false\" data-particle-mobile-disabled=\"false\" class=\"elementor-element elementor-element-76925ce e-con-full e-flex e-con e-parent\" data-id=\"76925ce\" data-element_type=\"container\" data-e-type=\"container\" data-settings=\"{&quot;background_background&quot;:&quot;classic&quot;}\">\n\t\t<div data-particle_enable=\"false\" data-particle-mobile-disabled=\"false\" class=\"elementor-element elementor-element-d7878f8 e-con-full e-flex e-con e-child\" data-id=\"d7878f8\" data-element_type=\"container\" data-e-type=\"container\">\n\t\t<div data-particle_enable=\"false\" data-particle-mobile-disabled=\"false\" class=\"elementor-element elementor-element-71f56a0 e-con-full e-flex e-con e-child\" data-id=\"71f56a0\" data-element_type=\"container\" data-e-type=\"container\">\n\t\t\t\t<div class=\"elementor-element elementor-element-3f076d5 elementor-widget elementor-widget-tec_events_elementor_widget_event_datetime\" data-id=\"3f076d5\" data-element_type=\"widget\" data-e-type=\"widget\" data-widget_type=\"tec_events_elementor_widget_event_datetime.default\">\n\t\t\t\t<div class=\"elementor-widget-container\">\n\t\t\t\t\t<div  class=\"tec-events-elementor-event-widget__datetime-wrapper\" >\n\t\t<div  class=\"tec-events-elementor-event-widget__datetime\" >\n\t\t\t<span  class=\"tec-events-elementor-event-widget__datetime-date tec-events-elementor-event-widget__datetime-date--start\" >28\/05\/25<\/span>\n\n\t\t\n\n\n\t<\/div><\/div>\n\t\t\t\t<\/div>\n\t\t\t\t<\/div>\n\t\t\t\t<\/div>\n\t\t<div data-particle_enable=\"false\" data-particle-mobile-disabled=\"false\" class=\"elementor-element elementor-element-a668f6e e-con-full e-flex e-con e-child\" data-id=\"a668f6e\" data-element_type=\"container\" data-e-type=\"container\">\n\t\t\t\t<div class=\"elementor-element elementor-element-c2a2ad6 elementor-widget elementor-widget-heading\" data-id=\"c2a2ad6\" data-element_type=\"widget\" data-e-type=\"widget\" data-widget_type=\"heading.default\">\n\t\t\t\t<div class=\"elementor-widget-container\">\n\t\t\t\t\t<h2 class=\"elementor-heading-title elementor-size-default\"><a href=\"https:\/\/www.crec.cat\/es\/esdeveniment\/webinar-soluciones-para-la-gestion-de-residuos-de-las-baterias-en-la-transicion-energetica\/\">Webinar: Soluciones para la gesti\u00f3n de residuos de las bater\u00edas en la transici\u00f3n energ\u00e9tica<\/a><\/h2>\t\t\t\t<\/div>\n\t\t\t\t<\/div>\n\t\t\t\t<div class=\"elementor-element elementor-element-bf96c84 elementor-widget elementor-widget-theme-post-excerpt\" data-id=\"bf96c84\" data-element_type=\"widget\" data-e-type=\"widget\" data-widget_type=\"theme-post-excerpt.default\">\n\t\t\t\t<div class=\"elementor-widget-container\">\n\t\t\t\t\tInscr\u00edbete ya en esta sesi\u00f3n online donde trataremos la gesti\u00f3n de residuos emergentes de la transici\u00f3n energ\u00e9tica, con especial foco en las bater\u00edas.\r\n\t\t\t\t<\/div>\n\t\t\t\t<\/div>\n\t\t\t\t<\/div>\n\t\t\t\t<\/div>\n\t\t<div data-particle_enable=\"false\" data-particle-mobile-disabled=\"false\" class=\"elementor-element elementor-element-493f6d7 e-con-full e-flex e-con e-child\" data-id=\"493f6d7\" data-element_type=\"container\" data-e-type=\"container\">\n\t\t\t\t<div class=\"elementor-element elementor-element-e430ed7 elementor-widget elementor-widget-button\" data-id=\"e430ed7\" data-element_type=\"widget\" data-e-type=\"widget\" data-widget_type=\"button.default\">\n\t\t\t\t<div class=\"elementor-widget-container\">\n\t\t\t\t\t\t\t\t\t<div class=\"elementor-button-wrapper\">\n\t\t\t\t\t<a class=\"elementor-button elementor-button-link elementor-size-sm\" href=\"https:\/\/www.crec.cat\/es\/esdeveniment\/webinar-soluciones-para-la-gestion-de-residuos-de-las-baterias-en-la-transicion-energetica\/\">\n\t\t\t\t\t\t<span class=\"elementor-button-content-wrapper\">\n\t\t\t\t\t\t\t\t\t<span class=\"elementor-button-text\">Saber m\u00e1s<\/span>\n\t\t\t\t\t<\/span>\n\t\t\t\t\t<\/a>\n\t\t\t\t<\/div>\n\t\t\t\t\t\t\t\t<\/div>\n\t\t\t\t<\/div>\n\t\t\t\t<\/div>\n\t\t\t\t<\/div>\n\t\t\t\t<\/div>\n\t\t\t\t<div data-elementor-type=\"loop-item\" data-elementor-id=\"4772\" class=\"elementor elementor-4772 elementor-770 elementor-770 e-loop-item e-loop-item-5266 post-5266 tribe_events type-tribe_events status-publish has-post-thumbnail hentry tribe_events_cat-ended tribe_events_cat-finalitzat cat_ended cat_finalitzat\" data-elementor-post-type=\"elementor_library\" data-custom-edit-handle=\"1\">\n\t\t\t<div data-particle_enable=\"false\" data-particle-mobile-disabled=\"false\" class=\"elementor-element elementor-element-76925ce e-con-full e-flex e-con e-parent\" data-id=\"76925ce\" data-element_type=\"container\" data-e-type=\"container\" data-settings=\"{&quot;background_background&quot;:&quot;classic&quot;}\">\n\t\t<div data-particle_enable=\"false\" data-particle-mobile-disabled=\"false\" class=\"elementor-element elementor-element-d7878f8 e-con-full e-flex e-con e-child\" data-id=\"d7878f8\" data-element_type=\"container\" data-e-type=\"container\">\n\t\t<div data-particle_enable=\"false\" data-particle-mobile-disabled=\"false\" class=\"elementor-element elementor-element-71f56a0 e-con-full e-flex e-con e-child\" data-id=\"71f56a0\" data-element_type=\"container\" data-e-type=\"container\">\n\t\t\t\t<div class=\"elementor-element elementor-element-3f076d5 elementor-widget elementor-widget-tec_events_elementor_widget_event_datetime\" data-id=\"3f076d5\" data-element_type=\"widget\" data-e-type=\"widget\" data-widget_type=\"tec_events_elementor_widget_event_datetime.default\">\n\t\t\t\t<div class=\"elementor-widget-container\">\n\t\t\t\t\t<div  class=\"tec-events-elementor-event-widget__datetime-wrapper\" >\n\t\t<div  class=\"tec-events-elementor-event-widget__datetime\" >\n\t\t\t<span  class=\"tec-events-elementor-event-widget__datetime-date tec-events-elementor-event-widget__datetime-date--start\" >20\/06\/25<\/span>\n\n\t\t\n\n\n\t<\/div><\/div>\n\t\t\t\t<\/div>\n\t\t\t\t<\/div>\n\t\t\t\t<\/div>\n\t\t<div data-particle_enable=\"false\" data-particle-mobile-disabled=\"false\" class=\"elementor-element elementor-element-a668f6e e-con-full e-flex e-con e-child\" data-id=\"a668f6e\" data-element_type=\"container\" data-e-type=\"container\">\n\t\t\t\t<div class=\"elementor-element elementor-element-c2a2ad6 elementor-widget elementor-widget-heading\" data-id=\"c2a2ad6\" data-element_type=\"widget\" data-e-type=\"widget\" data-widget_type=\"heading.default\">\n\t\t\t\t<div class=\"elementor-widget-container\">\n\t\t\t\t\t<h2 class=\"elementor-heading-title elementor-size-default\"><a href=\"https:\/\/www.crec.cat\/es\/esdeveniment\/visitamos-al-socio-hercal-nueva-fecha\/\">Visitamos al socio: HERCAL (\u00a1Nueva fecha!)<\/a><\/h2>\t\t\t\t<\/div>\n\t\t\t\t<\/div>\n\t\t\t\t<div class=\"elementor-element elementor-element-bf96c84 elementor-widget elementor-widget-theme-post-excerpt\" data-id=\"bf96c84\" data-element_type=\"widget\" data-e-type=\"widget\" data-widget_type=\"theme-post-excerpt.default\">\n\t\t\t\t<div class=\"elementor-widget-container\">\n\t\t\t\t\tEl pr\u00f3ximo 20 de junio visitaremos a nuestro socio, la empresa Hercal, en sus instalaciones ubicadas en Terrassa. Acomp\u00e1\u00f1anos a visitar su planta de valorizaci\u00f3n de residuos de la construcci\u00f3n Hercal Zero, la primera del pa\u00eds dedicada a la valorizaci\u00f3n y lavado de residuos procedentes de la construcci\u00f3n, excavaci\u00f3n y demolici\u00f3n.\t\t\t\t<\/div>\n\t\t\t\t<\/div>\n\t\t\t\t<\/div>\n\t\t\t\t<\/div>\n\t\t<div data-particle_enable=\"false\" data-particle-mobile-disabled=\"false\" class=\"elementor-element elementor-element-493f6d7 e-con-full e-flex e-con e-child\" data-id=\"493f6d7\" data-element_type=\"container\" data-e-type=\"container\">\n\t\t\t\t<div class=\"elementor-element elementor-element-e430ed7 elementor-widget elementor-widget-button\" data-id=\"e430ed7\" data-element_type=\"widget\" data-e-type=\"widget\" data-widget_type=\"button.default\">\n\t\t\t\t<div class=\"elementor-widget-container\">\n\t\t\t\t\t\t\t\t\t<div class=\"elementor-button-wrapper\">\n\t\t\t\t\t<a class=\"elementor-button elementor-button-link elementor-size-sm\" href=\"https:\/\/www.crec.cat\/es\/esdeveniment\/visitamos-al-socio-hercal-nueva-fecha\/\">\n\t\t\t\t\t\t<span class=\"elementor-button-content-wrapper\">\n\t\t\t\t\t\t\t\t\t<span class=\"elementor-button-text\">Saber m\u00e1s<\/span>\n\t\t\t\t\t<\/span>\n\t\t\t\t\t<\/a>\n\t\t\t\t<\/div>\n\t\t\t\t\t\t\t\t<\/div>\n\t\t\t\t<\/div>\n\t\t\t\t<\/div>\n\t\t\t\t<\/div>\n\t\t\t\t<\/div>\n\t\t\t\t<div data-elementor-type=\"loop-item\" data-elementor-id=\"4772\" class=\"elementor elementor-4772 elementor-770 elementor-770 e-loop-item e-loop-item-5268 post-5268 tribe_events type-tribe_events status-publish has-post-thumbnail hentry tribe_events_cat-ended tribe_events_cat-finalitzat cat_ended cat_finalitzat\" data-elementor-post-type=\"elementor_library\" data-custom-edit-handle=\"1\">\n\t\t\t<div data-particle_enable=\"false\" data-particle-mobile-disabled=\"false\" class=\"elementor-element elementor-element-76925ce e-con-full e-flex e-con e-parent\" data-id=\"76925ce\" data-element_type=\"container\" data-e-type=\"container\" data-settings=\"{&quot;background_background&quot;:&quot;classic&quot;}\">\n\t\t<div data-particle_enable=\"false\" data-particle-mobile-disabled=\"false\" class=\"elementor-element elementor-element-d7878f8 e-con-full e-flex e-con e-child\" data-id=\"d7878f8\" data-element_type=\"container\" data-e-type=\"container\">\n\t\t<div data-particle_enable=\"false\" data-particle-mobile-disabled=\"false\" class=\"elementor-element elementor-element-71f56a0 e-con-full e-flex e-con e-child\" data-id=\"71f56a0\" data-element_type=\"container\" data-e-type=\"container\">\n\t\t\t\t<div class=\"elementor-element elementor-element-3f076d5 elementor-widget elementor-widget-tec_events_elementor_widget_event_datetime\" data-id=\"3f076d5\" data-element_type=\"widget\" data-e-type=\"widget\" data-widget_type=\"tec_events_elementor_widget_event_datetime.default\">\n\t\t\t\t<div class=\"elementor-widget-container\">\n\t\t\t\t\t<div  class=\"tec-events-elementor-event-widget__datetime-wrapper\" >\n\t\t<div  class=\"tec-events-elementor-event-widget__datetime\" >\n\t\t\t<span  class=\"tec-events-elementor-event-widget__datetime-date tec-events-elementor-event-widget__datetime-date--start\" >19\/06\/25<\/span>\n\n\t\t\n\n\n\t<\/div><\/div>\n\t\t\t\t<\/div>\n\t\t\t\t<\/div>\n\t\t\t\t<\/div>\n\t\t<div data-particle_enable=\"false\" data-particle-mobile-disabled=\"false\" class=\"elementor-element elementor-element-a668f6e e-con-full e-flex e-con e-child\" data-id=\"a668f6e\" data-element_type=\"container\" data-e-type=\"container\">\n\t\t\t\t<div class=\"elementor-element elementor-element-c2a2ad6 elementor-widget elementor-widget-heading\" data-id=\"c2a2ad6\" data-element_type=\"widget\" data-e-type=\"widget\" data-widget_type=\"heading.default\">\n\t\t\t\t<div class=\"elementor-widget-container\">\n\t\t\t\t\t<h2 class=\"elementor-heading-title elementor-size-default\"><a href=\"https:\/\/www.crec.cat\/es\/esdeveniment\/crec-cafe-conoce-a-los-nuevos-socios\/\">CREC Caf\u00e9: \u00a1conoce a los nuevos socios!<\/a><\/h2>\t\t\t\t<\/div>\n\t\t\t\t<\/div>\n\t\t\t\t<div class=\"elementor-element elementor-element-bf96c84 elementor-widget elementor-widget-theme-post-excerpt\" data-id=\"bf96c84\" data-element_type=\"widget\" data-e-type=\"widget\" data-widget_type=\"theme-post-excerpt.default\">\n\t\t\t\t<div class=\"elementor-widget-container\">\n\t\t\t\t\t\u00bfQuieres conocer las \u00faltimas adhesiones al CREC? Ven al pr\u00f3ximo CREC Caf\u00e9 donde se presentar\u00e1n los \u00faltimos socios que se han unido a nuestro Cl\u00faster.\t\t\t\t<\/div>\n\t\t\t\t<\/div>\n\t\t\t\t<\/div>\n\t\t\t\t<\/div>\n\t\t<div data-particle_enable=\"false\" data-particle-mobile-disabled=\"false\" class=\"elementor-element elementor-element-493f6d7 e-con-full e-flex e-con e-child\" data-id=\"493f6d7\" data-element_type=\"container\" data-e-type=\"container\">\n\t\t\t\t<div class=\"elementor-element elementor-element-e430ed7 elementor-widget elementor-widget-button\" data-id=\"e430ed7\" data-element_type=\"widget\" data-e-type=\"widget\" data-widget_type=\"button.default\">\n\t\t\t\t<div class=\"elementor-widget-container\">\n\t\t\t\t\t\t\t\t\t<div class=\"elementor-button-wrapper\">\n\t\t\t\t\t<a class=\"elementor-button elementor-button-link elementor-size-sm\" href=\"https:\/\/www.crec.cat\/es\/esdeveniment\/crec-cafe-conoce-a-los-nuevos-socios\/\">\n\t\t\t\t\t\t<span class=\"elementor-button-content-wrapper\">\n\t\t\t\t\t\t\t\t\t<span class=\"elementor-button-text\">Saber m\u00e1s<\/span>\n\t\t\t\t\t<\/span>\n\t\t\t\t\t<\/a>\n\t\t\t\t<\/div>\n\t\t\t\t\t\t\t\t<\/div>\n\t\t\t\t<\/div>\n\t\t\t\t<\/div>\n\t\t\t\t<\/div>\n\t\t\t\t<\/div>\n\t\t\t\t<div data-elementor-type=\"loop-item\" data-elementor-id=\"4772\" class=\"elementor elementor-4772 elementor-770 elementor-770 e-loop-item e-loop-item-5432 post-5432 tribe_events type-tribe_events status-publish has-post-thumbnail hentry tribe_events_cat-ended tribe_events_cat-finalitzat cat_ended cat_finalitzat\" data-elementor-post-type=\"elementor_library\" data-custom-edit-handle=\"1\">\n\t\t\t<div data-particle_enable=\"false\" data-particle-mobile-disabled=\"false\" class=\"elementor-element elementor-element-76925ce e-con-full e-flex e-con e-parent\" data-id=\"76925ce\" data-element_type=\"container\" data-e-type=\"container\" data-settings=\"{&quot;background_background&quot;:&quot;classic&quot;}\">\n\t\t<div data-particle_enable=\"false\" data-particle-mobile-disabled=\"false\" class=\"elementor-element elementor-element-d7878f8 e-con-full e-flex e-con e-child\" data-id=\"d7878f8\" data-element_type=\"container\" data-e-type=\"container\">\n\t\t<div data-particle_enable=\"false\" data-particle-mobile-disabled=\"false\" class=\"elementor-element elementor-element-71f56a0 e-con-full e-flex e-con e-child\" data-id=\"71f56a0\" data-element_type=\"container\" data-e-type=\"container\">\n\t\t\t\t<div class=\"elementor-element elementor-element-3f076d5 elementor-widget elementor-widget-tec_events_elementor_widget_event_datetime\" data-id=\"3f076d5\" data-element_type=\"widget\" data-e-type=\"widget\" data-widget_type=\"tec_events_elementor_widget_event_datetime.default\">\n\t\t\t\t<div class=\"elementor-widget-container\">\n\t\t\t\t\t<div  class=\"tec-events-elementor-event-widget__datetime-wrapper\" >\n\t\t<div  class=\"tec-events-elementor-event-widget__datetime\" >\n\t\t\t<span  class=\"tec-events-elementor-event-widget__datetime-date tec-events-elementor-event-widget__datetime-date--start\" >23\/09\/25<\/span>\n\n\t\t\n\n\n\t<\/div><\/div>\n\t\t\t\t<\/div>\n\t\t\t\t<\/div>\n\t\t\t\t<\/div>\n\t\t<div data-particle_enable=\"false\" data-particle-mobile-disabled=\"false\" class=\"elementor-element elementor-element-a668f6e e-con-full e-flex e-con e-child\" data-id=\"a668f6e\" data-element_type=\"container\" data-e-type=\"container\">\n\t\t\t\t<div class=\"elementor-element elementor-element-c2a2ad6 elementor-widget elementor-widget-heading\" data-id=\"c2a2ad6\" data-element_type=\"widget\" data-e-type=\"widget\" data-widget_type=\"heading.default\">\n\t\t\t\t<div class=\"elementor-widget-container\">\n\t\t\t\t\t<h2 class=\"elementor-heading-title elementor-size-default\"><a href=\"https:\/\/www.crec.cat\/es\/esdeveniment\/visitamos-al-socio-picvisa\/\">Visitamos al socio: PICVISA &#8211; PLAZAS AGOTADAS<\/a><\/h2>\t\t\t\t<\/div>\n\t\t\t\t<\/div>\n\t\t\t\t<div class=\"elementor-element elementor-element-bf96c84 elementor-widget elementor-widget-theme-post-excerpt\" data-id=\"bf96c84\" data-element_type=\"widget\" data-e-type=\"widget\" data-widget_type=\"theme-post-excerpt.default\">\n\t\t\t\t<div class=\"elementor-widget-container\">\n\t\t\t\t\t| ACTIVIDAD EXCLUSIVA PARA SOCIOS |\r\n\r\nEl pr\u00f3ximo 23 de septiembre visitaremos a nuestro socio PICVISA en sus instalaciones.\t\t\t\t<\/div>\n\t\t\t\t<\/div>\n\t\t\t\t<\/div>\n\t\t\t\t<\/div>\n\t\t<div data-particle_enable=\"false\" data-particle-mobile-disabled=\"false\" class=\"elementor-element elementor-element-493f6d7 e-con-full e-flex e-con e-child\" data-id=\"493f6d7\" data-element_type=\"container\" data-e-type=\"container\">\n\t\t\t\t<div class=\"elementor-element elementor-element-e430ed7 elementor-widget elementor-widget-button\" data-id=\"e430ed7\" data-element_type=\"widget\" data-e-type=\"widget\" data-widget_type=\"button.default\">\n\t\t\t\t<div class=\"elementor-widget-container\">\n\t\t\t\t\t\t\t\t\t<div class=\"elementor-button-wrapper\">\n\t\t\t\t\t<a class=\"elementor-button elementor-button-link elementor-size-sm\" href=\"https:\/\/www.crec.cat\/es\/esdeveniment\/visitamos-al-socio-picvisa\/\">\n\t\t\t\t\t\t<span class=\"elementor-button-content-wrapper\">\n\t\t\t\t\t\t\t\t\t<span class=\"elementor-button-text\">Saber m\u00e1s<\/span>\n\t\t\t\t\t<\/span>\n\t\t\t\t\t<\/a>\n\t\t\t\t<\/div>\n\t\t\t\t\t\t\t\t<\/div>\n\t\t\t\t<\/div>\n\t\t\t\t<\/div>\n\t\t\t\t<\/div>\n\t\t\t\t<\/div>\n\t\t\t\t<div data-elementor-type=\"loop-item\" data-elementor-id=\"4772\" class=\"elementor elementor-4772 elementor-770 elementor-770 e-loop-item e-loop-item-5451 post-5451 tribe_events type-tribe_events status-publish has-post-thumbnail hentry tribe_events_cat-ended tribe_events_cat-finalitzat cat_ended cat_finalitzat\" data-elementor-post-type=\"elementor_library\" data-custom-edit-handle=\"1\">\n\t\t\t<div data-particle_enable=\"false\" data-particle-mobile-disabled=\"false\" class=\"elementor-element elementor-element-76925ce e-con-full e-flex e-con e-parent\" data-id=\"76925ce\" data-element_type=\"container\" data-e-type=\"container\" data-settings=\"{&quot;background_background&quot;:&quot;classic&quot;}\">\n\t\t<div data-particle_enable=\"false\" data-particle-mobile-disabled=\"false\" class=\"elementor-element elementor-element-d7878f8 e-con-full e-flex e-con e-child\" data-id=\"d7878f8\" data-element_type=\"container\" data-e-type=\"container\">\n\t\t<div data-particle_enable=\"false\" data-particle-mobile-disabled=\"false\" class=\"elementor-element elementor-element-71f56a0 e-con-full e-flex e-con e-child\" data-id=\"71f56a0\" data-element_type=\"container\" data-e-type=\"container\">\n\t\t\t\t<div class=\"elementor-element elementor-element-3f076d5 elementor-widget elementor-widget-tec_events_elementor_widget_event_datetime\" data-id=\"3f076d5\" data-element_type=\"widget\" data-e-type=\"widget\" data-widget_type=\"tec_events_elementor_widget_event_datetime.default\">\n\t\t\t\t<div class=\"elementor-widget-container\">\n\t\t\t\t\t<div  class=\"tec-events-elementor-event-widget__datetime-wrapper\" >\n\t\t<div  class=\"tec-events-elementor-event-widget__datetime\" >\n\t\t\t<span  class=\"tec-events-elementor-event-widget__datetime-date tec-events-elementor-event-widget__datetime-date--start\" >26\/09\/25<\/span>\n\n\t\t\n\n\n\t<\/div><\/div>\n\t\t\t\t<\/div>\n\t\t\t\t<\/div>\n\t\t\t\t<\/div>\n\t\t<div data-particle_enable=\"false\" data-particle-mobile-disabled=\"false\" class=\"elementor-element elementor-element-a668f6e e-con-full e-flex e-con e-child\" data-id=\"a668f6e\" data-element_type=\"container\" data-e-type=\"container\">\n\t\t\t\t<div class=\"elementor-element elementor-element-c2a2ad6 elementor-widget elementor-widget-heading\" data-id=\"c2a2ad6\" data-element_type=\"widget\" data-e-type=\"widget\" data-widget_type=\"heading.default\">\n\t\t\t\t<div class=\"elementor-widget-container\">\n\t\t\t\t\t<h2 class=\"elementor-heading-title elementor-size-default\"><a href=\"https:\/\/www.crec.cat\/es\/esdeveniment\/construccion-circular-nuevos-modelos-de-negocio-para-los-residuos-de-construccion-y-demolicion\/\">Construcci\u00f3n circular: nuevos modelos de negocio para los Residuos de Construcci\u00f3n y Demolici\u00f3n<\/a><\/h2>\t\t\t\t<\/div>\n\t\t\t\t<\/div>\n\t\t\t\t<div class=\"elementor-element elementor-element-bf96c84 elementor-widget elementor-widget-theme-post-excerpt\" data-id=\"bf96c84\" data-element_type=\"widget\" data-e-type=\"widget\" data-widget_type=\"theme-post-excerpt.default\">\n\t\t\t\t<div class=\"elementor-widget-container\">\n\t\t\t\t\tJornada de presentaci\u00f3n de resultados del proyecto \"An\u00e1lisis de nuevos modelos de negocio circulares en torno a los RCD y validaci\u00f3n a trav\u00e9s de una fase de experimentaci\u00f3n en obra\" y presentaci\u00f3n de iniciativas vinculadas a Barcelona Capital Mundial de la Arquitectura 2026.\t\t\t\t<\/div>\n\t\t\t\t<\/div>\n\t\t\t\t<\/div>\n\t\t\t\t<\/div>\n\t\t<div data-particle_enable=\"false\" data-particle-mobile-disabled=\"false\" class=\"elementor-element elementor-element-493f6d7 e-con-full e-flex e-con e-child\" data-id=\"493f6d7\" data-element_type=\"container\" data-e-type=\"container\">\n\t\t\t\t<div class=\"elementor-element elementor-element-e430ed7 elementor-widget elementor-widget-button\" data-id=\"e430ed7\" data-element_type=\"widget\" data-e-type=\"widget\" data-widget_type=\"button.default\">\n\t\t\t\t<div class=\"elementor-widget-container\">\n\t\t\t\t\t\t\t\t\t<div class=\"elementor-button-wrapper\">\n\t\t\t\t\t<a class=\"elementor-button elementor-button-link elementor-size-sm\" href=\"https:\/\/www.crec.cat\/es\/esdeveniment\/construccion-circular-nuevos-modelos-de-negocio-para-los-residuos-de-construccion-y-demolicion\/\">\n\t\t\t\t\t\t<span class=\"elementor-button-content-wrapper\">\n\t\t\t\t\t\t\t\t\t<span class=\"elementor-button-text\">Saber m\u00e1s<\/span>\n\t\t\t\t\t<\/span>\n\t\t\t\t\t<\/a>\n\t\t\t\t<\/div>\n\t\t\t\t\t\t\t\t<\/div>\n\t\t\t\t<\/div>\n\t\t\t\t<\/div>\n\t\t\t\t<\/div>\n\t\t\t\t<\/div>\n\t\t\t\t<div data-elementor-type=\"loop-item\" data-elementor-id=\"4772\" class=\"elementor elementor-4772 elementor-770 elementor-770 e-loop-item e-loop-item-5486 post-5486 tribe_events type-tribe_events status-publish has-post-thumbnail hentry tribe_events_cat-ended tribe_events_cat-finalitzat cat_ended cat_finalitzat\" data-elementor-post-type=\"elementor_library\" data-custom-edit-handle=\"1\">\n\t\t\t<div data-particle_enable=\"false\" data-particle-mobile-disabled=\"false\" class=\"elementor-element elementor-element-76925ce e-con-full e-flex e-con e-parent\" data-id=\"76925ce\" data-element_type=\"container\" data-e-type=\"container\" data-settings=\"{&quot;background_background&quot;:&quot;classic&quot;}\">\n\t\t<div data-particle_enable=\"false\" data-particle-mobile-disabled=\"false\" class=\"elementor-element elementor-element-d7878f8 e-con-full e-flex e-con e-child\" data-id=\"d7878f8\" data-element_type=\"container\" data-e-type=\"container\">\n\t\t<div data-particle_enable=\"false\" data-particle-mobile-disabled=\"false\" class=\"elementor-element elementor-element-71f56a0 e-con-full e-flex e-con e-child\" data-id=\"71f56a0\" data-element_type=\"container\" data-e-type=\"container\">\n\t\t\t\t<div class=\"elementor-element elementor-element-3f076d5 elementor-widget elementor-widget-tec_events_elementor_widget_event_datetime\" data-id=\"3f076d5\" data-element_type=\"widget\" data-e-type=\"widget\" data-widget_type=\"tec_events_elementor_widget_event_datetime.default\">\n\t\t\t\t<div class=\"elementor-widget-container\">\n\t\t\t\t\t<div  class=\"tec-events-elementor-event-widget__datetime-wrapper\" >\n\t\t<div  class=\"tec-events-elementor-event-widget__datetime\" >\n\t\t\t<span  class=\"tec-events-elementor-event-widget__datetime-date tec-events-elementor-event-widget__datetime-date--start\" >29\/10\/25<\/span>\n\n\t\t\n\t<span  class=\"tec-events-elementor-event-widget__datetime-separator\" >\n\t  -  <\/span>\n\n\t<span  class=\"tec-events-elementor-event-widget__datetime-date tec-events-elementor-event-widget__datetime-date--end\" >30\/10\/25<\/span>\n\n\t<\/div><\/div>\n\t\t\t\t<\/div>\n\t\t\t\t<\/div>\n\t\t\t\t<\/div>\n\t\t<div data-particle_enable=\"false\" data-particle-mobile-disabled=\"false\" class=\"elementor-element elementor-element-a668f6e e-con-full e-flex e-con e-child\" data-id=\"a668f6e\" data-element_type=\"container\" data-e-type=\"container\">\n\t\t\t\t<div class=\"elementor-element elementor-element-c2a2ad6 elementor-widget elementor-widget-heading\" data-id=\"c2a2ad6\" data-element_type=\"widget\" data-e-type=\"widget\" data-widget_type=\"heading.default\">\n\t\t\t\t<div class=\"elementor-widget-container\">\n\t\t\t\t\t<h2 class=\"elementor-heading-title elementor-size-default\"><a href=\"https:\/\/www.crec.cat\/es\/esdeveniment\/ii-inmersion-estrategica-de-residuo-a-recurso\/\">nowWaste | INMERSI\u00d3N ESTRAT\u00c9GICA<\/a><\/h2>\t\t\t\t<\/div>\n\t\t\t\t<\/div>\n\t\t\t\t<div class=\"elementor-element elementor-element-bf96c84 elementor-widget elementor-widget-theme-post-excerpt\" data-id=\"bf96c84\" data-element_type=\"widget\" data-e-type=\"widget\" data-widget_type=\"theme-post-excerpt.default\">\n\t\t\t\t<div class=\"elementor-widget-container\">\n\t\t\t\t\tParticipa en la Inmersi\u00f3n Estrat\u00e9gica del CREC - Cl\u00faster de Residuos de Catalunya que\u00a0celebramos los d\u00edas\u00a0 29 y 30 de octubre de 2025.\r\n\r\nEste a\u00f1o damos un paso adelante, nos renovamos con fuerza. Este a\u00f1o os presentamos la primera edici\u00f3n de nowWaste: un espacio vivo, participativo y lleno de ideas para sumar esfuerzos e impulsar la competitividad del sector.\r\n\r\nUn nuevo nombre, pero con la misma ambici\u00f3n de siempre: conectar, inspirar y transformar nuestro sector.\r\n\r\n\r\n\t\t\t\t<\/div>\n\t\t\t\t<\/div>\n\t\t\t\t<\/div>\n\t\t\t\t<\/div>\n\t\t<div data-particle_enable=\"false\" data-particle-mobile-disabled=\"false\" class=\"elementor-element elementor-element-493f6d7 e-con-full e-flex e-con e-child\" data-id=\"493f6d7\" data-element_type=\"container\" data-e-type=\"container\">\n\t\t\t\t<div class=\"elementor-element elementor-element-e430ed7 elementor-widget elementor-widget-button\" data-id=\"e430ed7\" data-element_type=\"widget\" data-e-type=\"widget\" data-widget_type=\"button.default\">\n\t\t\t\t<div class=\"elementor-widget-container\">\n\t\t\t\t\t\t\t\t\t<div class=\"elementor-button-wrapper\">\n\t\t\t\t\t<a class=\"elementor-button elementor-button-link elementor-size-sm\" href=\"https:\/\/www.crec.cat\/es\/esdeveniment\/ii-inmersion-estrategica-de-residuo-a-recurso\/\">\n\t\t\t\t\t\t<span class=\"elementor-button-content-wrapper\">\n\t\t\t\t\t\t\t\t\t<span class=\"elementor-button-text\">Saber m\u00e1s<\/span>\n\t\t\t\t\t<\/span>\n\t\t\t\t\t<\/a>\n\t\t\t\t<\/div>\n\t\t\t\t\t\t\t\t<\/div>\n\t\t\t\t<\/div>\n\t\t\t\t<\/div>\n\t\t\t\t<\/div>\n\t\t\t\t<\/div>\n\t\t\t\t<div data-elementor-type=\"loop-item\" data-elementor-id=\"4772\" class=\"elementor elementor-4772 elementor-770 elementor-770 e-loop-item e-loop-item-5504 post-5504 tribe_events type-tribe_events status-publish has-post-thumbnail hentry tribe_events_cat-ended tribe_events_cat-finalitzat cat_ended cat_finalitzat\" data-elementor-post-type=\"elementor_library\" data-custom-edit-handle=\"1\">\n\t\t\t<div data-particle_enable=\"false\" data-particle-mobile-disabled=\"false\" class=\"elementor-element elementor-element-76925ce e-con-full e-flex e-con e-parent\" data-id=\"76925ce\" data-element_type=\"container\" data-e-type=\"container\" data-settings=\"{&quot;background_background&quot;:&quot;classic&quot;}\">\n\t\t<div data-particle_enable=\"false\" data-particle-mobile-disabled=\"false\" class=\"elementor-element elementor-element-d7878f8 e-con-full e-flex e-con e-child\" data-id=\"d7878f8\" data-element_type=\"container\" data-e-type=\"container\">\n\t\t<div data-particle_enable=\"false\" data-particle-mobile-disabled=\"false\" class=\"elementor-element elementor-element-71f56a0 e-con-full e-flex e-con e-child\" data-id=\"71f56a0\" data-element_type=\"container\" data-e-type=\"container\">\n\t\t\t\t<div class=\"elementor-element elementor-element-3f076d5 elementor-widget elementor-widget-tec_events_elementor_widget_event_datetime\" data-id=\"3f076d5\" data-element_type=\"widget\" data-e-type=\"widget\" data-widget_type=\"tec_events_elementor_widget_event_datetime.default\">\n\t\t\t\t<div class=\"elementor-widget-container\">\n\t\t\t\t\t<div  class=\"tec-events-elementor-event-widget__datetime-wrapper\" >\n\t\t<div  class=\"tec-events-elementor-event-widget__datetime\" >\n\t\t\t<span  class=\"tec-events-elementor-event-widget__datetime-date tec-events-elementor-event-widget__datetime-date--start\" >04\/11\/25<\/span>\n\n\t\t\n\t<span  class=\"tec-events-elementor-event-widget__datetime-separator\" >\n\t  -  <\/span>\n\n\t<span  class=\"tec-events-elementor-event-widget__datetime-date tec-events-elementor-event-widget__datetime-date--end\" >07\/11\/25<\/span>\n\n\t<\/div><\/div>\n\t\t\t\t<\/div>\n\t\t\t\t<\/div>\n\t\t\t\t<\/div>\n\t\t<div data-particle_enable=\"false\" data-particle-mobile-disabled=\"false\" class=\"elementor-element elementor-element-a668f6e e-con-full e-flex e-con e-child\" data-id=\"a668f6e\" data-element_type=\"container\" data-e-type=\"container\">\n\t\t\t\t<div class=\"elementor-element elementor-element-c2a2ad6 elementor-widget elementor-widget-heading\" data-id=\"c2a2ad6\" data-element_type=\"widget\" data-e-type=\"widget\" data-widget_type=\"heading.default\">\n\t\t\t\t<div class=\"elementor-widget-container\">\n\t\t\t\t\t<h2 class=\"elementor-heading-title elementor-size-default\"><a href=\"https:\/\/www.crec.cat\/es\/esdeveniment\/ven-con-nosotros-a-ecomondo\/\">\u00a1Ven con nosotros a ECOMONDO!<\/a><\/h2>\t\t\t\t<\/div>\n\t\t\t\t<\/div>\n\t\t\t\t<div class=\"elementor-element elementor-element-bf96c84 elementor-widget elementor-widget-theme-post-excerpt\" data-id=\"bf96c84\" data-element_type=\"widget\" data-e-type=\"widget\" data-widget_type=\"theme-post-excerpt.default\">\n\t\t\t\t<div class=\"elementor-widget-container\">\n\t\t\t\t\tDel 4 al 7 de noviembre, montamos una delegaci\u00f3n profesional para asistir a ECOMONDO, la feria de referencia en econom\u00eda verde y circular que se celebra en Rimini (Italia).\t\t\t\t<\/div>\n\t\t\t\t<\/div>\n\t\t\t\t<\/div>\n\t\t\t\t<\/div>\n\t\t<div data-particle_enable=\"false\" data-particle-mobile-disabled=\"false\" class=\"elementor-element elementor-element-493f6d7 e-con-full e-flex e-con e-child\" data-id=\"493f6d7\" data-element_type=\"container\" data-e-type=\"container\">\n\t\t\t\t<div class=\"elementor-element elementor-element-e430ed7 elementor-widget elementor-widget-button\" data-id=\"e430ed7\" data-element_type=\"widget\" data-e-type=\"widget\" data-widget_type=\"button.default\">\n\t\t\t\t<div class=\"elementor-widget-container\">\n\t\t\t\t\t\t\t\t\t<div class=\"elementor-button-wrapper\">\n\t\t\t\t\t<a class=\"elementor-button elementor-button-link elementor-size-sm\" href=\"https:\/\/www.crec.cat\/es\/esdeveniment\/ven-con-nosotros-a-ecomondo\/\">\n\t\t\t\t\t\t<span class=\"elementor-button-content-wrapper\">\n\t\t\t\t\t\t\t\t\t<span class=\"elementor-button-text\">Saber m\u00e1s<\/span>\n\t\t\t\t\t<\/span>\n\t\t\t\t\t<\/a>\n\t\t\t\t<\/div>\n\t\t\t\t\t\t\t\t<\/div>\n\t\t\t\t<\/div>\n\t\t\t\t<\/div>\n\t\t\t\t<\/div>\n\t\t\t\t<\/div>\n\t\t\t\t<div data-elementor-type=\"loop-item\" data-elementor-id=\"4772\" class=\"elementor elementor-4772 elementor-770 elementor-770 e-loop-item e-loop-item-6015 post-6015 tribe_events type-tribe_events status-publish has-post-thumbnail hentry tribe_events_cat-ended tribe_events_cat-finalitzat cat_ended cat_finalitzat\" data-elementor-post-type=\"elementor_library\" data-custom-edit-handle=\"1\">\n\t\t\t<div data-particle_enable=\"false\" data-particle-mobile-disabled=\"false\" class=\"elementor-element elementor-element-76925ce e-con-full e-flex e-con e-parent\" data-id=\"76925ce\" data-element_type=\"container\" data-e-type=\"container\" data-settings=\"{&quot;background_background&quot;:&quot;classic&quot;}\">\n\t\t<div data-particle_enable=\"false\" data-particle-mobile-disabled=\"false\" class=\"elementor-element elementor-element-d7878f8 e-con-full e-flex e-con e-child\" data-id=\"d7878f8\" data-element_type=\"container\" data-e-type=\"container\">\n\t\t<div data-particle_enable=\"false\" data-particle-mobile-disabled=\"false\" class=\"elementor-element elementor-element-71f56a0 e-con-full e-flex e-con e-child\" data-id=\"71f56a0\" data-element_type=\"container\" data-e-type=\"container\">\n\t\t\t\t<div class=\"elementor-element elementor-element-3f076d5 elementor-widget elementor-widget-tec_events_elementor_widget_event_datetime\" data-id=\"3f076d5\" data-element_type=\"widget\" data-e-type=\"widget\" data-widget_type=\"tec_events_elementor_widget_event_datetime.default\">\n\t\t\t\t<div class=\"elementor-widget-container\">\n\t\t\t\t\t<div  class=\"tec-events-elementor-event-widget__datetime-wrapper\" >\n\t\t<div  class=\"tec-events-elementor-event-widget__datetime\" >\n\t\t\t<span  class=\"tec-events-elementor-event-widget__datetime-date tec-events-elementor-event-widget__datetime-date--start\" >26\/11\/25<\/span>\n\n\t\t\n\n\n\t<\/div><\/div>\n\t\t\t\t<\/div>\n\t\t\t\t<\/div>\n\t\t\t\t<\/div>\n\t\t<div data-particle_enable=\"false\" data-particle-mobile-disabled=\"false\" class=\"elementor-element elementor-element-a668f6e e-con-full e-flex e-con e-child\" data-id=\"a668f6e\" data-element_type=\"container\" data-e-type=\"container\">\n\t\t\t\t<div class=\"elementor-element elementor-element-c2a2ad6 elementor-widget elementor-widget-heading\" data-id=\"c2a2ad6\" data-element_type=\"widget\" data-e-type=\"widget\" data-widget_type=\"heading.default\">\n\t\t\t\t<div class=\"elementor-widget-container\">\n\t\t\t\t\t<h2 class=\"elementor-heading-title elementor-size-default\"><a href=\"https:\/\/www.crec.cat\/es\/esdeveniment\/grupo-de-trabajo-nuevos-modelos-de-negocio-circulares\/\">Grupo de Trabajo: Nuevos modelos de negocio circulares<\/a><\/h2>\t\t\t\t<\/div>\n\t\t\t\t<\/div>\n\t\t\t\t<div class=\"elementor-element elementor-element-bf96c84 elementor-widget elementor-widget-theme-post-excerpt\" data-id=\"bf96c84\" data-element_type=\"widget\" data-e-type=\"widget\" data-widget_type=\"theme-post-excerpt.default\">\n\t\t\t\t<div class=\"elementor-widget-container\">\n\t\t\t\t\tEl pr\u00f3ximo 26 de noviembre tendr\u00e1 lugar la nueva sesi\u00f3n del grupo de trabajo de nuevos modelos de negocio circulares. \u00a1Inscr\u00edbete y reserva plaza para asistir!\t\t\t\t<\/div>\n\t\t\t\t<\/div>\n\t\t\t\t<\/div>\n\t\t\t\t<\/div>\n\t\t<div data-particle_enable=\"false\" data-particle-mobile-disabled=\"false\" class=\"elementor-element elementor-element-493f6d7 e-con-full e-flex e-con e-child\" data-id=\"493f6d7\" data-element_type=\"container\" data-e-type=\"container\">\n\t\t\t\t<div class=\"elementor-element elementor-element-e430ed7 elementor-widget elementor-widget-button\" data-id=\"e430ed7\" data-element_type=\"widget\" data-e-type=\"widget\" data-widget_type=\"button.default\">\n\t\t\t\t<div class=\"elementor-widget-container\">\n\t\t\t\t\t\t\t\t\t<div class=\"elementor-button-wrapper\">\n\t\t\t\t\t<a class=\"elementor-button elementor-button-link elementor-size-sm\" href=\"https:\/\/www.crec.cat\/es\/esdeveniment\/grupo-de-trabajo-nuevos-modelos-de-negocio-circulares\/\">\n\t\t\t\t\t\t<span class=\"elementor-button-content-wrapper\">\n\t\t\t\t\t\t\t\t\t<span class=\"elementor-button-text\">Saber m\u00e1s<\/span>\n\t\t\t\t\t<\/span>\n\t\t\t\t\t<\/a>\n\t\t\t\t<\/div>\n\t\t\t\t\t\t\t\t<\/div>\n\t\t\t\t<\/div>\n\t\t\t\t<\/div>\n\t\t\t\t<\/div>\n\t\t\t\t<\/div>\n\t\t\t\t<div data-elementor-type=\"loop-item\" data-elementor-id=\"4772\" class=\"elementor elementor-4772 elementor-770 elementor-770 e-loop-item e-loop-item-6013 post-6013 tribe_events type-tribe_events status-publish has-post-thumbnail hentry tribe_events_cat-ended tribe_events_cat-finalitzat cat_ended cat_finalitzat\" data-elementor-post-type=\"elementor_library\" data-custom-edit-handle=\"1\">\n\t\t\t<div data-particle_enable=\"false\" data-particle-mobile-disabled=\"false\" class=\"elementor-element elementor-element-76925ce e-con-full e-flex e-con e-parent\" data-id=\"76925ce\" data-element_type=\"container\" data-e-type=\"container\" data-settings=\"{&quot;background_background&quot;:&quot;classic&quot;}\">\n\t\t<div data-particle_enable=\"false\" data-particle-mobile-disabled=\"false\" class=\"elementor-element elementor-element-d7878f8 e-con-full e-flex e-con e-child\" data-id=\"d7878f8\" data-element_type=\"container\" data-e-type=\"container\">\n\t\t<div data-particle_enable=\"false\" data-particle-mobile-disabled=\"false\" class=\"elementor-element elementor-element-71f56a0 e-con-full e-flex e-con e-child\" data-id=\"71f56a0\" data-element_type=\"container\" data-e-type=\"container\">\n\t\t\t\t<div class=\"elementor-element elementor-element-3f076d5 elementor-widget elementor-widget-tec_events_elementor_widget_event_datetime\" data-id=\"3f076d5\" data-element_type=\"widget\" data-e-type=\"widget\" data-widget_type=\"tec_events_elementor_widget_event_datetime.default\">\n\t\t\t\t<div class=\"elementor-widget-container\">\n\t\t\t\t\t<div  class=\"tec-events-elementor-event-widget__datetime-wrapper\" >\n\t\t<div  class=\"tec-events-elementor-event-widget__datetime\" >\n\t\t\t<span  class=\"tec-events-elementor-event-widget__datetime-date tec-events-elementor-event-widget__datetime-date--start\" >19\/01\/26<\/span>\n\n\t\t\n\n\n\t<\/div><\/div>\n\t\t\t\t<\/div>\n\t\t\t\t<\/div>\n\t\t\t\t<\/div>\n\t\t<div data-particle_enable=\"false\" data-particle-mobile-disabled=\"false\" class=\"elementor-element elementor-element-a668f6e e-con-full e-flex e-con e-child\" data-id=\"a668f6e\" data-element_type=\"container\" data-e-type=\"container\">\n\t\t\t\t<div class=\"elementor-element elementor-element-c2a2ad6 elementor-widget elementor-widget-heading\" data-id=\"c2a2ad6\" data-element_type=\"widget\" data-e-type=\"widget\" data-widget_type=\"heading.default\">\n\t\t\t\t<div class=\"elementor-widget-container\">\n\t\t\t\t\t<h2 class=\"elementor-heading-title elementor-size-default\"><a href=\"https:\/\/www.crec.cat\/es\/esdeveniment\/grupo-de-trabajo-textil\/\">Grupo de Trabajo: Textil<\/a><\/h2>\t\t\t\t<\/div>\n\t\t\t\t<\/div>\n\t\t\t\t<div class=\"elementor-element elementor-element-bf96c84 elementor-widget elementor-widget-theme-post-excerpt\" data-id=\"bf96c84\" data-element_type=\"widget\" data-e-type=\"widget\" data-widget_type=\"theme-post-excerpt.default\">\n\t\t\t\t<div class=\"elementor-widget-container\">\n\t\t\t\t\tYa tenemos nueva fecha para la pr\u00f3xima sesi\u00f3n del Grupo de Trabajo de Textil, en la que, en primer lugar, visitaremos la planta de Formaci\u00f3 i Treball\u00a0ubicada en Sabadell. Seguidamente, llevaremos a cabo la sesi\u00f3n del grupo de trabajo.\t\t\t\t<\/div>\n\t\t\t\t<\/div>\n\t\t\t\t<\/div>\n\t\t\t\t<\/div>\n\t\t<div data-particle_enable=\"false\" data-particle-mobile-disabled=\"false\" class=\"elementor-element elementor-element-493f6d7 e-con-full e-flex e-con e-child\" data-id=\"493f6d7\" data-element_type=\"container\" data-e-type=\"container\">\n\t\t\t\t<div class=\"elementor-element elementor-element-e430ed7 elementor-widget elementor-widget-button\" data-id=\"e430ed7\" data-element_type=\"widget\" data-e-type=\"widget\" data-widget_type=\"button.default\">\n\t\t\t\t<div class=\"elementor-widget-container\">\n\t\t\t\t\t\t\t\t\t<div class=\"elementor-button-wrapper\">\n\t\t\t\t\t<a class=\"elementor-button elementor-button-link elementor-size-sm\" href=\"https:\/\/www.crec.cat\/es\/esdeveniment\/grupo-de-trabajo-textil\/\">\n\t\t\t\t\t\t<span class=\"elementor-button-content-wrapper\">\n\t\t\t\t\t\t\t\t\t<span class=\"elementor-button-text\">Saber m\u00e1s<\/span>\n\t\t\t\t\t<\/span>\n\t\t\t\t\t<\/a>\n\t\t\t\t<\/div>\n\t\t\t\t\t\t\t\t<\/div>\n\t\t\t\t<\/div>\n\t\t\t\t<\/div>\n\t\t\t\t<\/div>\n\t\t\t\t<\/div>\n\t\t\t\t<div data-elementor-type=\"loop-item\" data-elementor-id=\"4772\" class=\"elementor elementor-4772 elementor-770 elementor-770 e-loop-item e-loop-item-6036 post-6036 tribe_events type-tribe_events status-publish has-post-thumbnail hentry tribe_events_cat-ended tribe_events_cat-finalitzat cat_ended cat_finalitzat\" data-elementor-post-type=\"elementor_library\" data-custom-edit-handle=\"1\">\n\t\t\t<div data-particle_enable=\"false\" data-particle-mobile-disabled=\"false\" class=\"elementor-element elementor-element-76925ce e-con-full e-flex e-con e-parent\" data-id=\"76925ce\" data-element_type=\"container\" data-e-type=\"container\" data-settings=\"{&quot;background_background&quot;:&quot;classic&quot;}\">\n\t\t<div data-particle_enable=\"false\" data-particle-mobile-disabled=\"false\" class=\"elementor-element elementor-element-d7878f8 e-con-full e-flex e-con e-child\" data-id=\"d7878f8\" data-element_type=\"container\" data-e-type=\"container\">\n\t\t<div data-particle_enable=\"false\" data-particle-mobile-disabled=\"false\" class=\"elementor-element elementor-element-71f56a0 e-con-full e-flex e-con e-child\" data-id=\"71f56a0\" data-element_type=\"container\" data-e-type=\"container\">\n\t\t\t\t<div class=\"elementor-element elementor-element-3f076d5 elementor-widget elementor-widget-tec_events_elementor_widget_event_datetime\" data-id=\"3f076d5\" data-element_type=\"widget\" data-e-type=\"widget\" data-widget_type=\"tec_events_elementor_widget_event_datetime.default\">\n\t\t\t\t<div class=\"elementor-widget-container\">\n\t\t\t\t\t<div  class=\"tec-events-elementor-event-widget__datetime-wrapper\" >\n\t\t<div  class=\"tec-events-elementor-event-widget__datetime\" >\n\t\t\t<span  class=\"tec-events-elementor-event-widget__datetime-date tec-events-elementor-event-widget__datetime-date--start\" >11\/12\/25<\/span>\n\n\t\t\n\n\n\t<\/div><\/div>\n\t\t\t\t<\/div>\n\t\t\t\t<\/div>\n\t\t\t\t<\/div>\n\t\t<div data-particle_enable=\"false\" data-particle-mobile-disabled=\"false\" class=\"elementor-element elementor-element-a668f6e e-con-full e-flex e-con e-child\" data-id=\"a668f6e\" data-element_type=\"container\" data-e-type=\"container\">\n\t\t\t\t<div class=\"elementor-element elementor-element-c2a2ad6 elementor-widget elementor-widget-heading\" data-id=\"c2a2ad6\" data-element_type=\"widget\" data-e-type=\"widget\" data-widget_type=\"heading.default\">\n\t\t\t\t<div class=\"elementor-widget-container\">\n\t\t\t\t\t<h2 class=\"elementor-heading-title elementor-size-default\"><a href=\"https:\/\/www.crec.cat\/es\/esdeveniment\/jornada-intercluster-tejiendo-sinergias-para-fomentar-la-economia-circular\/\">Jornada Intercl\u00faster: Tejiendo sinergias para fomentar la econom\u00eda circular<\/a><\/h2>\t\t\t\t<\/div>\n\t\t\t\t<\/div>\n\t\t\t\t<div class=\"elementor-element elementor-element-bf96c84 elementor-widget elementor-widget-theme-post-excerpt\" data-id=\"bf96c84\" data-element_type=\"widget\" data-e-type=\"widget\" data-widget_type=\"theme-post-excerpt.default\">\n\t\t\t\t<div class=\"elementor-widget-container\">\n\t\t\t\t\t\u00bfEres socio del CREC? Inscr\u00edbete en la pr\u00f3xima Jornada Intercl\u00faster: Tejiendo sinergias para fomentar la econom\u00eda circular. \u00a1No te lo pierdas!\t\t\t\t<\/div>\n\t\t\t\t<\/div>\n\t\t\t\t<\/div>\n\t\t\t\t<\/div>\n\t\t<div data-particle_enable=\"false\" data-particle-mobile-disabled=\"false\" class=\"elementor-element elementor-element-493f6d7 e-con-full e-flex e-con e-child\" data-id=\"493f6d7\" data-element_type=\"container\" data-e-type=\"container\">\n\t\t\t\t<div class=\"elementor-element elementor-element-e430ed7 elementor-widget elementor-widget-button\" data-id=\"e430ed7\" data-element_type=\"widget\" data-e-type=\"widget\" data-widget_type=\"button.default\">\n\t\t\t\t<div class=\"elementor-widget-container\">\n\t\t\t\t\t\t\t\t\t<div class=\"elementor-button-wrapper\">\n\t\t\t\t\t<a class=\"elementor-button elementor-button-link elementor-size-sm\" href=\"https:\/\/www.crec.cat\/es\/esdeveniment\/jornada-intercluster-tejiendo-sinergias-para-fomentar-la-economia-circular\/\">\n\t\t\t\t\t\t<span class=\"elementor-button-content-wrapper\">\n\t\t\t\t\t\t\t\t\t<span class=\"elementor-button-text\">Saber m\u00e1s<\/span>\n\t\t\t\t\t<\/span>\n\t\t\t\t\t<\/a>\n\t\t\t\t<\/div>\n\t\t\t\t\t\t\t\t<\/div>\n\t\t\t\t<\/div>\n\t\t\t\t<\/div>\n\t\t\t\t<\/div>\n\t\t\t\t<\/div>\n\t\t\t\t<div data-elementor-type=\"loop-item\" data-elementor-id=\"4772\" class=\"elementor elementor-4772 elementor-770 elementor-770 e-loop-item e-loop-item-6584 post-6584 tribe_events type-tribe_events status-publish has-post-thumbnail hentry tribe_events_cat-ended tribe_events_cat-finalitzat cat_ended cat_finalitzat\" data-elementor-post-type=\"elementor_library\" data-custom-edit-handle=\"1\">\n\t\t\t<div data-particle_enable=\"false\" data-particle-mobile-disabled=\"false\" class=\"elementor-element elementor-element-76925ce e-con-full e-flex e-con e-parent\" data-id=\"76925ce\" data-element_type=\"container\" data-e-type=\"container\" data-settings=\"{&quot;background_background&quot;:&quot;classic&quot;}\">\n\t\t<div data-particle_enable=\"false\" data-particle-mobile-disabled=\"false\" class=\"elementor-element elementor-element-d7878f8 e-con-full e-flex e-con e-child\" data-id=\"d7878f8\" data-element_type=\"container\" data-e-type=\"container\">\n\t\t<div data-particle_enable=\"false\" data-particle-mobile-disabled=\"false\" class=\"elementor-element elementor-element-71f56a0 e-con-full e-flex e-con e-child\" data-id=\"71f56a0\" data-element_type=\"container\" data-e-type=\"container\">\n\t\t\t\t<div class=\"elementor-element elementor-element-3f076d5 elementor-widget elementor-widget-tec_events_elementor_widget_event_datetime\" data-id=\"3f076d5\" data-element_type=\"widget\" data-e-type=\"widget\" data-widget_type=\"tec_events_elementor_widget_event_datetime.default\">\n\t\t\t\t<div class=\"elementor-widget-container\">\n\t\t\t\t\t<div  class=\"tec-events-elementor-event-widget__datetime-wrapper\" >\n\t\t<div  class=\"tec-events-elementor-event-widget__datetime\" >\n\t\t\t<span  class=\"tec-events-elementor-event-widget__datetime-date tec-events-elementor-event-widget__datetime-date--start\" >15\/01\/26<\/span>\n\n\t\t\n\n\n\t<\/div><\/div>\n\t\t\t\t<\/div>\n\t\t\t\t<\/div>\n\t\t\t\t<\/div>\n\t\t<div data-particle_enable=\"false\" data-particle-mobile-disabled=\"false\" class=\"elementor-element elementor-element-a668f6e e-con-full e-flex e-con e-child\" data-id=\"a668f6e\" data-element_type=\"container\" data-e-type=\"container\">\n\t\t\t\t<div class=\"elementor-element elementor-element-c2a2ad6 elementor-widget elementor-widget-heading\" data-id=\"c2a2ad6\" data-element_type=\"widget\" data-e-type=\"widget\" data-widget_type=\"heading.default\">\n\t\t\t\t<div class=\"elementor-widget-container\">\n\t\t\t\t\t<h2 class=\"elementor-heading-title elementor-size-default\"><a href=\"https:\/\/www.crec.cat\/es\/esdeveniment\/grupo-de-trabajo-biorresiduos\/\">Grupo de Trabajo: Biorresiduos<\/a><\/h2>\t\t\t\t<\/div>\n\t\t\t\t<\/div>\n\t\t\t\t<div class=\"elementor-element elementor-element-bf96c84 elementor-widget elementor-widget-theme-post-excerpt\" data-id=\"bf96c84\" data-element_type=\"widget\" data-e-type=\"widget\" data-widget_type=\"theme-post-excerpt.default\">\n\t\t\t\t<div class=\"elementor-widget-container\">\n\t\t\t\t\t\u00a1Empieza el a\u00f1o y ap\u00fantate a la pr\u00f3xima sesi\u00f3n del Grupo de Trabajo de Biorresiduos! Ser\u00e1 el 15\/01\/2026.\r\n\t\t\t\t<\/div>\n\t\t\t\t<\/div>\n\t\t\t\t<\/div>\n\t\t\t\t<\/div>\n\t\t<div data-particle_enable=\"false\" data-particle-mobile-disabled=\"false\" class=\"elementor-element elementor-element-493f6d7 e-con-full e-flex e-con e-child\" data-id=\"493f6d7\" data-element_type=\"container\" data-e-type=\"container\">\n\t\t\t\t<div class=\"elementor-element elementor-element-e430ed7 elementor-widget elementor-widget-button\" data-id=\"e430ed7\" data-element_type=\"widget\" data-e-type=\"widget\" data-widget_type=\"button.default\">\n\t\t\t\t<div class=\"elementor-widget-container\">\n\t\t\t\t\t\t\t\t\t<div class=\"elementor-button-wrapper\">\n\t\t\t\t\t<a class=\"elementor-button elementor-button-link elementor-size-sm\" href=\"https:\/\/www.crec.cat\/es\/esdeveniment\/grupo-de-trabajo-biorresiduos\/\">\n\t\t\t\t\t\t<span class=\"elementor-button-content-wrapper\">\n\t\t\t\t\t\t\t\t\t<span class=\"elementor-button-text\">Saber m\u00e1s<\/span>\n\t\t\t\t\t<\/span>\n\t\t\t\t\t<\/a>\n\t\t\t\t<\/div>\n\t\t\t\t\t\t\t\t<\/div>\n\t\t\t\t<\/div>\n\t\t\t\t<\/div>\n\t\t\t\t<\/div>\n\t\t\t\t<\/div>\n\t\t\t\t<div data-elementor-type=\"loop-item\" data-elementor-id=\"4772\" class=\"elementor elementor-4772 elementor-770 elementor-770 e-loop-item e-loop-item-6583 post-6583 tribe_events type-tribe_events status-publish has-post-thumbnail hentry tribe_events_cat-ended tribe_events_cat-finalitzat cat_ended cat_finalitzat\" data-elementor-post-type=\"elementor_library\" data-custom-edit-handle=\"1\">\n\t\t\t<div data-particle_enable=\"false\" data-particle-mobile-disabled=\"false\" class=\"elementor-element elementor-element-76925ce e-con-full e-flex e-con e-parent\" data-id=\"76925ce\" data-element_type=\"container\" data-e-type=\"container\" data-settings=\"{&quot;background_background&quot;:&quot;classic&quot;}\">\n\t\t<div data-particle_enable=\"false\" data-particle-mobile-disabled=\"false\" class=\"elementor-element elementor-element-d7878f8 e-con-full e-flex e-con e-child\" data-id=\"d7878f8\" data-element_type=\"container\" data-e-type=\"container\">\n\t\t<div data-particle_enable=\"false\" data-particle-mobile-disabled=\"false\" class=\"elementor-element elementor-element-71f56a0 e-con-full e-flex e-con e-child\" data-id=\"71f56a0\" data-element_type=\"container\" data-e-type=\"container\">\n\t\t\t\t<div class=\"elementor-element elementor-element-3f076d5 elementor-widget elementor-widget-tec_events_elementor_widget_event_datetime\" data-id=\"3f076d5\" data-element_type=\"widget\" data-e-type=\"widget\" data-widget_type=\"tec_events_elementor_widget_event_datetime.default\">\n\t\t\t\t<div class=\"elementor-widget-container\">\n\t\t\t\t\t<div  class=\"tec-events-elementor-event-widget__datetime-wrapper\" >\n\t\t<div  class=\"tec-events-elementor-event-widget__datetime\" >\n\t\t\t<span  class=\"tec-events-elementor-event-widget__datetime-date tec-events-elementor-event-widget__datetime-date--start\" >29\/01\/26<\/span>\n\n\t\t\n\n\n\t<\/div><\/div>\n\t\t\t\t<\/div>\n\t\t\t\t<\/div>\n\t\t\t\t<\/div>\n\t\t<div data-particle_enable=\"false\" data-particle-mobile-disabled=\"false\" class=\"elementor-element elementor-element-a668f6e e-con-full e-flex e-con e-child\" data-id=\"a668f6e\" data-element_type=\"container\" data-e-type=\"container\">\n\t\t\t\t<div class=\"elementor-element elementor-element-c2a2ad6 elementor-widget elementor-widget-heading\" data-id=\"c2a2ad6\" data-element_type=\"widget\" data-e-type=\"widget\" data-widget_type=\"heading.default\">\n\t\t\t\t<div class=\"elementor-widget-container\">\n\t\t\t\t\t<h2 class=\"elementor-heading-title elementor-size-default\"><a href=\"https:\/\/www.crec.cat\/es\/esdeveniment\/webinar-grupos-de-trabajo-presentacion-balance-y-proximos-pasos\/\">WEBINAR | Grupos de trabajo: Presentaci\u00f3n, balance y pr\u00f3ximos pasos<\/a><\/h2>\t\t\t\t<\/div>\n\t\t\t\t<\/div>\n\t\t\t\t<div class=\"elementor-element elementor-element-bf96c84 elementor-widget elementor-widget-theme-post-excerpt\" data-id=\"bf96c84\" data-element_type=\"widget\" data-e-type=\"widget\" data-widget_type=\"theme-post-excerpt.default\">\n\t\t\t\t<div class=\"elementor-widget-container\">\n\t\t\t\t\tJornada online de Grupos de Trabajo del CREC - Cl\u00faster de Residuos de Catalu\u00f1a.\r\n\r\nEn esta sesi\u00f3n reuniremos a los coordinadores de los grupos de trabajo del CREC para que realicen una presentaci\u00f3n de cada grupo, un balance del trabajo realizado hasta ahora y definan los pr\u00f3ximos pasos para este 2026.\r\n\t\t\t\t<\/div>\n\t\t\t\t<\/div>\n\t\t\t\t<\/div>\n\t\t\t\t<\/div>\n\t\t<div data-particle_enable=\"false\" data-particle-mobile-disabled=\"false\" class=\"elementor-element elementor-element-493f6d7 e-con-full e-flex e-con e-child\" data-id=\"493f6d7\" data-element_type=\"container\" data-e-type=\"container\">\n\t\t\t\t<div class=\"elementor-element elementor-element-e430ed7 elementor-widget elementor-widget-button\" data-id=\"e430ed7\" data-element_type=\"widget\" data-e-type=\"widget\" data-widget_type=\"button.default\">\n\t\t\t\t<div class=\"elementor-widget-container\">\n\t\t\t\t\t\t\t\t\t<div class=\"elementor-button-wrapper\">\n\t\t\t\t\t<a class=\"elementor-button elementor-button-link elementor-size-sm\" href=\"https:\/\/www.crec.cat\/es\/esdeveniment\/webinar-grupos-de-trabajo-presentacion-balance-y-proximos-pasos\/\">\n\t\t\t\t\t\t<span class=\"elementor-button-content-wrapper\">\n\t\t\t\t\t\t\t\t\t<span class=\"elementor-button-text\">Saber m\u00e1s<\/span>\n\t\t\t\t\t<\/span>\n\t\t\t\t\t<\/a>\n\t\t\t\t<\/div>\n\t\t\t\t\t\t\t\t<\/div>\n\t\t\t\t<\/div>\n\t\t\t\t<\/div>\n\t\t\t\t<\/div>\n\t\t\t\t<\/div>\n\t\t\t\t<div data-elementor-type=\"loop-item\" data-elementor-id=\"4772\" class=\"elementor elementor-4772 elementor-770 elementor-770 e-loop-item e-loop-item-6582 post-6582 tribe_events type-tribe_events status-publish has-post-thumbnail hentry tribe_events_cat-ended tribe_events_cat-finalitzat cat_ended cat_finalitzat\" data-elementor-post-type=\"elementor_library\" data-custom-edit-handle=\"1\">\n\t\t\t<div data-particle_enable=\"false\" data-particle-mobile-disabled=\"false\" class=\"elementor-element elementor-element-76925ce e-con-full e-flex e-con e-parent\" data-id=\"76925ce\" data-element_type=\"container\" data-e-type=\"container\" data-settings=\"{&quot;background_background&quot;:&quot;classic&quot;}\">\n\t\t<div data-particle_enable=\"false\" data-particle-mobile-disabled=\"false\" class=\"elementor-element elementor-element-d7878f8 e-con-full e-flex e-con e-child\" data-id=\"d7878f8\" data-element_type=\"container\" data-e-type=\"container\">\n\t\t<div data-particle_enable=\"false\" data-particle-mobile-disabled=\"false\" class=\"elementor-element elementor-element-71f56a0 e-con-full e-flex e-con e-child\" data-id=\"71f56a0\" data-element_type=\"container\" data-e-type=\"container\">\n\t\t\t\t<div class=\"elementor-element elementor-element-3f076d5 elementor-widget elementor-widget-tec_events_elementor_widget_event_datetime\" data-id=\"3f076d5\" data-element_type=\"widget\" data-e-type=\"widget\" data-widget_type=\"tec_events_elementor_widget_event_datetime.default\">\n\t\t\t\t<div class=\"elementor-widget-container\">\n\t\t\t\t\t<div  class=\"tec-events-elementor-event-widget__datetime-wrapper\" >\n\t\t<div  class=\"tec-events-elementor-event-widget__datetime\" >\n\t\t\t<span  class=\"tec-events-elementor-event-widget__datetime-date tec-events-elementor-event-widget__datetime-date--start\" >29\/01\/26<\/span>\n\n\t\t\n\n\n\t<\/div><\/div>\n\t\t\t\t<\/div>\n\t\t\t\t<\/div>\n\t\t\t\t<\/div>\n\t\t<div data-particle_enable=\"false\" data-particle-mobile-disabled=\"false\" class=\"elementor-element elementor-element-a668f6e e-con-full e-flex e-con e-child\" data-id=\"a668f6e\" data-element_type=\"container\" data-e-type=\"container\">\n\t\t\t\t<div class=\"elementor-element elementor-element-c2a2ad6 elementor-widget elementor-widget-heading\" data-id=\"c2a2ad6\" data-element_type=\"widget\" data-e-type=\"widget\" data-widget_type=\"heading.default\">\n\t\t\t\t<div class=\"elementor-widget-container\">\n\t\t\t\t\t<h2 class=\"elementor-heading-title elementor-size-default\"><a href=\"https:\/\/www.crec.cat\/es\/esdeveniment\/plazas-agotadas-3o-aniversario-del-crec-celebremoslo-juntos\/\">PLAZAS AGOTADAS &#8211; 3\u00ba aniversario del CREC. \u00a1Celebr\u00e9moslo juntos!<\/a><\/h2>\t\t\t\t<\/div>\n\t\t\t\t<\/div>\n\t\t\t\t<div class=\"elementor-element elementor-element-bf96c84 elementor-widget elementor-widget-theme-post-excerpt\" data-id=\"bf96c84\" data-element_type=\"widget\" data-e-type=\"widget\" data-widget_type=\"theme-post-excerpt.default\">\n\t\t\t\t<div class=\"elementor-widget-container\">\n\t\t\t\t\t\ud83c\udf89 \u00a1Estamos de aniversario! Llega el tercer a\u00f1o de vida del CREC y queremos celebrarlo con todos\/as vosotros\/as.\r\n\t\t\t\t<\/div>\n\t\t\t\t<\/div>\n\t\t\t\t<\/div>\n\t\t\t\t<\/div>\n\t\t<div data-particle_enable=\"false\" data-particle-mobile-disabled=\"false\" class=\"elementor-element elementor-element-493f6d7 e-con-full e-flex e-con e-child\" data-id=\"493f6d7\" data-element_type=\"container\" data-e-type=\"container\">\n\t\t\t\t<div class=\"elementor-element elementor-element-e430ed7 elementor-widget elementor-widget-button\" data-id=\"e430ed7\" data-element_type=\"widget\" data-e-type=\"widget\" data-widget_type=\"button.default\">\n\t\t\t\t<div class=\"elementor-widget-container\">\n\t\t\t\t\t\t\t\t\t<div class=\"elementor-button-wrapper\">\n\t\t\t\t\t<a class=\"elementor-button elementor-button-link elementor-size-sm\" href=\"https:\/\/www.crec.cat\/es\/esdeveniment\/plazas-agotadas-3o-aniversario-del-crec-celebremoslo-juntos\/\">\n\t\t\t\t\t\t<span class=\"elementor-button-content-wrapper\">\n\t\t\t\t\t\t\t\t\t<span class=\"elementor-button-text\">Saber m\u00e1s<\/span>\n\t\t\t\t\t<\/span>\n\t\t\t\t\t<\/a>\n\t\t\t\t<\/div>\n\t\t\t\t\t\t\t\t<\/div>\n\t\t\t\t<\/div>\n\t\t\t\t<\/div>\n\t\t\t\t<\/div>\n\t\t\t\t<\/div>\n\t\t\t\t<div data-elementor-type=\"loop-item\" data-elementor-id=\"4772\" class=\"elementor elementor-4772 elementor-770 elementor-770 e-loop-item e-loop-item-6580 post-6580 tribe_events type-tribe_events status-publish has-post-thumbnail hentry tribe_events_cat-ended tribe_events_cat-finalitzat cat_ended cat_finalitzat\" data-elementor-post-type=\"elementor_library\" data-custom-edit-handle=\"1\">\n\t\t\t<div data-particle_enable=\"false\" data-particle-mobile-disabled=\"false\" class=\"elementor-element elementor-element-76925ce e-con-full e-flex e-con e-parent\" data-id=\"76925ce\" data-element_type=\"container\" data-e-type=\"container\" data-settings=\"{&quot;background_background&quot;:&quot;classic&quot;}\">\n\t\t<div data-particle_enable=\"false\" data-particle-mobile-disabled=\"false\" class=\"elementor-element elementor-element-d7878f8 e-con-full e-flex e-con e-child\" data-id=\"d7878f8\" data-element_type=\"container\" data-e-type=\"container\">\n\t\t<div data-particle_enable=\"false\" data-particle-mobile-disabled=\"false\" class=\"elementor-element elementor-element-71f56a0 e-con-full e-flex e-con e-child\" data-id=\"71f56a0\" data-element_type=\"container\" data-e-type=\"container\">\n\t\t\t\t<div class=\"elementor-element elementor-element-3f076d5 elementor-widget elementor-widget-tec_events_elementor_widget_event_datetime\" data-id=\"3f076d5\" data-element_type=\"widget\" data-e-type=\"widget\" data-widget_type=\"tec_events_elementor_widget_event_datetime.default\">\n\t\t\t\t<div class=\"elementor-widget-container\">\n\t\t\t\t\t<div  class=\"tec-events-elementor-event-widget__datetime-wrapper\" >\n\t\t<div  class=\"tec-events-elementor-event-widget__datetime\" >\n\t\t\t<span  class=\"tec-events-elementor-event-widget__datetime-date tec-events-elementor-event-widget__datetime-date--start\" >04\/02\/26<\/span>\n\n\t\t\n\n\n\t<\/div><\/div>\n\t\t\t\t<\/div>\n\t\t\t\t<\/div>\n\t\t\t\t<\/div>\n\t\t<div data-particle_enable=\"false\" data-particle-mobile-disabled=\"false\" class=\"elementor-element elementor-element-a668f6e e-con-full e-flex e-con e-child\" data-id=\"a668f6e\" data-element_type=\"container\" data-e-type=\"container\">\n\t\t\t\t<div class=\"elementor-element elementor-element-c2a2ad6 elementor-widget elementor-widget-heading\" data-id=\"c2a2ad6\" data-element_type=\"widget\" data-e-type=\"widget\" data-widget_type=\"heading.default\">\n\t\t\t\t<div class=\"elementor-widget-container\">\n\t\t\t\t\t<h2 class=\"elementor-heading-title elementor-size-default\"><a href=\"https:\/\/www.crec.cat\/es\/esdeveniment\/lubricantes-sostenibles-innovacion-circularidad-y-futuro\/\">Lubricantes Sostenibles: Innovaci\u00f3n, circularidad y futuro<\/a><\/h2>\t\t\t\t<\/div>\n\t\t\t\t<\/div>\n\t\t\t\t<div class=\"elementor-element elementor-element-bf96c84 elementor-widget elementor-widget-theme-post-excerpt\" data-id=\"bf96c84\" data-element_type=\"widget\" data-e-type=\"widget\" data-widget_type=\"theme-post-excerpt.default\">\n\t\t\t\t<div class=\"elementor-widget-container\">\n\t\t\t\t\t\u00bfQuieres conocer herramientas para mejorar la sostenibilidad en el sector de los aceites lubricantes?\r\n\t\t\t\t<\/div>\n\t\t\t\t<\/div>\n\t\t\t\t<\/div>\n\t\t\t\t<\/div>\n\t\t<div data-particle_enable=\"false\" data-particle-mobile-disabled=\"false\" class=\"elementor-element elementor-element-493f6d7 e-con-full e-flex e-con e-child\" data-id=\"493f6d7\" data-element_type=\"container\" data-e-type=\"container\">\n\t\t\t\t<div class=\"elementor-element elementor-element-e430ed7 elementor-widget elementor-widget-button\" data-id=\"e430ed7\" data-element_type=\"widget\" data-e-type=\"widget\" data-widget_type=\"button.default\">\n\t\t\t\t<div class=\"elementor-widget-container\">\n\t\t\t\t\t\t\t\t\t<div class=\"elementor-button-wrapper\">\n\t\t\t\t\t<a class=\"elementor-button elementor-button-link elementor-size-sm\" href=\"https:\/\/www.crec.cat\/es\/esdeveniment\/lubricantes-sostenibles-innovacion-circularidad-y-futuro\/\">\n\t\t\t\t\t\t<span class=\"elementor-button-content-wrapper\">\n\t\t\t\t\t\t\t\t\t<span class=\"elementor-button-text\">Saber m\u00e1s<\/span>\n\t\t\t\t\t<\/span>\n\t\t\t\t\t<\/a>\n\t\t\t\t<\/div>\n\t\t\t\t\t\t\t\t<\/div>\n\t\t\t\t<\/div>\n\t\t\t\t<\/div>\n\t\t\t\t<\/div>\n\t\t\t\t<\/div>\n\t\t\t\t<div data-elementor-type=\"loop-item\" data-elementor-id=\"4772\" class=\"elementor elementor-4772 elementor-770 elementor-770 e-loop-item e-loop-item-6501 post-6501 tribe_events type-tribe_events status-publish has-post-thumbnail hentry tribe_events_cat-ended tribe_events_cat-finalitzat cat_ended cat_finalitzat\" data-elementor-post-type=\"elementor_library\" data-custom-edit-handle=\"1\">\n\t\t\t<div data-particle_enable=\"false\" data-particle-mobile-disabled=\"false\" class=\"elementor-element elementor-element-76925ce e-con-full e-flex e-con e-parent\" data-id=\"76925ce\" data-element_type=\"container\" data-e-type=\"container\" data-settings=\"{&quot;background_background&quot;:&quot;classic&quot;}\">\n\t\t<div data-particle_enable=\"false\" data-particle-mobile-disabled=\"false\" class=\"elementor-element elementor-element-d7878f8 e-con-full e-flex e-con e-child\" data-id=\"d7878f8\" data-element_type=\"container\" data-e-type=\"container\">\n\t\t<div data-particle_enable=\"false\" data-particle-mobile-disabled=\"false\" class=\"elementor-element elementor-element-71f56a0 e-con-full e-flex e-con e-child\" data-id=\"71f56a0\" data-element_type=\"container\" data-e-type=\"container\">\n\t\t\t\t<div class=\"elementor-element elementor-element-3f076d5 elementor-widget elementor-widget-tec_events_elementor_widget_event_datetime\" data-id=\"3f076d5\" data-element_type=\"widget\" data-e-type=\"widget\" data-widget_type=\"tec_events_elementor_widget_event_datetime.default\">\n\t\t\t\t<div class=\"elementor-widget-container\">\n\t\t\t\t\t<div  class=\"tec-events-elementor-event-widget__datetime-wrapper\" >\n\t\t<div  class=\"tec-events-elementor-event-widget__datetime\" >\n\t\t\t<span  class=\"tec-events-elementor-event-widget__datetime-date tec-events-elementor-event-widget__datetime-date--start\" >18\/02\/26<\/span>\n\n\t\t\n\n\n\t<\/div><\/div>\n\t\t\t\t<\/div>\n\t\t\t\t<\/div>\n\t\t\t\t<\/div>\n\t\t<div data-particle_enable=\"false\" data-particle-mobile-disabled=\"false\" class=\"elementor-element elementor-element-a668f6e e-con-full e-flex e-con e-child\" data-id=\"a668f6e\" data-element_type=\"container\" data-e-type=\"container\">\n\t\t\t\t<div class=\"elementor-element elementor-element-c2a2ad6 elementor-widget elementor-widget-heading\" data-id=\"c2a2ad6\" data-element_type=\"widget\" data-e-type=\"widget\" data-widget_type=\"heading.default\">\n\t\t\t\t<div class=\"elementor-widget-container\">\n\t\t\t\t\t<h2 class=\"elementor-heading-title elementor-size-default\"><a href=\"https:\/\/www.crec.cat\/es\/esdeveniment\/grupo-de-trabajo-nuevos-modelos-de-negocio-circulares-2\/\">Grupo de Trabajo: Nuevos modelos de negocio circulares<\/a><\/h2>\t\t\t\t<\/div>\n\t\t\t\t<\/div>\n\t\t\t\t<div class=\"elementor-element elementor-element-bf96c84 elementor-widget elementor-widget-theme-post-excerpt\" data-id=\"bf96c84\" data-element_type=\"widget\" data-e-type=\"widget\" data-widget_type=\"theme-post-excerpt.default\">\n\t\t\t\t<div class=\"elementor-widget-container\">\n\t\t\t\t\t\u00a1Ap\u00fantate a la pr\u00f3xima sesi\u00f3n del Grupo de Trabajo de Nuevos Modelos de Negocio Circulares! Ser\u00e1 el 18\/02\/2026.\r\n\t\t\t\t<\/div>\n\t\t\t\t<\/div>\n\t\t\t\t<\/div>\n\t\t\t\t<\/div>\n\t\t<div data-particle_enable=\"false\" data-particle-mobile-disabled=\"false\" class=\"elementor-element elementor-element-493f6d7 e-con-full e-flex e-con e-child\" data-id=\"493f6d7\" data-element_type=\"container\" data-e-type=\"container\">\n\t\t\t\t<div class=\"elementor-element elementor-element-e430ed7 elementor-widget elementor-widget-button\" data-id=\"e430ed7\" data-element_type=\"widget\" data-e-type=\"widget\" data-widget_type=\"button.default\">\n\t\t\t\t<div class=\"elementor-widget-container\">\n\t\t\t\t\t\t\t\t\t<div class=\"elementor-button-wrapper\">\n\t\t\t\t\t<a class=\"elementor-button elementor-button-link elementor-size-sm\" href=\"https:\/\/www.crec.cat\/es\/esdeveniment\/grupo-de-trabajo-nuevos-modelos-de-negocio-circulares-2\/\">\n\t\t\t\t\t\t<span class=\"elementor-button-content-wrapper\">\n\t\t\t\t\t\t\t\t\t<span class=\"elementor-button-text\">Saber m\u00e1s<\/span>\n\t\t\t\t\t<\/span>\n\t\t\t\t\t<\/a>\n\t\t\t\t<\/div>\n\t\t\t\t\t\t\t\t<\/div>\n\t\t\t\t<\/div>\n\t\t\t\t<\/div>\n\t\t\t\t<\/div>\n\t\t\t\t<\/div>\n\t\t\t\t<div data-elementor-type=\"loop-item\" data-elementor-id=\"4772\" class=\"elementor elementor-4772 elementor-770 elementor-770 e-loop-item e-loop-item-6500 post-6500 tribe_events type-tribe_events status-publish has-post-thumbnail hentry tribe_events_cat-ended tribe_events_cat-finalitzat cat_ended cat_finalitzat\" data-elementor-post-type=\"elementor_library\" data-custom-edit-handle=\"1\">\n\t\t\t<div data-particle_enable=\"false\" data-particle-mobile-disabled=\"false\" class=\"elementor-element elementor-element-76925ce e-con-full e-flex e-con e-parent\" data-id=\"76925ce\" data-element_type=\"container\" data-e-type=\"container\" data-settings=\"{&quot;background_background&quot;:&quot;classic&quot;}\">\n\t\t<div data-particle_enable=\"false\" data-particle-mobile-disabled=\"false\" class=\"elementor-element elementor-element-d7878f8 e-con-full e-flex e-con e-child\" data-id=\"d7878f8\" data-element_type=\"container\" data-e-type=\"container\">\n\t\t<div data-particle_enable=\"false\" data-particle-mobile-disabled=\"false\" class=\"elementor-element elementor-element-71f56a0 e-con-full e-flex e-con e-child\" data-id=\"71f56a0\" data-element_type=\"container\" data-e-type=\"container\">\n\t\t\t\t<div class=\"elementor-element elementor-element-3f076d5 elementor-widget elementor-widget-tec_events_elementor_widget_event_datetime\" data-id=\"3f076d5\" data-element_type=\"widget\" data-e-type=\"widget\" data-widget_type=\"tec_events_elementor_widget_event_datetime.default\">\n\t\t\t\t<div class=\"elementor-widget-container\">\n\t\t\t\t\t<div  class=\"tec-events-elementor-event-widget__datetime-wrapper\" >\n\t\t<div  class=\"tec-events-elementor-event-widget__datetime\" >\n\t\t\t<span  class=\"tec-events-elementor-event-widget__datetime-date tec-events-elementor-event-widget__datetime-date--start\" >24\/02\/26<\/span>\n\n\t\t\n\n\n\t<\/div><\/div>\n\t\t\t\t<\/div>\n\t\t\t\t<\/div>\n\t\t\t\t<\/div>\n\t\t<div data-particle_enable=\"false\" data-particle-mobile-disabled=\"false\" class=\"elementor-element elementor-element-a668f6e e-con-full e-flex e-con e-child\" data-id=\"a668f6e\" data-element_type=\"container\" data-e-type=\"container\">\n\t\t\t\t<div class=\"elementor-element elementor-element-c2a2ad6 elementor-widget elementor-widget-heading\" data-id=\"c2a2ad6\" data-element_type=\"widget\" data-e-type=\"widget\" data-widget_type=\"heading.default\">\n\t\t\t\t<div class=\"elementor-widget-container\">\n\t\t\t\t\t<h2 class=\"elementor-heading-title elementor-size-default\"><a href=\"https:\/\/www.crec.cat\/es\/esdeveniment\/grupo-de-trabajo-sistemas-de-recogida-eficientes\/\">Grupo de Trabajo: Sistemas de Recogida Eficientes<\/a><\/h2>\t\t\t\t<\/div>\n\t\t\t\t<\/div>\n\t\t\t\t<div class=\"elementor-element elementor-element-bf96c84 elementor-widget elementor-widget-theme-post-excerpt\" data-id=\"bf96c84\" data-element_type=\"widget\" data-e-type=\"widget\" data-widget_type=\"theme-post-excerpt.default\">\n\t\t\t\t<div class=\"elementor-widget-container\">\n\t\t\t\t\t\u00a1Ap\u00fantate a la pr\u00f3xima sesi\u00f3n del Grupo de Trabajo de Sistemas de Recogida Eficientes! Ser\u00e1 el 24\/02\/2026.\r\n\t\t\t\t<\/div>\n\t\t\t\t<\/div>\n\t\t\t\t<\/div>\n\t\t\t\t<\/div>\n\t\t<div data-particle_enable=\"false\" data-particle-mobile-disabled=\"false\" class=\"elementor-element elementor-element-493f6d7 e-con-full e-flex e-con e-child\" data-id=\"493f6d7\" data-element_type=\"container\" data-e-type=\"container\">\n\t\t\t\t<div class=\"elementor-element elementor-element-e430ed7 elementor-widget elementor-widget-button\" data-id=\"e430ed7\" data-element_type=\"widget\" data-e-type=\"widget\" data-widget_type=\"button.default\">\n\t\t\t\t<div class=\"elementor-widget-container\">\n\t\t\t\t\t\t\t\t\t<div class=\"elementor-button-wrapper\">\n\t\t\t\t\t<a class=\"elementor-button elementor-button-link elementor-size-sm\" href=\"https:\/\/www.crec.cat\/es\/esdeveniment\/grupo-de-trabajo-sistemas-de-recogida-eficientes\/\">\n\t\t\t\t\t\t<span class=\"elementor-button-content-wrapper\">\n\t\t\t\t\t\t\t\t\t<span class=\"elementor-button-text\">Saber m\u00e1s<\/span>\n\t\t\t\t\t<\/span>\n\t\t\t\t\t<\/a>\n\t\t\t\t<\/div>\n\t\t\t\t\t\t\t\t<\/div>\n\t\t\t\t<\/div>\n\t\t\t\t<\/div>\n\t\t\t\t<\/div>\n\t\t\t\t<\/div>\n\t\t\t\t<div data-elementor-type=\"loop-item\" data-elementor-id=\"4772\" class=\"elementor elementor-4772 elementor-770 elementor-770 e-loop-item e-loop-item-6578 post-6578 tribe_events type-tribe_events status-publish has-post-thumbnail hentry tribe_events_cat-ended tribe_events_cat-finalitzat cat_ended cat_finalitzat\" data-elementor-post-type=\"elementor_library\" data-custom-edit-handle=\"1\">\n\t\t\t<div data-particle_enable=\"false\" data-particle-mobile-disabled=\"false\" class=\"elementor-element elementor-element-76925ce e-con-full e-flex e-con e-parent\" data-id=\"76925ce\" data-element_type=\"container\" data-e-type=\"container\" data-settings=\"{&quot;background_background&quot;:&quot;classic&quot;}\">\n\t\t<div data-particle_enable=\"false\" data-particle-mobile-disabled=\"false\" class=\"elementor-element elementor-element-d7878f8 e-con-full e-flex e-con e-child\" data-id=\"d7878f8\" data-element_type=\"container\" data-e-type=\"container\">\n\t\t<div data-particle_enable=\"false\" data-particle-mobile-disabled=\"false\" class=\"elementor-element elementor-element-71f56a0 e-con-full e-flex e-con e-child\" data-id=\"71f56a0\" data-element_type=\"container\" data-e-type=\"container\">\n\t\t\t\t<div class=\"elementor-element elementor-element-3f076d5 elementor-widget elementor-widget-tec_events_elementor_widget_event_datetime\" data-id=\"3f076d5\" data-element_type=\"widget\" data-e-type=\"widget\" data-widget_type=\"tec_events_elementor_widget_event_datetime.default\">\n\t\t\t\t<div class=\"elementor-widget-container\">\n\t\t\t\t\t<div  class=\"tec-events-elementor-event-widget__datetime-wrapper\" >\n\t\t<div  class=\"tec-events-elementor-event-widget__datetime\" >\n\t\t\t<span  class=\"tec-events-elementor-event-widget__datetime-date tec-events-elementor-event-widget__datetime-date--start\" >19\/02\/26<\/span>\n\n\t\t\n\n\n\t<\/div><\/div>\n\t\t\t\t<\/div>\n\t\t\t\t<\/div>\n\t\t\t\t<\/div>\n\t\t<div data-particle_enable=\"false\" data-particle-mobile-disabled=\"false\" class=\"elementor-element elementor-element-a668f6e e-con-full e-flex e-con e-child\" data-id=\"a668f6e\" data-element_type=\"container\" data-e-type=\"container\">\n\t\t\t\t<div class=\"elementor-element elementor-element-c2a2ad6 elementor-widget elementor-widget-heading\" data-id=\"c2a2ad6\" data-element_type=\"widget\" data-e-type=\"widget\" data-widget_type=\"heading.default\">\n\t\t\t\t<div class=\"elementor-widget-container\">\n\t\t\t\t\t<h2 class=\"elementor-heading-title elementor-size-default\"><a href=\"https:\/\/www.crec.cat\/es\/esdeveniment\/webinar-convocatorias-de-ayudas-europeas\/\">WEBINAR | Convocatorias de ayudas europeas<\/a><\/h2>\t\t\t\t<\/div>\n\t\t\t\t<\/div>\n\t\t\t\t<div class=\"elementor-element elementor-element-bf96c84 elementor-widget elementor-widget-theme-post-excerpt\" data-id=\"bf96c84\" data-element_type=\"widget\" data-e-type=\"widget\" data-widget_type=\"theme-post-excerpt.default\">\n\t\t\t\t<div class=\"elementor-widget-container\">\n\t\t\t\t\t\u00bfEres socio del CREC y quieres conocer m\u00e1s sobre los Programas Europeos y las convocatorias en residuos y econom\u00eda circular? \u00a1Reserva la fecha y no te pierdas esta sesi\u00f3n informativa!\t\t\t\t<\/div>\n\t\t\t\t<\/div>\n\t\t\t\t<\/div>\n\t\t\t\t<\/div>\n\t\t<div data-particle_enable=\"false\" data-particle-mobile-disabled=\"false\" class=\"elementor-element elementor-element-493f6d7 e-con-full e-flex e-con e-child\" data-id=\"493f6d7\" data-element_type=\"container\" data-e-type=\"container\">\n\t\t\t\t<div class=\"elementor-element elementor-element-e430ed7 elementor-widget elementor-widget-button\" data-id=\"e430ed7\" data-element_type=\"widget\" data-e-type=\"widget\" data-widget_type=\"button.default\">\n\t\t\t\t<div class=\"elementor-widget-container\">\n\t\t\t\t\t\t\t\t\t<div class=\"elementor-button-wrapper\">\n\t\t\t\t\t<a class=\"elementor-button elementor-button-link elementor-size-sm\" href=\"https:\/\/www.crec.cat\/es\/esdeveniment\/webinar-convocatorias-de-ayudas-europeas\/\">\n\t\t\t\t\t\t<span class=\"elementor-button-content-wrapper\">\n\t\t\t\t\t\t\t\t\t<span class=\"elementor-button-text\">Saber m\u00e1s<\/span>\n\t\t\t\t\t<\/span>\n\t\t\t\t\t<\/a>\n\t\t\t\t<\/div>\n\t\t\t\t\t\t\t\t<\/div>\n\t\t\t\t<\/div>\n\t\t\t\t<\/div>\n\t\t\t\t<\/div>\n\t\t\t\t<\/div>\n\t\t\t\t<div data-elementor-type=\"loop-item\" data-elementor-id=\"4772\" class=\"elementor elementor-4772 elementor-770 elementor-770 e-loop-item e-loop-item-6508 post-6508 tribe_events type-tribe_events status-publish has-post-thumbnail hentry tribe_events_cat-ended tribe_events_cat-finalitzat cat_ended cat_finalitzat\" data-elementor-post-type=\"elementor_library\" data-custom-edit-handle=\"1\">\n\t\t\t<div data-particle_enable=\"false\" data-particle-mobile-disabled=\"false\" class=\"elementor-element elementor-element-76925ce e-con-full e-flex e-con e-parent\" data-id=\"76925ce\" data-element_type=\"container\" data-e-type=\"container\" data-settings=\"{&quot;background_background&quot;:&quot;classic&quot;}\">\n\t\t<div data-particle_enable=\"false\" data-particle-mobile-disabled=\"false\" class=\"elementor-element elementor-element-d7878f8 e-con-full e-flex e-con e-child\" data-id=\"d7878f8\" data-element_type=\"container\" data-e-type=\"container\">\n\t\t<div data-particle_enable=\"false\" data-particle-mobile-disabled=\"false\" class=\"elementor-element elementor-element-71f56a0 e-con-full e-flex e-con e-child\" data-id=\"71f56a0\" data-element_type=\"container\" data-e-type=\"container\">\n\t\t\t\t<div class=\"elementor-element elementor-element-3f076d5 elementor-widget elementor-widget-tec_events_elementor_widget_event_datetime\" data-id=\"3f076d5\" data-element_type=\"widget\" data-e-type=\"widget\" data-widget_type=\"tec_events_elementor_widget_event_datetime.default\">\n\t\t\t\t<div class=\"elementor-widget-container\">\n\t\t\t\t\t<div  class=\"tec-events-elementor-event-widget__datetime-wrapper\" >\n\t\t<div  class=\"tec-events-elementor-event-widget__datetime\" >\n\t\t\t<span  class=\"tec-events-elementor-event-widget__datetime-date tec-events-elementor-event-widget__datetime-date--start\" >05\/03\/26<\/span>\n\n\t\t\n\n\n\t<\/div><\/div>\n\t\t\t\t<\/div>\n\t\t\t\t<\/div>\n\t\t\t\t<\/div>\n\t\t<div data-particle_enable=\"false\" data-particle-mobile-disabled=\"false\" class=\"elementor-element elementor-element-a668f6e e-con-full e-flex e-con e-child\" data-id=\"a668f6e\" data-element_type=\"container\" data-e-type=\"container\">\n\t\t\t\t<div class=\"elementor-element elementor-element-c2a2ad6 elementor-widget elementor-widget-heading\" data-id=\"c2a2ad6\" data-element_type=\"widget\" data-e-type=\"widget\" data-widget_type=\"heading.default\">\n\t\t\t\t<div class=\"elementor-widget-container\">\n\t\t\t\t\t<h2 class=\"elementor-heading-title elementor-size-default\"><a href=\"https:\/\/www.crec.cat\/es\/esdeveniment\/jornada-intercluster-tejiendo-sinergias-para-fomentar-la-economia-circular-2\/\">Jornada Intercl\u00faster: Tejiendo sinergias para fomentar la econom\u00eda circular<\/a><\/h2>\t\t\t\t<\/div>\n\t\t\t\t<\/div>\n\t\t\t\t<div class=\"elementor-element elementor-element-bf96c84 elementor-widget elementor-widget-theme-post-excerpt\" data-id=\"bf96c84\" data-element_type=\"widget\" data-e-type=\"widget\" data-widget_type=\"theme-post-excerpt.default\">\n\t\t\t\t<div class=\"elementor-widget-container\">\n\t\t\t\t\tInscr\u00edbete en la 3\u00aa Jornada Intercl\u00faster para crear sinergias que fomenten la econom\u00eda circular. \u00a1No te lo puedes perder!\r\n\t\t\t\t<\/div>\n\t\t\t\t<\/div>\n\t\t\t\t<\/div>\n\t\t\t\t<\/div>\n\t\t<div data-particle_enable=\"false\" data-particle-mobile-disabled=\"false\" class=\"elementor-element elementor-element-493f6d7 e-con-full e-flex e-con e-child\" data-id=\"493f6d7\" data-element_type=\"container\" data-e-type=\"container\">\n\t\t\t\t<div class=\"elementor-element elementor-element-e430ed7 elementor-widget elementor-widget-button\" data-id=\"e430ed7\" data-element_type=\"widget\" data-e-type=\"widget\" data-widget_type=\"button.default\">\n\t\t\t\t<div class=\"elementor-widget-container\">\n\t\t\t\t\t\t\t\t\t<div class=\"elementor-button-wrapper\">\n\t\t\t\t\t<a class=\"elementor-button elementor-button-link elementor-size-sm\" href=\"https:\/\/www.crec.cat\/es\/esdeveniment\/jornada-intercluster-tejiendo-sinergias-para-fomentar-la-economia-circular-2\/\">\n\t\t\t\t\t\t<span class=\"elementor-button-content-wrapper\">\n\t\t\t\t\t\t\t\t\t<span class=\"elementor-button-text\">Saber m\u00e1s<\/span>\n\t\t\t\t\t<\/span>\n\t\t\t\t\t<\/a>\n\t\t\t\t<\/div>\n\t\t\t\t\t\t\t\t<\/div>\n\t\t\t\t<\/div>\n\t\t\t\t<\/div>\n\t\t\t\t<\/div>\n\t\t\t\t<\/div>\n\t\t\t\t<div data-elementor-type=\"loop-item\" data-elementor-id=\"4772\" class=\"elementor elementor-4772 elementor-770 elementor-770 e-loop-item e-loop-item-6571 post-6571 tribe_events type-tribe_events status-publish has-post-thumbnail hentry tribe_events_cat-ended tribe_events_cat-finalitzat cat_ended cat_finalitzat\" data-elementor-post-type=\"elementor_library\" data-custom-edit-handle=\"1\">\n\t\t\t<div data-particle_enable=\"false\" data-particle-mobile-disabled=\"false\" class=\"elementor-element elementor-element-76925ce e-con-full e-flex e-con e-parent\" data-id=\"76925ce\" data-element_type=\"container\" data-e-type=\"container\" data-settings=\"{&quot;background_background&quot;:&quot;classic&quot;}\">\n\t\t<div data-particle_enable=\"false\" data-particle-mobile-disabled=\"false\" class=\"elementor-element elementor-element-d7878f8 e-con-full e-flex e-con e-child\" data-id=\"d7878f8\" data-element_type=\"container\" data-e-type=\"container\">\n\t\t<div data-particle_enable=\"false\" data-particle-mobile-disabled=\"false\" class=\"elementor-element elementor-element-71f56a0 e-con-full e-flex e-con e-child\" data-id=\"71f56a0\" data-element_type=\"container\" data-e-type=\"container\">\n\t\t\t\t<div class=\"elementor-element elementor-element-3f076d5 elementor-widget elementor-widget-tec_events_elementor_widget_event_datetime\" data-id=\"3f076d5\" data-element_type=\"widget\" data-e-type=\"widget\" data-widget_type=\"tec_events_elementor_widget_event_datetime.default\">\n\t\t\t\t<div class=\"elementor-widget-container\">\n\t\t\t\t\t<div  class=\"tec-events-elementor-event-widget__datetime-wrapper\" >\n\t\t<div  class=\"tec-events-elementor-event-widget__datetime\" >\n\t\t\t<span  class=\"tec-events-elementor-event-widget__datetime-date tec-events-elementor-event-widget__datetime-date--start\" >19\/03\/26<\/span>\n\n\t\t\n\n\n\t<\/div><\/div>\n\t\t\t\t<\/div>\n\t\t\t\t<\/div>\n\t\t\t\t<\/div>\n\t\t<div data-particle_enable=\"false\" data-particle-mobile-disabled=\"false\" class=\"elementor-element elementor-element-a668f6e e-con-full e-flex e-con e-child\" data-id=\"a668f6e\" data-element_type=\"container\" data-e-type=\"container\">\n\t\t\t\t<div class=\"elementor-element elementor-element-c2a2ad6 elementor-widget elementor-widget-heading\" data-id=\"c2a2ad6\" data-element_type=\"widget\" data-e-type=\"widget\" data-widget_type=\"heading.default\">\n\t\t\t\t<div class=\"elementor-widget-container\">\n\t\t\t\t\t<h2 class=\"elementor-heading-title elementor-size-default\"><a href=\"https:\/\/www.crec.cat\/es\/esdeveniment\/cambio-de-fecha-presentacion-del-proyecto-dcas-r-datos-circulares-como-servicio-para-los-residuos-de-la-construccion\/\">[CAMBIO DE FECHA] Presentaci\u00f3n del Proyecto | DCaS-R: Datos Circulares como Servicio para los Residuos de la Construcci\u00f3n<\/a><\/h2>\t\t\t\t<\/div>\n\t\t\t\t<\/div>\n\t\t\t\t<div class=\"elementor-element elementor-element-bf96c84 elementor-widget elementor-widget-theme-post-excerpt\" data-id=\"bf96c84\" data-element_type=\"widget\" data-e-type=\"widget\" data-widget_type=\"theme-post-excerpt.default\">\n\t\t\t\t<div class=\"elementor-widget-container\">\n\t\t\t\t\tInscr\u00edbete en la Jornada de presentaci\u00f3n del proyecto: DCaS-R: Datos Circulares como Servicio para los Residuos de la Construcci\u00f3n.\t\t\t\t<\/div>\n\t\t\t\t<\/div>\n\t\t\t\t<\/div>\n\t\t\t\t<\/div>\n\t\t<div data-particle_enable=\"false\" data-particle-mobile-disabled=\"false\" class=\"elementor-element elementor-element-493f6d7 e-con-full e-flex e-con e-child\" data-id=\"493f6d7\" data-element_type=\"container\" data-e-type=\"container\">\n\t\t\t\t<div class=\"elementor-element elementor-element-e430ed7 elementor-widget elementor-widget-button\" data-id=\"e430ed7\" data-element_type=\"widget\" data-e-type=\"widget\" data-widget_type=\"button.default\">\n\t\t\t\t<div class=\"elementor-widget-container\">\n\t\t\t\t\t\t\t\t\t<div class=\"elementor-button-wrapper\">\n\t\t\t\t\t<a class=\"elementor-button elementor-button-link elementor-size-sm\" href=\"https:\/\/www.crec.cat\/es\/esdeveniment\/cambio-de-fecha-presentacion-del-proyecto-dcas-r-datos-circulares-como-servicio-para-los-residuos-de-la-construccion\/\">\n\t\t\t\t\t\t<span class=\"elementor-button-content-wrapper\">\n\t\t\t\t\t\t\t\t\t<span class=\"elementor-button-text\">Saber m\u00e1s<\/span>\n\t\t\t\t\t<\/span>\n\t\t\t\t\t<\/a>\n\t\t\t\t<\/div>\n\t\t\t\t\t\t\t\t<\/div>\n\t\t\t\t<\/div>\n\t\t\t\t<\/div>\n\t\t\t\t<\/div>\n\t\t\t\t<\/div>\n\t\t\t\t<div data-elementor-type=\"loop-item\" data-elementor-id=\"4772\" class=\"elementor elementor-4772 elementor-770 elementor-770 e-loop-item e-loop-item-6499 post-6499 tribe_events type-tribe_events status-publish has-post-thumbnail hentry tribe_events_cat-ended tribe_events_cat-finalitzat cat_ended cat_finalitzat\" data-elementor-post-type=\"elementor_library\" data-custom-edit-handle=\"1\">\n\t\t\t<div data-particle_enable=\"false\" data-particle-mobile-disabled=\"false\" class=\"elementor-element elementor-element-76925ce e-con-full e-flex e-con e-parent\" data-id=\"76925ce\" data-element_type=\"container\" data-e-type=\"container\" data-settings=\"{&quot;background_background&quot;:&quot;classic&quot;}\">\n\t\t<div data-particle_enable=\"false\" data-particle-mobile-disabled=\"false\" class=\"elementor-element elementor-element-d7878f8 e-con-full e-flex e-con e-child\" data-id=\"d7878f8\" data-element_type=\"container\" data-e-type=\"container\">\n\t\t<div data-particle_enable=\"false\" data-particle-mobile-disabled=\"false\" class=\"elementor-element elementor-element-71f56a0 e-con-full e-flex e-con e-child\" data-id=\"71f56a0\" data-element_type=\"container\" data-e-type=\"container\">\n\t\t\t\t<div class=\"elementor-element elementor-element-3f076d5 elementor-widget elementor-widget-tec_events_elementor_widget_event_datetime\" data-id=\"3f076d5\" data-element_type=\"widget\" data-e-type=\"widget\" data-widget_type=\"tec_events_elementor_widget_event_datetime.default\">\n\t\t\t\t<div class=\"elementor-widget-container\">\n\t\t\t\t\t<div  class=\"tec-events-elementor-event-widget__datetime-wrapper\" >\n\t\t<div  class=\"tec-events-elementor-event-widget__datetime\" >\n\t\t\t<span  class=\"tec-events-elementor-event-widget__datetime-date tec-events-elementor-event-widget__datetime-date--start\" >03\/03\/26<\/span>\n\n\t\t\n\n\n\t<\/div><\/div>\n\t\t\t\t<\/div>\n\t\t\t\t<\/div>\n\t\t\t\t<\/div>\n\t\t<div data-particle_enable=\"false\" data-particle-mobile-disabled=\"false\" class=\"elementor-element elementor-element-a668f6e e-con-full e-flex e-con e-child\" data-id=\"a668f6e\" data-element_type=\"container\" data-e-type=\"container\">\n\t\t\t\t<div class=\"elementor-element elementor-element-c2a2ad6 elementor-widget elementor-widget-heading\" data-id=\"c2a2ad6\" data-element_type=\"widget\" data-e-type=\"widget\" data-widget_type=\"heading.default\">\n\t\t\t\t<div class=\"elementor-widget-container\">\n\t\t\t\t\t<h2 class=\"elementor-heading-title elementor-size-default\"><a href=\"https:\/\/www.crec.cat\/es\/esdeveniment\/grupo-de-trabajo-construccion-circular\/\">Grupo de Trabajo: Construcci\u00f3n Circular<\/a><\/h2>\t\t\t\t<\/div>\n\t\t\t\t<\/div>\n\t\t\t\t<div class=\"elementor-element elementor-element-bf96c84 elementor-widget elementor-widget-theme-post-excerpt\" data-id=\"bf96c84\" data-element_type=\"widget\" data-e-type=\"widget\" data-widget_type=\"theme-post-excerpt.default\">\n\t\t\t\t<div class=\"elementor-widget-container\">\n\t\t\t\t\t\u00a1Ap\u00fantate a la primera sesi\u00f3n del Grupo de Trabajo de Construcci\u00f3n Circular! Ser\u00e1 el 3\/03\/2026.\r\n\t\t\t\t<\/div>\n\t\t\t\t<\/div>\n\t\t\t\t<\/div>\n\t\t\t\t<\/div>\n\t\t<div data-particle_enable=\"false\" data-particle-mobile-disabled=\"false\" class=\"elementor-element elementor-element-493f6d7 e-con-full e-flex e-con e-child\" data-id=\"493f6d7\" data-element_type=\"container\" data-e-type=\"container\">\n\t\t\t\t<div class=\"elementor-element elementor-element-e430ed7 elementor-widget elementor-widget-button\" data-id=\"e430ed7\" data-element_type=\"widget\" data-e-type=\"widget\" data-widget_type=\"button.default\">\n\t\t\t\t<div class=\"elementor-widget-container\">\n\t\t\t\t\t\t\t\t\t<div class=\"elementor-button-wrapper\">\n\t\t\t\t\t<a class=\"elementor-button elementor-button-link elementor-size-sm\" href=\"https:\/\/www.crec.cat\/es\/esdeveniment\/grupo-de-trabajo-construccion-circular\/\">\n\t\t\t\t\t\t<span class=\"elementor-button-content-wrapper\">\n\t\t\t\t\t\t\t\t\t<span class=\"elementor-button-text\">Saber m\u00e1s<\/span>\n\t\t\t\t\t<\/span>\n\t\t\t\t\t<\/a>\n\t\t\t\t<\/div>\n\t\t\t\t\t\t\t\t<\/div>\n\t\t\t\t<\/div>\n\t\t\t\t<\/div>\n\t\t\t\t<\/div>\n\t\t\t\t<\/div>\n\t\t\t\t<div data-elementor-type=\"loop-item\" data-elementor-id=\"4772\" class=\"elementor elementor-4772 elementor-770 elementor-770 e-loop-item e-loop-item-6520 post-6520 tribe_events type-tribe_events status-publish has-post-thumbnail hentry tribe_events_cat-ended tribe_events_cat-finalitzat cat_ended cat_finalitzat\" data-elementor-post-type=\"elementor_library\" data-custom-edit-handle=\"1\">\n\t\t\t<div data-particle_enable=\"false\" data-particle-mobile-disabled=\"false\" class=\"elementor-element elementor-element-76925ce e-con-full e-flex e-con e-parent\" data-id=\"76925ce\" data-element_type=\"container\" data-e-type=\"container\" data-settings=\"{&quot;background_background&quot;:&quot;classic&quot;}\">\n\t\t<div data-particle_enable=\"false\" data-particle-mobile-disabled=\"false\" class=\"elementor-element elementor-element-d7878f8 e-con-full e-flex e-con e-child\" data-id=\"d7878f8\" data-element_type=\"container\" data-e-type=\"container\">\n\t\t<div data-particle_enable=\"false\" data-particle-mobile-disabled=\"false\" class=\"elementor-element elementor-element-71f56a0 e-con-full e-flex e-con e-child\" data-id=\"71f56a0\" data-element_type=\"container\" data-e-type=\"container\">\n\t\t\t\t<div class=\"elementor-element elementor-element-3f076d5 elementor-widget elementor-widget-tec_events_elementor_widget_event_datetime\" data-id=\"3f076d5\" data-element_type=\"widget\" data-e-type=\"widget\" data-widget_type=\"tec_events_elementor_widget_event_datetime.default\">\n\t\t\t\t<div class=\"elementor-widget-container\">\n\t\t\t\t\t<div  class=\"tec-events-elementor-event-widget__datetime-wrapper\" >\n\t\t<div  class=\"tec-events-elementor-event-widget__datetime\" >\n\t\t\t<span  class=\"tec-events-elementor-event-widget__datetime-date tec-events-elementor-event-widget__datetime-date--start\" >25\/03\/26<\/span>\n\n\t\t\n\n\n\t<\/div><\/div>\n\t\t\t\t<\/div>\n\t\t\t\t<\/div>\n\t\t\t\t<\/div>\n\t\t<div data-particle_enable=\"false\" data-particle-mobile-disabled=\"false\" class=\"elementor-element elementor-element-a668f6e e-con-full e-flex e-con e-child\" data-id=\"a668f6e\" data-element_type=\"container\" data-e-type=\"container\">\n\t\t\t\t<div class=\"elementor-element elementor-element-c2a2ad6 elementor-widget elementor-widget-heading\" data-id=\"c2a2ad6\" data-element_type=\"widget\" data-e-type=\"widget\" data-widget_type=\"heading.default\">\n\t\t\t\t<div class=\"elementor-widget-container\">\n\t\t\t\t\t<h2 class=\"elementor-heading-title elementor-size-default\"><a href=\"https:\/\/www.crec.cat\/es\/esdeveniment\/taller-de-comunicacion-estrategia-de-comunicacion-para-gestores-de-residuos\/\">Taller de Comunicaci\u00f3n | Estrategia de comunicaci\u00f3n para gestores de residuos<\/a><\/h2>\t\t\t\t<\/div>\n\t\t\t\t<\/div>\n\t\t\t\t<div class=\"elementor-element elementor-element-bf96c84 elementor-widget elementor-widget-theme-post-excerpt\" data-id=\"bf96c84\" data-element_type=\"widget\" data-e-type=\"widget\" data-widget_type=\"theme-post-excerpt.default\">\n\t\t\t\t<div class=\"elementor-widget-container\">\n\t\t\t\t\t\u00bfTe interesa trabajar la estrategia de comunicaci\u00f3n de tu empresa? \u00a1Este workshop es para ti!\r\n\r\nTenemos un reto: el reposicionamiento del sector. Es necesario explicar mejor lo que hacemos, mostrar la innovaci\u00f3n que impulsamos y convertir el residuo en s\u00edmbolo de oportunidad, no de rechazo.\t\t\t\t<\/div>\n\t\t\t\t<\/div>\n\t\t\t\t<\/div>\n\t\t\t\t<\/div>\n\t\t<div data-particle_enable=\"false\" data-particle-mobile-disabled=\"false\" class=\"elementor-element elementor-element-493f6d7 e-con-full e-flex e-con e-child\" data-id=\"493f6d7\" data-element_type=\"container\" data-e-type=\"container\">\n\t\t\t\t<div class=\"elementor-element elementor-element-e430ed7 elementor-widget elementor-widget-button\" data-id=\"e430ed7\" data-element_type=\"widget\" data-e-type=\"widget\" data-widget_type=\"button.default\">\n\t\t\t\t<div class=\"elementor-widget-container\">\n\t\t\t\t\t\t\t\t\t<div class=\"elementor-button-wrapper\">\n\t\t\t\t\t<a class=\"elementor-button elementor-button-link elementor-size-sm\" href=\"https:\/\/www.crec.cat\/es\/esdeveniment\/taller-de-comunicacion-estrategia-de-comunicacion-para-gestores-de-residuos\/\">\n\t\t\t\t\t\t<span class=\"elementor-button-content-wrapper\">\n\t\t\t\t\t\t\t\t\t<span class=\"elementor-button-text\">Saber m\u00e1s<\/span>\n\t\t\t\t\t<\/span>\n\t\t\t\t\t<\/a>\n\t\t\t\t<\/div>\n\t\t\t\t\t\t\t\t<\/div>\n\t\t\t\t<\/div>\n\t\t\t\t<\/div>\n\t\t\t\t<\/div>\n\t\t\t\t<\/div>\n\t\t\t\t<div data-elementor-type=\"loop-item\" data-elementor-id=\"4772\" class=\"elementor elementor-4772 elementor-770 elementor-770 e-loop-item e-loop-item-6567 post-6567 tribe_events type-tribe_events status-publish has-post-thumbnail hentry tribe_events_cat-ended tribe_events_cat-finalitzat cat_ended cat_finalitzat\" data-elementor-post-type=\"elementor_library\" data-custom-edit-handle=\"1\">\n\t\t\t<div data-particle_enable=\"false\" data-particle-mobile-disabled=\"false\" class=\"elementor-element elementor-element-76925ce e-con-full e-flex e-con e-parent\" data-id=\"76925ce\" data-element_type=\"container\" data-e-type=\"container\" data-settings=\"{&quot;background_background&quot;:&quot;classic&quot;}\">\n\t\t<div data-particle_enable=\"false\" data-particle-mobile-disabled=\"false\" class=\"elementor-element elementor-element-d7878f8 e-con-full e-flex e-con e-child\" data-id=\"d7878f8\" data-element_type=\"container\" data-e-type=\"container\">\n\t\t<div data-particle_enable=\"false\" data-particle-mobile-disabled=\"false\" class=\"elementor-element elementor-element-71f56a0 e-con-full e-flex e-con e-child\" data-id=\"71f56a0\" data-element_type=\"container\" data-e-type=\"container\">\n\t\t\t\t<div class=\"elementor-element elementor-element-3f076d5 elementor-widget elementor-widget-tec_events_elementor_widget_event_datetime\" data-id=\"3f076d5\" data-element_type=\"widget\" data-e-type=\"widget\" data-widget_type=\"tec_events_elementor_widget_event_datetime.default\">\n\t\t\t\t<div class=\"elementor-widget-container\">\n\t\t\t\t\t<div  class=\"tec-events-elementor-event-widget__datetime-wrapper\" >\n\t\t<div  class=\"tec-events-elementor-event-widget__datetime\" >\n\t\t\t<span  class=\"tec-events-elementor-event-widget__datetime-date tec-events-elementor-event-widget__datetime-date--start\" >16\/03\/26<\/span>\n\n\t\t\n\n\n\t<\/div><\/div>\n\t\t\t\t<\/div>\n\t\t\t\t<\/div>\n\t\t\t\t<\/div>\n\t\t<div data-particle_enable=\"false\" data-particle-mobile-disabled=\"false\" class=\"elementor-element elementor-element-a668f6e e-con-full e-flex e-con e-child\" data-id=\"a668f6e\" data-element_type=\"container\" data-e-type=\"container\">\n\t\t\t\t<div class=\"elementor-element elementor-element-c2a2ad6 elementor-widget elementor-widget-heading\" data-id=\"c2a2ad6\" data-element_type=\"widget\" data-e-type=\"widget\" data-widget_type=\"heading.default\">\n\t\t\t\t<div class=\"elementor-widget-container\">\n\t\t\t\t\t<h2 class=\"elementor-heading-title elementor-size-default\"><a href=\"https:\/\/www.crec.cat\/es\/esdeveniment\/jornada-la-seguridad-de-las-baterias-en-las-plantas-de-gestion\/\">JORNADA: La seguridad de las bater\u00edas en las plantas de gesti\u00f3n.<\/a><\/h2>\t\t\t\t<\/div>\n\t\t\t\t<\/div>\n\t\t\t\t<div class=\"elementor-element elementor-element-bf96c84 elementor-widget elementor-widget-theme-post-excerpt\" data-id=\"bf96c84\" data-element_type=\"widget\" data-e-type=\"widget\" data-widget_type=\"theme-post-excerpt.default\">\n\t\t\t\t<div class=\"elementor-widget-container\">\n\t\t\t\t\t\u00a1Ap\u00fantate a la pr\u00f3xima sesi\u00f3n del Grupo de Trabajo de CRM y Bater\u00edas! Te esperamos el 16\/03 para visitar Eurecat.\r\n\t\t\t\t<\/div>\n\t\t\t\t<\/div>\n\t\t\t\t<\/div>\n\t\t\t\t<\/div>\n\t\t<div data-particle_enable=\"false\" data-particle-mobile-disabled=\"false\" class=\"elementor-element elementor-element-493f6d7 e-con-full e-flex e-con e-child\" data-id=\"493f6d7\" data-element_type=\"container\" data-e-type=\"container\">\n\t\t\t\t<div class=\"elementor-element elementor-element-e430ed7 elementor-widget elementor-widget-button\" data-id=\"e430ed7\" data-element_type=\"widget\" data-e-type=\"widget\" data-widget_type=\"button.default\">\n\t\t\t\t<div class=\"elementor-widget-container\">\n\t\t\t\t\t\t\t\t\t<div class=\"elementor-button-wrapper\">\n\t\t\t\t\t<a class=\"elementor-button elementor-button-link elementor-size-sm\" href=\"https:\/\/www.crec.cat\/es\/esdeveniment\/jornada-la-seguridad-de-las-baterias-en-las-plantas-de-gestion\/\">\n\t\t\t\t\t\t<span class=\"elementor-button-content-wrapper\">\n\t\t\t\t\t\t\t\t\t<span class=\"elementor-button-text\">Saber m\u00e1s<\/span>\n\t\t\t\t\t<\/span>\n\t\t\t\t\t<\/a>\n\t\t\t\t<\/div>\n\t\t\t\t\t\t\t\t<\/div>\n\t\t\t\t<\/div>\n\t\t\t\t<\/div>\n\t\t\t\t<\/div>\n\t\t\t\t<\/div>\n\t\t\t\t<div data-elementor-type=\"loop-item\" data-elementor-id=\"4772\" class=\"elementor elementor-4772 elementor-770 elementor-770 e-loop-item e-loop-item-6660 post-6660 tribe_events type-tribe_events status-publish has-post-thumbnail hentry tribe_events_cat-ended tribe_events_cat-finalitzat cat_ended cat_finalitzat\" data-elementor-post-type=\"elementor_library\" data-custom-edit-handle=\"1\">\n\t\t\t<div data-particle_enable=\"false\" data-particle-mobile-disabled=\"false\" class=\"elementor-element elementor-element-76925ce e-con-full e-flex e-con e-parent\" data-id=\"76925ce\" data-element_type=\"container\" data-e-type=\"container\" data-settings=\"{&quot;background_background&quot;:&quot;classic&quot;}\">\n\t\t<div data-particle_enable=\"false\" data-particle-mobile-disabled=\"false\" class=\"elementor-element elementor-element-d7878f8 e-con-full e-flex e-con e-child\" data-id=\"d7878f8\" data-element_type=\"container\" data-e-type=\"container\">\n\t\t<div data-particle_enable=\"false\" data-particle-mobile-disabled=\"false\" class=\"elementor-element elementor-element-71f56a0 e-con-full e-flex e-con e-child\" data-id=\"71f56a0\" data-element_type=\"container\" data-e-type=\"container\">\n\t\t\t\t<div class=\"elementor-element elementor-element-3f076d5 elementor-widget elementor-widget-tec_events_elementor_widget_event_datetime\" data-id=\"3f076d5\" data-element_type=\"widget\" data-e-type=\"widget\" data-widget_type=\"tec_events_elementor_widget_event_datetime.default\">\n\t\t\t\t<div class=\"elementor-widget-container\">\n\t\t\t\t\t<div  class=\"tec-events-elementor-event-widget__datetime-wrapper\" >\n\t\t<div  class=\"tec-events-elementor-event-widget__datetime\" >\n\t\t\t<span  class=\"tec-events-elementor-event-widget__datetime-date tec-events-elementor-event-widget__datetime-date--start\" >21\/04\/26<\/span>\n\n\t\t\n\n\n\t<\/div><\/div>\n\t\t\t\t<\/div>\n\t\t\t\t<\/div>\n\t\t\t\t<\/div>\n\t\t<div data-particle_enable=\"false\" data-particle-mobile-disabled=\"false\" class=\"elementor-element elementor-element-a668f6e e-con-full e-flex e-con e-child\" data-id=\"a668f6e\" data-element_type=\"container\" data-e-type=\"container\">\n\t\t\t\t<div class=\"elementor-element elementor-element-c2a2ad6 elementor-widget elementor-widget-heading\" data-id=\"c2a2ad6\" data-element_type=\"widget\" data-e-type=\"widget\" data-widget_type=\"heading.default\">\n\t\t\t\t<div class=\"elementor-widget-container\">\n\t\t\t\t\t<h2 class=\"elementor-heading-title elementor-size-default\"><a href=\"https:\/\/www.crec.cat\/es\/esdeveniment\/visitamos-al-socio-hausmann-aromatic\/\">Visitamos al socio: HAUSMANN AROMATIC<\/a><\/h2>\t\t\t\t<\/div>\n\t\t\t\t<\/div>\n\t\t\t\t<div class=\"elementor-element elementor-element-bf96c84 elementor-widget elementor-widget-theme-post-excerpt\" data-id=\"bf96c84\" data-element_type=\"widget\" data-e-type=\"widget\" data-widget_type=\"theme-post-excerpt.default\">\n\t\t\t\t<div class=\"elementor-widget-container\">\n\t\t\t\t\tReserva el pr\u00f3ximo 21 de abril para asistir a la pr\u00f3xima \u201cVisita al socio\u201d del cl\u00faster. Visitaremos a HAUSMANN AROMATIC en sus instalaciones.\t\t\t\t<\/div>\n\t\t\t\t<\/div>\n\t\t\t\t<\/div>\n\t\t\t\t<\/div>\n\t\t<div data-particle_enable=\"false\" data-particle-mobile-disabled=\"false\" class=\"elementor-element elementor-element-493f6d7 e-con-full e-flex e-con e-child\" data-id=\"493f6d7\" data-element_type=\"container\" data-e-type=\"container\">\n\t\t\t\t<div class=\"elementor-element elementor-element-e430ed7 elementor-widget elementor-widget-button\" data-id=\"e430ed7\" data-element_type=\"widget\" data-e-type=\"widget\" data-widget_type=\"button.default\">\n\t\t\t\t<div class=\"elementor-widget-container\">\n\t\t\t\t\t\t\t\t\t<div class=\"elementor-button-wrapper\">\n\t\t\t\t\t<a class=\"elementor-button elementor-button-link elementor-size-sm\" href=\"https:\/\/www.crec.cat\/es\/esdeveniment\/visitamos-al-socio-hausmann-aromatic\/\">\n\t\t\t\t\t\t<span class=\"elementor-button-content-wrapper\">\n\t\t\t\t\t\t\t\t\t<span class=\"elementor-button-text\">Saber m\u00e1s<\/span>\n\t\t\t\t\t<\/span>\n\t\t\t\t\t<\/a>\n\t\t\t\t<\/div>\n\t\t\t\t\t\t\t\t<\/div>\n\t\t\t\t<\/div>\n\t\t\t\t<\/div>\n\t\t\t\t<\/div>\n\t\t\t\t<\/div>\n\t\t\t\t<div data-elementor-type=\"loop-item\" data-elementor-id=\"4772\" class=\"elementor elementor-4772 elementor-770 elementor-770 e-loop-item e-loop-item-6690 post-6690 tribe_events type-tribe_events status-publish has-post-thumbnail hentry tribe_events_cat-ended tribe_events_cat-finalitzat cat_ended cat_finalitzat\" data-elementor-post-type=\"elementor_library\" data-custom-edit-handle=\"1\">\n\t\t\t<div data-particle_enable=\"false\" data-particle-mobile-disabled=\"false\" class=\"elementor-element elementor-element-76925ce e-con-full e-flex e-con e-parent\" data-id=\"76925ce\" data-element_type=\"container\" data-e-type=\"container\" data-settings=\"{&quot;background_background&quot;:&quot;classic&quot;}\">\n\t\t<div data-particle_enable=\"false\" data-particle-mobile-disabled=\"false\" class=\"elementor-element elementor-element-d7878f8 e-con-full e-flex e-con e-child\" data-id=\"d7878f8\" data-element_type=\"container\" data-e-type=\"container\">\n\t\t<div data-particle_enable=\"false\" data-particle-mobile-disabled=\"false\" class=\"elementor-element elementor-element-71f56a0 e-con-full e-flex e-con e-child\" data-id=\"71f56a0\" data-element_type=\"container\" data-e-type=\"container\">\n\t\t\t\t<div class=\"elementor-element elementor-element-3f076d5 elementor-widget elementor-widget-tec_events_elementor_widget_event_datetime\" data-id=\"3f076d5\" data-element_type=\"widget\" data-e-type=\"widget\" data-widget_type=\"tec_events_elementor_widget_event_datetime.default\">\n\t\t\t\t<div class=\"elementor-widget-container\">\n\t\t\t\t\t<div  class=\"tec-events-elementor-event-widget__datetime-wrapper\" >\n\t\t<div  class=\"tec-events-elementor-event-widget__datetime\" >\n\t\t\t<span  class=\"tec-events-elementor-event-widget__datetime-date tec-events-elementor-event-widget__datetime-date--start\" >20\/04\/26<\/span>\n\n\t\t\t<\/div><\/div>\n\t\t\t\t<\/div>\n\t\t\t\t<\/div>\n\t\t\t\t<\/div>\n\t\t<div data-particle_enable=\"false\" data-particle-mobile-disabled=\"false\" class=\"elementor-element elementor-element-a668f6e e-con-full e-flex e-con e-child\" data-id=\"a668f6e\" data-element_type=\"container\" data-e-type=\"container\">\n\t\t\t\t<div class=\"elementor-element elementor-element-c2a2ad6 elementor-widget elementor-widget-heading\" data-id=\"c2a2ad6\" data-element_type=\"widget\" data-e-type=\"widget\" data-widget_type=\"heading.default\">\n\t\t\t\t<div class=\"elementor-widget-container\">\n\t\t\t\t\t<h2 class=\"elementor-heading-title elementor-size-default\"><a href=\"https:\/\/www.crec.cat\/es\/esdeveniment\/webinar-viaje-de-benchmark-a-francia\/\">Webinar | Viaje de Benchmark a Francia<\/a><\/h2>\t\t\t\t<\/div>\n\t\t\t\t<\/div>\n\t\t\t\t<div class=\"elementor-element elementor-element-bf96c84 elementor-widget elementor-widget-theme-post-excerpt\" data-id=\"bf96c84\" data-element_type=\"widget\" data-e-type=\"widget\" data-widget_type=\"theme-post-excerpt.default\">\n\t\t\t\t<div class=\"elementor-widget-container\">\n\t\t\t\t\tSesi\u00f3n online que tiene como objetivo informar sobre el viaje de benchmark que realizar\u00e1 el Cl\u00faster de Residuos a Francia del 28 al 30 de septiembre de 2026, abierto a todos los socios del CREC.\t\t\t\t<\/div>\n\t\t\t\t<\/div>\n\t\t\t\t<\/div>\n\t\t\t\t<\/div>\n\t\t<div data-particle_enable=\"false\" data-particle-mobile-disabled=\"false\" class=\"elementor-element elementor-element-493f6d7 e-con-full e-flex e-con e-child\" data-id=\"493f6d7\" data-element_type=\"container\" data-e-type=\"container\">\n\t\t\t\t<div class=\"elementor-element elementor-element-e430ed7 elementor-widget elementor-widget-button\" data-id=\"e430ed7\" data-element_type=\"widget\" data-e-type=\"widget\" data-widget_type=\"button.default\">\n\t\t\t\t<div class=\"elementor-widget-container\">\n\t\t\t\t\t\t\t\t\t<div class=\"elementor-button-wrapper\">\n\t\t\t\t\t<a class=\"elementor-button elementor-button-link elementor-size-sm\" href=\"https:\/\/www.crec.cat\/es\/esdeveniment\/webinar-viaje-de-benchmark-a-francia\/\">\n\t\t\t\t\t\t<span class=\"elementor-button-content-wrapper\">\n\t\t\t\t\t\t\t\t\t<span class=\"elementor-button-text\">Saber m\u00e1s<\/span>\n\t\t\t\t\t<\/span>\n\t\t\t\t\t<\/a>\n\t\t\t\t<\/div>\n\t\t\t\t\t\t\t\t<\/div>\n\t\t\t\t<\/div>\n\t\t\t\t<\/div>\n\t\t\t\t<\/div>\n\t\t\t\t<\/div>\n\t\t\t\t<\/div>\n\t\t\n\t\t\t\t\t\t<\/div>\n\t\t\t\t<\/div>\n\t\t\t\t<\/div>\n\t\t<div data-particle_enable=\"false\" data-particle-mobile-disabled=\"false\" id=\"e-n-tab-content-2359896964\" role=\"tabpanel\" aria-labelledby=\"e-n-tab-title-2359896964\" data-tab-index=\"4\" style=\"--n-tabs-title-order: 4;\" class=\" elementor-element elementor-element-793a545 e-flex e-con-boxed e-con e-child\" data-id=\"793a545\" data-element_type=\"container\" data-e-type=\"container\">\n\t\t\t\t\t<div class=\"e-con-inner\">\n\t\t\t\t<div class=\"elementor-element elementor-element-3dc0ab0 elementor-widget__width-initial elementor-widget elementor-widget-eael-event-calendar\" data-id=\"3dc0ab0\" data-element_type=\"widget\" data-e-type=\"widget\" data-widget_type=\"eael-event-calendar.default\">\n\t\t\t\t<div class=\"elementor-widget-container\">\n\t\t\t\t\t<div class=\"eael-event-calendar-wrapper layout-calendar\"><div id=\"eael-event-calendar-3dc0ab0\" class=\"eael-event-calendar-cls\"\n            data-cal_id = \"3dc0ab0\"\n            data-locale = \"ca\"\n            data-translate = \"{&quot;today&quot;:&quot;Hoy&quot;,&quot;tomorrow&quot;:&quot;Ma\\u00f1ana&quot;}\"\n            data-defaultview = \"dayGridMonth\"\n            data-defaultdate = \"2026-04-29\"\n            data-time_format = \"yes\"\n            data-event_limit = \"3\"\n            data-popup_date_format = \"MMM Do\"\n            data-multidays_event_day_count= \"0\"\n            data-monthColumnHeaderFormat = \"\"\n            data-weekColumnHeaderFormat = \"\"\n            data-hideDetailsLink= \"\"\n            data-detailsButtonText = \"Saber-ne m\u00e9s\"\n            data-location-display = \"\"\n            data-events=\"[{&quot;id&quot;:1,&quot;title&quot;:&quot;Ultra Clean Marathon 2025 - CREC Team&quot;,&quot;description&quot;:&quot;&lt;strong&gt;We are organizing a team of CREC runners to participate in the Ultra Clean Marathon 2025!&lt;\\\/strong&gt;\\r\\n\\r\\n&lt;strong&gt;Ultra Clean Marathon&lt;\\\/strong&gt; (UCM) is a great sporting and environmental challenge. It aims to activate environmental awareness among athletes, and appeal to their capacity for &lt;strong&gt;action for nature&lt;\\\/strong&gt;. That is why the UCM is a non-competitive race where people run, collect waste abandoned in natural spaces (plogging), learn about environmental problems at each supply point and &lt;strong&gt;donate the amount of registrations to nature&lt;\\\/strong&gt; conservation and environmental defense projects.\\r\\n\\r\\nRegistration for the race is free but with a minimum mandatory donation. Register as CREC team, Waste Cluster of Catalonia, and we will make the donation from the Cluster.\\r\\n\\r\\n\\ud83d\\udcc5\\ud83d\\udccd&lt;strong&gt;Saturday, March 22nd, with departure and arrival in Vic&lt;\\\/strong&gt;\\r\\n\\r\\nSave the date and be part of the CREC runners!\\r\\n\\r\\n&lt;strong&gt;*Exclusive for CREC members.&lt;\\\/strong&gt;&quot;,&quot;start&quot;:&quot;2025-03-22 08:00&quot;,&quot;end&quot;:&quot;2025-03-22 15:00:01&quot;,&quot;borderColor&quot;:&quot;var( --e-global-color-accent )&quot;,&quot;textColor&quot;:&quot;#ffffff&quot;,&quot;color&quot;:&quot;var( --e-global-color-primary )&quot;,&quot;url&quot;:&quot;https:\\\/\\\/www.crec.cat\\\/es\\\/esdeveniment\\\/ultra-clean-marathon-2025-crec-team\\\/&quot;,&quot;allDay&quot;:&quot;&quot;,&quot;external&quot;:&quot;on&quot;,&quot;nofollow&quot;:&quot;on&quot;,&quot;imageUrl&quot;:&quot;https:\\\/\\\/www.crec.cat\\\/wp-content\\\/uploads\\\/2025\\\/02\\\/Ultra-Clean-Marathon.png&quot;},{&quot;id&quot;:2,&quot;title&quot;:&quot;Grupo de Trabajo de Trazabilidad&quot;,&quot;description&quot;:&quot;El &lt;strong&gt;pr\\u00f3ximo 6 de mayo&lt;\\\/strong&gt; impulsamos una nueva sesi\\u00f3n del &lt;strong&gt;Grupo de Trabajo de Trazabilidad.&lt;\\\/strong&gt;\\r\\n\\r\\nA continuaci\\u00f3n, te dejamos la &lt;strong&gt;agenda detallada&lt;\\\/strong&gt; de la jornada.\\r\\n\\r\\n&lt;strong&gt;AGENDA&lt;\\\/strong&gt;\\r\\n\\r\\n&lt;strong&gt;10:00 - 10:15 | Bienvenida e introducciones&lt;\\\/strong&gt;\\r\\n\\r\\nPresentaci\\u00f3n general y objetivos de la sesi\\u00f3n.\\r\\nBreve repaso del proceso de entrevistas individuales realizadas con sus miembros.\\r\\n\\r\\n&lt;strong&gt;10:15 \\u2013 10:45 | Insights clave de los miembros&lt;\\\/strong&gt;\\r\\n\\r\\nPresentaci\\u00f3n de las necesidades e ideas recogidas en los encuentros individuales.\\r\\nTem\\u00e1ticas recurrentes y retos compartidos.\\r\\n\\r\\n&lt;strong&gt;10:45 \\u2013 11:15 | Propuesta de estrategia 2025&lt;\\\/strong&gt;\\r\\n\\r\\nPresentaci\\u00f3n de ejes estrat\\u00e9gicos y l\\u00edneas de trabajo prioritarias.\\r\\nMarco inicial para la colaboraci\\u00f3n.\\r\\n\\r\\n&lt;strong&gt;11:15 \\u2013 11:45 | Discusi\\u00f3n colectiva y aportaciones&lt;\\\/strong&gt;\\r\\n\\r\\nContraste de ideas.\\r\\nAjustes y ampliaciones de la propuesta estrat\\u00e9gica.\\r\\n\\r\\n&lt;strong&gt;11:45 \\u2013 12:15 | Pr\\u00f3ximas convocatorias y oportunidades concretas&lt;\\\/strong&gt;\\r\\n\\r\\nRepaso de convocatorias p\\u00fablicas relevantes.\\r\\nPropuestas de proyectos y formatos de colaboraci\\u00f3n.\\r\\n\\r\\n&lt;strong&gt;12:15 \\u2013 12:30 | Coffee &amp;amp; Talk informal&lt;\\\/strong&gt;\\r\\n\\r\\nEspacio de conversaci\\u00f3n distendida para reforzar v\\u00ednculos e ideas de futuro.\\r\\n\\r\\nSe trata de una sesi\\u00f3n presencial que tendr\\u00e1 lugar en las &lt;strong&gt;oficinas del CREC&lt;\\\/strong&gt;, ubicadas en el &lt;strong&gt;Barcelona Circular (BAC)&lt;\\\/strong&gt;, en la C. Ciudad de Asunci\\u00f3n, 16 (08030-Barcelona).&quot;,&quot;start&quot;:&quot;2025-05-06 10:00&quot;,&quot;end&quot;:&quot;2025-05-06 12:30:01&quot;,&quot;borderColor&quot;:&quot;var( --e-global-color-accent )&quot;,&quot;textColor&quot;:&quot;#ffffff&quot;,&quot;color&quot;:&quot;var( --e-global-color-primary )&quot;,&quot;url&quot;:&quot;https:\\\/\\\/www.crec.cat\\\/es\\\/esdeveniment\\\/grupo-de-trabajo-de-trazabilidad\\\/&quot;,&quot;allDay&quot;:&quot;&quot;,&quot;external&quot;:&quot;on&quot;,&quot;nofollow&quot;:&quot;on&quot;,&quot;imageUrl&quot;:&quot;https:\\\/\\\/www.crec.cat\\\/wp-content\\\/uploads\\\/2025\\\/04\\\/GT-TRACABILITAT-3.png&quot;},{&quot;id&quot;:3,&quot;title&quot;:&quot;Convocada la Asamblea Ordinaria y Extraordinaria del CREC&quot;,&quot;description&quot;:&quot;El d\\u00eda &lt;strong&gt;13 de mayo&lt;\\\/strong&gt; celebraremos la &lt;strong&gt;Asamblea General Ordinaria y Extraordinaria del CREC&lt;\\\/strong&gt;.\\r\\n\\r\\n\\u00c9ste es el &lt;strong&gt;programa&lt;\\\/strong&gt; de la jornada:\\r\\n\\r\\n&lt;strong&gt;10:00 a 10:30h- Recepci\\u00f3n y registro&lt;\\\/strong&gt;\\r\\n\\r\\n&lt;strong&gt;10:30 a 11:45h- Asamblea ordinaria de socios 2025&lt;\\\/strong&gt;\\r\\n&lt;ul&gt;\\r\\n \\t&lt;li&gt;Bienvenida a cargo de Elisabet Alier, Presidenta del CREC.&lt;\\\/li&gt;\\r\\n \\t&lt;li&gt;Bienvenida y presentaci\\u00f3n de nuevos socios.&lt;\\\/li&gt;\\r\\n \\t&lt;li&gt;Aprobaci\\u00f3n del acta de la Asamblea anterior.&lt;\\\/li&gt;\\r\\n \\t&lt;li&gt;Aprobaci\\u00f3n de las Cuentas Anuales del ejercicio 2024.&lt;\\\/li&gt;\\r\\n \\t&lt;li&gt;Aprobaci\\u00f3n del presupuesto del ejercicio 2025.&lt;\\\/li&gt;\\r\\n \\t&lt;li&gt;Presentaci\\u00f3n y aprobaci\\u00f3n del Plan de Actuaciones del a\\u00f1o 2025.&lt;\\\/li&gt;\\r\\n \\t&lt;li&gt;Ruegos y preguntas.&lt;\\\/li&gt;\\r\\n \\t&lt;li&gt;Delegaci\\u00f3n de facultades.&lt;\\\/li&gt;\\r\\n&lt;\\\/ul&gt;\\r\\n&lt;strong&gt;11:45 a 12:15h- Pausa Caf\\u00e9&lt;\\\/strong&gt;\\r\\n\\r\\n&lt;strong&gt;12:15 ha 12:45 Asamblea extraordinaria.&lt;\\\/strong&gt; Elecciones por la renovaci\\u00f3n de la Junta Directiva.\\r\\n\\r\\n&lt;strong&gt;12:45 -13:30h Presentaci\\u00f3n del Plan Estrat\\u00e9gico CREC 2025-2027&lt;\\\/strong&gt;\\r\\n\\r\\n&lt;strong&gt;13:30h- Comida de pie&lt;\\\/strong&gt;\\r\\n\\r\\n&lt;strong&gt;15:00h- Final de la jornada&lt;\\\/strong&gt;\\r\\n\\r\\nLa Asamblea tendr\\u00e1 lugar en el &lt;strong&gt;HUB Social&lt;\\\/strong&gt;, ubicado en la &lt;strong&gt;calle Girona, 34&lt;\\\/strong&gt; (08010 Barcelona).\\r\\n\\r\\n\\u00a1Te esperamos!&quot;,&quot;start&quot;:&quot;2025-05-13 10:00&quot;,&quot;end&quot;:&quot;2025-05-13 15:00:01&quot;,&quot;borderColor&quot;:&quot;var( --e-global-color-accent )&quot;,&quot;textColor&quot;:&quot;#ffffff&quot;,&quot;color&quot;:&quot;var( --e-global-color-primary )&quot;,&quot;url&quot;:&quot;https:\\\/\\\/www.crec.cat\\\/es\\\/esdeveniment\\\/convocada-la-asamblea-ordinaria-y-extraordinaria-del-crec\\\/&quot;,&quot;allDay&quot;:&quot;&quot;,&quot;external&quot;:&quot;on&quot;,&quot;nofollow&quot;:&quot;on&quot;,&quot;imageUrl&quot;:&quot;https:\\\/\\\/www.crec.cat\\\/wp-content\\\/uploads\\\/2025\\\/04\\\/recortada-2.png&quot;},{&quot;id&quot;:4,&quot;title&quot;:&quot;Subgrupo de Trabajo de Bioresiduos&quot;,&quot;description&quot;:&quot;Continuando con la l\\u00ednea de trabajo que hemos estado desarrollando en el \\u00e1mbito de los fangos, organizamos una &lt;strong&gt;reuni\\u00f3n online del subgrupo de bioresiduos&lt;\\\/strong&gt; para planificar los pr\\u00f3ximos pasos. Tendr\\u00e1 lugar el pr\\u00f3ximo &lt;strong&gt;19 de mayo a las 13h.&lt;\\\/strong&gt;\\r\\n\\r\\n&lt;strong&gt;\\u00bfQu\\u00e9 trabajaremos en la sesi\\u00f3n?&lt;\\\/strong&gt;\\r\\n\\r\\n-Impulso de un proyecto dentro del marco de la convocatoria IRC (junio 2025), en la que buscaremos generar un consorcio.\\r\\n\\r\\n-Propuesta, definici\\u00f3n y validaci\\u00f3n de otras actividades:\\r\\n&lt;ul&gt;\\r\\n \\t&lt;li&gt;Jornadas t\\u00e9cnicas con agricultores: para explicar los beneficios del uso de los fangos y promover casos de \\u00e9xito para aumentar la confianza en estas pr\\u00e1cticas.&lt;\\\/li&gt;\\r\\n \\t&lt;li&gt;Segunda parte de la jornada de fangos: visita a casos de \\u00e9xito reales de empresas, con datos econ\\u00f3micos y de impacto.&lt;\\\/li&gt;\\r\\n&lt;\\\/ul&gt;\\r\\n&lt;strong&gt;Inscr\\u00edbete en el formulario&lt;\\\/strong&gt;, y pr\\u00f3ximamente recibir\\u00e1s la convocatoria para asistir!&quot;,&quot;start&quot;:&quot;2025-05-19 13:00&quot;,&quot;end&quot;:&quot;2025-05-19 14:00:01&quot;,&quot;borderColor&quot;:&quot;var( --e-global-color-accent )&quot;,&quot;textColor&quot;:&quot;#ffffff&quot;,&quot;color&quot;:&quot;var( --e-global-color-primary )&quot;,&quot;url&quot;:&quot;https:\\\/\\\/www.crec.cat\\\/es\\\/esdeveniment\\\/subgrupo-de-trabajo-de-bioresiduos\\\/&quot;,&quot;allDay&quot;:&quot;&quot;,&quot;external&quot;:&quot;on&quot;,&quot;nofollow&quot;:&quot;on&quot;,&quot;imageUrl&quot;:&quot;https:\\\/\\\/www.crec.cat\\\/wp-content\\\/uploads\\\/2025\\\/04\\\/GRUP-DE-TRE.jpg&quot;},{&quot;id&quot;:5,&quot;title&quot;:&quot;Webinar: Soluciones para la gesti\\u00f3n de residuos de las bater\\u00edas en la transici\\u00f3n energ\\u00e9tica&quot;,&quot;description&quot;:&quot;&lt;strong&gt;En esta sesi\\u00f3n online, que tendr\\u00e1 lugar el pr\\u00f3ximo 28 de mayo de 12 a 13h, trataremos la gesti\\u00f3n de residuos emergentes de la transici\\u00f3n energ\\u00e9tica, con especial foco en las bater\\u00edas.&lt;\\\/strong&gt;\\r\\n\\r\\nEl webinar se enmarca en la serie &lt;strong&gt;\\&quot;Webinars de soluciones energ\\u00e9ticas\\&quot;&lt;\\\/strong&gt; para dar a conocer los \\u00faltimos avances de la investigaci\\u00f3n y la innovaci\\u00f3n en el campo de la energ\\u00eda, presentando las soluciones tecnol\\u00f3gicas m\\u00e1s innovadoras del sistema de conocimiento y del sector empresarial.\\r\\n\\r\\n&lt;strong&gt;AGENDA Y PONENTES&lt;\\\/strong&gt;\\r\\n\\r\\n&lt;strong&gt;12.00h Bienvenida.&lt;\\\/strong&gt; A cargo de Marta Fonrodona, Directora de Desarrollo Corporativo y Transferencia de Tecnolog\\u00eda en IREC, y Carmen L\\u00f3pez, Cl\\u00faster Manager del CREC.\\r\\n\\r\\n&lt;strong&gt;12.10-12.25h Ponencia:&lt;\\\/strong&gt; \\&quot;Nueva normativa europea sobre la recuperaci\\u00f3n de materiales y reciclaje de las bater\\u00edas\\&quot;- Gabriela Benveniste (IREC).\\r\\n\\r\\n&lt;strong&gt;12.25-12.40h Ponencia:&lt;\\\/strong&gt; \\&quot;La cadena de valor de la gesti\\u00f3n del fin de vida de las bater\\u00edas\\&quot; - Albert Martinez (Eurecat).\\r\\n\\r\\n&lt;strong&gt;12.40-12.55h Ponencia:&lt;\\\/strong&gt; \\&quot;Econom\\u00eda Circular: Transformando el reciclaje de bater\\u00edas en oportunidades\\&quot;- Christophe Aucher (LEITAT)\\r\\n\\r\\n&lt;strong&gt;12.55-13.00h Conclusiones y cierre de la jornada.&lt;\\\/strong&gt; A cargo de Carlos Rubio, Business Developer (IREC)\\r\\n\\r\\n*&lt;em&gt;El idioma del webinar ser\\u00e1 el castellano.&lt;\\\/em&gt;\\r\\n\\r\\nSe trata una sesi\\u00f3n conjunta organizada entre &lt;strong&gt;IREC&lt;\\\/strong&gt;, el Instituto de Investigaci\\u00f3n en Energ\\u00eda de Catalu\\u00f1a y &lt;strong&gt;CREC&lt;\\\/strong&gt;, el Cl\\u00faster de Residuos de Catalu\\u00f1a, y cuenta con la colaboraci\\u00f3n de la XRE4S, una red de grupos de investigaci\\u00f3n centrada en la transferencia de tecnolog\\u00eda al sector energ\\u00e9tico; &lt;strong&gt;CEEC&lt;\\\/strong&gt;, el Cl\\u00faster de la Energ\\u00eda Eficiente de Catalu\\u00f1a;&lt;strong&gt; PTE-EE&lt;\\\/strong&gt;, la Plataforma Tecnol\\u00f3gica Espa\\u00f1ola de Eficiencia Energ\\u00e9tica; y el proyecto &lt;strong&gt;TransHEner 3.0&lt;\\\/strong&gt;, con el objetivo de transferir conocimiento al tejido productivo.&quot;,&quot;start&quot;:&quot;2025-05-28 12:00&quot;,&quot;end&quot;:&quot;2025-05-28 13:00:01&quot;,&quot;borderColor&quot;:&quot;var( --e-global-color-accent )&quot;,&quot;textColor&quot;:&quot;#ffffff&quot;,&quot;color&quot;:&quot;var( --e-global-color-primary )&quot;,&quot;url&quot;:&quot;https:\\\/\\\/www.crec.cat\\\/es\\\/esdeveniment\\\/webinar-soluciones-para-la-gestion-de-residuos-de-las-baterias-en-la-transicion-energetica\\\/&quot;,&quot;allDay&quot;:&quot;&quot;,&quot;external&quot;:&quot;on&quot;,&quot;nofollow&quot;:&quot;on&quot;,&quot;imageUrl&quot;:&quot;https:\\\/\\\/www.crec.cat\\\/wp-content\\\/uploads\\\/2025\\\/05\\\/WEBINAR-3.jpg&quot;},{&quot;id&quot;:6,&quot;title&quot;:&quot;CREC Caf\\u00e9: \\u00a1conoce a los nuevos socios!&quot;,&quot;description&quot;:&quot;\\u00bfQuieres conocer las &lt;strong&gt;\\u00faltimas adhesiones al CREC&lt;\\\/strong&gt;? Ven al &lt;strong&gt;pr\\u00f3ximo CREC Caf\\u00e9&lt;\\\/strong&gt; donde se presentar\\u00e1n los \\u00faltimos socios que se han unido a nuestro Cl\\u00faster:\\r\\n&lt;ul&gt;\\r\\n \\t&lt;li&gt;&lt;a href=\\&quot;https:\\\/\\\/www.segria.cat\\\/arees\\\/gestio-residus\\\/ctrms\\\/introduccio\\&quot;&gt;&lt;strong&gt;Consorci de Residus del Segri\\u00e0.&lt;\\\/strong&gt;&lt;\\\/a&gt; Centro de tratamiento de residuos municipales del Segri\\u00e0.&lt;\\\/li&gt;\\r\\n \\t&lt;li&gt;&lt;a href=\\&quot;https:\\\/\\\/ecotic.es\\\/\\&quot;&gt;&lt;strong&gt;Ecotic&lt;\\\/strong&gt;&lt;\\\/a&gt;. Entidad sin \\u00e1nimo de lucro dedicada a la gesti\\u00f3n ambiental de los residuos, especialmente los RAEE.&lt;\\\/li&gt;\\r\\n \\t&lt;li&gt;&lt;strong&gt;&lt;a href=\\&quot;https:\\\/\\\/adecglobal.com\\\/es\\\/\\&quot;&gt;ADEC Global&lt;\\\/a&gt;.&lt;\\\/strong&gt; Empresa dedicada a la gesti\\u00f3n y valorizaci\\u00f3n de las escorias sider\\u00fargicas y residuos de la construcci\\u00f3n.&lt;\\\/li&gt;\\r\\n \\t&lt;li&gt;&lt;a href=\\&quot;https:\\\/\\\/hausmann.es\\\/\\&quot;&gt;&lt;strong&gt;Hausmann&lt;\\\/strong&gt;&lt;\\\/a&gt;. Especializados en el desarrollo e innovaci\\u00f3n de aromas y extractos para la industria alimenticia, diet\\u00e9tica y farmac\\u00e9utica.&lt;\\\/li&gt;\\r\\n \\t&lt;li&gt;&lt;a href=\\&quot;https:\\\/\\\/adaequo.com\\\/\\&quot;&gt;&lt;strong&gt;ADAEQUO&lt;\\\/strong&gt;&lt;\\\/a&gt;. Dedicados a la realizaci\\u00f3n de PLV (publicidad en el puesto de venta).&lt;\\\/li&gt;\\r\\n \\t&lt;li&gt;&lt;a href=\\&quot;https:\\\/\\\/ambiwaste.com\\\/\\&quot;&gt;&lt;strong&gt;AMBIWASTE&lt;\\\/strong&gt;&lt;\\\/a&gt;. Entidad sin \\u00e1nimo de lucro creada por AMBILAMP \\u2013 AMBIAFME, que proporciona servicios coordinados tanto al propio Sistema Colectivo (SCRAP) como al recientemente creado AMBIENVASES.&lt;\\\/li&gt;\\r\\n \\t&lt;li&gt;&lt;a href=\\&quot;https:\\\/\\\/eu-waste.com\\\/\\&quot;&gt;&lt;strong&gt;EUWASTE&lt;\\\/strong&gt;&lt;\\\/a&gt;. Empresa l\\u00edder en ingenier\\u00eda y sostenibilidad. dedicada a ofrecer servicios de ingenier\\u00eda de alta calidad para proyectos que promueven la sostenibilidad y protegen al medio ambiente.&lt;\\\/li&gt;\\r\\n&lt;\\\/ul&gt;\\r\\nEste evento es una ocasi\\u00f3n ideal para interaccionar con otras empresas del sector, ver lo que est\\u00e1n haciendo y establecer posibles sinergias. Adem\\u00e1s de los nuevos socios, nos acompa\\u00f1ar\\u00e1n algunos &lt;strong&gt;miembros de la junta directiva y la Cl\\u00faster Manager, Carmen L\\u00f3pez-Quintana&lt;\\\/strong&gt; para resolver las dudas que puedan surgir, escuchar propuestas y ampliar la informaci\\u00f3n que sea de su inter\\u00e9s.\\r\\n\\r\\n&lt;strong&gt;\\u00bfEst\\u00e1s pensando en adherirte al cl\\u00faster? Ven, descubre el ecosistema y el equipo y pregunta lo que quieras&lt;\\\/strong&gt;. En caso de no ser socio del CREC, te contactaremos por correo antes de confirmar tu asistencia.\\r\\n\\r\\nLa jornada ser\\u00e1 &lt;strong&gt;presencial en las oficinas del CREC&lt;\\\/strong&gt;, ubicadas en el Barcelona Circular (BAC), en la C. Ciudad de Asunci\\u00f3n, 16 (08030-Barcelona).&quot;,&quot;start&quot;:&quot;2025-06-19 15:30&quot;,&quot;end&quot;:&quot;2025-06-19 17:00:01&quot;,&quot;borderColor&quot;:&quot;var( --e-global-color-accent )&quot;,&quot;textColor&quot;:&quot;#ffffff&quot;,&quot;color&quot;:&quot;var( --e-global-color-primary )&quot;,&quot;url&quot;:&quot;https:\\\/\\\/www.crec.cat\\\/es\\\/esdeveniment\\\/crec-cafe-conoce-a-los-nuevos-socios\\\/&quot;,&quot;allDay&quot;:&quot;&quot;,&quot;external&quot;:&quot;on&quot;,&quot;nofollow&quot;:&quot;on&quot;,&quot;imageUrl&quot;:&quot;https:\\\/\\\/www.crec.cat\\\/wp-content\\\/uploads\\\/2025\\\/02\\\/CREC.Cafe_.png&quot;},{&quot;id&quot;:7,&quot;title&quot;:&quot;Visitamos al socio: HERCAL (\\u00a1Nueva fecha!)&quot;,&quot;description&quot;:&quot;\\u00a1ACTIVIDAD EXCLUSIVA PARA SOCIOS!\\r\\n\\r\\nEl pr\\u00f3ximo &lt;strong&gt;20 de junio&lt;\\\/strong&gt; visitaremos a nuestro socio, la empresa &lt;strong&gt;Hercal&lt;\\\/strong&gt;, en sus instalaciones ubicadas en Terrassa.\\r\\n\\r\\nHercal es una empresa joven que tiene como actividad principal los escombros, demoliciones y la ejecuci\\u00f3n de proyectos de obra civil. Desde la excavaci\\u00f3n y el movimiento de tierras hasta la entrega definitiva de la obra. Buscan liderar la construcci\\u00f3n sostenible, valorizando la mayor parte del material que demolen y excavan, limitando el impacto en los recursos naturales.\\r\\n\\r\\nEn concreto, visitaremos la &lt;strong&gt;planta de valorizaci\\u00f3n de residuos de la construcci\\u00f3n Hercal Zero&lt;\\\/strong&gt;, la primera del pa\\u00eds dedicada a la valorizaci\\u00f3n y lavado de residuos procedentes de la construcci\\u00f3n, excavaci\\u00f3n y demolici\\u00f3n para obtener un \\u00e1rido reciclado de excelente calidad. Un ejemplo de sostenibilidad y econom\\u00eda circular en el sector de la construcci\\u00f3n.\\r\\n\\r\\n&lt;strong&gt;AGENDA&lt;\\\/strong&gt;\\r\\n\\r\\n10:00 - 10:10h Recepci\\u00f3n\\r\\n\\r\\n10:10 \\u2013 10:45h Presentaci\\u00f3n sobre qui\\u00e9nes son y qu\\u00e9 hacen\\r\\n\\r\\n10:45 - 11:15h Visita a la Planta H-Zero\\r\\n\\r\\n11:20 \\u2013 11:30h Devoluci\\u00f3n EPIs\\\/Despedida\\r\\n\\r\\n&amp;nbsp;\\r\\n\\r\\n&lt;strong&gt;MEDIDAS DE SEGURIDAD&lt;\\\/strong&gt;\\r\\n\\r\\nSe enviar\\u00e1 el detalle sobre las medidas de seguridad a los asistentes confirmados antes de la visita. Pero, en l\\u00edneas generales, deber\\u00e1 llevar calzado de seguridad (o cerrado) y pantal\\u00f3n largo. La empresa proporcionar\\u00e1 EPIS (casco y chaleco).\\r\\n\\r\\nUbicaci\\u00f3n: Ctra. De Moncada, 880 08227, Terrassa.\\r\\n\\r\\n&lt;strong&gt;*Las plazas son limitadas. \\u00a1Te animamos a hacer ya tu inscripci\\u00f3n!&lt;\\\/strong&gt;&quot;,&quot;start&quot;:&quot;2025-06-20 10:00&quot;,&quot;end&quot;:&quot;2025-06-20 11:30:01&quot;,&quot;borderColor&quot;:&quot;var( --e-global-color-accent )&quot;,&quot;textColor&quot;:&quot;#ffffff&quot;,&quot;color&quot;:&quot;var( --e-global-color-primary )&quot;,&quot;url&quot;:&quot;https:\\\/\\\/www.crec.cat\\\/es\\\/esdeveniment\\\/visitamos-al-socio-hercal-nueva-fecha\\\/&quot;,&quot;allDay&quot;:&quot;&quot;,&quot;external&quot;:&quot;on&quot;,&quot;nofollow&quot;:&quot;on&quot;,&quot;imageUrl&quot;:&quot;https:\\\/\\\/www.crec.cat\\\/wp-content\\\/uploads\\\/2025\\\/05\\\/HERCAL-Presentacion-2.jpg&quot;},{&quot;id&quot;:8,&quot;title&quot;:&quot;Visitamos al socio: PICVISA - PLAZAS AGOTADAS&quot;,&quot;description&quot;:&quot;&lt;p data-start=\\&quot;47\\&quot; data-end=\\&quot;86\\&quot;&gt;&lt;strong data-start=\\&quot;47\\&quot; data-end=\\&quot;86\\&quot;&gt;| ACTIVIDAD EXCLUSIVA PARA SOCIOS |&lt;\\\/strong&gt;&lt;\\\/p&gt;\\r\\n&lt;p data-start=\\&quot;88\\&quot; data-end=\\&quot;177\\&quot;&gt;El pr\\u00f3ximo 23 de septiembre visitaremos a nuestro socio &lt;strong data-start=\\&quot;144\\&quot; data-end=\\&quot;155\\&quot;&gt;PICVISA&lt;\\\/strong&gt; en sus instalaciones.&lt;\\\/p&gt;\\r\\n&lt;p data-start=\\&quot;179\\&quot; data-end=\\&quot;560\\&quot;&gt;&lt;strong data-start=\\&quot;179\\&quot; data-end=\\&quot;190\\&quot;&gt;PICVISA&lt;\\\/strong&gt; es una empresa innovadora de base tecnol\\u00f3gica que ofrece soluciones basadas en rob\\u00f3tica, inteligencia y visi\\u00f3n artificial orientadas al mercado nacional e internacional. Es un proveedor con software propio, especializado en el dise\\u00f1o, fabricaci\\u00f3n y suministro de equipos de separaci\\u00f3n \\u00f3ptica para la clasificaci\\u00f3n de materiales, recuperaci\\u00f3n y valorizaci\\u00f3n de residuos.&lt;\\\/p&gt;\\r\\n&lt;p data-start=\\&quot;562\\&quot; data-end=\\&quot;572\\&quot;&gt;&lt;strong data-start=\\&quot;562\\&quot; data-end=\\&quot;572\\&quot;&gt;AGENDA&lt;\\\/strong&gt;&lt;\\\/p&gt;\\r\\n&lt;p data-start=\\&quot;574\\&quot; data-end=\\&quot;624\\&quot;&gt;10:45h - 11:00h Recepci\\u00f3n&lt;br data-start=\\&quot;599\\&quot; data-end=\\&quot;602\\&quot; \\\/&gt;11:00h - 13:00h Visita&lt;\\\/p&gt;\\r\\n&lt;p data-start=\\&quot;626\\&quot; data-end=\\&quot;652\\&quot;&gt;&lt;strong&gt;PLAZAS AGOTADAS&lt;\\\/strong&gt;&lt;\\\/p&gt;\\r\\n&lt;p data-start=\\&quot;626\\&quot; data-end=\\&quot;652\\&quot;&gt;&lt;img class=\\&quot;alignnone wp-image-5472\\&quot; src=\\&quot;https:\\\/\\\/www.crec.cat\\\/wp-content\\\/uploads\\\/2025\\\/07\\\/Logo-ACCIO-1-300x267.png\\&quot; alt=\\&quot;\\&quot; width=\\&quot;108\\&quot; height=\\&quot;96\\&quot; \\\/&gt;&lt;\\\/p&gt;&quot;,&quot;start&quot;:&quot;2025-09-23 10:45&quot;,&quot;end&quot;:&quot;2025-09-23 13:00:01&quot;,&quot;borderColor&quot;:&quot;var( --e-global-color-accent )&quot;,&quot;textColor&quot;:&quot;#ffffff&quot;,&quot;color&quot;:&quot;var( --e-global-color-primary )&quot;,&quot;url&quot;:&quot;https:\\\/\\\/www.crec.cat\\\/es\\\/esdeveniment\\\/visitamos-al-socio-picvisa\\\/&quot;,&quot;allDay&quot;:&quot;&quot;,&quot;external&quot;:&quot;on&quot;,&quot;nofollow&quot;:&quot;on&quot;,&quot;imageUrl&quot;:&quot;https:\\\/\\\/www.crec.cat\\\/wp-content\\\/uploads\\\/2025\\\/07\\\/94edb706-ac9a-4802-bd89-94fbb918d59f_16-9-discover-aspect-ratio_default_0.webp&quot;},{&quot;id&quot;:9,&quot;title&quot;:&quot;Construcci\\u00f3n circular: nuevos modelos de negocio para los Residuos de Construcci\\u00f3n y Demolici\\u00f3n&quot;,&quot;description&quot;:&quot;&lt;p data-start=\\&quot;63\\&quot; data-end=\\&quot;513\\&quot;&gt;El pr\\u00f3ximo &lt;strong data-start=\\&quot;74\\&quot; data-end=\\&quot;94\\&quot;&gt;26 de septiembre&lt;\\\/strong&gt; se celebrar\\u00e1 la jornada final de presentaci\\u00f3n de resultados del proyecto &lt;em data-start=\\&quot;168\\&quot; data-end=\\&quot;340\\&quot;&gt;\\&quot;An\\u00e1lisis de nuevos modelos de negocio circulares en torno a los RCD (Residuos de Construcci\\u00f3n y Demolici\\u00f3n) y validaci\\u00f3n a trav\\u00e9s de una fase de experimentaci\\u00f3n en obra\\&quot;&lt;\\\/em&gt;, con el objetivo de compartir los aprendizajes y conclusiones obtenidos a lo largo del desarrollo del proyecto, impulsado por el &lt;strong data-start=\\&quot;470\\&quot; data-end=\\&quot;512\\&quot;&gt;Cl\\u00faster de Residuos de Catalu\\u00f1a (CREC)&lt;\\\/strong&gt;.&lt;\\\/p&gt;\\r\\n&lt;p data-start=\\&quot;515\\&quot; data-end=\\&quot;1058\\&quot;&gt;Con la participaci\\u00f3n de &lt;strong data-start=\\&quot;539\\&quot; data-end=\\&quot;553\\&quot;&gt;Grup CALAF&lt;\\\/strong&gt;, el &lt;strong data-start=\\&quot;558\\&quot; data-end=\\&quot;598\\&quot;&gt;Centre de Gesti\\u00f3 Mediambiental (CGM)&lt;\\\/strong&gt;, &lt;strong data-start=\\&quot;600\\&quot; data-end=\\&quot;610\\&quot;&gt;IN\\u00c8DIT&lt;\\\/strong&gt; y &lt;strong data-start=\\&quot;613\\&quot; data-end=\\&quot;645\\&quot;&gt;Eco Intelligent Growth (EIG)&lt;\\\/strong&gt;, y la colaboraci\\u00f3n de &lt;strong data-start=\\&quot;668\\&quot; data-end=\\&quot;683\\&quot;&gt;Celsa Group&lt;\\\/strong&gt;, &lt;strong data-start=\\&quot;685\\&quot; data-end=\\&quot;694\\&quot;&gt;Alier&lt;\\\/strong&gt;, &lt;strong data-start=\\&quot;696\\&quot; data-end=\\&quot;719\\&quot;&gt;Blueroom Innovation&lt;\\\/strong&gt; y &lt;strong data-start=\\&quot;722\\&quot; data-end=\\&quot;741\\&quot;&gt;Theker Robotics&lt;\\\/strong&gt;, el proyecto ha explorado nuevas oportunidades de negocio basadas en la econom\\u00eda circular aplicada a los RCD. El estudio se ha centrado tanto en la transformaci\\u00f3n de los residuos para la creaci\\u00f3n de nuevos materiales reciclados, como en el impulso de canales para la reutilizaci\\u00f3n de elementos constructivos viables.&lt;\\\/p&gt;\\r\\n&lt;p data-start=\\&quot;1060\\&quot; data-end=\\&quot;1282\\&quot;&gt;Esta jornada ser\\u00e1 tambi\\u00e9n una oportunidad para conocer iniciativas vinculadas a &lt;strong data-start=\\&quot;1140\\&quot; data-end=\\&quot;1193\\&quot;&gt;Barcelona Capital Mundial de la Arquitectura 2026&lt;\\\/strong&gt;, conectando la innovaci\\u00f3n en sostenibilidad con el futuro del sector de la construcci\\u00f3n.&lt;\\\/p&gt;\\r\\n\\r\\n\\r\\n&lt;hr data-start=\\&quot;1284\\&quot; data-end=\\&quot;1287\\&quot; \\\/&gt;\\r\\n&lt;p data-start=\\&quot;1289\\&quot; data-end=\\&quot;1329\\&quot;&gt;&lt;strong data-start=\\&quot;1289\\&quot; data-end=\\&quot;1302\\&quot;&gt;PROGRAMA:&lt;\\\/strong&gt;&lt;\\\/p&gt;\\r\\n&lt;strong&gt;&lt;b&gt;&lt;span data-contrast=\\&quot;auto\\&quot;&gt;10:30 - 10:35h |&lt;\\\/span&gt;&lt;\\\/b&gt; Bienvenida y apertura\\u00a0&lt;\\\/strong&gt;\\r\\n\\r\\nA cargo de Carmen L\\u00f3pez-Quintana Directora del CREC\\r\\n\\r\\n&lt;strong&gt;&lt;b&gt;&lt;span data-contrast=\\&quot;auto\\&quot;&gt;10:35 - 11:45h &lt;\\\/span&gt;&lt;\\\/b&gt;| Presentaci\\u00f3n del proyecto: An\\u00e1lisis de nuevos modelos de negocio en torno a los Residuos de la Construcci\\u00f3n y Demolici\\u00f3n\\u00a0&lt;\\\/strong&gt;\\r\\n&lt;ul&gt;\\r\\n \\t&lt;li&gt;EcoInteligent Growth&lt;\\\/li&gt;\\r\\n \\t&lt;li&gt;In\\u00e8dit&lt;\\\/li&gt;\\r\\n \\t&lt;li&gt;Constructora de Calaf&lt;\\\/li&gt;\\r\\n \\t&lt;li&gt;CGM: Centre de Gesti\\u00f3 Ambiental&lt;\\\/li&gt;\\r\\n&lt;\\\/ul&gt;\\r\\n&lt;strong&gt;&lt;b&gt;&lt;span data-contrast=\\&quot;auto\\&quot;&gt;11:45 - 12:15h &lt;\\\/span&gt;&lt;\\\/b&gt;| Pausa Caf\\u00e9 y Networking\\u00a0&lt;\\\/strong&gt;\\r\\n\\r\\n&lt;strong&gt;&lt;b&gt;&lt;span data-contrast=\\&quot;auto\\&quot;&gt;12:15 - 12:35h &lt;\\\/span&gt;&lt;\\\/b&gt;| Mineral. Arquitecturas de la miner\\u00eda urbana - Barcelona 2026 Capital Mundial de la Arquitectura\\u00a0&lt;\\\/strong&gt;\\r\\n&lt;ul&gt;\\r\\n \\t&lt;li&gt;Fundaci\\u00f3n BIT HABITAT&lt;\\\/li&gt;\\r\\n&lt;\\\/ul&gt;\\r\\n&lt;strong&gt;&lt;b&gt;&lt;span data-contrast=\\&quot;auto\\&quot;&gt;12:35 - 13:15h &lt;\\\/span&gt;&lt;\\\/b&gt;| Mesa redonda: Claves para emprender en la construcci\\u00f3n circular: conectando la cadena de valor de los RCDs\\u00a0&lt;\\\/strong&gt;\\r\\n\\r\\n&lt;strong&gt;13:15 | Final de la jornada&lt;\\\/strong&gt;\\r\\n\\r\\n&amp;nbsp;\\r\\n&lt;p data-start=\\&quot;1331\\&quot; data-end=\\&quot;1412\\&quot;&gt;&lt;strong data-start=\\&quot;1331\\&quot; data-end=\\&quot;1345\\&quot;&gt;Ubicaci\\u00f3n:&lt;\\\/strong&gt; &lt;em data-start=\\&quot;1346\\&quot; data-end=\\&quot;1412\\&quot;&gt;Ca l&#039;Alier \\u2013 Carrer de Pere IV, 362, Sant Mart\\u00ed, 08019 Barcelona&lt;\\\/em&gt;&lt;\\\/p&gt;\\r\\n&lt;p data-start=\\&quot;1414\\&quot; data-end=\\&quot;1462\\&quot;&gt;&lt;strong data-start=\\&quot;1414\\&quot; data-end=\\&quot;1462\\&quot;&gt;Actividad abierta a profesionales del sector&lt;\\\/strong&gt;&lt;\\\/p&gt;\\r\\n&lt;p data-start=\\&quot;1414\\&quot; data-end=\\&quot;1462\\&quot;&gt;&lt;a href=\\&quot;https:\\\/\\\/www.accio.gencat.cat\\\/ca\\\/inici\\&quot;&gt;&lt;img class=\\&quot;alignnone wp-image-5472\\&quot; src=\\&quot;https:\\\/\\\/www.crec.cat\\\/wp-content\\\/uploads\\\/2025\\\/07\\\/Logo-ACCIO-1-300x267.png\\&quot; alt=\\&quot;\\&quot; width=\\&quot;130\\&quot; height=\\&quot;116\\&quot; \\\/&gt;&lt;\\\/a&gt;&lt;\\\/p&gt;&quot;,&quot;start&quot;:&quot;2025-09-26 10:30&quot;,&quot;end&quot;:&quot;2025-09-26 13:30:01&quot;,&quot;borderColor&quot;:&quot;var( --e-global-color-accent )&quot;,&quot;textColor&quot;:&quot;#ffffff&quot;,&quot;color&quot;:&quot;var( --e-global-color-primary )&quot;,&quot;url&quot;:&quot;https:\\\/\\\/www.crec.cat\\\/es\\\/esdeveniment\\\/construccion-circular-nuevos-modelos-de-negocio-para-los-residuos-de-construccion-y-demolicion\\\/&quot;,&quot;allDay&quot;:&quot;&quot;,&quot;external&quot;:&quot;on&quot;,&quot;nofollow&quot;:&quot;on&quot;,&quot;imageUrl&quot;:&quot;https:\\\/\\\/www.crec.cat\\\/wp-content\\\/uploads\\\/2025\\\/07\\\/agp1331_75762.jpg&quot;},{&quot;id&quot;:10,&quot;title&quot;:&quot;nowWaste | INMERSI\\u00d3N ESTRAT\\u00c9GICA&quot;,&quot;description&quot;:&quot;Participa en la Inmersi\\u00f3n Estrat\\u00e9gica del CREC - Cl\\u00faster de Residuos de Catalunya que&lt;strong&gt;\\u00a0&lt;\\\/strong&gt;celebramos los d\\u00edas\\u00a0 &lt;strong&gt;29 y 30 de octubre de 2025.&lt;\\\/strong&gt;\\r\\n\\r\\nEste a\\u00f1o damos un paso adelante, nos renovamos con fuerza. Este a\\u00f1o os presentamos la primera edici\\u00f3n de &lt;strong data-start=\\&quot;72\\&quot; data-end=\\&quot;84\\&quot;&gt;nowWaste&lt;\\\/strong&gt;: un espacio vivo, participativo y lleno de ideas para sumar esfuerzos e impulsar la competitividad del sector.\\r\\n\\r\\n&lt;article class=\\&quot;text-token-text-primary w-full focus:outline-none scroll-mt-[calc(var(--header-height)+min(200px,max(70px,20svh)))]\\&quot; dir=\\&quot;auto\\&quot; tabindex=\\&quot;-1\\&quot; data-turn-id=\\&quot;request-WEB:c26ef62e-0c1b-4a3a-bae9-a2a55e6654f3-0\\&quot; data-testid=\\&quot;conversation-turn-2\\&quot; data-scroll-anchor=\\&quot;true\\&quot; data-turn=\\&quot;assistant\\&quot;&gt;\\r\\n&lt;div class=\\&quot;text-base my-auto mx-auto pb-10 [--thread-content-margin:--spacing(4)] thread-sm:[--thread-content-margin:--spacing(6)] thread-lg:[--thread-content-margin:--spacing(16)] px-(--thread-content-margin)\\&quot;&gt;\\r\\n&lt;div class=\\&quot;[--thread-content-max-width:40rem] thread-lg:[--thread-content-max-width:48rem] mx-auto max-w-(--thread-content-max-width) flex-1 group\\\/turn-messages focus-visible:outline-hidden relative flex w-full min-w-0 flex-col agent-turn\\&quot; tabindex=\\&quot;-1\\&quot;&gt;\\r\\n&lt;div class=\\&quot;flex max-w-full flex-col grow\\&quot;&gt;\\r\\n&lt;div class=\\&quot;min-h-8 text-message relative flex w-full flex-col items-end gap-2 text-start break-words whitespace-normal [.text-message+&amp;amp;]:mt-5\\&quot; dir=\\&quot;auto\\&quot; data-message-author-role=\\&quot;assistant\\&quot; data-message-id=\\&quot;77d18d82-aaff-4b2b-b47b-85c80a50572c\\&quot; data-message-model-slug=\\&quot;gpt-5\\&quot;&gt;\\r\\n&lt;div class=\\&quot;flex w-full flex-col gap-1 empty:hidden first:pt-[3px]\\&quot;&gt;\\r\\n&lt;div class=\\&quot;markdown prose dark:prose-invert w-full break-words light markdown-new-styling\\&quot;&gt;\\r\\n&lt;p data-start=\\&quot;199\\&quot; data-end=\\&quot;307\\&quot; data-is-last-node=\\&quot;\\&quot; data-is-only-node=\\&quot;\\&quot;&gt;Un nuevo nombre, pero con la misma ambici\\u00f3n de siempre: &lt;strong data-start=\\&quot;255\\&quot; data-end=\\&quot;291\\&quot;&gt;conectar, inspirar y transformar&lt;\\\/strong&gt; nuestro sector.&lt;\\\/p&gt;\\r\\n\\r\\n&lt;\\\/div&gt;\\r\\n&lt;\\\/div&gt;\\r\\n&lt;\\\/div&gt;\\r\\n&lt;\\\/div&gt;\\r\\n&lt;\\\/div&gt;\\r\\n&lt;\\\/div&gt;\\r\\n&lt;\\\/article&gt;\\r\\n&lt;div class=\\&quot;pointer-events-none h-px w-px\\&quot; aria-hidden=\\&quot;true\\&quot; data-edge=\\&quot;true\\&quot;&gt;&lt;\\\/div&gt;\\r\\n&lt;img class=\\&quot;wp-image-5739 aligncenter\\&quot; src=\\&quot;https:\\\/\\\/www.crec.cat\\\/wp-content\\\/uploads\\\/2025\\\/07\\\/logos-nowWaste--300x74.png\\&quot; alt=\\&quot;\\&quot; width=\\&quot;389\\&quot; height=\\&quot;96\\&quot; \\\/&gt;\\r\\n&lt;p data-start=\\&quot;168\\&quot; data-end=\\&quot;490\\&quot;&gt;Durante dos d\\u00edas, nos reuniremos en el&lt;strong&gt; Hotel Termes de Montbri\\u00f3&lt;\\\/strong&gt;, donde hemos organizado una agenda centrada en un &lt;strong&gt;proceso de reflexi\\u00f3n sobre el Rol Estrat\\u00e9gico del Sector de Residuos en la Econom\\u00eda Circular&lt;\\\/strong&gt;. Ser\\u00e1 una oportunidad para conectar y conocernos entre todos los socios e inspirarnos con conferencias de expertos.&lt;\\\/p&gt;\\r\\n&lt;p data-start=\\&quot;492\\&quot; data-end=\\&quot;574\\&quot;&gt;Adem\\u00e1s, disfrutaremos de tiempo de calidad en buena compa\\u00f1\\u00eda con varias sorpresas.&lt;\\\/p&gt;\\r\\n&lt;p data-start=\\&quot;576\\&quot; data-end=\\&quot;661\\&quot;&gt;\\u00a1No os lo pod\\u00e9is perder, os esperamos a todos! \\ud83d\\ude0a&lt;\\\/p&gt;\\r\\n\\r\\n&lt;ul&gt;\\r\\n \\t&lt;li style=\\&quot;list-style-type: none;\\&quot;&gt;\\r\\n&lt;ul&gt;\\r\\n \\t&lt;li&gt;&lt;span style=\\&quot;font-size: 18pt;\\&quot;&gt;&lt;strong&gt;Descarga aqu\\u00ed el &lt;span style=\\&quot;text-decoration: underline;\\&quot;&gt;&lt;span style=\\&quot;color: #000000;\\&quot;&gt;&lt;a style=\\&quot;color: #000000; text-decoration: underline;\\&quot; href=\\&quot;https:\\\/\\\/www.crec.cat\\\/wp-content\\\/uploads\\\/2025\\\/10\\\/Programa-nowWaste-v-6-10.pdf\\&quot;&gt;PROGRAMA&lt;\\\/a&gt;&lt;\\\/span&gt;&lt;\\\/span&gt; .&lt;\\\/strong&gt;&lt;\\\/span&gt;&lt;\\\/li&gt;\\r\\n&lt;\\\/ul&gt;\\r\\n&lt;p data-start=\\&quot;663\\&quot; data-end=\\&quot;756\\&quot;&gt;&lt;strong data-start=\\&quot;663\\&quot; data-end=\\&quot;677\\&quot;&gt;Ubicaci\\u00f3n:&lt;\\\/strong&gt; Hotel Termes de Montbri\\u00f3 (T-310, Km. 10,5, 43340 Montbri\\u00f3 del Camp, Tarragona)&lt;\\\/p&gt;\\r\\n&lt;p data-start=\\&quot;758\\&quot; data-end=\\&quot;1037\\&quot; data-is-last-node=\\&quot;\\&quot; data-is-only-node=\\&quot;\\&quot;&gt;&lt;strong data-start=\\&quot;758\\&quot; data-end=\\&quot;801\\&quot;&gt;Fecha l\\u00edmite de inscripci\\u00f3n: 30\\\/09\\\/2025&lt;\\\/strong&gt;&lt;br data-start=\\&quot;801\\&quot; data-end=\\&quot;804\\&quot; \\\/&gt;Pod\\u00e9is asistir solo un d\\u00eda o ambos, con opci\\u00f3n de alojaros en el mismo hotel. Facilitaremos vuestro contacto al hotel y, a partir del 01\\\/10\\\/2025, el hotel se pondr\\u00e1 en contacto con vosotros para gestionar la reserva de la habitaci\\u00f3n.&lt;\\\/p&gt;\\r\\n&lt;\\\/li&gt;\\r\\n \\t&lt;li&gt;&lt;strong&gt;Si no formas parte del CREC, pero no quieres perderte esta oportunidad de conectar con las empresas l\\u00edderes del sector, escr\\u00edbenos a &lt;a href=\\&quot;mailto:info@crec.cat\\&quot;&gt;info@crec.cat&lt;\\\/a&gt;.&lt;\\\/strong&gt;&lt;\\\/li&gt;\\r\\n \\t&lt;li&gt;\\r\\n&lt;p data-pm-slice=\\&quot;1 1 []\\&quot;&gt;\\u00bfQuieres formar parte de &lt;strong data-start=\\&quot;25\\&quot; data-end=\\&quot;37\\&quot;&gt;nowWaste&lt;\\\/strong&gt; desde dentro? \\u00a1Participa como empresa patrocinadora!&lt;strong&gt; &lt;a href=\\&quot;https:\\\/\\\/www.crec.cat\\\/wp-content\\\/uploads\\\/2025\\\/09\\\/Dossier-de-patrocinios-CAT-I.Estrategica-2025-v-18-09.pdf\\&quot;&gt;Desc\\u00e1rgate el dossier de Patrocinio&lt;\\\/a&gt;&lt;\\\/strong&gt; y descubre c\\u00f3mo formar parte de esta evoluci\\u00f3n. Las plazas son limitadas.&lt;\\\/p&gt;\\r\\n&lt;\\\/li&gt;\\r\\n&lt;\\\/ul&gt;\\r\\n&amp;nbsp;\\r\\n\\r\\n&amp;nbsp;\\r\\n\\r\\n&lt;a href=\\&quot;https:\\\/\\\/www.accio.gencat.cat\\\/ca\\\/inici\\&quot;&gt;&lt;img class=\\&quot;alignnone wp-image-5472\\&quot; src=\\&quot;https:\\\/\\\/www.crec.cat\\\/wp-content\\\/uploads\\\/2025\\\/07\\\/Logo-ACCIO-1-300x267.png\\&quot; alt=\\&quot;\\&quot; width=\\&quot;120\\&quot; height=\\&quot;107\\&quot; \\\/&gt;&lt;\\\/a&gt;&quot;,&quot;start&quot;:&quot;2025-10-29 10:00&quot;,&quot;end&quot;:&quot;2025-10-30 13:30:01&quot;,&quot;borderColor&quot;:&quot;var( --e-global-color-accent )&quot;,&quot;textColor&quot;:&quot;#ffffff&quot;,&quot;color&quot;:&quot;var( --e-global-color-primary )&quot;,&quot;url&quot;:&quot;https:\\\/\\\/www.crec.cat\\\/es\\\/esdeveniment\\\/ii-inmersion-estrategica-de-residuo-a-recurso\\\/&quot;,&quot;allDay&quot;:&quot;&quot;,&quot;external&quot;:&quot;on&quot;,&quot;nofollow&quot;:&quot;on&quot;,&quot;imageUrl&quot;:&quot;https:\\\/\\\/www.crec.cat\\\/wp-content\\\/uploads\\\/2025\\\/07\\\/Imagen-destacada-Entrada-de-Wordpress-5.png&quot;},{&quot;id&quot;:11,&quot;title&quot;:&quot;\\u00a1Ven con nosotros a ECOMONDO!&quot;,&quot;description&quot;:&quot;&lt;a href=\\&quot;https:\\\/\\\/cloud.ecomondo.com\\\/visit-2025-esp?utm_source=banner+&amp;amp;utm_medium=referral+&amp;amp;utm_campaign=CREC\\&quot;&gt;&lt;img class=\\&quot;alignnone wp-image-5495\\&quot; src=\\&quot;https:\\\/\\\/www.crec.cat\\\/wp-content\\\/uploads\\\/2025\\\/07\\\/BANNER_E25-950x250-02-300x79.png\\&quot; alt=\\&quot;\\&quot; width=\\&quot;585\\&quot; height=\\&quot;154\\&quot; \\\/&gt;&lt;\\\/a&gt;\\r\\n\\r\\nDel 4 al 7 de noviembre, montamos una delegaci\\u00f3n profesional para asistir a &lt;strong&gt;ECOMONDO&lt;\\\/strong&gt;, la feria de referencia en econom\\u00eda verde y circular que se celebra en &lt;strong&gt;Rimini (Italia).&lt;\\\/strong&gt;\\r\\n\\r\\n&lt;strong&gt;Incluye:&lt;\\\/strong&gt;\\r\\n&lt;ul&gt;\\r\\n \\t&lt;li&gt;Entrada a la feria&lt;\\\/li&gt;\\r\\n \\t&lt;li&gt;Transfers del aeropuerto al hotel y feria&lt;\\\/li&gt;\\r\\n \\t&lt;li&gt;Alojamiento en el hotel&lt;\\\/li&gt;\\r\\n&lt;\\\/ul&gt;\\r\\n&lt;strong&gt; \\u26a0\\ufe0f PLAZAS AGOTADAS&lt;\\\/strong&gt;\\r\\n\\r\\nUna vez cerramos el grupo de personas interesadas, organizaremos los detalles log\\u00edsticos y compartiremos toda la informaci\\u00f3n final con los inscritos.\\r\\n\\r\\n&amp;nbsp;&quot;,&quot;start&quot;:&quot;2025-11-04&quot;,&quot;end&quot;:&quot;2025-11-08&quot;,&quot;borderColor&quot;:&quot;var( --e-global-color-accent )&quot;,&quot;textColor&quot;:&quot;#ffffff&quot;,&quot;color&quot;:&quot;var( --e-global-color-primary )&quot;,&quot;url&quot;:&quot;https:\\\/\\\/www.crec.cat\\\/es\\\/esdeveniment\\\/ven-con-nosotros-a-ecomondo\\\/&quot;,&quot;allDay&quot;:&quot;yes&quot;,&quot;external&quot;:&quot;on&quot;,&quot;nofollow&quot;:&quot;on&quot;,&quot;imageUrl&quot;:&quot;https:\\\/\\\/www.crec.cat\\\/wp-content\\\/uploads\\\/2025\\\/07\\\/5069280.jpeg&quot;},{&quot;id&quot;:12,&quot;title&quot;:&quot;Grupo de Trabajo: Nuevos modelos de negocio circulares&quot;,&quot;description&quot;:&quot;&lt;h2&gt;GT: Nuevos modelos de negocio circulares&lt;\\\/h2&gt;\\r\\nEl objetivo es identificar y activar oportunidades de negocio circular entre los miembros del cluster, mediante la colaboraci\\u00f3n, la innovaci\\u00f3n y la puesta en marcha de proyectos piloto.\\r\\n\\r\\nEl grupo pondr\\u00e1 especial atenci\\u00f3n en los niveles m\\u00e1s altos de la jerarqu\\u00eda de gesti\\u00f3n de residuos y en la definici\\u00f3n de nuevos modelos de negocio vinculados a la prevenci\\u00f3n, el ecodise\\u00f1o y la preparaci\\u00f3n para la reutilizaci\\u00f3n (PxR).&quot;,&quot;start&quot;:&quot;2025-11-26 11:00&quot;,&quot;end&quot;:&quot;2025-11-26 13:00:01&quot;,&quot;borderColor&quot;:&quot;var( --e-global-color-accent )&quot;,&quot;textColor&quot;:&quot;#ffffff&quot;,&quot;color&quot;:&quot;var( --e-global-color-primary )&quot;,&quot;url&quot;:&quot;https:\\\/\\\/www.crec.cat\\\/es\\\/esdeveniment\\\/grupo-de-trabajo-nuevos-modelos-de-negocio-circulares\\\/&quot;,&quot;allDay&quot;:&quot;&quot;,&quot;external&quot;:&quot;on&quot;,&quot;nofollow&quot;:&quot;on&quot;,&quot;imageUrl&quot;:&quot;https:\\\/\\\/www.crec.cat\\\/wp-content\\\/uploads\\\/2025\\\/11\\\/Imagen-destacada-Entrada-de-Wordpress-6.png&quot;},{&quot;id&quot;:13,&quot;title&quot;:&quot;Jornada Intercl\\u00faster: Tejiendo sinergias para fomentar la econom\\u00eda circular&quot;,&quot;description&quot;:&quot;&lt;img class=\\&quot;alignnone wp-image-6021\\&quot; src=\\&quot;https:\\\/\\\/www.crec.cat\\\/wp-content\\\/uploads\\\/2025\\\/11\\\/Diseno-sin-titulo-7-211x300.png\\&quot; alt=\\&quot;\\&quot; width=\\&quot;440\\&quot; height=\\&quot;626\\&quot; \\\/&gt;\\u00a0 \\u00a0 \\u00a0 &lt;img class=\\&quot;alignnone wp-image-6018\\&quot; src=\\&quot;https:\\\/\\\/www.crec.cat\\\/wp-content\\\/uploads\\\/2025\\\/11\\\/Diseno-sin-titulo-6-211x300.png\\&quot; alt=\\&quot;\\&quot; width=\\&quot;440\\&quot; height=\\&quot;626\\&quot; \\\/&gt;&quot;,&quot;start&quot;:&quot;2025-12-11 10:00&quot;,&quot;end&quot;:&quot;2025-12-11 15:00:01&quot;,&quot;borderColor&quot;:&quot;var( --e-global-color-accent )&quot;,&quot;textColor&quot;:&quot;#ffffff&quot;,&quot;color&quot;:&quot;var( --e-global-color-primary )&quot;,&quot;url&quot;:&quot;https:\\\/\\\/www.crec.cat\\\/es\\\/esdeveniment\\\/jornada-intercluster-tejiendo-sinergias-para-fomentar-la-economia-circular\\\/&quot;,&quot;allDay&quot;:&quot;&quot;,&quot;external&quot;:&quot;on&quot;,&quot;nofollow&quot;:&quot;on&quot;,&quot;imageUrl&quot;:&quot;https:\\\/\\\/www.crec.cat\\\/wp-content\\\/uploads\\\/2025\\\/11\\\/Imagen-destacada-Entrada-de-Wordpress-10.png&quot;},{&quot;id&quot;:14,&quot;title&quot;:&quot;Grupo de Trabajo: Biorresiduos&quot;,&quot;description&quot;:&quot;\\u00a1Empieza el a\\u00f1o y ap\\u00fantate a la pr\\u00f3xima sesi\\u00f3n del Grupo de Trabajo de Biorresiduos! Ser\\u00e1 el 15\\\/01\\\/2026.\\r\\n\\r\\nEnmarcado dentro del Grupo de Trabajo de Nuevas V\\u00edas de Valorizaci\\u00f3n del CREC, es un espacio de cooperaci\\u00f3n conjunta entre un grupo reducido de socios, enfocado en mejorar la valorizaci\\u00f3n de este flujo de residuos e impulsar la econom\\u00eda circular.\\r\\n\\r\\n\\u00bfTe interesa? Si quieres inscribirte, \\u00a1contacta con el equipo del CREC!&quot;,&quot;start&quot;:&quot;2026-01-15 13:00&quot;,&quot;end&quot;:&quot;2026-01-15 14:00:01&quot;,&quot;borderColor&quot;:&quot;var( --e-global-color-accent )&quot;,&quot;textColor&quot;:&quot;#ffffff&quot;,&quot;color&quot;:&quot;var( --e-global-color-primary )&quot;,&quot;url&quot;:&quot;https:\\\/\\\/www.crec.cat\\\/es\\\/esdeveniment\\\/grupo-de-trabajo-biorresiduos\\\/&quot;,&quot;allDay&quot;:&quot;&quot;,&quot;external&quot;:&quot;on&quot;,&quot;nofollow&quot;:&quot;on&quot;,&quot;imageUrl&quot;:&quot;https:\\\/\\\/www.crec.cat\\\/wp-content\\\/uploads\\\/2025\\\/11\\\/Imagen-destacada-Entrada-de-Wordpress-12.png&quot;},{&quot;id&quot;:15,&quot;title&quot;:&quot;Grupo de Trabajo: Textil&quot;,&quot;description&quot;:&quot;Ya tenemos nueva fecha para la pr\\u00f3xima sesi\\u00f3n del &lt;strong&gt;Grupo de Trabajo de Textil&lt;\\\/strong&gt;, en la que, en primer lugar, visitaremos la &lt;strong&gt;planta de Formaci\\u00f3 i Treball&lt;\\\/strong&gt;\\u00a0ubicada en Sabadell. Seguidamente, llevaremos a cabo la sesi\\u00f3n del grupo de trabajo.&quot;,&quot;start&quot;:&quot;2026-01-19 10:30&quot;,&quot;end&quot;:&quot;2026-01-19 13:30:01&quot;,&quot;borderColor&quot;:&quot;var( --e-global-color-accent )&quot;,&quot;textColor&quot;:&quot;#ffffff&quot;,&quot;color&quot;:&quot;var( --e-global-color-primary )&quot;,&quot;url&quot;:&quot;https:\\\/\\\/www.crec.cat\\\/es\\\/esdeveniment\\\/grupo-de-trabajo-textil\\\/&quot;,&quot;allDay&quot;:&quot;&quot;,&quot;external&quot;:&quot;on&quot;,&quot;nofollow&quot;:&quot;on&quot;,&quot;imageUrl&quot;:&quot;https:\\\/\\\/www.crec.cat\\\/wp-content\\\/uploads\\\/2025\\\/11\\\/Imagen-destacada-Entrada-de-Wordpress-8.png&quot;},{&quot;id&quot;:16,&quot;title&quot;:&quot;WEBINAR | Grupos de trabajo: Presentaci\\u00f3n, balance y pr\\u00f3ximos pasos&quot;,&quot;description&quot;:&quot;Jornada online de Grupos de Trabajo del CREC - Cl\\u00faster de Residuos de Catalu\\u00f1a.\\r\\n\\r\\nEn esta sesi\\u00f3n reuniremos a los coordinadores de los grupos de trabajo del CREC para que realicen una presentaci\\u00f3n de cada grupo, un balance del trabajo realizado hasta ahora y definan los pr\\u00f3ximos pasos para este 2026. Los Grupos de Trabajo del CREC son un espacio de cooperaci\\u00f3n conjunta entre los socios, enfocados en abordar los retos del sector de los residuos. Actualmente son los siguientes:\\r\\n\\r\\n&lt;strong&gt;GT Trazabilidad&lt;\\\/strong&gt;\\r\\n&lt;strong&gt;GT Sistemas de recogida eficientes&lt;\\\/strong&gt;\\r\\n&lt;strong&gt;GT Nuevas v\\u00edas de valorizaci\\u00f3n&lt;\\\/strong&gt;, dividido en subgrupos que responden a los flujos de residuos de:\\r\\n&lt;ul&gt;\\r\\n \\t&lt;li&gt;Biorresiduos&lt;\\\/li&gt;\\r\\n \\t&lt;li&gt;Residuos complejos y pl\\u00e1sticos&lt;\\\/li&gt;\\r\\n \\t&lt;li&gt;Textil&lt;\\\/li&gt;\\r\\n \\t&lt;li&gt;Critical Raw Materials y bater\\u00edas&lt;\\\/li&gt;\\r\\n \\t&lt;li&gt;Construcci\\u00f3n circular&lt;\\\/li&gt;\\r\\n&lt;\\\/ul&gt;\\r\\n&lt;strong&gt;GT Nuevos modelos de negocio circulares&lt;\\\/strong&gt;\\r\\n\\r\\nLos grupos de trabajo son un eje vertebrador del Cl\\u00faster y un mecanismo dinamizador de proyectos e iniciativas, por lo que animamos a todos los socios del Cl\\u00faster a ser miembros activos y participar en esta jornada.\\r\\n\\r\\n\\ud83d\\udccd Sesi\\u00f3n online\\r\\n\\ud83d\\udcc5 29 de enero, de 11:00 h a 13:00 h\\r\\n\\r\\nSi te acabas de incorporar al Cl\\u00faster o no has participado en los grupos de trabajo, \\u00a1aprovecha esta ocasi\\u00f3n!\\r\\n\\r\\n&lt;em&gt;Acto exclusivo para socios del CREC.&lt;\\\/em&gt;&quot;,&quot;start&quot;:&quot;2026-01-29 11:00&quot;,&quot;end&quot;:&quot;2026-01-29 13:00:01&quot;,&quot;borderColor&quot;:&quot;var( --e-global-color-accent )&quot;,&quot;textColor&quot;:&quot;#ffffff&quot;,&quot;color&quot;:&quot;var( --e-global-color-primary )&quot;,&quot;url&quot;:&quot;https:\\\/\\\/www.crec.cat\\\/es\\\/esdeveniment\\\/webinar-grupos-de-trabajo-presentacion-balance-y-proximos-pasos\\\/&quot;,&quot;allDay&quot;:&quot;&quot;,&quot;external&quot;:&quot;on&quot;,&quot;nofollow&quot;:&quot;on&quot;,&quot;imageUrl&quot;:&quot;https:\\\/\\\/www.crec.cat\\\/wp-content\\\/uploads\\\/2025\\\/02\\\/grups-de-treball.png&quot;},{&quot;id&quot;:17,&quot;title&quot;:&quot;PLAZAS AGOTADAS - 3\\u00ba aniversario del CREC. \\u00a1Celebr\\u00e9moslo juntos!&quot;,&quot;description&quot;:&quot;&lt;strong&gt;PLAZAS AGOTADAS&lt;\\\/strong&gt;\\r\\n\\r\\nEste a\\u00f1o el CREC celebra su tercer aniversario, un hito muy especial para nuestro Cl\\u00faster. Seguimos siendo un cl\\u00faster joven, pero en solo tres a\\u00f1os hemos crecido de manera notable, hemos fortalecido el ecosistema cl\\u00faster y hemos estado presentes en m\\u00faltiples iniciativas que impulsan la competitividad de las empresas del sector de la econom\\u00eda circular y los residuos en Catalu\\u00f1a. Todo ello ha sido posible gracias a la implicaci\\u00f3n y la confianza de nuestras empresas socias.\\r\\n\\r\\nPor este motivo, queremos invitaros a este encuentro especial pensado para celebrar juntos este camino compartido y reforzar las sinergias de futuro. Te esperan actividades, m\\u00fasica y m\\u00e1s sorpresas para seguir creciendo, porque el CREC crece contigo.\\r\\n\\r\\n&lt;strong&gt;Programa del acto:&lt;\\\/strong&gt;\\r\\n&lt;ul&gt;\\r\\n \\t&lt;li&gt;Caf\\u00e9 de bienvenida&lt;\\\/li&gt;\\r\\n \\t&lt;li&gt;Actividad para generar conexiones y seguir avanzando todos a una&lt;\\\/li&gt;\\r\\n \\t&lt;li&gt;Networking y brindis final para conmemorar este tercer aniversario&lt;\\\/li&gt;\\r\\n&lt;\\\/ul&gt;\\r\\n&lt;strong&gt;Fecha:&lt;\\\/strong&gt; Jueves, 29 de enero de 2026\\r\\n&lt;strong&gt;Horario:&lt;\\\/strong&gt; de 15:30 h a 19:00 h\\r\\n&lt;strong&gt;Lugar:&lt;\\\/strong&gt; Sala de la Fundaci\\u00f3 Enric Miralles\\r\\n\\r\\n&lt;em&gt;Actividad exclusiva para socios&lt;\\\/em&gt;&quot;,&quot;start&quot;:&quot;2026-01-29 16:00&quot;,&quot;end&quot;:&quot;2026-01-29 19:00:01&quot;,&quot;borderColor&quot;:&quot;var( --e-global-color-accent )&quot;,&quot;textColor&quot;:&quot;#ffffff&quot;,&quot;color&quot;:&quot;var( --e-global-color-primary )&quot;,&quot;url&quot;:&quot;https:\\\/\\\/www.crec.cat\\\/es\\\/esdeveniment\\\/plazas-agotadas-3o-aniversario-del-crec-celebremoslo-juntos\\\/&quot;,&quot;allDay&quot;:&quot;&quot;,&quot;external&quot;:&quot;on&quot;,&quot;nofollow&quot;:&quot;on&quot;,&quot;imageUrl&quot;:&quot;https:\\\/\\\/www.crec.cat\\\/wp-content\\\/uploads\\\/2025\\\/12\\\/Imagen-destacada-Entrada-de-Wordpress-17.png&quot;},{&quot;id&quot;:18,&quot;title&quot;:&quot;Lubricantes Sostenibles: Innovaci\\u00f3n, circularidad y futuro&quot;,&quot;description&quot;:&quot;\\u00bfQuieres conocer herramientas para mejorar la sostenibilidad en el sector de los aceites lubricantes?\\r\\n\\u00a1Te interesa!\\r\\n\\r\\nEl CREC \\u2013 Cl\\u00faster de Residuos de Catalu\\u00f1a, junto con CATOR y LEITAT, organiza una jornada presencial sectorial dirigida a empresas fabricantes de lubricantes, aceites industriales y aditivos, con el objetivo de poner el foco en:\\r\\n&lt;ul&gt;\\r\\n \\t&lt;li&gt;Conocer la nueva legislaci\\u00f3n de aceites industriales y sus impactos legales y ambientales&lt;\\\/li&gt;\\r\\n \\t&lt;li&gt;Analizar el papel clave de las bases regeneradas en la formulaci\\u00f3n de aceites m\\u00e1s sostenibles&lt;\\\/li&gt;\\r\\n \\t&lt;li&gt;Debatir sobre aditivos sostenibles, biodegradabilidad y E.U. Ecolabel&lt;\\\/li&gt;\\r\\n \\t&lt;li&gt;Entender el proceso, la calidad y la huella de carbono de los aceites regenerados&lt;\\\/li&gt;\\r\\n \\t&lt;li&gt;Ampliar tu red de contactos en un entorno sectorial y especializado&lt;\\\/li&gt;\\r\\n&lt;\\\/ul&gt;\\r\\n&lt;strong&gt;Programa:&lt;\\\/strong&gt;\\r\\n\\r\\n9:30 - 10:00 Recepci\\u00f3n de asistentes\\r\\n\\r\\n10:00 - 10:10 Bienvenida e inicio de la jornada (Representante de CREC, Leitat y Cator)\\r\\n\\r\\n10:10 - 10:30 Marco normativo y retos legales del sector. Broseta Abogados, S.L.P. (Sof\\u00eda Cabedo)\\r\\n\\r\\n10:30 - 10:50 Bases regeneradas: una apuesta segura hacia la circularidad. Cator (Llu\\u00eds Gimeno &amp;amp; Toni Valls)\\r\\n\\r\\n10:50 - 11:05 Coffee break\\r\\n\\r\\n11:05 - 11:30 EU ECOLABEL: una herramienta estrat\\u00e9gica para lubricantes sostenibles. Leitat (Marta Escamilla &amp;amp; Laura Batlle)\\r\\n\\r\\n11:30 - 12:15 Casos de \\u00e9xito que inspiran: regeneraci\\u00f3n, sostenibilidad e investigaci\\u00f3n aplicada. Leitat (Marta Escamilla &amp;amp; Laura Batlle)\\r\\n\\r\\n12:15 - 12:30 Networking\\r\\n\\r\\n12:30 Visita opcional a la planta de Cator\\r\\n\\r\\nReserva la fecha.\\r\\n\\r\\n\\ud83d\\udcc5 &lt;strong&gt;Fecha:&lt;\\\/strong&gt; 4 de febrero de 2026\\r\\n\\ud83d\\udd59 &lt;strong&gt;Horario:&lt;\\\/strong&gt; de 10:00 h a 13:00 h\\r\\n\\ud83d\\udccd &lt;strong&gt;Lugar:&lt;\\\/strong&gt; Cator\\r\\n\\ud83d\\udc65 &lt;strong&gt;Aforo limitado:&lt;\\\/strong&gt; 25\\u201330 personas&quot;,&quot;start&quot;:&quot;2026-02-04 10:00&quot;,&quot;end&quot;:&quot;2026-02-04 13:00:01&quot;,&quot;borderColor&quot;:&quot;var( --e-global-color-accent )&quot;,&quot;textColor&quot;:&quot;#ffffff&quot;,&quot;color&quot;:&quot;var( --e-global-color-primary )&quot;,&quot;url&quot;:&quot;https:\\\/\\\/www.crec.cat\\\/es\\\/esdeveniment\\\/lubricantes-sostenibles-innovacion-circularidad-y-futuro\\\/&quot;,&quot;allDay&quot;:&quot;&quot;,&quot;external&quot;:&quot;on&quot;,&quot;nofollow&quot;:&quot;on&quot;,&quot;imageUrl&quot;:&quot;https:\\\/\\\/www.crec.cat\\\/wp-content\\\/uploads\\\/2025\\\/12\\\/Imagen-destacada-Entrada-de-Wordpress-22.png&quot;},{&quot;id&quot;:19,&quot;title&quot;:&quot;Grupo de Trabajo: Nuevos modelos de negocio circulares&quot;,&quot;description&quot;:&quot;Inicia el a\\u00f1o y ap\\u00fantate a la pr\\u00f3xima sesi\\u00f3n del &lt;strong&gt;Grupo de Trabajo de Nuevos Modelos de Negocio Circulares. Ser\\u00e1 el 18\\\/02\\\/2026.&lt;\\\/strong&gt;\\r\\n\\r\\nEl Grupo de Trabajo de Nuevos Modelos de Negocio Circulares es un espacio de cooperaci\\u00f3n conjunta entre un grupo reducido de socios enfocado a identificar y concretar oportunidades de negocio asociadas al ecodise\\u00f1o y la ecoinnovaci\\u00f3n, centr\\u00e1ndose en los niveles m\\u00e1s altos de la jerarqu\\u00eda de residuos (prevenci\\u00f3n y reutilizaci\\u00f3n), contribuyendo a la generaci\\u00f3n de sinergias y a la econom\\u00eda circular.\\r\\n\\r\\n\\u00bfTe interesa? \\u00a1Inscr\\u00edbete!&quot;,&quot;start&quot;:&quot;2026-02-18 10:00&quot;,&quot;end&quot;:&quot;2026-02-18 12:00:01&quot;,&quot;borderColor&quot;:&quot;var( --e-global-color-accent )&quot;,&quot;textColor&quot;:&quot;#ffffff&quot;,&quot;color&quot;:&quot;var( --e-global-color-primary )&quot;,&quot;url&quot;:&quot;https:\\\/\\\/www.crec.cat\\\/es\\\/esdeveniment\\\/grupo-de-trabajo-nuevos-modelos-de-negocio-circulares-2\\\/&quot;,&quot;allDay&quot;:&quot;&quot;,&quot;external&quot;:&quot;on&quot;,&quot;nofollow&quot;:&quot;on&quot;,&quot;imageUrl&quot;:&quot;https:\\\/\\\/www.crec.cat\\\/wp-content\\\/uploads\\\/2025\\\/11\\\/Imagen-destacada-Entrada-de-Wordpress-6.png&quot;},{&quot;id&quot;:20,&quot;title&quot;:&quot;WEBINAR | Convocatorias de ayudas europeas&quot;,&quot;description&quot;:&quot;\\u00bfEres socio del CREC y quieres conocer m\\u00e1s sobre los Programas Europeos y las convocatorias en residuos y econom\\u00eda circular? \\u00a1Reserva la fecha y no te pierdas esta sesi\\u00f3n informativa!\\r\\n\\r\\n&lt;strong&gt;PROGRAMA&lt;\\\/strong&gt;\\r\\n\\r\\n10:00 h a 10:10 h - Bienvenida\\r\\n\\r\\n10:10 h a 10:40 h - Oportunidades de financiaci\\u00f3n de programas colaborativos de I+D+i 2026 (Horizon Europe, Life, Innovation Fund, Eureka, Cascade funding)\\r\\n\\r\\n10:40 h a 11:00 h - C\\u00f3mo participar en proyectos europeos de I+D+i (Funding &amp;amp; Tenders, c\\u00f3mo leer un topic, b\\u00fasqueda de socios, del topic a la propuesta)\\r\\n\\r\\n11:00 h a 11:30 h - Casos de \\u00e9xito\\r\\n\\r\\n11:30 h - Clausura&quot;,&quot;start&quot;:&quot;2026-02-19 10:00&quot;,&quot;end&quot;:&quot;2026-02-19 11:30:01&quot;,&quot;borderColor&quot;:&quot;var( --e-global-color-accent )&quot;,&quot;textColor&quot;:&quot;#ffffff&quot;,&quot;color&quot;:&quot;var( --e-global-color-primary )&quot;,&quot;url&quot;:&quot;https:\\\/\\\/www.crec.cat\\\/es\\\/esdeveniment\\\/webinar-convocatorias-de-ayudas-europeas\\\/&quot;,&quot;allDay&quot;:&quot;&quot;,&quot;external&quot;:&quot;on&quot;,&quot;nofollow&quot;:&quot;on&quot;,&quot;imageUrl&quot;:&quot;https:\\\/\\\/www.crec.cat\\\/wp-content\\\/uploads\\\/2025\\\/12\\\/ACCIO-que-cal-fer-si.jpg_1947905271.jpg&quot;},{&quot;id&quot;:21,&quot;title&quot;:&quot;Grupo de Trabajo: Sistemas de Recogida Eficientes&quot;,&quot;description&quot;:&quot;\\u00a1Ap\\u00fantate a la pr\\u00f3xima sesi\\u00f3n del Grupo de Trabajo de Sistemas de Recogida Eficientes! Ser\\u00e1 el 24\\\/02\\\/2026.\\r\\n\\r\\nEl Grupo de Trabajo de Sistemas de Recogida Eficientes del Cl\\u00faster de Residuos es un espacio de cooperaci\\u00f3n conjunta entre un grupo reducido de socios enfocado a mejorar los sistemas actuales de recogida de residuos municipales, reduciendo as\\u00ed la presencia de impropios (residuos que no corresponden a la fracci\\u00f3n en cuesti\\u00f3n) para obtener materiales y\\\/o recursos de buena calidad.\\r\\n\\r\\n\\u00bfTe interesa? \\u00a1Inscr\\u00edbete y reserva tu plaza!&quot;,&quot;start&quot;:&quot;2026-02-24 11:00&quot;,&quot;end&quot;:&quot;2026-02-24 12:30:01&quot;,&quot;borderColor&quot;:&quot;var( --e-global-color-accent )&quot;,&quot;textColor&quot;:&quot;#ffffff&quot;,&quot;color&quot;:&quot;var( --e-global-color-primary )&quot;,&quot;url&quot;:&quot;https:\\\/\\\/www.crec.cat\\\/es\\\/esdeveniment\\\/grupo-de-trabajo-sistemas-de-recogida-eficientes\\\/&quot;,&quot;allDay&quot;:&quot;&quot;,&quot;external&quot;:&quot;on&quot;,&quot;nofollow&quot;:&quot;on&quot;,&quot;imageUrl&quot;:&quot;https:\\\/\\\/www.crec.cat\\\/wp-content\\\/uploads\\\/2025\\\/12\\\/GT.png&quot;},{&quot;id&quot;:22,&quot;title&quot;:&quot;Grupo de Trabajo: Construcci\\u00f3n Circular&quot;,&quot;description&quot;:&quot;&lt;p data-start=\\&quot;0\\&quot; data-end=\\&quot;82\\&quot;&gt;\\u00bfTe interesa empezar a trabajar en los distintos retos de Construcci\\u00f3n Circular?&lt;\\\/p&gt;\\r\\n&lt;p data-start=\\&quot;84\\&quot; data-end=\\&quot;236\\&quot;&gt;Rellena el formulario y participa en la primera sesi\\u00f3n presencial que organizamos el pr\\u00f3ximo 3 de marzo del grupo de trabajo de Construcci\\u00f3n Circular.&lt;\\\/p&gt;\\r\\n&lt;p data-start=\\&quot;238\\&quot; data-end=\\&quot;336\\&quot;&gt;\\ud83d\\udcc6 03\\\/03 de 10 h a 13 h&lt;br data-start=\\&quot;261\\&quot; data-end=\\&quot;264\\&quot; \\\/&gt;\\ud83d\\udccd Barcelona Circular (BAC): &lt;a class=\\&quot;decorated-link\\&quot; href=\\&quot;https:\\\/\\\/maps.app.goo.gl\\\/Y9myYAMia2KXwfRu6\\&quot; target=\\&quot;_new\\&quot; rel=\\&quot;noopener\\&quot; data-start=\\&quot;293\\&quot; data-end=\\&quot;334\\&quot;&gt;https:\\\/\\\/maps.app.goo.gl\\\/Y9myYAMia2KXwfRu6&lt;\\\/a&gt;&lt;\\\/p&gt;\\r\\n&lt;p data-start=\\&quot;338\\&quot; data-end=\\&quot;381\\&quot; data-is-last-node=\\&quot;\\&quot; data-is-only-node=\\&quot;\\&quot;&gt;&lt;em data-start=\\&quot;338\\&quot; data-end=\\&quot;381\\&quot; data-is-last-node=\\&quot;\\&quot;&gt;Actividad exclusiva para socios del CREC.&lt;\\\/em&gt;&lt;\\\/p&gt;&quot;,&quot;start&quot;:&quot;2026-03-03 10:00&quot;,&quot;end&quot;:&quot;2026-03-03 13:00:01&quot;,&quot;borderColor&quot;:&quot;var( --e-global-color-accent )&quot;,&quot;textColor&quot;:&quot;#ffffff&quot;,&quot;color&quot;:&quot;var( --e-global-color-primary )&quot;,&quot;url&quot;:&quot;https:\\\/\\\/www.crec.cat\\\/es\\\/esdeveniment\\\/grupo-de-trabajo-construccion-circular\\\/&quot;,&quot;allDay&quot;:&quot;&quot;,&quot;external&quot;:&quot;on&quot;,&quot;nofollow&quot;:&quot;on&quot;,&quot;imageUrl&quot;:&quot;https:\\\/\\\/www.crec.cat\\\/wp-content\\\/uploads\\\/2026\\\/02\\\/GT-construccio-circular-1.png&quot;},{&quot;id&quot;:23,&quot;title&quot;:&quot;Jornada Intercl\\u00faster: Tejiendo sinergias para fomentar la econom\\u00eda circular&quot;,&quot;description&quot;:&quot;&lt;p data-start=\\&quot;0\\&quot; data-end=\\&quot;222\\&quot;&gt;El proyecto SINTEC \\u2013 Sinergias Intersectoriales para la Econom\\u00eda Circular est\\u00e1 impulsado por cuatro cl\\u00fasteres catalanes: CREC \\u2013 Cl\\u00faster de Residuos, Cl\\u00faster de Materiales Avanzados, T\\u00e8xtils.Cat y el Cl\\u00faster de Packaging.&lt;\\\/p&gt;\\r\\n&lt;p data-start=\\&quot;224\\&quot; data-end=\\&quot;912\\&quot;&gt;El objetivo del proyecto es estudiar la circularidad de los residuos de la industria del textil t\\u00e9cnico, especialmente aquellos con alta carga polim\\u00e9rica, para su reutilizaci\\u00f3n en nuevos materiales para el sector del packaging. Los residuos textiles avanzados presentan un impacto ambiental creciente debido a su dificultad de reciclaje, el uso de sustancias t\\u00f3xicas y la baja tasa de reutilizaci\\u00f3n. Esta problem\\u00e1tica se ha abordado anteriormente en distintas iniciativas, pero el proyecto SINTEC presenta una aproximaci\\u00f3n innovadora: una colaboraci\\u00f3n intersectorial entre cuatro cl\\u00fasteres para maximizar la eficiencia de los recursos y generar modelos in\\u00e9ditos de simbiosis industrial.&lt;\\\/p&gt;\\r\\n&lt;p data-start=\\&quot;914\\&quot; data-end=\\&quot;1479\\&quot;&gt;Este segundo taller forma parte de un itinerario de trabajo del proyecto SINTEC que comenz\\u00f3 en una primera jornada, durante el mes de mayo, donde se identificaron retos compartidos y necesidades comunes entre las empresas participantes. En esta sesi\\u00f3n trabajaremos para definir los modelos de negocio y proyectos de colaboraci\\u00f3n que se empezaron a desarrollar en el primer taller que tuvo lugar el pasado mes de diciembre. Culminaremos este proyecto en una jornada final el 28 de abril de 2026, donde se presentar\\u00e1n las conclusiones y oportunidades identificadas.&lt;\\\/p&gt;\\r\\n&lt;p data-start=\\&quot;1481\\&quot; data-end=\\&quot;1563\\&quot;&gt;Durante la sesi\\u00f3n, compartiremos experiencias reales con un consejo de expertas:&lt;\\\/p&gt;\\r\\n\\r\\n&lt;ul data-start=\\&quot;1565\\&quot; data-end=\\&quot;1690\\&quot;&gt;\\r\\n \\t&lt;li data-start=\\&quot;1565\\&quot; data-end=\\&quot;1623\\&quot;&gt;\\r\\n&lt;p data-start=\\&quot;1567\\&quot; data-end=\\&quot;1623\\&quot;&gt;Montse Monedero, de la Agencia de Residuos de Catalu\\u00f1a&lt;\\\/p&gt;\\r\\n&lt;\\\/li&gt;\\r\\n \\t&lt;li data-start=\\&quot;1624\\&quot; data-end=\\&quot;1655\\&quot;&gt;\\r\\n&lt;p data-start=\\&quot;1626\\&quot; data-end=\\&quot;1655\\&quot;&gt;Virginia Herrera, de Leitat&lt;\\\/p&gt;\\r\\n&lt;\\\/li&gt;\\r\\n \\t&lt;li data-start=\\&quot;1656\\&quot; data-end=\\&quot;1690\\&quot;&gt;\\r\\n&lt;p data-start=\\&quot;1658\\&quot; data-end=\\&quot;1690\\&quot;&gt;Ver\\u00f3nica Kuchinow, de S\\u00edmbiosy&lt;\\\/p&gt;\\r\\n&lt;\\\/li&gt;\\r\\n&lt;\\\/ul&gt;\\r\\n&amp;nbsp;\\r\\n&lt;div&gt;\\r\\n&lt;div&gt;&lt;img class=\\&quot; wp-image-6513 aligncenter\\&quot; src=\\&quot;https:\\\/\\\/www.crec.cat\\\/wp-content\\\/uploads\\\/2026\\\/01\\\/Programa-SINTEC-horitzontal-2-300x169.png\\&quot; alt=\\&quot;\\&quot; width=\\&quot;793\\&quot; height=\\&quot;447\\&quot; \\\/&gt;&lt;\\\/div&gt;\\r\\n&lt;div&gt;&lt;\\\/div&gt;\\r\\n&lt;\\\/div&gt;\\r\\n&lt;div&gt;&lt;\\\/div&gt;\\r\\n&lt;strong&gt;\\u00a1Inscr\\u00edbete y podr\\u00e1s tejer sinergias para futuras oportunidades!&lt;\\\/strong&gt;&lt;br data-start=\\&quot;1756\\&quot; data-end=\\&quot;1759\\&quot; \\\/&gt;&lt;strong&gt;*Exclusivo para socios de los Cl\\u00fasters&lt;\\\/strong&gt;\\r\\n\\r\\n&lt;br data-start=\\&quot;1798\\&quot; data-end=\\&quot;1801\\&quot; \\\/&gt;&lt;em data-start=\\&quot;1801\\&quot; data-end=\\&quot;1996\\&quot; data-is-last-node=\\&quot;\\&quot;&gt;Encontrar\\u00e9is parking disponible en las instalaciones del centro comercial La Maquinista (3h gratuitas). Para llegar f\\u00e1cilmente al BAC, pod\\u00e9is salir al exterior por la salida junto a MediaMarkt.&lt;\\\/em&gt;&quot;,&quot;start&quot;:&quot;2026-03-05 09:45&quot;,&quot;end&quot;:&quot;2026-03-05 13:30:01&quot;,&quot;borderColor&quot;:&quot;var( --e-global-color-accent )&quot;,&quot;textColor&quot;:&quot;#ffffff&quot;,&quot;color&quot;:&quot;var( --e-global-color-primary )&quot;,&quot;url&quot;:&quot;https:\\\/\\\/www.crec.cat\\\/es\\\/esdeveniment\\\/jornada-intercluster-tejiendo-sinergias-para-fomentar-la-economia-circular-2\\\/&quot;,&quot;allDay&quot;:&quot;&quot;,&quot;external&quot;:&quot;on&quot;,&quot;nofollow&quot;:&quot;on&quot;,&quot;imageUrl&quot;:&quot;https:\\\/\\\/www.crec.cat\\\/wp-content\\\/uploads\\\/2026\\\/01\\\/Imagen-destacada-Entrada-de-Wordpress-23.png&quot;},{&quot;id&quot;:24,&quot;title&quot;:&quot;JORNADA: La seguridad de las bater\\u00edas en las plantas de gesti\\u00f3n.&quot;,&quot;description&quot;:&quot;&lt;div class=\\&quot;flex flex-col text-sm pb-25\\&quot;&gt;&lt;article class=\\&quot;text-token-text-primary w-full focus:outline-none [--shadow-height:45px] has-data-writing-block:pointer-events-none has-data-writing-block:-mt-(--shadow-height) has-data-writing-block:pt-(--shadow-height) [&amp;amp;:has([data-writing-block])&amp;gt;*]:pointer-events-auto scroll-mt-[calc(var(--header-height)+min(200px,max(70px,20svh)))]\\&quot; dir=\\&quot;auto\\&quot; tabindex=\\&quot;-1\\&quot; data-turn-id=\\&quot;request-WEB:406fa6af-3148-44b4-bd16-cdfba5f2db64-2\\&quot; data-testid=\\&quot;conversation-turn-6\\&quot; data-scroll-anchor=\\&quot;true\\&quot; data-turn=\\&quot;assistant\\&quot;&gt;\\r\\n&lt;div class=\\&quot;text-base my-auto mx-auto pb-10 [--thread-content-margin:--spacing(4)] @w-sm\\\/main:[--thread-content-margin:--spacing(6)] @w-lg\\\/main:[--thread-content-margin:--spacing(16)] px-(--thread-content-margin)\\&quot;&gt;\\r\\n&lt;div class=\\&quot;[--thread-content-max-width:40rem] @w-lg\\\/main:[--thread-content-max-width:48rem] mx-auto max-w-(--thread-content-max-width) flex-1 group\\\/turn-messages focus-visible:outline-hidden relative flex w-full min-w-0 flex-col agent-turn\\&quot; tabindex=\\&quot;-1\\&quot;&gt;\\r\\n&lt;div class=\\&quot;flex max-w-full flex-col grow\\&quot;&gt;\\r\\n&lt;div class=\\&quot;min-h-8 text-message relative flex w-full flex-col items-end gap-2 text-start break-words whitespace-normal [.text-message+&amp;amp;]:mt-1\\&quot; dir=\\&quot;auto\\&quot; data-message-author-role=\\&quot;assistant\\&quot; data-message-id=\\&quot;2dc7e15e-2155-4d4b-963a-dc473e58d8bb\\&quot; data-message-model-slug=\\&quot;gpt-5-2\\&quot;&gt;\\r\\n&lt;div class=\\&quot;flex w-full flex-col gap-1 empty:hidden first:pt-[1px]\\&quot;&gt;\\r\\n&lt;div class=\\&quot;markdown prose dark:prose-invert w-full wrap-break-word light markdown-new-styling\\&quot;&gt;\\r\\n&lt;p data-start=\\&quot;0\\&quot; data-end=\\&quot;146\\&quot;&gt;Rellena este formulario y participa en la pr\\u00f3xima sesi\\u00f3n presencial que organizamos el pr\\u00f3ximo 16 de marzo del grupo de trabajo de CRM Y BATER\\u00cdAS.&lt;\\\/p&gt;\\r\\n&lt;p data-start=\\&quot;148\\&quot; data-end=\\&quot;257\\&quot;&gt;\\ud83d\\udcc6 16\\\/03 de 9:45 h a 13 h&lt;br data-start=\\&quot;173\\&quot; data-end=\\&quot;176\\&quot; \\\/&gt;\\ud83d\\udccd Eurecat Cerdanyola (Av. Universitat Aut\\u00f2noma, 23, 08290 Cerdanyola del Vall\\u00e8s)&lt;\\\/p&gt;\\r\\n&lt;p data-start=\\&quot;259\\&quot; data-end=\\&quot;706\\&quot;&gt;&lt;strong data-start=\\&quot;259\\&quot; data-end=\\&quot;271\\&quot;&gt;PROGRAMA&lt;\\\/strong&gt;&lt;br data-start=\\&quot;271\\&quot; data-end=\\&quot;274\\&quot; \\\/&gt;9:45 h - Llegada y recepci\\u00f3n&lt;br data-start=\\&quot;302\\&quot; data-end=\\&quot;305\\&quot; \\\/&gt;10:00 h - Bienvenida y objetivos de la jornada&lt;br data-start=\\&quot;351\\&quot; data-end=\\&quot;354\\&quot; \\\/&gt;10:10 h - La seguridad intr\\u00ednseca de las bater\\u00edas&lt;br data-start=\\&quot;403\\&quot; data-end=\\&quot;406\\&quot; \\\/&gt;10:40 h - Problem\\u00e1ticas desde la perspectiva de los gestores de residuos&lt;br data-start=\\&quot;478\\&quot; data-end=\\&quot;481\\&quot; \\\/&gt;11:10 h - Pausa caf\\u00e9 y networking&lt;br data-start=\\&quot;514\\&quot; data-end=\\&quot;517\\&quot; \\\/&gt;11:40 h - Visita a los laboratorios de Eurecat: Bater\\u00edas y Rob\\u00f3tica&lt;br data-start=\\&quot;584\\&quot; data-end=\\&quot;587\\&quot; \\\/&gt;12:20 h - La perspectiva del sector asegurador sobre los riesgos asociados a las bater\\u00edas&lt;br data-start=\\&quot;676\\&quot; data-end=\\&quot;679\\&quot; \\\/&gt;12:45 h - Debate y cierre&lt;\\\/p&gt;\\r\\n&lt;p data-start=\\&quot;708\\&quot; data-end=\\&quot;751\\&quot; data-is-last-node=\\&quot;\\&quot; data-is-only-node=\\&quot;\\&quot;&gt;&lt;strong&gt;&lt;em data-start=\\&quot;708\\&quot; data-end=\\&quot;751\\&quot; data-is-last-node=\\&quot;\\&quot;&gt;Actividad exclusiva para socios del CREC.&lt;\\\/em&gt;&lt;\\\/strong&gt;&lt;\\\/p&gt;\\r\\n\\r\\n&lt;\\\/div&gt;\\r\\n&lt;\\\/div&gt;\\r\\n&lt;\\\/div&gt;\\r\\n&lt;\\\/div&gt;\\r\\n&lt;div class=\\&quot;z-0 flex min-h-[46px] justify-start\\&quot;&gt;&lt;\\\/div&gt;\\r\\n&lt;\\\/div&gt;\\r\\n&lt;\\\/div&gt;\\r\\n&lt;\\\/article&gt;&lt;\\\/div&gt;\\r\\n&lt;div class=\\&quot;pointer-events-none h-px w-px absolute bottom-0\\&quot; aria-hidden=\\&quot;true\\&quot; data-edge=\\&quot;true\\&quot;&gt;&lt;\\\/div&gt;&quot;,&quot;start&quot;:&quot;2026-03-16 10:00&quot;,&quot;end&quot;:&quot;2026-03-16 13:00:01&quot;,&quot;borderColor&quot;:&quot;var( --e-global-color-accent )&quot;,&quot;textColor&quot;:&quot;#ffffff&quot;,&quot;color&quot;:&quot;var( --e-global-color-primary )&quot;,&quot;url&quot;:&quot;https:\\\/\\\/www.crec.cat\\\/es\\\/esdeveniment\\\/jornada-la-seguridad-de-las-baterias-en-las-plantas-de-gestion\\\/&quot;,&quot;allDay&quot;:&quot;&quot;,&quot;external&quot;:&quot;on&quot;,&quot;nofollow&quot;:&quot;on&quot;,&quot;imageUrl&quot;:&quot;https:\\\/\\\/www.crec.cat\\\/wp-content\\\/uploads\\\/2026\\\/02\\\/GT-1.png&quot;},{&quot;id&quot;:25,&quot;title&quot;:&quot;[CAMBIO DE FECHA] Presentaci\\u00f3n del Proyecto | DCaS-R: Datos Circulares como Servicio para los Residuos de la Construcci\\u00f3n&quot;,&quot;description&quot;:&quot;&lt;div&gt;\\r\\n&lt;p data-start=\\&quot;0\\&quot; data-end=\\&quot;242\\&quot;&gt;Inscr\\u00edbete en la Jornada de presentaci\\u00f3n del proyecto: &lt;strong data-start=\\&quot;55\\&quot; data-end=\\&quot;134\\&quot;&gt;DCaS-R: Datos Circulares como Servicio para los Residuos de la Construcci\\u00f3n&lt;\\\/strong&gt;.&lt;\\\/p&gt;\\r\\n&lt;p data-start=\\&quot;0\\&quot; data-end=\\&quot;242\\&quot;&gt;Descubre c\\u00f3mo la trazabilidad digital puede transformar la gesti\\u00f3n de tus residuos de la construcci\\u00f3n.&lt;\\\/p&gt;\\r\\n&lt;p data-start=\\&quot;244\\&quot; data-end=\\&quot;261\\&quot;&gt;Reserva la fecha:&lt;\\\/p&gt;\\r\\n&lt;p data-start=\\&quot;263\\&quot; data-end=\\&quot;460\\&quot;&gt;\\ud83d\\udcc5 &lt;strong data-start=\\&quot;266\\&quot; data-end=\\&quot;276\\&quot;&gt;Fecha:&lt;\\\/strong&gt; 19 de marzo de 2026 &lt;span style=\\&quot;font-size: 18pt;\\&quot;&gt;&lt;strong&gt;[\\u00a1NUEVA FECHA!]&lt;\\\/strong&gt;&lt;\\\/span&gt;&lt;br data-start=\\&quot;312\\&quot; data-end=\\&quot;315\\&quot; \\\/&gt;\\ud83d\\udd59 &lt;strong data-start=\\&quot;318\\&quot; data-end=\\&quot;330\\&quot;&gt;Horario:&lt;\\\/strong&gt; de 10:30 h a 12:30 h&lt;br data-start=\\&quot;351\\&quot; data-end=\\&quot;354\\&quot; data-is-only-node=\\&quot;\\&quot; \\\/&gt;\\ud83d\\udccd &lt;strong data-start=\\&quot;357\\&quot; data-end=\\&quot;367\\&quot;&gt;Lugar:&lt;\\\/strong&gt; Agencia Catalana de Residuos - Pg. de la Zona Franca, 107, Sants-Montju\\u00efc, 08038 Barcelona&lt;\\\/p&gt;\\r\\n\\r\\n&lt;\\\/div&gt;\\r\\n&amp;nbsp;\\r\\n\\r\\n&amp;nbsp;\\r\\n\\r\\n&lt;img class=\\&quot;wp-image-6552 aligncenter\\&quot; src=\\&quot;https:\\\/\\\/www.crec.cat\\\/wp-content\\\/uploads\\\/2026\\\/01\\\/15012026-Retech-Event-Creativities-212x300.png\\&quot; alt=\\&quot;\\&quot; width=\\&quot;558\\&quot; height=\\&quot;790\\&quot; \\\/&gt;\\u00a0&lt;img class=\\&quot;wp-image-6553 aligncenter\\&quot; src=\\&quot;https:\\\/\\\/www.crec.cat\\\/wp-content\\\/uploads\\\/2026\\\/01\\\/15012026-Retech-Event-Creativities-1-212x300.png\\&quot; alt=\\&quot;\\&quot; width=\\&quot;558\\&quot; height=\\&quot;789\\&quot; \\\/&gt;\\r\\n\\r\\n&amp;nbsp;\\r\\n\\r\\n&amp;nbsp;\\r\\n\\r\\n*&lt;em data-start=\\&quot;462\\&quot; data-end=\\&quot;493\\&quot;&gt;Abierto a empresas del sector&lt;\\\/em&gt;\\r\\n&lt;div class=\\&quot;flex flex-col text-sm pb-25\\&quot;&gt;&lt;article class=\\&quot;text-token-text-primary w-full focus:outline-none [--shadow-height:45px] has-data-writing-block:pointer-events-none has-data-writing-block:-mt-(--shadow-height) has-data-writing-block:pt-(--shadow-height) [&amp;amp;:has([data-writing-block])&amp;gt;*]:pointer-events-auto scroll-mt-[calc(var(--header-height)+min(200px,max(70px,20svh)))]\\&quot; dir=\\&quot;auto\\&quot; tabindex=\\&quot;-1\\&quot; data-turn-id=\\&quot;request-WEB:406fa6af-3148-44b4-bd16-cdfba5f2db64-5\\&quot; data-testid=\\&quot;conversation-turn-12\\&quot; data-scroll-anchor=\\&quot;true\\&quot; data-turn=\\&quot;assistant\\&quot;&gt;\\r\\n&lt;div class=\\&quot;text-base my-auto mx-auto pb-10 [--thread-content-margin:--spacing(4)] @w-sm\\\/main:[--thread-content-margin:--spacing(6)] @w-lg\\\/main:[--thread-content-margin:--spacing(16)] px-(--thread-content-margin)\\&quot;&gt;\\r\\n&lt;div class=\\&quot;[--thread-content-max-width:40rem] @w-lg\\\/main:[--thread-content-max-width:48rem] mx-auto max-w-(--thread-content-max-width) flex-1 group\\\/turn-messages focus-visible:outline-hidden relative flex w-full min-w-0 flex-col agent-turn\\&quot; tabindex=\\&quot;-1\\&quot;&gt;\\r\\n&lt;div class=\\&quot;flex max-w-full flex-col grow\\&quot;&gt;\\r\\n&lt;div class=\\&quot;min-h-8 text-message relative flex w-full flex-col items-end gap-2 text-start break-words whitespace-normal [.text-message+&amp;amp;]:mt-1\\&quot; dir=\\&quot;auto\\&quot; data-message-author-role=\\&quot;assistant\\&quot; data-message-id=\\&quot;12063d28-0bdf-4eb2-826a-dbdac30f9143\\&quot; data-message-model-slug=\\&quot;gpt-5-2\\&quot;&gt;\\r\\n&lt;div class=\\&quot;flex w-full flex-col gap-1 empty:hidden first:pt-[1px]\\&quot;&gt;\\r\\n&lt;div class=\\&quot;markdown prose dark:prose-invert w-full wrap-break-word light markdown-new-styling\\&quot;&gt;\\r\\n&lt;p data-start=\\&quot;497\\&quot; data-end=\\&quot;536\\&quot; data-is-last-node=\\&quot;\\&quot; data-is-only-node=\\&quot;\\&quot;&gt;M\\u00e1s informaci\\u00f3n sobre el proyecto&lt;strong&gt;\\u00a0&lt;a href=\\&quot;https:\\\/\\\/www.crec.cat\\\/es\\\/projecte\\\/dcas-r-datos-circulares-como-servicio-para-los-residuos-de-la-construccion\\\/\\&quot;&gt;aqu\\u00ed.&lt;\\\/a&gt;&lt;\\\/strong&gt;&lt;\\\/p&gt;\\r\\n\\r\\n&lt;\\\/div&gt;\\r\\n&lt;\\\/div&gt;\\r\\n&lt;\\\/div&gt;\\r\\n&lt;\\\/div&gt;\\r\\n&lt;\\\/div&gt;\\r\\n&lt;\\\/div&gt;\\r\\n&lt;\\\/article&gt;&lt;\\\/div&gt;&quot;,&quot;start&quot;:&quot;2026-03-19 10:30&quot;,&quot;end&quot;:&quot;2026-03-19 12:30:01&quot;,&quot;borderColor&quot;:&quot;var( --e-global-color-accent )&quot;,&quot;textColor&quot;:&quot;#ffffff&quot;,&quot;color&quot;:&quot;var( --e-global-color-primary )&quot;,&quot;url&quot;:&quot;https:\\\/\\\/www.crec.cat\\\/es\\\/esdeveniment\\\/cambio-de-fecha-presentacion-del-proyecto-dcas-r-datos-circulares-como-servicio-para-los-residuos-de-la-construccion\\\/&quot;,&quot;allDay&quot;:&quot;&quot;,&quot;external&quot;:&quot;on&quot;,&quot;nofollow&quot;:&quot;on&quot;,&quot;imageUrl&quot;:&quot;https:\\\/\\\/www.crec.cat\\\/wp-content\\\/uploads\\\/2026\\\/01\\\/Imagen-destacada-Entrada-de-Wordpress-24.png&quot;},{&quot;id&quot;:26,&quot;title&quot;:&quot;Taller de Comunicaci\\u00f3n | Estrategia de comunicaci\\u00f3n para gestores de residuos&quot;,&quot;description&quot;:&quot;&lt;p data-start=\\&quot;0\\&quot; data-end=\\&quot;93\\&quot;&gt;\\u00bfTe interesa trabajar la estrategia de comunicaci\\u00f3n de tu empresa? \\u00a1Este workshop es para ti!&lt;\\\/p&gt;\\r\\n&lt;p data-start=\\&quot;95\\&quot; data-end=\\&quot;290\\&quot;&gt;Tenemos un reto: el reposicionamiento del sector. Es necesario explicar mejor lo que hacemos, mostrar la innovaci\\u00f3n que impulsamos y convertir el residuo en s\\u00edmbolo de oportunidad, no de rechazo.&lt;\\\/p&gt;\\r\\n&lt;p data-start=\\&quot;292\\&quot; data-end=\\&quot;626\\&quot;&gt;Durante dos sesiones y una presentaci\\u00f3n final, aprender\\u00e1s a definir una estrategia de comunicaci\\u00f3n clara para tu empresa. Adem\\u00e1s, trabajaremos conjuntamente para redefinir la reputaci\\u00f3n del sector de los residuos en Catalu\\u00f1a y reposicionarlo mediante una estrategia de comunicaci\\u00f3n participativa, multisectorial y orientada al futuro.&lt;\\\/p&gt;\\r\\nEste workshop est\\u00e1 liderado por Berta Sanmart\\u00edn, especialista en branding y estrategia de comunicaci\\u00f3n, con experiencia en la construcci\\u00f3n de narrativas y posicionamiento de proyectos. Forma parte de\\u00a0 Spora, consultora referente en sostenibilidad y econom\\u00eda circular.\\r\\n\\r\\n&lt;a href=\\&quot;https:\\\/\\\/www.spora.es\\\/\\&quot;&gt;&lt;img class=\\&quot;alignnone wp-image-4940\\&quot; src=\\&quot;https:\\\/\\\/www.crec.cat\\\/wp-content\\\/uploads\\\/2025\\\/05\\\/logos-v2_0000_Logo_Spora-1-300x88.png\\&quot; alt=\\&quot;\\&quot; width=\\&quot;143\\&quot; height=\\&quot;42\\&quot; \\\/&gt;&lt;\\\/a&gt;\\r\\n\\r\\n&lt;hr data-start=\\&quot;628\\&quot; data-end=\\&quot;631\\&quot; \\\/&gt;\\r\\n&lt;p data-start=\\&quot;633\\&quot; data-end=\\&quot;863\\&quot;&gt;&lt;strong data-start=\\&quot;633\\&quot; data-end=\\&quot;688\\&quot;&gt;SESI\\u00d3N 1 - \\u00bfQu\\u00e9 queremos comunicar desde el sector?&lt;\\\/strong&gt;&lt;br data-start=\\&quot;688\\&quot; data-end=\\&quot;691\\&quot; \\\/&gt;\\ud83d\\udcc5 Fecha: 25 de marzo de 2026&lt;br data-start=\\&quot;720\\&quot; data-end=\\&quot;723\\&quot; \\\/&gt;\\ud83d\\udd59 Horario: de 10:00 h a 13:00 h&lt;br data-start=\\&quot;755\\&quot; data-end=\\&quot;758\\&quot; \\\/&gt;\\ud83d\\udccd Lugar: BAC - Barcelona Circular&lt;br data-start=\\&quot;792\\&quot; data-end=\\&quot;795\\&quot; \\\/&gt;\\ud83d\\udc49\\ud83c\\udffc Dirigido a CEO\\\/Direcci\\u00f3n\\\/Direcci\\u00f3n de Comunicaci\\u00f3n o Marketing.&lt;\\\/p&gt;\\r\\n&lt;p data-start=\\&quot;865\\&quot; data-end=\\&quot;1140\\&quot;&gt;&lt;strong data-start=\\&quot;865\\&quot; data-end=\\&quot;938\\&quot;&gt;SESI\\u00d3N 2 - \\u00bfC\\u00f3mo comunicar para construir un relato m\\u00e1s aspiracional?&lt;\\\/strong&gt;&lt;br data-start=\\&quot;938\\&quot; data-end=\\&quot;941\\&quot; \\\/&gt;\\ud83d\\udcc5 Fecha: 20 de mayo de 2026&lt;br data-start=\\&quot;969\\&quot; data-end=\\&quot;972\\&quot; \\\/&gt;\\ud83d\\udd59 Horario: de 10:00 h a 13:00 h&lt;br data-start=\\&quot;1004\\&quot; data-end=\\&quot;1007\\&quot; \\\/&gt;\\ud83d\\udccd Lugar: BAC - Barcelona Circular&lt;br data-start=\\&quot;1041\\&quot; data-end=\\&quot;1044\\&quot; \\\/&gt;\\ud83d\\udc49\\ud83c\\udffc Dirigido a CEO\\\/Direcci\\u00f3n\\\/Direcci\\u00f3n de Comunicaci\\u00f3n o Marketing + T\\u00e9cnico\\\/a de comunicaci\\u00f3n.&lt;\\\/p&gt;\\r\\n&lt;p data-start=\\&quot;1142\\&quot; data-end=\\&quot;1306\\&quot;&gt;&lt;strong data-start=\\&quot;1142\\&quot; data-end=\\&quot;1200\\&quot;&gt;Acto de presentaci\\u00f3n final - Evaluaci\\u00f3n y conclusiones&lt;\\\/strong&gt;&lt;br data-start=\\&quot;1200\\&quot; data-end=\\&quot;1203\\&quot; \\\/&gt;\\ud83d\\udcc5 Fecha: 17 de junio de 2026&lt;br data-start=\\&quot;1232\\&quot; data-end=\\&quot;1235\\&quot; \\\/&gt;\\ud83d\\udd59 Horario: de 10:00 h a 13:00 h&lt;br data-start=\\&quot;1267\\&quot; data-end=\\&quot;1270\\&quot; \\\/&gt;\\ud83d\\udccd Lugar: BAC - Barcelona Circular&lt;\\\/p&gt;\\r\\n&lt;p data-start=\\&quot;1308\\&quot; data-end=\\&quot;1452\\&quot; data-is-last-node=\\&quot;\\&quot; data-is-only-node=\\&quot;\\&quot;&gt;&lt;em data-start=\\&quot;1308\\&quot; data-end=\\&quot;1404\\&quot;&gt;Plazas limitadas a 15 organizaciones. El equipo del CREC validar\\u00e1 y confirmar\\u00e1 tu inscripci\\u00f3n.&lt;\\\/em&gt;&lt;br data-start=\\&quot;1404\\&quot; data-end=\\&quot;1407\\&quot; \\\/&gt;&lt;em data-start=\\&quot;1407\\&quot; data-end=\\&quot;1452\\&quot; data-is-last-node=\\&quot;\\&quot;&gt;Actividad exclusiva para miembros del CREC.&lt;\\\/em&gt;&lt;\\\/p&gt;&quot;,&quot;start&quot;:&quot;2026-03-25 10:00&quot;,&quot;end&quot;:&quot;2026-03-25 13:30:01&quot;,&quot;borderColor&quot;:&quot;var( --e-global-color-accent )&quot;,&quot;textColor&quot;:&quot;#ffffff&quot;,&quot;color&quot;:&quot;var( --e-global-color-primary )&quot;,&quot;url&quot;:&quot;https:\\\/\\\/www.crec.cat\\\/es\\\/esdeveniment\\\/taller-de-comunicacion-estrategia-de-comunicacion-para-gestores-de-residuos\\\/&quot;,&quot;allDay&quot;:&quot;&quot;,&quot;external&quot;:&quot;on&quot;,&quot;nofollow&quot;:&quot;on&quot;,&quot;imageUrl&quot;:&quot;https:\\\/\\\/www.crec.cat\\\/wp-content\\\/uploads\\\/2026\\\/02\\\/foto-Activitat-CREC-Lab-1.png&quot;},{&quot;id&quot;:27,&quot;title&quot;:&quot;Webinar | Viaje de Benchmark a Francia&quot;,&quot;description&quot;:&quot;Sesi\\u00f3n online que tiene como objetivo informar sobre el viaje de benchmark que organiza el Cl\\u00faster de Residuos a Francia, que tendr\\u00e1 lugar del 28 al 30 de septiembre de 2026.\\r\\n\\r\\nContaremos con la participaci\\u00f3n de la Oficina Exterior de ACCI\\u00d3 en Francia, que nos presentar\\u00e1 la propuesta del viaje. Durante el benchmark, comenzaremos con una jornada en Par\\u00eds con un enfoque m\\u00e1s institucional, donde profundizaremos en el sistema RAP (Responsabilidad Ampliada del Productor) y los diferentes flujos de gesti\\u00f3n. Los d\\u00edas siguientes se realizar\\u00e1n visitas a plantas e instalaciones pioneras, as\\u00ed como espacios de networking con empresas y agentes clave del pa\\u00eds.\\r\\n\\r\\nEl d\\u00eda de la sesi\\u00f3n te daremos todos los detalles del viaje.\\r\\n\\r\\n&lt;strong&gt;Ap\\u00fantate y no te pierdas esta oportunidad de conocer de cerca uno de los modelos m\\u00e1s avanzados de Europa.&lt;\\\/strong&gt;\\r\\n\\r\\n&lt;em&gt;Exclusivo para empresas socias del CREC.&lt;\\\/em&gt;\\r\\n\\r\\n&lt;a href=\\&quot;https:\\\/\\\/www.accio.gencat.cat\\\/ca\\\/inici\\\/\\&quot;&gt;&lt;img class=\\&quot;alignnone wp-image-5472\\&quot; src=\\&quot;https:\\\/\\\/www.crec.cat\\\/wp-content\\\/uploads\\\/2025\\\/07\\\/Logo-ACCIO-1-300x267.png\\&quot; alt=\\&quot;\\&quot; width=\\&quot;146\\&quot; height=\\&quot;130\\&quot; \\\/&gt;&lt;\\\/a&gt;&quot;,&quot;start&quot;:&quot;2026-04-20 15:00&quot;,&quot;end&quot;:&quot;2026-04-20 15:00:01&quot;,&quot;borderColor&quot;:&quot;var( --e-global-color-accent )&quot;,&quot;textColor&quot;:&quot;#ffffff&quot;,&quot;color&quot;:&quot;var( --e-global-color-primary )&quot;,&quot;url&quot;:&quot;https:\\\/\\\/www.crec.cat\\\/es\\\/esdeveniment\\\/webinar-viaje-de-benchmark-a-francia\\\/&quot;,&quot;allDay&quot;:&quot;&quot;,&quot;external&quot;:&quot;on&quot;,&quot;nofollow&quot;:&quot;on&quot;,&quot;imageUrl&quot;:&quot;https:\\\/\\\/www.crec.cat\\\/wp-content\\\/uploads\\\/2026\\\/03\\\/Imagen-destacada-Entrada-de-Wordpress-27.png&quot;},{&quot;id&quot;:28,&quot;title&quot;:&quot;Visitamos al socio: HAUSMANN AROMATIC&quot;,&quot;description&quot;:&quot;&lt;strong&gt;| ACTIVIDAD EXCLUSIVA PARA SOCIOS |&lt;\\\/strong&gt;\\r\\n\\r\\nReserva el pr\\u00f3ximo 21 de abril para asistir a la pr\\u00f3xima \\u201cVisita al socio\\u201d del cl\\u00faster. Visitaremos a HAUSMANN AROMATIC en sus instalaciones.\\r\\n\\r\\nHausmann es una empresa familiar especializada en el desarrollo y la innovaci\\u00f3n de aromas y extractos vegetales para la industria alimentaria, diet\\u00e9tica y farmac\\u00e9utica. Cuentan con m\\u00e1s de 75 a\\u00f1os de experiencia en el mundo de los aromas alimentarios y los extractos vegetales; pioneros en la fabricaci\\u00f3n y comercializaci\\u00f3n de bebidas refrescantes y productos a base de extractos vegetales con fines fitoterap\\u00e9uticos.\\r\\n\\r\\n&lt;strong&gt;PROGRAMA&lt;\\\/strong&gt;\\r\\n&lt;ul&gt;\\r\\n \\t&lt;li&gt;Pr\\u00f3ximamente&lt;\\\/li&gt;\\r\\n&lt;\\\/ul&gt;\\r\\n&lt;strong&gt;INSCRIPCIONES PR\\u00d3XIMAMENTE&lt;\\\/strong&gt;&quot;,&quot;start&quot;:&quot;2026-04-21 10:00&quot;,&quot;end&quot;:&quot;2026-04-21 12:00:01&quot;,&quot;borderColor&quot;:&quot;var( --e-global-color-accent )&quot;,&quot;textColor&quot;:&quot;#ffffff&quot;,&quot;color&quot;:&quot;var( --e-global-color-primary )&quot;,&quot;url&quot;:&quot;https:\\\/\\\/www.crec.cat\\\/es\\\/esdeveniment\\\/visitamos-al-socio-hausmann-aromatic\\\/&quot;,&quot;allDay&quot;:&quot;&quot;,&quot;external&quot;:&quot;on&quot;,&quot;nofollow&quot;:&quot;on&quot;,&quot;imageUrl&quot;:&quot;https:\\\/\\\/www.crec.cat\\\/wp-content\\\/uploads\\\/2026\\\/03\\\/Imagen-destacada-Entrada-de-Wordpress-28.png&quot;},{&quot;id&quot;:29,&quot;title&quot;:&quot;Jornada de cierre - Intercl\\u00faster: Tejiendo sinergias para fomentar la econom\\u00eda circular&quot;,&quot;description&quot;:&quot;El&lt;a href=\\&quot;https:\\\/\\\/www.crec.cat\\\/es\\\/projecte\\\/sintec-sinergias-intersectoriales-para-la-economia-circular\\\/\\&quot;&gt;&lt;strong&gt; proyecto SINTEC \\u2013 Sinergies Intersectorials per a l\\u2019Economia Circular&lt;\\\/strong&gt; &lt;\\\/a&gt;est\\u00e1 impulsdo por cuatro clusters catalanes: CREC \\u2013 Cl\\u00faster de Residus, Cl\\u00faster de Materials Avan\\u00e7ats, T\\u00e8xtils.Cat, i Cl\\u00faster de Packaging.\\r\\n&lt;p data-start=\\&quot;266\\&quot; data-end=\\&quot;946\\&quot;&gt;El objetivo del proyecto es estudiar la circularidad de los residuos de la industria del textil t\\u00e9cnico, especialmente aquellos con alta carga polim\\u00e9rica, para su reutilizaci\\u00f3n en nuevos materiales para el sector del packaging. Los residuos textiles avanzados presentan un impacto ambiental creciente debido a su dificultad de reciclaje, el uso de sustancias t\\u00f3xicas y la baja tasa de reutilizaci\\u00f3n. Esta problem\\u00e1tica se ha abordado anteriormente en diferentes iniciativas, pero el proyecto SINTEC presenta un enfoque innovador: una colaboraci\\u00f3n intersectorial entre cuatro cl\\u00fasteres para maximizar la eficiencia de los recursos y generar modelos de simbiosis industrial in\\u00e9ditos.&lt;\\\/p&gt;\\r\\n&lt;p data-start=\\&quot;948\\&quot; data-end=\\&quot;1247\\&quot;&gt;Esta sesi\\u00f3n marca el cierre del proyecto SINTEC. Tras una primera fase de identificaci\\u00f3n de retos en mayo y una segunda sesi\\u00f3n dedicada a definir modelos de negocio, esta jornada final servir\\u00e1 para presentar las conclusiones y las oportunidades de colaboraci\\u00f3n identificadas durante todo el proceso.&lt;\\\/p&gt;\\r\\n&lt;p data-start=\\&quot;1249\\&quot; data-end=\\&quot;1262\\&quot;&gt;&lt;strong data-start=\\&quot;1249\\&quot; data-end=\\&quot;1262\\&quot;&gt;Programa:&lt;\\\/strong&gt;&lt;\\\/p&gt;\\r\\n&lt;p data-start=\\&quot;1264\\&quot; data-end=\\&quot;1760\\&quot;&gt;9:30-10:00h Apertura y acreditaciones&lt;br data-start=\\&quot;1301\\&quot; data-end=\\&quot;1304\\&quot; \\\/&gt;10:00-10:15h Bienvenida y presentaci\\u00f3n del proyecto SINTEC&lt;br data-start=\\&quot;1362\\&quot; data-end=\\&quot;1365\\&quot; \\\/&gt;10:15-11:00h Presentaciones y mesa redonda proyectos Aramida y Algod\\u00f3n&lt;br data-start=\\&quot;1435\\&quot; data-end=\\&quot;1438\\&quot; \\\/&gt;11:00-11:30h Pausa caf\\u00e9&lt;br data-start=\\&quot;1461\\&quot; data-end=\\&quot;1464\\&quot; \\\/&gt;11:30-12:25h Presentaciones y mesa redonda proyectos PA, PP y PET&lt;br data-start=\\&quot;1529\\&quot; data-end=\\&quot;1532\\&quot; \\\/&gt;12:25-13:00h Conclusiones proyecto SINTEC y presentaci\\u00f3n de herramientas de financiaci\\u00f3n&lt;br data-start=\\&quot;1620\\&quot; data-end=\\&quot;1623\\&quot; data-is-only-node=\\&quot;\\&quot; \\\/&gt;13:00-13:20h Networking dinamizado&lt;br data-start=\\&quot;1657\\&quot; data-end=\\&quot;1660\\&quot; \\\/&gt;13:30-15:00h Almuerzo tipo c\\u00f3ctel&lt;br data-start=\\&quot;1693\\&quot; data-end=\\&quot;1696\\&quot; \\\/&gt;15:00-16:00h Visita guiada a Leitat&lt;br data-start=\\&quot;1731\\&quot; data-end=\\&quot;1734\\&quot; \\\/&gt;16:00h Fin de la jornada&lt;\\\/p&gt;\\r\\n&lt;img class=\\&quot; wp-image-6702 aligncenter\\&quot; src=\\&quot;https:\\\/\\\/www.crec.cat\\\/wp-content\\\/uploads\\\/2026\\\/03\\\/0428_programa-sintec-300x169.png\\&quot; alt=\\&quot;\\&quot; width=\\&quot;698\\&quot; height=\\&quot;394\\&quot; \\\/&gt;\\r\\n&lt;div&gt;&lt;\\\/div&gt;\\r\\n&lt;h3&gt;\\u00a1Ap\\u00fantate y podr\\u00e1s tejer sinergias para futuras oportunidades!&lt;br data-start=\\&quot;1829\\&quot; data-end=\\&quot;1832\\&quot; \\\/&gt;&lt;em data-start=\\&quot;1832\\&quot; data-end=\\&quot;1872\\&quot; data-is-last-node=\\&quot;\\&quot;&gt;Exclusivo para socios de los Clusters&lt;\\\/em&gt;&lt;\\\/h3&gt;&quot;,&quot;start&quot;:&quot;2026-04-28 09:30&quot;,&quot;end&quot;:&quot;2026-04-28 16:00:01&quot;,&quot;borderColor&quot;:&quot;var( --e-global-color-accent )&quot;,&quot;textColor&quot;:&quot;#ffffff&quot;,&quot;color&quot;:&quot;var( --e-global-color-primary )&quot;,&quot;url&quot;:&quot;https:\\\/\\\/www.crec.cat\\\/es\\\/esdeveniment\\\/jornada-de-cierre-intercluster-tejiendo-sinergias-para-fomentar-la-economia-circular\\\/&quot;,&quot;allDay&quot;:&quot;&quot;,&quot;external&quot;:&quot;on&quot;,&quot;nofollow&quot;:&quot;on&quot;,&quot;imageUrl&quot;:&quot;https:\\\/\\\/www.crec.cat\\\/wp-content\\\/uploads\\\/2026\\\/03\\\/Imagen-destacada-Entrada-de-Wordpress-29.png&quot;},{&quot;id&quot;:30,&quot;title&quot;:&quot;Grupo de Trabajo: Construcci\\u00f3n Circular&quot;,&quot;description&quot;:&quot;Nos volvemos a reunir para seguir trabajando los ejes que planteamos durante la primera sesi\\u00f3n y as\\u00ed abordar los diversos retos de la Construcci\\u00f3n Circular. Compartiremos los resultados y la recopilaci\\u00f3n de ideas que surgieron de la din\\u00e1mica realizada.\\r\\n\\r\\n&lt;strong&gt;Temas a tratar durante la sesi\\u00f3n:&lt;\\\/strong&gt;\\r\\n&lt;ul&gt;\\r\\n \\t&lt;li&gt;Jornada sobre Reutilizaci\\u00f3n en la construcci\\u00f3n organizada por la ARC&lt;\\\/li&gt;\\r\\n \\t&lt;li&gt;Presentaci\\u00f3n de resultados de la din\\u00e1mica de la sesi\\u00f3n 1 del grupo de trabajo&lt;\\\/li&gt;\\r\\n \\t&lt;li&gt;Presentaci\\u00f3n de l\\u00edneas de ayudas&lt;\\\/li&gt;\\r\\n \\t&lt;li&gt;Priorizaci\\u00f3n de oportunidades&lt;\\\/li&gt;\\r\\n \\t&lt;li&gt;Otras propuestas&lt;\\\/li&gt;\\r\\n&lt;\\\/ul&gt;\\r\\n\\ud83d\\udcc6 13\\\/05 de 12h a 14h\\r\\n\\ud83d\\udccd Online\\r\\n\\r\\n&lt;em&gt;Actividad exclusiva para socios del CREC.&lt;\\\/em&gt;\\r\\n\\r\\n\\u00bfTe interesa formar parte del Grupo de Trabajo de Construcci\\u00f3n Circular del CREC y participar en estos encuentros? \\u00a1Es un buen momento! Escr\\u00edbenos a &lt;a href=\\&quot;mailto:info@crec.cat\\&quot;&gt;info@crec.cat&lt;\\\/a&gt; y nos pondremos en contacto contigo.&quot;,&quot;start&quot;:&quot;2026-05-13 12:00&quot;,&quot;end&quot;:&quot;2026-05-13 13:30:01&quot;,&quot;borderColor&quot;:&quot;var( --e-global-color-accent )&quot;,&quot;textColor&quot;:&quot;#ffffff&quot;,&quot;color&quot;:&quot;var( --e-global-color-primary )&quot;,&quot;url&quot;:&quot;https:\\\/\\\/www.crec.cat\\\/es\\\/esdeveniment\\\/grupo-de-trabajo-construccion-circular-2\\\/&quot;,&quot;allDay&quot;:&quot;&quot;,&quot;external&quot;:&quot;on&quot;,&quot;nofollow&quot;:&quot;on&quot;,&quot;imageUrl&quot;:&quot;https:\\\/\\\/www.crec.cat\\\/wp-content\\\/uploads\\\/2026\\\/02\\\/GT-construccio-circular-1.png&quot;},{&quot;id&quot;:31,&quot;title&quot;:&quot;Asamblea Ordinaria del CREC 2026&quot;,&quot;description&quot;:&quot;&lt;p data-start=\\&quot;0\\&quot; data-end=\\&quot;70\\&quot;&gt;El d\\u00eda &lt;strong&gt;19 de mayo&lt;\\\/strong&gt; celebraremos la &lt;strong&gt;Asamblea General Ordinaria del CREC.&lt;\\\/strong&gt;&lt;\\\/p&gt;\\r\\n&lt;p data-start=\\&quot;72\\&quot; data-end=\\&quot;106\\&quot;&gt;Este es el programa de la jornada:&lt;\\\/p&gt;\\r\\n&lt;p data-start=\\&quot;108\\&quot; data-end=\\&quot;200\\&quot;&gt;&lt;strong&gt;10:45 h&lt;\\\/strong&gt; \\u2013 Recepci\\u00f3n de asistentes y acreditaciones&lt;br data-start=\\&quot;158\\&quot; data-end=\\&quot;161\\&quot; \\\/&gt;&lt;strong&gt;11:00 h&lt;\\\/strong&gt; \\u2013 Bienvenida de la Presidenta&lt;\\\/p&gt;\\r\\n&lt;p data-start=\\&quot;202\\&quot; data-end=\\&quot;240\\&quot;&gt;&lt;strong&gt;11:15 h&lt;\\\/strong&gt; \\u2013 Asamblea General Ordinaria&lt;\\\/p&gt;\\r\\n&lt;p data-start=\\&quot;242\\&quot; data-end=\\&quot;406\\&quot;&gt;&lt;strong&gt;12:45 h&lt;\\\/strong&gt; \\u2013 Conferencia a cargo de Josep Martorell, experto en estrategia tecnol\\u00f3gica, supercomputaci\\u00f3n e inteligencia artificial.&lt;br data-start=\\&quot;370\\&quot; data-end=\\&quot;373\\&quot; \\\/&gt;&lt;strong&gt;13:45 h&lt;\\\/strong&gt; \\u2013 Almuerzo y networking&lt;\\\/p&gt;\\r\\n&lt;p data-start=\\&quot;408\\&quot; data-end=\\&quot;437\\&quot;&gt;&lt;strong&gt;15:30 h&lt;\\\/strong&gt; \\u2013 Fin de la jornada&lt;\\\/p&gt;\\r\\n&lt;p data-start=\\&quot;439\\&quot; data-end=\\&quot;512\\&quot;&gt;La Asamblea tendr\\u00e1 lugar en Barcelona Circular, las oficinas del Cl\\u00faster.&lt;\\\/p&gt;\\r\\n&lt;p data-start=\\&quot;514\\&quot; data-end=\\&quot;528\\&quot; data-is-last-node=\\&quot;\\&quot; data-is-only-node=\\&quot;\\&quot;&gt;\\u00a1Te esperamos!&lt;\\\/p&gt;&quot;,&quot;start&quot;:&quot;2026-05-19 10:45&quot;,&quot;end&quot;:&quot;2026-05-19 15:30:01&quot;,&quot;borderColor&quot;:&quot;var( --e-global-color-accent )&quot;,&quot;textColor&quot;:&quot;#ffffff&quot;,&quot;color&quot;:&quot;var( --e-global-color-primary )&quot;,&quot;url&quot;:&quot;https:\\\/\\\/www.crec.cat\\\/es\\\/esdeveniment\\\/asamblea-ordinaria-del-crec-2026\\\/&quot;,&quot;allDay&quot;:&quot;&quot;,&quot;external&quot;:&quot;on&quot;,&quot;nofollow&quot;:&quot;on&quot;,&quot;imageUrl&quot;:&quot;https:\\\/\\\/www.crec.cat\\\/wp-content\\\/uploads\\\/2026\\\/03\\\/Imatges-WEB-Agenda.png&quot;},{&quot;id&quot;:32,&quot;title&quot;:&quot;Workshop Comunicaci\\u00f3n | Estrategia de comunicaci\\u00f3n para gestores de residuos. Sesi\\u00f3n 2&quot;,&quot;description&quot;:&quot;\\u00bfTe interesa trabajar la estrategia de comunicaci\\u00f3n de tu empresa? \\u00a1Este workshop es para ti!\\r\\n\\r\\nTenemos un reto: el reposicionamiento del sector. Es necesario explicar mejor lo que hacemos, mostrar la innovaci\\u00f3n que impulsamos y convertir el residuo en un s\\u00edmbolo de oportunidad, no de rechazo.\\r\\n\\r\\nDurante dos sesiones y una presentaci\\u00f3n final, aprender\\u00e1s a definir una estrategia de comunicaci\\u00f3n clara para tu empresa. Adem\\u00e1s, trabajaremos juntos para redefinir la reputaci\\u00f3n del sector de los residuos en Catalu\\u00f1a y reposicionarlo mediante una estrategia de comunicaci\\u00f3n participativa, multisectorial y orientada al futuro.\\r\\n\\r\\nEste workshop est\\u00e1 liderado por Berta Sanmart\\u00edn, especialista en branding y estrategia de comunicaci\\u00f3n, con experiencia en la construcci\\u00f3n de narrativas y posicionamiento de proyectos. Forma parte de Spora, consultora referente en sostenibilidad y econom\\u00eda circular.\\r\\n\\r\\n&lt;strong&gt;PROGRAMA&lt;\\\/strong&gt;\\r\\n&lt;strong&gt;SESI\\u00d3N 1 - \\u00bfQu\\u00e9 queremos comunicar desde el sector?&lt;\\\/strong&gt;\\r\\n\\ud83d\\udcc5 Fecha: 25 de marzo de 2026\\r\\n\\ud83d\\udd59 Horario: de 10:00 h a 13:00 h\\r\\n\\ud83d\\udccd Lugar: BAC - Barcelona Circular\\r\\n\\ud83d\\udc49\\ud83c\\udffc Dirigido a CEO\\\/Direcci\\u00f3n\\\/Direcci\\u00f3n de Comunicaci\\u00f3n o Marketing.\\r\\n\\r\\n&lt;strong&gt;SESI\\u00d3N 2 - \\u00bfC\\u00f3mo comunicar para construir un relato m\\u00e1s aspiracional?&lt;\\\/strong&gt;\\r\\n\\ud83d\\udcc5 Fecha: 20 de mayo de 2026\\r\\n\\ud83d\\udd59 Horario: de 10:00 h a 13:00 h\\r\\n\\ud83d\\udccd Lugar: BAC - Barcelona Circular\\r\\n\\ud83d\\udc49\\ud83c\\udffc Dirigido a CEO\\\/Direcci\\u00f3n\\\/Direcci\\u00f3n de Comunicaci\\u00f3n o Marketing + T\\u00e9cnico\\\/a de comunicaci\\u00f3n.\\r\\n\\r\\n&lt;strong&gt;Acto de presentaci\\u00f3n final - Evaluaci\\u00f3n y conclusiones&lt;\\\/strong&gt;\\r\\n\\ud83d\\udcc5 Fecha: 17 de junio de 2026\\r\\n\\ud83d\\udd59 Horario: de 10:00 h a 13:00 h\\r\\n\\ud83d\\udccd Lugar: BAC - Barcelona Circular\\r\\n\\r\\n&lt;strong&gt;*Plazas agotadas&lt;\\\/strong&gt;\\r\\n*Actividad exclusiva para miembros del CREC&quot;,&quot;start&quot;:&quot;2026-05-20 10:00&quot;,&quot;end&quot;:&quot;2026-05-20 13:30:01&quot;,&quot;borderColor&quot;:&quot;var( --e-global-color-accent )&quot;,&quot;textColor&quot;:&quot;#ffffff&quot;,&quot;color&quot;:&quot;var( --e-global-color-primary )&quot;,&quot;url&quot;:&quot;https:\\\/\\\/www.crec.cat\\\/es\\\/esdeveniment\\\/workshop-comunicacion-estrategia-de-comunicacion-para-gestores-de-residuos-sesion-2\\\/&quot;,&quot;allDay&quot;:&quot;&quot;,&quot;external&quot;:&quot;on&quot;,&quot;nofollow&quot;:&quot;on&quot;,&quot;imageUrl&quot;:&quot;https:\\\/\\\/www.crec.cat\\\/wp-content\\\/uploads\\\/2026\\\/02\\\/foto-Activitat-CREC-Lab-1.png&quot;},{&quot;id&quot;:33,&quot;title&quot;:&quot;Workshop Comunicaci\\u00f3 | Estrat\\u00e8gia de comunicaci\\u00f3 per a gestors de residus. Presentaci\\u00f3n final&quot;,&quot;description&quot;:&quot;&lt;p data-start=\\&quot;0\\&quot; data-end=\\&quot;93\\&quot;&gt;\\u00bfTe interesa trabajar la estrategia de comunicaci\\u00f3n de tu empresa? \\u00a1Este workshop es para ti!&lt;\\\/p&gt;\\r\\n&lt;p data-start=\\&quot;97\\&quot; data-end=\\&quot;295\\&quot;&gt;Tenemos un reto: el reposicionamiento del sector. Es necesario explicar mejor lo que hacemos, mostrar la innovaci\\u00f3n que impulsamos y convertir el residuo en un s\\u00edmbolo de oportunidad, no de rechazo.&lt;\\\/p&gt;\\r\\n&lt;p data-start=\\&quot;299\\&quot; data-end=\\&quot;626\\&quot;&gt;Durante dos sesiones y una presentaci\\u00f3n final, aprender\\u00e1s a definir una estrategia de comunicaci\\u00f3n clara para tu empresa. Adem\\u00e1s, trabajaremos juntos para redefinir la reputaci\\u00f3n del sector de los residuos en Catalu\\u00f1a y reposicionarlo mediante una estrategia de comunicaci\\u00f3n participativa, multisectorial y orientada al futuro.&lt;\\\/p&gt;\\r\\n&lt;p data-start=\\&quot;630\\&quot; data-end=\\&quot;896\\&quot;&gt;Este workshop est\\u00e1 liderado por Berta Sanmart\\u00edn, especialista en branding y estrategia de comunicaci\\u00f3n, con experiencia en la construcci\\u00f3n de narrativas y posicionamiento de proyectos. Forma parte de Spora, consultora referente en sostenibilidad y econom\\u00eda circular.&lt;\\\/p&gt;\\r\\n&lt;p data-start=\\&quot;902\\&quot; data-end=\\&quot;1144\\&quot;&gt;&lt;strong&gt;PROGRAMA&lt;\\\/strong&gt;&lt;br data-start=\\&quot;910\\&quot; data-end=\\&quot;914\\&quot; \\\/&gt;&lt;strong&gt;SESI\\u00d3N 1 - \\u00bfQu\\u00e9 queremos comunicar desde el sector?&lt;\\\/strong&gt;&lt;br data-start=\\&quot;965\\&quot; data-end=\\&quot;969\\&quot; \\\/&gt;\\ud83d\\udcc5 Fecha: 25 de marzo de 2026&lt;br data-start=\\&quot;998\\&quot; data-end=\\&quot;1002\\&quot; \\\/&gt;\\ud83d\\udd59 Horario: de 10:00 h a 13:00 h&lt;br data-start=\\&quot;1034\\&quot; data-end=\\&quot;1038\\&quot; \\\/&gt;\\ud83d\\udccd Lugar: BAC - Barcelona Circular&lt;br data-start=\\&quot;1072\\&quot; data-end=\\&quot;1076\\&quot; \\\/&gt;\\ud83d\\udc49\\ud83c\\udffc Dirigido a CEO\\\/Direcci\\u00f3n\\\/Direcci\\u00f3n de Comunicaci\\u00f3n o Marketing.&lt;\\\/p&gt;\\r\\n&lt;p data-start=\\&quot;1148\\&quot; data-end=\\&quot;1423\\&quot;&gt;&lt;strong&gt;SESI\\u00d3N 2 - \\u00bfC\\u00f3mo comunicar para construir un relato m\\u00e1s aspiracional?&lt;\\\/strong&gt;&lt;br data-start=\\&quot;1217\\&quot; data-end=\\&quot;1221\\&quot; \\\/&gt;\\ud83d\\udcc5 Fecha: 20 de mayo de 2026&lt;br data-start=\\&quot;1249\\&quot; data-end=\\&quot;1253\\&quot; \\\/&gt;\\ud83d\\udd59 Horario: de 10:00 h a 13:00 h&lt;br data-start=\\&quot;1285\\&quot; data-end=\\&quot;1289\\&quot; \\\/&gt;\\ud83d\\udccd Lugar: BAC - Barcelona Circular&lt;br data-start=\\&quot;1323\\&quot; data-end=\\&quot;1327\\&quot; \\\/&gt;\\ud83d\\udc49\\ud83c\\udffc Dirigido a CEO\\\/Direcci\\u00f3n\\\/Direcci\\u00f3n de Comunicaci\\u00f3n o Marketing + T\\u00e9cnico\\\/a de comunicaci\\u00f3n.&lt;\\\/p&gt;\\r\\n&lt;p data-start=\\&quot;1427\\&quot; data-end=\\&quot;1590\\&quot;&gt;&lt;strong&gt;Acto de presentaci\\u00f3n final - Evaluaci\\u00f3n y conclusiones&lt;\\\/strong&gt;&lt;br data-start=\\&quot;1481\\&quot; data-end=\\&quot;1485\\&quot; \\\/&gt;\\ud83d\\udcc5 Fecha: 17 de junio de 2026&lt;br data-start=\\&quot;1514\\&quot; data-end=\\&quot;1518\\&quot; \\\/&gt;\\ud83d\\udd59 Horario: de 10:00 h a 13:00 h&lt;br data-start=\\&quot;1550\\&quot; data-end=\\&quot;1554\\&quot; \\\/&gt;\\ud83d\\udccd Lugar: BAC - Barcelona Circular&lt;\\\/p&gt;\\r\\n&lt;p data-start=\\&quot;1596\\&quot; data-end=\\&quot;1659\\&quot; data-is-last-node=\\&quot;\\&quot; data-is-only-node=\\&quot;\\&quot;&gt;&lt;strong&gt;*Plazas agotadas&lt;\\\/strong&gt;&lt;br data-start=\\&quot;1612\\&quot; data-end=\\&quot;1616\\&quot; \\\/&gt;*Actividad exclusiva para miembros del CREC&lt;\\\/p&gt;&quot;,&quot;start&quot;:&quot;2026-06-17 10:00&quot;,&quot;end&quot;:&quot;2026-06-17 13:30:01&quot;,&quot;borderColor&quot;:&quot;var( --e-global-color-accent )&quot;,&quot;textColor&quot;:&quot;#ffffff&quot;,&quot;color&quot;:&quot;var( --e-global-color-primary )&quot;,&quot;url&quot;:&quot;https:\\\/\\\/www.crec.cat\\\/es\\\/esdeveniment\\\/workshop-comunicacio-estrategia-de-comunicacio-per-a-gestors-de-residus-presentacion-final\\\/&quot;,&quot;allDay&quot;:&quot;&quot;,&quot;external&quot;:&quot;on&quot;,&quot;nofollow&quot;:&quot;on&quot;,&quot;imageUrl&quot;:&quot;https:\\\/\\\/www.crec.cat\\\/wp-content\\\/uploads\\\/2026\\\/02\\\/foto-Activitat-CREC-Lab-1.png&quot;},{&quot;id&quot;:34,&quot;title&quot;:&quot;Viaje de Benchmark a Francia&quot;,&quot;description&quot;:&quot;&lt;p data-start=\\&quot;0\\&quot; data-end=\\&quot;233\\&quot;&gt;El CREC, conjuntamente con ACCI\\u00d3, organiza un viaje de Benchmark a Francia del 28 al 30 de septiembre de 2026 exclusivo para socios, con el objetivo de conocer iniciativas e innovaciones del pa\\u00eds y establecer conexiones estrat\\u00e9gicas.&lt;\\\/p&gt;\\r\\n&lt;p data-start=\\&quot;235\\&quot; data-end=\\&quot;285\\&quot;&gt;&lt;strong data-start=\\&quot;235\\&quot; data-end=\\&quot;257\\&quot;&gt;AGENDA PROVISIONAL&lt;\\\/strong&gt;&lt;br data-start=\\&quot;257\\&quot; data-end=\\&quot;260\\&quot; \\\/&gt;&lt;em data-start=\\&quot;260\\&quot; data-end=\\&quot;285\\&quot;&gt;Sujeta a modificaciones&lt;\\\/em&gt;&lt;\\\/p&gt;\\r\\n&lt;p data-start=\\&quot;287\\&quot; data-end=\\&quot;313\\&quot;&gt;&lt;strong data-start=\\&quot;287\\&quot; data-end=\\&quot;313\\&quot;&gt;LUNES 28 DE SEPTIEMBRE&lt;\\\/strong&gt;&lt;\\\/p&gt;\\r\\n&lt;p data-start=\\&quot;315\\&quot; data-end=\\&quot;565\\&quot;&gt;Encuentro institucional en las oficinas de ACCI\\u00d3, donde profundizaremos en el sistema RAP junto con Ecomaison, Federec, CITEO, Valobat y Refashion.&lt;br data-start=\\&quot;462\\&quot; data-end=\\&quot;465\\&quot; \\\/&gt;Choose Paris Region&lt;br data-start=\\&quot;484\\&quot; data-end=\\&quot;487\\&quot; \\\/&gt;ORDIF&lt;br data-start=\\&quot;492\\&quot; data-end=\\&quot;495\\&quot; \\\/&gt;Soci\\u00e9t\\u00e9 du Gd Paris&lt;br data-start=\\&quot;514\\&quot; data-end=\\&quot;517\\&quot; \\\/&gt;Regi\\u00f3n de \\u00cele-de-France&lt;br data-start=\\&quot;540\\&quot; data-end=\\&quot;543\\&quot; \\\/&gt;Sesi\\u00f3n de networking&lt;\\\/p&gt;\\r\\n&lt;p data-start=\\&quot;567\\&quot; data-end=\\&quot;594\\&quot;&gt;&lt;strong data-start=\\&quot;567\\&quot; data-end=\\&quot;594\\&quot;&gt;MARTES 29 DE SEPTIEMBRE&lt;\\\/strong&gt;&lt;\\\/p&gt;\\r\\n&lt;p data-start=\\&quot;596\\&quot; data-end=\\&quot;642\\&quot;&gt;Reuni\\u00f3n con Team 2&lt;br data-start=\\&quot;614\\&quot; data-end=\\&quot;617\\&quot; \\\/&gt;Visita a Galloo Halluin&lt;\\\/p&gt;\\r\\n&lt;p data-start=\\&quot;644\\&quot; data-end=\\&quot;674\\&quot;&gt;&lt;strong data-start=\\&quot;644\\&quot; data-end=\\&quot;674\\&quot;&gt;MI\\u00c9RCOLES 30 DE SEPTIEMBRE&lt;\\\/strong&gt;&lt;\\\/p&gt;\\r\\n&lt;p data-start=\\&quot;676\\&quot; data-end=\\&quot;731\\&quot;&gt;Visita a France Plastiques Recyclage (PAPREC) - Limay&lt;\\\/p&gt;\\r\\n\\r\\n&lt;h3 data-start=\\&quot;733\\&quot; data-end=\\&quot;855\\&quot;&gt;Reserva tu plaza y no te quedes sin la oportunidad de compartir esta experiencia con nosotros.&lt;\\\/h3&gt;\\r\\n&lt;p data-start=\\&quot;733\\&quot; data-end=\\&quot;855\\&quot; data-is-last-node=\\&quot;\\&quot; data-is-only-node=\\&quot;\\&quot;&gt;&lt;br data-start=\\&quot;827\\&quot; data-end=\\&quot;830\\&quot; \\\/&gt;Las plazas son limitadas.&lt;\\\/p&gt;&quot;,&quot;start&quot;:&quot;2026-09-28 09:00&quot;,&quot;end&quot;:&quot;2026-09-30 17:00:01&quot;,&quot;borderColor&quot;:&quot;var( --e-global-color-accent )&quot;,&quot;textColor&quot;:&quot;#ffffff&quot;,&quot;color&quot;:&quot;var( --e-global-color-primary )&quot;,&quot;url&quot;:&quot;https:\\\/\\\/www.crec.cat\\\/es\\\/esdeveniment\\\/viaje-de-benchmark-a-francia-2\\\/&quot;,&quot;allDay&quot;:&quot;&quot;,&quot;external&quot;:&quot;on&quot;,&quot;nofollow&quot;:&quot;on&quot;,&quot;imageUrl&quot;:&quot;https:\\\/\\\/www.crec.cat\\\/wp-content\\\/uploads\\\/2026\\\/03\\\/Imagen-destacada-Entrada-de-Wordpress-27.png&quot;}]\"\n            data-thumbnail_position = \"\"\n            data-first_day=\"1\"><\/div><div id=\"eaelecModal\" class=\"eaelec-modal eael-zoom-in\">\n            <div class=\"eaelec-modal-content\">\n                <div class=\"eaelec-modal-header\">\n                    <div class=\"eaelec-modal-close\"><span><i class=\"fas fa-times\"><\/i><\/span><\/div>\n                    <h2 class=\"eael-ec-modal-title\"><\/h2>\n                    <span class=\"eaelec-event-date-start eaelec-event-popup-date\"><\/span>\n                    <span class=\"eaelec-event-date-end eaelec-event-popup-date\"><\/span>\n                    <span class=\"eaelec-event-location eaelec-event-popup-location\" style=\"display: none;\"><\/span>\n                <\/div>\n                <div class=\"eaelec-modal-body\">\n                    <p><\/p>\n                <\/div>\n                <div class=\"eaelec-modal-footer\">\n                    <a class=\"eaelec-event-details-link\">Saber-ne m\u00e9s<\/a>\n                <\/div>\n            <\/div>\n        <\/div><\/div>\t\t\t\t<\/div>\n\t\t\t\t<\/div>\n\t\t\t\t\t<\/div>\n\t\t\t\t<\/div>\n\t\t\t\t\t<\/div>\n\t\t<\/div>\n\t\t\t\t\t\t<\/div>\n\t\t\t\t<\/div>\n\t\t\t\t<\/div>\n\t\t\t\t<\/div>\n\t\t","protected":false},"excerpt":{"rendered":"<p>AGENDA CALENDARIO Todas las actividades Pr\u00f3ximas actividades Actividades finalizadas Calendario Pr\u00f3ximas actividades 23\/09\/2025 Visitem al soci: PICVISA |\u00a0ACTIVITAT EXCLUSIVA PER A SOCIS\u00a0| El proper\u00a023 de setembre\u00a0visitarem al nostre soci\u00a0PICVISA\u00a0a les&hellip;&nbsp;<\/p>\n","protected":false},"author":1,"featured_media":0,"parent":0,"menu_order":0,"comment_status":"closed","ping_status":"closed","template":"page-templates\/template-pagebuilder-full-width.php","meta":{"_acf_changed":false,"neve_meta_sidebar":"","neve_meta_container":"","neve_meta_enable_content_width":"off","neve_meta_content_width":100,"neve_meta_title_alignment":"","neve_meta_author_avatar":"","neve_post_elements_order":"","neve_meta_disable_header":"","neve_meta_disable_footer":"","neve_meta_disable_title":"","footnotes":""},"class_list":["post-4688","page","type-page","status-publish","hentry","cat_ended","cat_finalitzat"],"acf":[],"yoast_head":"<!-- This site is optimized with the Yoast SEO plugin v27.2 - https:\/\/yoast.com\/product\/yoast-seo-wordpress\/ -->\n<title>Agenda | CREC<\/title>\n<meta name=\"description\" content=\"Descubre todas las actividades del Cluster de Residuos de Catalu\u00f1a. Las pr\u00f3ximas actividades, las finalizadas y el calendario completo.\" \/>\n<meta name=\"robots\" content=\"index, follow, max-snippet:-1, max-image-preview:large, max-video-preview:-1\" \/>\n<link rel=\"canonical\" href=\"https:\/\/www.crec.cat\/agenda\/\" \/>\n<meta property=\"og:locale\" content=\"es_ES\" \/>\n<meta property=\"og:type\" content=\"article\" \/>\n<meta property=\"og:title\" content=\"Agenda | CREC\" \/>\n<meta property=\"og:description\" content=\"Descubre todas las actividades del Cluster de Residuos de Catalu\u00f1a. Las pr\u00f3ximas actividades, las finalizadas y el calendario completo.\" \/>\n<meta property=\"og:url\" content=\"https:\/\/www.crec.cat\/agenda\/\" \/>\n<meta property=\"og:site_name\" content=\"CREC\" \/>\n<meta property=\"article:modified_time\" content=\"2025-09-01T10:31:29+00:00\" \/>\n<meta property=\"og:image\" content=\"https:\/\/www.crec.cat\/wp-content\/uploads\/2024\/11\/CREC.jpg\" \/>\n\t<meta property=\"og:image:width\" content=\"1280\" \/>\n\t<meta property=\"og:image:height\" content=\"720\" \/>\n\t<meta property=\"og:image:type\" content=\"image\/jpeg\" \/>\n<meta name=\"twitter:card\" content=\"summary_large_image\" \/>\n<meta name=\"twitter:site\" content=\"@clusterresidus\" \/>\n<meta name=\"twitter:label1\" content=\"Tiempo de lectura\" \/>\n\t<meta name=\"twitter:data1\" content=\"18 minutos\" \/>\n<script type=\"application\/ld+json\" class=\"yoast-schema-graph\">{\"@context\":\"https:\/\/schema.org\",\"@graph\":[{\"@type\":\"WebPage\",\"@id\":\"https:\/\/www.crec.cat\/agenda\/\",\"url\":\"https:\/\/www.crec.cat\/agenda\/\",\"name\":\"Agenda | CREC\",\"isPartOf\":{\"@id\":\"https:\/\/www.crec.cat\/#website\"},\"datePublished\":\"2024-07-19T11:00:04+00:00\",\"dateModified\":\"2025-09-01T10:31:29+00:00\",\"description\":\"Descubre todas las actividades del Cluster de Residuos de Catalu\u00f1a. Las pr\u00f3ximas actividades, las finalizadas y el calendario completo.\",\"breadcrumb\":{\"@id\":\"https:\/\/www.crec.cat\/agenda\/#breadcrumb\"},\"inLanguage\":\"es\",\"potentialAction\":[{\"@type\":\"ReadAction\",\"target\":[\"https:\/\/www.crec.cat\/agenda\/\"]}]},{\"@type\":\"BreadcrumbList\",\"@id\":\"https:\/\/www.crec.cat\/agenda\/#breadcrumb\",\"itemListElement\":[{\"@type\":\"ListItem\",\"position\":1,\"name\":\"Inici\",\"item\":\"https:\/\/www.crec.cat\/es\/\"},{\"@type\":\"ListItem\",\"position\":2,\"name\":\"Agenda\"}]},{\"@type\":\"WebSite\",\"@id\":\"https:\/\/www.crec.cat\/#website\",\"url\":\"https:\/\/www.crec.cat\/\",\"name\":\"CREC\",\"description\":\"Impulsem la competitivitat del sector de residus i l&#039;economia circular de Catalunya\",\"publisher\":{\"@id\":\"https:\/\/www.crec.cat\/#organization\"},\"alternateName\":\"Cl\u00faster de Residus de Catalunya\",\"potentialAction\":[{\"@type\":\"SearchAction\",\"target\":{\"@type\":\"EntryPoint\",\"urlTemplate\":\"https:\/\/www.crec.cat\/?s={search_term_string}\"},\"query-input\":{\"@type\":\"PropertyValueSpecification\",\"valueRequired\":true,\"valueName\":\"search_term_string\"}}],\"inLanguage\":\"es\"},{\"@type\":\"Organization\",\"@id\":\"https:\/\/www.crec.cat\/#organization\",\"name\":\"CREC\",\"alternateName\":\"CREC\",\"url\":\"https:\/\/www.crec.cat\/\",\"logo\":{\"@type\":\"ImageObject\",\"inLanguage\":\"es\",\"@id\":\"https:\/\/www.crec.cat\/#\/schema\/logo\/image\/\",\"url\":\"https:\/\/www.crec.cat\/wp-content\/uploads\/2021\/04\/Favicon-CREC.png\",\"contentUrl\":\"https:\/\/www.crec.cat\/wp-content\/uploads\/2021\/04\/Favicon-CREC.png\",\"width\":2134,\"height\":2134,\"caption\":\"CREC\"},\"image\":{\"@id\":\"https:\/\/www.crec.cat\/#\/schema\/logo\/image\/\"},\"sameAs\":[\"https:\/\/x.com\/clusterresidus\",\"https:\/\/www.linkedin.com\/company\/cluster-de-residus-de-catalunya\/\"]}]}<\/script>\n<!-- \/ Yoast SEO plugin. -->","yoast_head_json":{"title":"Agenda | CREC","description":"Descubre todas las actividades del Cluster de Residuos de Catalu\u00f1a. Las pr\u00f3ximas actividades, las finalizadas y el calendario completo.","robots":{"index":"index","follow":"follow","max-snippet":"max-snippet:-1","max-image-preview":"max-image-preview:large","max-video-preview":"max-video-preview:-1"},"canonical":"https:\/\/www.crec.cat\/agenda\/","og_locale":"es_ES","og_type":"article","og_title":"Agenda | CREC","og_description":"Descubre todas las actividades del Cluster de Residuos de Catalu\u00f1a. Las pr\u00f3ximas actividades, las finalizadas y el calendario completo.","og_url":"https:\/\/www.crec.cat\/agenda\/","og_site_name":"CREC","article_modified_time":"2025-09-01T10:31:29+00:00","og_image":[{"width":1280,"height":720,"url":"https:\/\/www.crec.cat\/wp-content\/uploads\/2024\/11\/CREC.jpg","type":"image\/jpeg"}],"twitter_card":"summary_large_image","twitter_site":"@clusterresidus","twitter_misc":{"Tiempo de lectura":"18 minutos"},"schema":{"@context":"https:\/\/schema.org","@graph":[{"@type":"WebPage","@id":"https:\/\/www.crec.cat\/agenda\/","url":"https:\/\/www.crec.cat\/agenda\/","name":"Agenda | CREC","isPartOf":{"@id":"https:\/\/www.crec.cat\/#website"},"datePublished":"2024-07-19T11:00:04+00:00","dateModified":"2025-09-01T10:31:29+00:00","description":"Descubre todas las actividades del Cluster de Residuos de Catalu\u00f1a. Las pr\u00f3ximas actividades, las finalizadas y el calendario completo.","breadcrumb":{"@id":"https:\/\/www.crec.cat\/agenda\/#breadcrumb"},"inLanguage":"es","potentialAction":[{"@type":"ReadAction","target":["https:\/\/www.crec.cat\/agenda\/"]}]},{"@type":"BreadcrumbList","@id":"https:\/\/www.crec.cat\/agenda\/#breadcrumb","itemListElement":[{"@type":"ListItem","position":1,"name":"Inici","item":"https:\/\/www.crec.cat\/es\/"},{"@type":"ListItem","position":2,"name":"Agenda"}]},{"@type":"WebSite","@id":"https:\/\/www.crec.cat\/#website","url":"https:\/\/www.crec.cat\/","name":"CREC","description":"Impulsem la competitivitat del sector de residus i l&#039;economia circular de Catalunya","publisher":{"@id":"https:\/\/www.crec.cat\/#organization"},"alternateName":"Cl\u00faster de Residus de Catalunya","potentialAction":[{"@type":"SearchAction","target":{"@type":"EntryPoint","urlTemplate":"https:\/\/www.crec.cat\/?s={search_term_string}"},"query-input":{"@type":"PropertyValueSpecification","valueRequired":true,"valueName":"search_term_string"}}],"inLanguage":"es"},{"@type":"Organization","@id":"https:\/\/www.crec.cat\/#organization","name":"CREC","alternateName":"CREC","url":"https:\/\/www.crec.cat\/","logo":{"@type":"ImageObject","inLanguage":"es","@id":"https:\/\/www.crec.cat\/#\/schema\/logo\/image\/","url":"https:\/\/www.crec.cat\/wp-content\/uploads\/2021\/04\/Favicon-CREC.png","contentUrl":"https:\/\/www.crec.cat\/wp-content\/uploads\/2021\/04\/Favicon-CREC.png","width":2134,"height":2134,"caption":"CREC"},"image":{"@id":"https:\/\/www.crec.cat\/#\/schema\/logo\/image\/"},"sameAs":["https:\/\/x.com\/clusterresidus","https:\/\/www.linkedin.com\/company\/cluster-de-residus-de-catalunya\/"]}]}},"_links":{"self":[{"href":"https:\/\/www.crec.cat\/es\/wp-json\/wp\/v2\/pages\/4688","targetHints":{"allow":["GET"]}}],"collection":[{"href":"https:\/\/www.crec.cat\/es\/wp-json\/wp\/v2\/pages"}],"about":[{"href":"https:\/\/www.crec.cat\/es\/wp-json\/wp\/v2\/types\/page"}],"author":[{"embeddable":true,"href":"https:\/\/www.crec.cat\/es\/wp-json\/wp\/v2\/users\/1"}],"replies":[{"embeddable":true,"href":"https:\/\/www.crec.cat\/es\/wp-json\/wp\/v2\/comments?post=4688"}],"version-history":[{"count":12,"href":"https:\/\/www.crec.cat\/es\/wp-json\/wp\/v2\/pages\/4688\/revisions"}],"predecessor-version":[{"id":5701,"href":"https:\/\/www.crec.cat\/es\/wp-json\/wp\/v2\/pages\/4688\/revisions\/5701"}],"wp:attachment":[{"href":"https:\/\/www.crec.cat\/es\/wp-json\/wp\/v2\/media?parent=4688"}],"curies":[{"name":"wp","href":"https:\/\/api.w.org\/{rel}","templated":true}]}}