{"id":4565,"date":"2025-04-07T16:31:24","date_gmt":"2025-04-07T14:31:24","guid":{"rendered":"https:\/\/www.crec.cat\/esdeveniment\/intercluster-day-circular-economy-of-polymeric-textile-materials\/"},"modified":"2025-05-15T18:06:17","modified_gmt":"2025-05-15T16:06:17","slug":"intercluster-day-circular-economy-of-polymeric-textile-materials","status":"publish","type":"tribe_events","link":"https:\/\/www.crec.cat\/en\/esdeveniment\/intercluster-day-circular-economy-of-polymeric-textile-materials\/","title":{"rendered":"INTERCLUSTER DAY | Circular economy of polymeric textile materials"},"content":{"rendered":"<div id=\"335\" class=\"event-in-title\" data-level=\"3\">\n<div class=\"content\">\n<p>El <strong>CREC<\/strong>, el <strong>Cl\u00faster MAV<\/strong>, el\u00a0<strong>Packaging Cluster<\/strong>,\u00a0<strong>T\u00e8xtils.CAT<\/strong>\u00a0i el\u00a0<strong>Sincrotr\u00f3 ALBA<\/strong>, amb el suport d\u2019<strong>ACCI\u00d3<\/strong>, l\u2019<strong>Ag\u00e8ncia de Residus de Catalunya<\/strong> (ARC)\u00a0i\u00a0<strong>ReMade@ARI<\/strong>, organitzem aquesta jornada intercl\u00faster centrada en l\u2019economia circular aplicada als <strong>materials\u00a0t\u00e8xtils polim\u00e8rics.<\/strong><\/p>\n<p>L\u2019esdeveniment t\u00e9 per objectiu impulsar la col\u00b7laboraci\u00f3 entre cl\u00fasters i agents del sector, promoure la innovaci\u00f3. la col\u00b7laboraci\u00f3 i explorar la circularitat dels materials t\u00e8xtils polim\u00e8rics. La jornada es dur\u00e0 a terme a les instal\u00b7lacions del Sincrotr\u00f3 ALBA, un entorn \u00fanic per a la recerca cient\u00edfica i la innovaci\u00f3 industrial.<\/p>\n<p><strong>Durant la jornada podreu:<\/strong><\/p>\n<ul>\n<li>Con\u00e8ixer casos d\u2019\u00e8xit i projectes col\u00b7laboratius destacats.<\/li>\n<li>Escoltar experts del sector en tem\u00e0tiques relacionades amb l\u2019economia circular i la recerca aplicada.<\/li>\n<li>Explorar noves solucions per a la gesti\u00f3 dels residus t\u00e8xtils polim\u00e8rics.<\/li>\n<li>Ampliar la vostra xarxa de contactes a trav\u00e9s del networking.<\/li>\n<li>Gaudir d\u2019una visita guiada exclusiva al Sincrotr\u00f3 ALBA.<\/li>\n<\/ul>\n<p><strong>Programa<\/strong><\/p>\n<ul>\n<li>09.30 h &#8211; Obertura i acreditacions<\/li>\n<li>10. 00 h &#8211; Benvinguda institucional<\/li>\n<li>10.15 h &#8211; Introducci\u00f3 a la jornada<\/li>\n<li>11.30 h &#8211; Pausa caf\u00e8<\/li>\n<li>12.00 h &#8211; Introducci\u00f3 a l\u2019Economia Circular dels t\u00e8xtils polim\u00e8rics i taula de debat amb casos d\u2019\u00e8xit<\/li>\n<li>13.30 h &#8211; Dinar de <em>networking<\/em><\/li>\n<li>15.00 h &#8211; Visita guiada al Sincrotr\u00f3 ALBA<\/li>\n<li>16.00 h &#8211;\u00a0Fi de la jornada<\/li>\n<\/ul>\n<p><strong>Informaci\u00f3\u00a0rellevant\u00a0<\/strong><\/p>\n<ul>\n<li>Esdeveniment \u00a0gratu\u00eft amb inscripci\u00f3 pr\u00e8via (exclusiu per a membres dels cl\u00fasters participants i convidats del Sincrotr\u00f3 ALBA).<\/li>\n<li>L\u2019idioma de la sessi\u00f3 ser\u00e0 el catal\u00e0.<\/li>\n<li>Aforament limitat: 100 persones<\/li>\n<li>Adre\u00e7a Sincrotr\u00f3 ALBA: carrer de la Llum 2-26, 08290 Cerdanyola del Vall\u00e8s. Consulta com arribar-hi\u00a0<a href=\"https:\/\/www.cells.es\/ca\/que-es-alba\/com-arribar-hi\" target=\"_blank\" rel=\"noopener\"><strong>aqu\u00ed<\/strong><\/a>.<\/li>\n<\/ul>\n<p>&nbsp;<\/p>\n<p><strong>Inscripcions\u00a0<\/strong><\/p>\n<p>Les\u00a0inscripcions\u00a0es\u00a0realitzen\u00a0a\u00a0trav\u00e9s\u00a0d&#8217;<strong><a href=\"https:\/\/forms.gle\/JQzbGex7Dn7a1Jut5\" target=\"_blank\" rel=\"noopener\">aquest\u00a0enlla\u00e7<\/a><\/strong>\u202f(inscripcions obertes fins assolir aforament).<\/p>\n<\/div>\n<\/div>\n","protected":false},"excerpt":{"rendered":"<p>Conference to learn about and explore circularity in polymeric textile materials.<\/p>\n","protected":false},"author":2,"featured_media":4369,"template":"","meta":{"_acf_changed":false,"neve_meta_sidebar":"","neve_meta_container":"","neve_meta_enable_content_width":"","neve_meta_content_width":0,"neve_meta_title_alignment":"","neve_meta_author_avatar":"","neve_post_elements_order":"","neve_meta_disable_header":"","neve_meta_disable_footer":"","neve_meta_disable_title":"","_tribe_events_status":"","_tribe_events_status_reason":"","footnotes":""},"tags":[],"tribe_events_cat":[42,28],"class_list":["post-4565","tribe_events","type-tribe_events","status-publish","has-post-thumbnail","hentry","tribe_events_cat-completed","tribe_events_cat-finalitzat","cat_completed","cat_finalitzat"],"acf":[],"yoast_head":"<!-- This site is optimized with the Yoast SEO plugin v27.2 - https:\/\/yoast.com\/product\/yoast-seo-wordpress\/ -->\n<title>INTERCLUSTER DAY | Circular economy of polymeric textile materials | CREC<\/title>\n<meta name=\"robots\" content=\"index, follow, max-snippet:-1, max-image-preview:large, max-video-preview:-1\" \/>\n<link rel=\"canonical\" href=\"https:\/\/www.crec.cat\/en\/esdeveniment\/intercluster-day-circular-economy-of-polymeric-textile-materials\/\" \/>\n<meta property=\"og:locale\" content=\"en_US\" \/>\n<meta property=\"og:type\" content=\"article\" \/>\n<meta property=\"og:title\" content=\"INTERCLUSTER DAY | Circular economy of polymeric textile materials | CREC\" \/>\n<meta property=\"og:description\" content=\"Conference to learn about and explore circularity in polymeric textile materials.\" \/>\n<meta property=\"og:url\" content=\"https:\/\/www.crec.cat\/en\/esdeveniment\/intercluster-day-circular-economy-of-polymeric-textile-materials\/\" \/>\n<meta property=\"og:site_name\" content=\"CREC\" \/>\n<meta property=\"article:modified_time\" content=\"2025-05-15T16:06:17+00:00\" \/>\n<meta property=\"og:image\" content=\"https:\/\/www.crec.cat\/wp-content\/uploads\/2025\/04\/Cartell_Jornada_Sincrotro_20250311111751-1.jpeg\" \/>\n\t<meta property=\"og:image:width\" content=\"1063\" \/>\n\t<meta property=\"og:image:height\" content=\"684\" \/>\n\t<meta property=\"og:image:type\" content=\"image\/jpeg\" \/>\n<meta name=\"twitter:card\" content=\"summary_large_image\" \/>\n<meta name=\"twitter:site\" content=\"@clusterresidus\" \/>\n<meta name=\"twitter:label1\" content=\"Est. reading time\" \/>\n\t<meta name=\"twitter:data1\" content=\"1 minute\" \/>\n<script type=\"application\/ld+json\" class=\"yoast-schema-graph\">{\"@context\":\"https:\/\/schema.org\",\"@graph\":[{\"@type\":\"WebPage\",\"@id\":\"https:\/\/www.crec.cat\/en\/esdeveniment\/intercluster-day-circular-economy-of-polymeric-textile-materials\/\",\"url\":\"https:\/\/www.crec.cat\/en\/esdeveniment\/intercluster-day-circular-economy-of-polymeric-textile-materials\/\",\"name\":\"INTERCLUSTER DAY | Circular economy of polymeric textile materials | CREC\",\"isPartOf\":{\"@id\":\"https:\/\/www.crec.cat\/#website\"},\"primaryImageOfPage\":{\"@id\":\"https:\/\/www.crec.cat\/en\/esdeveniment\/intercluster-day-circular-economy-of-polymeric-textile-materials\/#primaryimage\"},\"image\":{\"@id\":\"https:\/\/www.crec.cat\/en\/esdeveniment\/intercluster-day-circular-economy-of-polymeric-textile-materials\/#primaryimage\"},\"thumbnailUrl\":\"https:\/\/www.crec.cat\/wp-content\/uploads\/2025\/04\/Cartell_Jornada_Sincrotro_20250311111751-1.jpeg\",\"datePublished\":\"2025-04-07T14:31:24+00:00\",\"dateModified\":\"2025-05-15T16:06:17+00:00\",\"breadcrumb\":{\"@id\":\"https:\/\/www.crec.cat\/en\/esdeveniment\/intercluster-day-circular-economy-of-polymeric-textile-materials\/#breadcrumb\"},\"inLanguage\":\"en-US\",\"potentialAction\":[{\"@type\":\"ReadAction\",\"target\":[\"https:\/\/www.crec.cat\/en\/esdeveniment\/intercluster-day-circular-economy-of-polymeric-textile-materials\/\"]}]},{\"@type\":\"ImageObject\",\"inLanguage\":\"en-US\",\"@id\":\"https:\/\/www.crec.cat\/en\/esdeveniment\/intercluster-day-circular-economy-of-polymeric-textile-materials\/#primaryimage\",\"url\":\"https:\/\/www.crec.cat\/wp-content\/uploads\/2025\/04\/Cartell_Jornada_Sincrotro_20250311111751-1.jpeg\",\"contentUrl\":\"https:\/\/www.crec.cat\/wp-content\/uploads\/2025\/04\/Cartell_Jornada_Sincrotro_20250311111751-1.jpeg\",\"width\":1063,\"height\":684},{\"@type\":\"BreadcrumbList\",\"@id\":\"https:\/\/www.crec.cat\/en\/esdeveniment\/intercluster-day-circular-economy-of-polymeric-textile-materials\/#breadcrumb\",\"itemListElement\":[{\"@type\":\"ListItem\",\"position\":1,\"name\":\"Inici\",\"item\":\"https:\/\/www.crec.cat\/\"},{\"@type\":\"ListItem\",\"position\":2,\"name\":\"Events\",\"item\":\"https:\/\/www.crec.cat\/en\/esdeveniments\/\"},{\"@type\":\"ListItem\",\"position\":3,\"name\":\"INTERCLUSTER DAY | Circular economy of polymeric textile materials\"}]},{\"@type\":\"WebSite\",\"@id\":\"https:\/\/www.crec.cat\/#website\",\"url\":\"https:\/\/www.crec.cat\/\",\"name\":\"CREC\",\"description\":\"Impulsem la competitivitat del sector de residus i l&#039;economia circular de Catalunya\",\"publisher\":{\"@id\":\"https:\/\/www.crec.cat\/#organization\"},\"alternateName\":\"Cl\u00faster de Residus de Catalunya\",\"potentialAction\":[{\"@type\":\"SearchAction\",\"target\":{\"@type\":\"EntryPoint\",\"urlTemplate\":\"https:\/\/www.crec.cat\/?s={search_term_string}\"},\"query-input\":{\"@type\":\"PropertyValueSpecification\",\"valueRequired\":true,\"valueName\":\"search_term_string\"}}],\"inLanguage\":\"en-US\"},{\"@type\":\"Organization\",\"@id\":\"https:\/\/www.crec.cat\/#organization\",\"name\":\"CREC\",\"alternateName\":\"CREC\",\"url\":\"https:\/\/www.crec.cat\/\",\"logo\":{\"@type\":\"ImageObject\",\"inLanguage\":\"en-US\",\"@id\":\"https:\/\/www.crec.cat\/#\/schema\/logo\/image\/\",\"url\":\"https:\/\/www.crec.cat\/wp-content\/uploads\/2021\/04\/Favicon-CREC.png\",\"contentUrl\":\"https:\/\/www.crec.cat\/wp-content\/uploads\/2021\/04\/Favicon-CREC.png\",\"width\":2134,\"height\":2134,\"caption\":\"CREC\"},\"image\":{\"@id\":\"https:\/\/www.crec.cat\/#\/schema\/logo\/image\/\"},\"sameAs\":[\"https:\/\/x.com\/clusterresidus\",\"https:\/\/www.linkedin.com\/company\/cluster-de-residus-de-catalunya\/\"]}]}<\/script>\n<!-- \/ Yoast SEO plugin. -->","yoast_head_json":{"title":"INTERCLUSTER DAY | Circular economy of polymeric textile materials | CREC","robots":{"index":"index","follow":"follow","max-snippet":"max-snippet:-1","max-image-preview":"max-image-preview:large","max-video-preview":"max-video-preview:-1"},"canonical":"https:\/\/www.crec.cat\/en\/esdeveniment\/intercluster-day-circular-economy-of-polymeric-textile-materials\/","og_locale":"en_US","og_type":"article","og_title":"INTERCLUSTER DAY | Circular economy of polymeric textile materials | CREC","og_description":"Conference to learn about and explore circularity in polymeric textile materials.","og_url":"https:\/\/www.crec.cat\/en\/esdeveniment\/intercluster-day-circular-economy-of-polymeric-textile-materials\/","og_site_name":"CREC","article_modified_time":"2025-05-15T16:06:17+00:00","og_image":[{"width":1063,"height":684,"url":"https:\/\/www.crec.cat\/wp-content\/uploads\/2025\/04\/Cartell_Jornada_Sincrotro_20250311111751-1.jpeg","type":"image\/jpeg"}],"twitter_card":"summary_large_image","twitter_site":"@clusterresidus","twitter_misc":{"Est. reading time":"1 minute"},"schema":{"@context":"https:\/\/schema.org","@graph":[{"@type":"WebPage","@id":"https:\/\/www.crec.cat\/en\/esdeveniment\/intercluster-day-circular-economy-of-polymeric-textile-materials\/","url":"https:\/\/www.crec.cat\/en\/esdeveniment\/intercluster-day-circular-economy-of-polymeric-textile-materials\/","name":"INTERCLUSTER DAY | Circular economy of polymeric textile materials | CREC","isPartOf":{"@id":"https:\/\/www.crec.cat\/#website"},"primaryImageOfPage":{"@id":"https:\/\/www.crec.cat\/en\/esdeveniment\/intercluster-day-circular-economy-of-polymeric-textile-materials\/#primaryimage"},"image":{"@id":"https:\/\/www.crec.cat\/en\/esdeveniment\/intercluster-day-circular-economy-of-polymeric-textile-materials\/#primaryimage"},"thumbnailUrl":"https:\/\/www.crec.cat\/wp-content\/uploads\/2025\/04\/Cartell_Jornada_Sincrotro_20250311111751-1.jpeg","datePublished":"2025-04-07T14:31:24+00:00","dateModified":"2025-05-15T16:06:17+00:00","breadcrumb":{"@id":"https:\/\/www.crec.cat\/en\/esdeveniment\/intercluster-day-circular-economy-of-polymeric-textile-materials\/#breadcrumb"},"inLanguage":"en-US","potentialAction":[{"@type":"ReadAction","target":["https:\/\/www.crec.cat\/en\/esdeveniment\/intercluster-day-circular-economy-of-polymeric-textile-materials\/"]}]},{"@type":"ImageObject","inLanguage":"en-US","@id":"https:\/\/www.crec.cat\/en\/esdeveniment\/intercluster-day-circular-economy-of-polymeric-textile-materials\/#primaryimage","url":"https:\/\/www.crec.cat\/wp-content\/uploads\/2025\/04\/Cartell_Jornada_Sincrotro_20250311111751-1.jpeg","contentUrl":"https:\/\/www.crec.cat\/wp-content\/uploads\/2025\/04\/Cartell_Jornada_Sincrotro_20250311111751-1.jpeg","width":1063,"height":684},{"@type":"BreadcrumbList","@id":"https:\/\/www.crec.cat\/en\/esdeveniment\/intercluster-day-circular-economy-of-polymeric-textile-materials\/#breadcrumb","itemListElement":[{"@type":"ListItem","position":1,"name":"Inici","item":"https:\/\/www.crec.cat\/"},{"@type":"ListItem","position":2,"name":"Events","item":"https:\/\/www.crec.cat\/en\/esdeveniments\/"},{"@type":"ListItem","position":3,"name":"INTERCLUSTER DAY | Circular economy of polymeric textile materials"}]},{"@type":"WebSite","@id":"https:\/\/www.crec.cat\/#website","url":"https:\/\/www.crec.cat\/","name":"CREC","description":"Impulsem la competitivitat del sector de residus i l&#039;economia circular de Catalunya","publisher":{"@id":"https:\/\/www.crec.cat\/#organization"},"alternateName":"Cl\u00faster de Residus de Catalunya","potentialAction":[{"@type":"SearchAction","target":{"@type":"EntryPoint","urlTemplate":"https:\/\/www.crec.cat\/?s={search_term_string}"},"query-input":{"@type":"PropertyValueSpecification","valueRequired":true,"valueName":"search_term_string"}}],"inLanguage":"en-US"},{"@type":"Organization","@id":"https:\/\/www.crec.cat\/#organization","name":"CREC","alternateName":"CREC","url":"https:\/\/www.crec.cat\/","logo":{"@type":"ImageObject","inLanguage":"en-US","@id":"https:\/\/www.crec.cat\/#\/schema\/logo\/image\/","url":"https:\/\/www.crec.cat\/wp-content\/uploads\/2021\/04\/Favicon-CREC.png","contentUrl":"https:\/\/www.crec.cat\/wp-content\/uploads\/2021\/04\/Favicon-CREC.png","width":2134,"height":2134,"caption":"CREC"},"image":{"@id":"https:\/\/www.crec.cat\/#\/schema\/logo\/image\/"},"sameAs":["https:\/\/x.com\/clusterresidus","https:\/\/www.linkedin.com\/company\/cluster-de-residus-de-catalunya\/"]}]}},"_links":{"self":[{"href":"https:\/\/www.crec.cat\/en\/wp-json\/wp\/v2\/tribe_events\/4565","targetHints":{"allow":["GET"]}}],"collection":[{"href":"https:\/\/www.crec.cat\/en\/wp-json\/wp\/v2\/tribe_events"}],"about":[{"href":"https:\/\/www.crec.cat\/en\/wp-json\/wp\/v2\/types\/tribe_events"}],"author":[{"embeddable":true,"href":"https:\/\/www.crec.cat\/en\/wp-json\/wp\/v2\/users\/2"}],"version-history":[{"count":2,"href":"https:\/\/www.crec.cat\/en\/wp-json\/wp\/v2\/tribe_events\/4565\/revisions"}],"predecessor-version":[{"id":5247,"href":"https:\/\/www.crec.cat\/en\/wp-json\/wp\/v2\/tribe_events\/4565\/revisions\/5247"}],"wp:featuredmedia":[{"embeddable":true,"href":"https:\/\/www.crec.cat\/en\/wp-json\/wp\/v2\/media\/4369"}],"wp:attachment":[{"href":"https:\/\/www.crec.cat\/en\/wp-json\/wp\/v2\/media?parent=4565"}],"wp:term":[{"taxonomy":"post_tag","embeddable":true,"href":"https:\/\/www.crec.cat\/en\/wp-json\/wp\/v2\/tags?post=4565"},{"taxonomy":"tribe_events_cat","embeddable":true,"href":"https:\/\/www.crec.cat\/en\/wp-json\/wp\/v2\/tribe_events_cat?post=4565"}],"curies":[{"name":"wp","href":"https:\/\/api.w.org\/{rel}","templated":true}]}}